{"id":15238,"date":"2025-08-23T20:24:38","date_gmt":"2025-08-23T18:24:38","guid":{"rendered":"https:\/\/dp-freunde.de\/comm\/?page_id=15238"},"modified":"2026-01-13T22:57:45","modified_gmt":"2026-01-13T21:57:45","slug":"start","status":"publish","type":"page","link":"https:\/\/dp-freunde.de\/comm\/","title":{"rendered":"Willkommen bei den DPF e.V."},"content":{"rendered":"\n<h3 class=\"wp-block-heading has-text-color has-link-color wp-elements-8208226222b740ed5edadb2f4d6ea8ed\" style=\"color:#ed980e\">Solidarische Hilfe bei gegenseitigem Respekt auf Augenh\u00f6he<\/h3>\n\n\n\n<p class=\"has-text-color has-link-color wp-elements-c8a2ba9e7d520ac2ac86e5e0944ea3dc\" style=\"color:#47484c\">In der Welt von heute ist Solidarit\u00e4t, Freundschaft und Hilfe notwendiger denn je! Der DPF wurde 1996 gegr\u00fcndet und hat zurzeit etwas mehr als 100 Mitglieder. <\/p>\n\n\n\n<p class=\"has-text-color has-link-color wp-elements-b104271297bbad8ac6d5d5c9351e45b2\" style=\"color:#47484c\">Von Anfang an hatten wir gleichberechtigte Partner in den Philippinen. Es gr\u00fcndete sich dort 1998 unsere Partnerorganisation KAPATIRAN, seit 1998 ist der DPF Mitglied bei Solidarit\u00e4t International e.V., in der Umweltgewerkschaft, im ILPS (International League of Peoples struggle) und im Internationalistischen B\u00fcndnis.<\/p>\n\n\n<style>.wp-block-kadence-column.kb-section-dir-horizontal > .kt-inside-inner-col > .kt-info-box15238_019a66-c1 .kt-blocks-info-box-link-wrap{max-width:unset;}.kt-info-box15238_019a66-c1 .kt-blocks-info-box-link-wrap{border-top:5px solid var(--global-palette7, #eeeeee);border-right:5px solid var(--global-palette7, #eeeeee);border-bottom:5px solid var(--global-palette7, #eeeeee);border-left:5px solid var(--global-palette7, #eeeeee);border-top-left-radius:20px;border-top-right-radius:20px;border-bottom-right-radius:20px;border-bottom-left-radius:20px;background:#ffffff;padding-top:var(--global-kb-spacing-sm, 1.5rem);padding-right:var(--global-kb-spacing-sm, 1.5rem);padding-bottom:var(--global-kb-spacing-sm, 1.5rem);padding-left:var(--global-kb-spacing-sm, 1.5rem);margin-top:50px;}.kt-info-box15238_019a66-c1 .kadence-info-box-icon-container .kt-info-svg-icon, .kt-info-box15238_019a66-c1 .kt-info-svg-icon-flip, .kt-info-box15238_019a66-c1 .kt-blocks-info-box-number{font-size:50px;}.kt-info-box15238_019a66-c1 .kt-blocks-info-box-media{background:#ffffff;border-color:var(--global-palette7, #eeeeee);border-radius:200px;overflow:hidden;border-top-width:5px;border-right-width:5px;border-bottom-width:5px;border-left-width:5px;padding-top:20px;padding-right:20px;padding-bottom:20px;padding-left:20px;}.kt-info-box15238_019a66-c1 .kt-blocks-info-box-media-container{margin-top:-75px;margin-right:0px;margin-bottom:20px;margin-left:0px;}.kt-info-box15238_019a66-c1 .kt-blocks-info-box-media .kadence-info-box-image-intrisic img{border-radius:200px;}.kt-info-box15238_019a66-c1 .kt-infobox-textcontent h2.kt-blocks-info-box-title{padding-top:0px;padding-right:0px;padding-bottom:0px;padding-left:0px;margin-top:5px;margin-right:0px;margin-bottom:10px;margin-left:0px;}.kt-info-box15238_019a66-c1 .kt-blocks-info-box-learnmore{background:transparent;border-width:0px 0px 0px 0px;padding-top:4px;padding-right:8px;padding-bottom:4px;padding-left:8px;margin-top:10px;margin-right:0px;margin-bottom:10px;margin-left:0px;}@media all and (max-width: 1024px){.kt-info-box15238_019a66-c1 .kt-blocks-info-box-link-wrap{border-top:5px solid var(--global-palette7, #eeeeee);border-right:5px solid var(--global-palette7, #eeeeee);border-bottom:5px solid var(--global-palette7, #eeeeee);border-left:5px solid var(--global-palette7, #eeeeee);}}@media all and (max-width: 767px){.kt-info-box15238_019a66-c1 .kt-blocks-info-box-link-wrap{border-top:5px solid var(--global-palette7, #eeeeee);border-right:5px solid var(--global-palette7, #eeeeee);border-bottom:5px solid var(--global-palette7, #eeeeee);border-left:5px solid var(--global-palette7, #eeeeee);}}<\/style>\n<div class=\"wp-block-kadence-infobox kt-info-box15238_019a66-c1\"><span class=\"kt-blocks-info-box-link-wrap info-box-link kt-blocks-info-box-media-align-top kt-info-halign-center\"><div class=\"kt-blocks-info-box-media-container\"><div class=\"kt-blocks-info-box-media kt-info-media-animate-none\"><div class=\"kadence-info-box-icon-container kt-info-icon-animate-none\"><div class=\"kadence-info-box-icon-inner-container\"><span class=\"kb-svg-icon-wrap kb-svg-icon-ic_euro kt-info-svg-icon\"><svg viewBox=\"0 0 8 8\"  fill=\"currentColor\" xmlns=\"http:\/\/www.w3.org\/2000\/svg\"  aria-hidden=\"true\"><path d=\"M6 0c-1.86 0-3.4 1.28-3.84 3h-1.91l-.25 1h2.01c0 .35.07.68.16 1h-1.97l-.19 1h2.56c.7 1.19 1.97 2 3.44 2 .73 0 1.41-.21 2-.56v-1.22c-.53.48-1.22.78-2 .78-.89 0-1.67-.39-2.22-1h2.22l.16-1h-2.97c-.11-.32-.19-.64-.19-1h3.34l.16-1h-3.31c.41-1.16 1.51-2 2.81-2 .66 0 1.26.21 1.75.56l.16-1.06c-.57-.31-1.21-.5-1.91-.5z\" transform=\"translate(-1)\"\/><\/svg><\/span><\/div><\/div><\/div><\/div><div class=\"kt-infobox-textcontent\"><h2 class=\"kt-blocks-info-box-title\">Helfen Sie<\/h2><p class=\"kt-blocks-info-box-text\"><a href=\"https:\/\/dp-freunde.de\/comm\/helfen-sie\/spenden\/\"><strong>Spendet<\/strong> <\/a>f\u00fcr eine Initiative Ihrer Wahl an das Vereins-Bankkonto IBAN: DE38 3007 0024 0408 1550 00 bei Deutsche Bank Langenfeld oder \u00fcber <a href=\"https:\/\/www.paypal.com\/paypalme\/dpfreunde\">PayPal<\/a> \u00fcber <a href=\"https:\/\/www.paypal.com\/paypalme\/dpfreunde\">https:\/\/www.paypal.com\/paypalme\/dpfreunde<\/a><\/p><\/div><\/span><\/div>\n\n\n\n<div style=\"height:43px\" aria-hidden=\"true\" class=\"wp-block-spacer\"><\/div>\n\n\n\n<h2 class=\"wp-block-heading has-text-align-center has-responsive-global-palette-4-color has-text-color has-background has-link-color has-medium-font-size wp-elements-41d6b286bb1b5bb308d52f4e3584fa8f\" style=\"background-color:#ed980e\">Unsere Neuigkeiten<\/h2>\n\n\n<style>.kb-posts-id-15238_f6fff0-26 .entry.loop-entry .entry-header .entry-title{font-size:var(--global-kb-font-size-md, 1.25rem);}.kb-posts-id-15238_f6fff0-26 .kb-post-list-item{display:grid;}<\/style><ul class=\"wp-block-kadence-posts kb-posts kadence-posts-list kb-posts-id-15238_f6fff0-26 content-wrap grid-cols kb-posts-style-boxed grid-sm-col-1 grid-lg-col-1 item-image-style-above\"><li class=\"kb-post-list-item\">\n\t<article class=\"entry content-bg loop-entry post-15834 post type-post status-publish format-standard hentry category-allgemein\">\n\t\t\t\t<div class=\"entry-content-wrap\">\n\t\t\t<header class=\"entry-header\">\n\t\t<div class=\"entry-taxonomies\">\n\t\t<span class=\"category-links term-links category-style-normal\">\n\t\t\t<a href=\"https:\/\/dp-freunde.de\/comm\/category\/allgemein\/\">Allgemein<\/a>\t\t<\/span>\n\t<\/div><!-- .entry-taxonomies -->\n\t<h3 class=\"entry-title\"><a href=\"https:\/\/dp-freunde.de\/comm\/2026\/04\/impressionen\/\" rel=\"bookmark\">Impressionen<\/a><\/h3>\t<div class=\"entry-meta entry-meta-divider-dot\">\n\t\t\t\t<span class=\"posted-on\">\n\t\t\t\t<time class=\"entry-date published\" datetime=\"2026-04-23T06:46:24+02:00\">23. April 2026<\/time><time class=\"updated\" datetime=\"2026-04-23T06:46:27+02:00\">23. April 2026<\/time>\t\t\t<\/span>\n\t\t\t\t<\/div><!-- .entry-meta -->\n\t<\/header><!-- .entry-header -->\n\t<div class=\"entry-summary\">\n\t\t\t<\/div><!-- .entry-summary -->\n\t<footer class=\"entry-footer\">\n\t\t\t<div class=\"entry-actions\">\n\t\t\t<p class=\"more-link-wrap\">\n\t\t\t\t<a href=\"https:\/\/dp-freunde.de\/comm\/2026\/04\/impressionen\/\" class=\"post-more-link\">\n\t\t\t\t\tWeiterlesen<span class=\"screen-reader-text\"> Impressionen<\/span><span class=\"kadence-svg-iconset svg-baseline\"><svg aria-hidden=\"true\" class=\"kadence-svg-icon kadence-arrow-right-alt-svg\" fill=\"currentColor\" version=\"1.1\" xmlns=\"http:\/\/www.w3.org\/2000\/svg\" width=\"27\" height=\"28\" viewBox=\"0 0 27 28\"><title>Fortfahren<\/title><path d=\"M27 13.953c0 0.141-0.063 0.281-0.156 0.375l-6 5.531c-0.156 0.141-0.359 0.172-0.547 0.094-0.172-0.078-0.297-0.25-0.297-0.453v-3.5h-19.5c-0.281 0-0.5-0.219-0.5-0.5v-3c0-0.281 0.219-0.5 0.5-0.5h19.5v-3.5c0-0.203 0.109-0.375 0.297-0.453s0.391-0.047 0.547 0.078l6 5.469c0.094 0.094 0.156 0.219 0.156 0.359v0z\"><\/path>\n\t\t\t<\/svg><\/span>\t\t\t\t<\/a>\n\t\t\t<\/p>\n\t\t<\/div><!-- .entry-actions -->\n\t\t<\/footer><!-- .entry-footer -->\t\t<\/div>\n\t<\/article>\n<\/li>\n<li class=\"kb-post-list-item\">\n\t<article class=\"entry content-bg loop-entry post-15832 post type-post status-publish format-standard hentry category-autor-rainer-werning category-philippinen\">\n\t\t\t\t<div class=\"entry-content-wrap\">\n\t\t\t<header class=\"entry-header\">\n\t\t<div class=\"entry-taxonomies\">\n\t\t<span class=\"category-links term-links category-style-normal\">\n\t\t\t<a href=\"https:\/\/dp-freunde.de\/comm\/category\/autor-rainer-werning\/\">Autor Rainer Werning<\/a> | <a href=\"https:\/\/dp-freunde.de\/comm\/category\/autor-rainer-werning\/philippinen\/\">Philippinen<\/a>\t\t<\/span>\n\t<\/div><!-- .entry-taxonomies -->\n\t<h3 class=\"entry-title\"><a href=\"https:\/\/dp-freunde.de\/comm\/2026\/04\/nachdenkseiten-rainer-werning-aus-philippinischer-perspektive-amerikanische-kriege\/\" rel=\"bookmark\">NachDenkSeiten &#8211; Rainer Werning &#8211; Aus philippinischer Perspektive: Amerikanische Kriege<\/a><\/h3>\t<div class=\"entry-meta entry-meta-divider-dot\">\n\t\t\t\t<span class=\"posted-on\">\n\t\t\t\t<time class=\"entry-date published\" datetime=\"2026-04-19T06:41:22+02:00\">19. April 2026<\/time><time class=\"updated\" datetime=\"2026-04-23T06:42:20+02:00\">23. April 2026<\/time>\t\t\t<\/span>\n\t\t\t\t<\/div><!-- .entry-meta -->\n\t<\/header><!-- .entry-header -->\n\t<div class=\"entry-summary\">\n\t\t\t<\/div><!-- .entry-summary -->\n\t<footer class=\"entry-footer\">\n\t\t\t<div class=\"entry-actions\">\n\t\t\t<p class=\"more-link-wrap\">\n\t\t\t\t<a href=\"https:\/\/dp-freunde.de\/comm\/2026\/04\/nachdenkseiten-rainer-werning-aus-philippinischer-perspektive-amerikanische-kriege\/\" class=\"post-more-link\">\n\t\t\t\t\tWeiterlesen<span class=\"screen-reader-text\"> NachDenkSeiten &#8211; Rainer Werning &#8211; Aus philippinischer Perspektive: Amerikanische Kriege<\/span><span class=\"kadence-svg-iconset svg-baseline\"><svg aria-hidden=\"true\" class=\"kadence-svg-icon kadence-arrow-right-alt-svg\" fill=\"currentColor\" version=\"1.1\" xmlns=\"http:\/\/www.w3.org\/2000\/svg\" width=\"27\" height=\"28\" viewBox=\"0 0 27 28\"><title>Fortfahren<\/title><path d=\"M27 13.953c0 0.141-0.063 0.281-0.156 0.375l-6 5.531c-0.156 0.141-0.359 0.172-0.547 0.094-0.172-0.078-0.297-0.25-0.297-0.453v-3.5h-19.5c-0.281 0-0.5-0.219-0.5-0.5v-3c0-0.281 0.219-0.5 0.5-0.5h19.5v-3.5c0-0.203 0.109-0.375 0.297-0.453s0.391-0.047 0.547 0.078l6 5.469c0.094 0.094 0.156 0.219 0.156 0.359v0z\"><\/path>\n\t\t\t<\/svg><\/span>\t\t\t\t<\/a>\n\t\t\t<\/p>\n\t\t<\/div><!-- .entry-actions -->\n\t\t<\/footer><!-- .entry-footer -->\t\t<\/div>\n\t<\/article>\n<\/li>\n<li class=\"kb-post-list-item\">\n\t<article class=\"entry content-bg loop-entry post-15830 post type-post status-publish format-standard hentry category-autor-rainer-werning category-philippinen\">\n\t\t\t\t<div class=\"entry-content-wrap\">\n\t\t\t<header class=\"entry-header\">\n\t\t<div class=\"entry-taxonomies\">\n\t\t<span class=\"category-links term-links category-style-normal\">\n\t\t\t<a href=\"https:\/\/dp-freunde.de\/comm\/category\/autor-rainer-werning\/\">Autor Rainer Werning<\/a> | <a href=\"https:\/\/dp-freunde.de\/comm\/category\/autor-rainer-werning\/philippinen\/\">Philippinen<\/a>\t\t<\/span>\n\t<\/div><!-- .entry-taxonomies -->\n\t<h3 class=\"entry-title\"><a href=\"https:\/\/dp-freunde.de\/comm\/2026\/04\/nachdenkseiten-rainer-werning-zankapfel-sabah-ein-alter-konflikt-aus-kolonialzeiten-sorgt-erneut-fuer-missstimmung-zwischen-manila-und-kuala-lumpur\/\" rel=\"bookmark\">NachDenkSeiten &#8211; Rainer Werning &#8211; Zankapfel Sabah: Ein alter Konflikt aus Kolonialzeiten sorgt erneut f\u00fcr Missstimmung zwischen Manila und Kuala Lumpur<\/a><\/h3>\t<div class=\"entry-meta entry-meta-divider-dot\">\n\t\t\t\t<span class=\"posted-on\">\n\t\t\t\t<time class=\"entry-date published\" datetime=\"2026-04-18T06:40:56+02:00\">18. April 2026<\/time><time class=\"updated\" datetime=\"2026-04-23T06:41:16+02:00\">23. April 2026<\/time>\t\t\t<\/span>\n\t\t\t\t<\/div><!-- .entry-meta -->\n\t<\/header><!-- .entry-header -->\n\t<div class=\"entry-summary\">\n\t\t\t<\/div><!-- .entry-summary -->\n\t<footer class=\"entry-footer\">\n\t\t\t<div class=\"entry-actions\">\n\t\t\t<p class=\"more-link-wrap\">\n\t\t\t\t<a href=\"https:\/\/dp-freunde.de\/comm\/2026\/04\/nachdenkseiten-rainer-werning-zankapfel-sabah-ein-alter-konflikt-aus-kolonialzeiten-sorgt-erneut-fuer-missstimmung-zwischen-manila-und-kuala-lumpur\/\" class=\"post-more-link\">\n\t\t\t\t\tWeiterlesen<span class=\"screen-reader-text\"> NachDenkSeiten &#8211; Rainer Werning &#8211; Zankapfel Sabah: Ein alter Konflikt aus Kolonialzeiten sorgt erneut f\u00fcr Missstimmung zwischen Manila und Kuala Lumpur<\/span><span class=\"kadence-svg-iconset svg-baseline\"><svg aria-hidden=\"true\" class=\"kadence-svg-icon kadence-arrow-right-alt-svg\" fill=\"currentColor\" version=\"1.1\" xmlns=\"http:\/\/www.w3.org\/2000\/svg\" width=\"27\" height=\"28\" viewBox=\"0 0 27 28\"><title>Fortfahren<\/title><path d=\"M27 13.953c0 0.141-0.063 0.281-0.156 0.375l-6 5.531c-0.156 0.141-0.359 0.172-0.547 0.094-0.172-0.078-0.297-0.25-0.297-0.453v-3.5h-19.5c-0.281 0-0.5-0.219-0.5-0.5v-3c0-0.281 0.219-0.5 0.5-0.5h19.5v-3.5c0-0.203 0.109-0.375 0.297-0.453s0.391-0.047 0.547 0.078l6 5.469c0.094 0.094 0.156 0.219 0.156 0.359v0z\"><\/path>\n\t\t\t<\/svg><\/span>\t\t\t\t<\/a>\n\t\t\t<\/p>\n\t\t<\/div><!-- .entry-actions -->\n\t\t<\/footer><!-- .entry-footer -->\t\t<\/div>\n\t<\/article>\n<\/li>\n<li class=\"kb-post-list-item\">\n\t<article class=\"entry content-bg loop-entry post-15775 post type-post status-publish format-standard has-post-thumbnail hentry category-allgemein category-autor-rainer-werning category-philippinen\">\n\t\t\t\t<a aria-hidden=\"true\" tabindex=\"-1\" role=\"presentation\" class=\"post-thumbnail kadence-thumbnail-ratio-2-3\" href=\"https:\/\/dp-freunde.de\/comm\/2026\/03\/buchvorstellung-am-05-05-2026-im-zakk-duesseldorf-von-marcos-zu-marcos\/\" aria-label=\"Buchvorstellung am 05.05.2026 im ZAKK D\u00fcsseldorf: Von Marcos zu Marcos\">\n\t\t\t<div class=\"post-thumbnail-inner\">\n\t\t\t\t<img loading=\"lazy\" decoding=\"async\" width=\"605\" height=\"859\" src=\"https:\/\/dp-freunde.de\/comm\/wp-content\/uploads\/2026\/03\/werning_philippinen_550-1-768x1090.jpg\" class=\"attachment-medium_large size-medium_large wp-post-image\" alt=\"Buchvorstellung am 05.05.2026 im ZAKK D\u00fcsseldorf: Von Marcos zu Marcos\" srcset=\"https:\/\/dp-freunde.de\/comm\/wp-content\/uploads\/2026\/03\/werning_philippinen_550-1-768x1090.jpg 768w, https:\/\/dp-freunde.de\/comm\/wp-content\/uploads\/2026\/03\/werning_philippinen_550-1-211x300.jpg 211w, https:\/\/dp-freunde.de\/comm\/wp-content\/uploads\/2026\/03\/werning_philippinen_550-1-722x1024.jpg 722w, https:\/\/dp-freunde.de\/comm\/wp-content\/uploads\/2026\/03\/werning_philippinen_550-1-1083x1536.jpg 1083w, https:\/\/dp-freunde.de\/comm\/wp-content\/uploads\/2026\/03\/werning_philippinen_550-1-1444x2048.jpg 1444w, https:\/\/dp-freunde.de\/comm\/wp-content\/uploads\/2026\/03\/werning_philippinen_550-1-100x142.jpg 100w, https:\/\/dp-freunde.de\/comm\/wp-content\/uploads\/2026\/03\/werning_philippinen_550-1-150x213.jpg 150w, https:\/\/dp-freunde.de\/comm\/wp-content\/uploads\/2026\/03\/werning_philippinen_550-1-200x284.jpg 200w, https:\/\/dp-freunde.de\/comm\/wp-content\/uploads\/2026\/03\/werning_philippinen_550-1-300x426.jpg 300w, https:\/\/dp-freunde.de\/comm\/wp-content\/uploads\/2026\/03\/werning_philippinen_550-1-450x638.jpg 450w, https:\/\/dp-freunde.de\/comm\/wp-content\/uploads\/2026\/03\/werning_philippinen_550-1-600x851.jpg 600w, https:\/\/dp-freunde.de\/comm\/wp-content\/uploads\/2026\/03\/werning_philippinen_550-1-900x1277.jpg 900w, https:\/\/dp-freunde.de\/comm\/wp-content\/uploads\/2026\/03\/werning_philippinen_550-1-1320x1873.jpg 1320w, https:\/\/dp-freunde.de\/comm\/wp-content\/uploads\/2026\/03\/werning_philippinen_550-1.jpg 1748w\" sizes=\"auto, (max-width: 605px) 100vw, 605px\" \/>\t\t\t<\/div>\n\t\t<\/a><!-- .post-thumbnail -->\n\t\t\t\t<div class=\"entry-content-wrap\">\n\t\t\t<header class=\"entry-header\">\n\t\t<div class=\"entry-taxonomies\">\n\t\t<span class=\"category-links term-links category-style-normal\">\n\t\t\t<a href=\"https:\/\/dp-freunde.de\/comm\/category\/allgemein\/\">Allgemein<\/a> | <a href=\"https:\/\/dp-freunde.de\/comm\/category\/autor-rainer-werning\/\">Autor Rainer Werning<\/a> | <a href=\"https:\/\/dp-freunde.de\/comm\/category\/autor-rainer-werning\/philippinen\/\">Philippinen<\/a>\t\t<\/span>\n\t<\/div><!-- .entry-taxonomies -->\n\t<h3 class=\"entry-title\"><a href=\"https:\/\/dp-freunde.de\/comm\/2026\/03\/buchvorstellung-am-05-05-2026-im-zakk-duesseldorf-von-marcos-zu-marcos\/\" rel=\"bookmark\">Buchvorstellung am 05.05.2026 im ZAKK D\u00fcsseldorf: Von Marcos zu Marcos<\/a><\/h3>\t<div class=\"entry-meta entry-meta-divider-dot\">\n\t\t\t\t<span class=\"posted-on\">\n\t\t\t\t<time class=\"entry-date published\" datetime=\"2026-03-18T18:06:27+01:00\">18. M\u00e4rz 2026<\/time><time class=\"updated\" datetime=\"2026-03-25T22:23:05+01:00\">25. M\u00e4rz 2026<\/time>\t\t\t<\/span>\n\t\t\t\t<\/div><!-- .entry-meta -->\n\t<\/header><!-- .entry-header -->\n\t<div class=\"entry-summary\">\n\t\t<p>Am 5. Mai 2026 um 19 Uhr im ZAKK, Raum R4 Kulturzentrum zakk gGmbH Fichtenstr. 40 40233 D\u00fcsseldorf ZAKK Website: https:\/\/zakk.de\/event-detail?event=15798 Hier auch eine Werbung unter RF &hellip;<\/p>\n<p class=\"read-more\"> <a class=\"more-link\" href=\"https:\/\/dp-freunde.de\/comm\/2026\/03\/buchvorstellung-am-05-05-2026-im-zakk-duesseldorf-von-marcos-zu-marcos\/\"> <span class=\"screen-reader-text\">Buchvorstellung am 05.05.2026 im ZAKK D\u00fcsseldorf: Von Marcos zu Marcos<\/span> Weiterlesen &raquo;<\/a><\/p>\n\t<\/div><!-- .entry-summary -->\n\t<footer class=\"entry-footer\">\n\t\t\t<div class=\"entry-actions\">\n\t\t\t<p class=\"more-link-wrap\">\n\t\t\t\t<a href=\"https:\/\/dp-freunde.de\/comm\/2026\/03\/buchvorstellung-am-05-05-2026-im-zakk-duesseldorf-von-marcos-zu-marcos\/\" class=\"post-more-link\">\n\t\t\t\t\tWeiterlesen<span class=\"screen-reader-text\"> Buchvorstellung am 05.05.2026 im ZAKK D\u00fcsseldorf: Von Marcos zu Marcos<\/span><span class=\"kadence-svg-iconset svg-baseline\"><svg aria-hidden=\"true\" class=\"kadence-svg-icon kadence-arrow-right-alt-svg\" fill=\"currentColor\" version=\"1.1\" xmlns=\"http:\/\/www.w3.org\/2000\/svg\" width=\"27\" height=\"28\" viewBox=\"0 0 27 28\"><title>Fortfahren<\/title><path d=\"M27 13.953c0 0.141-0.063 0.281-0.156 0.375l-6 5.531c-0.156 0.141-0.359 0.172-0.547 0.094-0.172-0.078-0.297-0.25-0.297-0.453v-3.5h-19.5c-0.281 0-0.5-0.219-0.5-0.5v-3c0-0.281 0.219-0.5 0.5-0.5h19.5v-3.5c0-0.203 0.109-0.375 0.297-0.453s0.391-0.047 0.547 0.078l6 5.469c0.094 0.094 0.156 0.219 0.156 0.359v0z\"><\/path>\n\t\t\t<\/svg><\/span>\t\t\t\t<\/a>\n\t\t\t<\/p>\n\t\t<\/div><!-- .entry-actions -->\n\t\t<\/footer><!-- .entry-footer -->\t\t<\/div>\n\t<\/article>\n<\/li>\n<li class=\"kb-post-list-item\">\n\t<article class=\"entry content-bg loop-entry post-15765 post type-post status-publish format-standard has-post-thumbnail hentry category-allgemein\">\n\t\t\t\t<a aria-hidden=\"true\" tabindex=\"-1\" role=\"presentation\" class=\"post-thumbnail kadence-thumbnail-ratio-2-3\" href=\"https:\/\/dp-freunde.de\/comm\/2026\/03\/malerei-von-politischen-gefangenen-aus-den-philippinen-musik-alistair-hulett\/\" aria-label=\"Malerei von politischen Gefangenen aus den Philippinen &#8211; Musik Alistair Hulett\">\n\t\t\t<div class=\"post-thumbnail-inner\">\n\t\t\t\t<img loading=\"lazy\" decoding=\"async\" width=\"555\" height=\"342\" src=\"https:\/\/dp-freunde.de\/comm\/wp-content\/uploads\/2026\/03\/Screenshot_YouTube.png\" class=\"attachment-medium_large size-medium_large wp-post-image\" alt=\"Malerei von politischen Gefangenen aus den Philippinen &#8211; Musik Alistair Hulett\" srcset=\"https:\/\/dp-freunde.de\/comm\/wp-content\/uploads\/2026\/03\/Screenshot_YouTube.png 555w, https:\/\/dp-freunde.de\/comm\/wp-content\/uploads\/2026\/03\/Screenshot_YouTube-300x185.png 300w, https:\/\/dp-freunde.de\/comm\/wp-content\/uploads\/2026\/03\/Screenshot_YouTube-100x62.png 100w, https:\/\/dp-freunde.de\/comm\/wp-content\/uploads\/2026\/03\/Screenshot_YouTube-150x92.png 150w, https:\/\/dp-freunde.de\/comm\/wp-content\/uploads\/2026\/03\/Screenshot_YouTube-200x123.png 200w, https:\/\/dp-freunde.de\/comm\/wp-content\/uploads\/2026\/03\/Screenshot_YouTube-450x277.png 450w\" sizes=\"auto, (max-width: 555px) 100vw, 555px\" \/>\t\t\t<\/div>\n\t\t<\/a><!-- .post-thumbnail -->\n\t\t\t\t<div class=\"entry-content-wrap\">\n\t\t\t<header class=\"entry-header\">\n\t\t<div class=\"entry-taxonomies\">\n\t\t<span class=\"category-links term-links category-style-normal\">\n\t\t\t<a href=\"https:\/\/dp-freunde.de\/comm\/category\/allgemein\/\">Allgemein<\/a>\t\t<\/span>\n\t<\/div><!-- .entry-taxonomies -->\n\t<h3 class=\"entry-title\"><a href=\"https:\/\/dp-freunde.de\/comm\/2026\/03\/malerei-von-politischen-gefangenen-aus-den-philippinen-musik-alistair-hulett\/\" rel=\"bookmark\">Malerei von politischen Gefangenen aus den Philippinen &#8211; Musik Alistair Hulett<\/a><\/h3>\t<div class=\"entry-meta entry-meta-divider-dot\">\n\t\t\t\t<span class=\"posted-on\">\n\t\t\t\t<time class=\"entry-date published\" datetime=\"2026-03-15T16:45:16+01:00\">15. M\u00e4rz 2026<\/time><time class=\"updated\" datetime=\"2026-03-15T16:53:01+01:00\">15. M\u00e4rz 2026<\/time>\t\t\t<\/span>\n\t\t\t\t<\/div><!-- .entry-meta -->\n\t<\/header><!-- .entry-header -->\n\t<div class=\"entry-summary\">\n\t\t\t<\/div><!-- .entry-summary -->\n\t<footer class=\"entry-footer\">\n\t\t\t<div class=\"entry-actions\">\n\t\t\t<p class=\"more-link-wrap\">\n\t\t\t\t<a href=\"https:\/\/dp-freunde.de\/comm\/2026\/03\/malerei-von-politischen-gefangenen-aus-den-philippinen-musik-alistair-hulett\/\" class=\"post-more-link\">\n\t\t\t\t\tWeiterlesen<span class=\"screen-reader-text\"> Malerei von politischen Gefangenen aus den Philippinen &#8211; Musik Alistair Hulett<\/span><span class=\"kadence-svg-iconset svg-baseline\"><svg aria-hidden=\"true\" class=\"kadence-svg-icon kadence-arrow-right-alt-svg\" fill=\"currentColor\" version=\"1.1\" xmlns=\"http:\/\/www.w3.org\/2000\/svg\" width=\"27\" height=\"28\" viewBox=\"0 0 27 28\"><title>Fortfahren<\/title><path d=\"M27 13.953c0 0.141-0.063 0.281-0.156 0.375l-6 5.531c-0.156 0.141-0.359 0.172-0.547 0.094-0.172-0.078-0.297-0.25-0.297-0.453v-3.5h-19.5c-0.281 0-0.5-0.219-0.5-0.5v-3c0-0.281 0.219-0.5 0.5-0.5h19.5v-3.5c0-0.203 0.109-0.375 0.297-0.453s0.391-0.047 0.547 0.078l6 5.469c0.094 0.094 0.156 0.219 0.156 0.359v0z\"><\/path>\n\t\t\t<\/svg><\/span>\t\t\t\t<\/a>\n\t\t\t<\/p>\n\t\t<\/div><!-- .entry-actions -->\n\t\t<\/footer><!-- .entry-footer -->\t\t<\/div>\n\t<\/article>\n<\/li>\n<li class=\"kb-post-list-item\">\n\t<article class=\"entry content-bg loop-entry post-15768 post type-post status-publish format-standard has-post-thumbnail hentry category-autor-rainer-werning category-philippinen\">\n\t\t\t\t<a aria-hidden=\"true\" tabindex=\"-1\" role=\"presentation\" class=\"post-thumbnail kadence-thumbnail-ratio-2-3\" href=\"https:\/\/dp-freunde.de\/comm\/2026\/03\/buchvorstellung-von-marcos-zu-marcos-am-02-07-2026-in-berlin\/\" aria-label=\"Buchvorstellung &#8222;Von Marcos zu Marcos&#8220; am 02.07.2026 in Berlin\">\n\t\t\t<div class=\"post-thumbnail-inner\">\n\t\t\t\t<img loading=\"lazy\" decoding=\"async\" width=\"605\" height=\"856\" src=\"https:\/\/dp-freunde.de\/comm\/wp-content\/uploads\/2026\/03\/Buchvorstellung_VonMarcosZuMarcos_2-768x1086.png\" class=\"attachment-medium_large size-medium_large wp-post-image\" alt=\"Buchvorstellung &#8222;Von Marcos zu Marcos&#8220; am 02.07.2026 in Berlin\" srcset=\"https:\/\/dp-freunde.de\/comm\/wp-content\/uploads\/2026\/03\/Buchvorstellung_VonMarcosZuMarcos_2-768x1086.png 768w, https:\/\/dp-freunde.de\/comm\/wp-content\/uploads\/2026\/03\/Buchvorstellung_VonMarcosZuMarcos_2-212x300.png 212w, https:\/\/dp-freunde.de\/comm\/wp-content\/uploads\/2026\/03\/Buchvorstellung_VonMarcosZuMarcos_2-724x1024.png 724w, https:\/\/dp-freunde.de\/comm\/wp-content\/uploads\/2026\/03\/Buchvorstellung_VonMarcosZuMarcos_2-1086x1536.png 1086w, https:\/\/dp-freunde.de\/comm\/wp-content\/uploads\/2026\/03\/Buchvorstellung_VonMarcosZuMarcos_2-100x141.png 100w, https:\/\/dp-freunde.de\/comm\/wp-content\/uploads\/2026\/03\/Buchvorstellung_VonMarcosZuMarcos_2-150x212.png 150w, https:\/\/dp-freunde.de\/comm\/wp-content\/uploads\/2026\/03\/Buchvorstellung_VonMarcosZuMarcos_2-200x283.png 200w, https:\/\/dp-freunde.de\/comm\/wp-content\/uploads\/2026\/03\/Buchvorstellung_VonMarcosZuMarcos_2-300x424.png 300w, https:\/\/dp-freunde.de\/comm\/wp-content\/uploads\/2026\/03\/Buchvorstellung_VonMarcosZuMarcos_2-450x636.png 450w, https:\/\/dp-freunde.de\/comm\/wp-content\/uploads\/2026\/03\/Buchvorstellung_VonMarcosZuMarcos_2-600x849.png 600w, https:\/\/dp-freunde.de\/comm\/wp-content\/uploads\/2026\/03\/Buchvorstellung_VonMarcosZuMarcos_2-900x1273.png 900w, https:\/\/dp-freunde.de\/comm\/wp-content\/uploads\/2026\/03\/Buchvorstellung_VonMarcosZuMarcos_2-1320x1867.png 1320w, https:\/\/dp-freunde.de\/comm\/wp-content\/uploads\/2026\/03\/Buchvorstellung_VonMarcosZuMarcos_2.png 1414w\" sizes=\"auto, (max-width: 605px) 100vw, 605px\" \/>\t\t\t<\/div>\n\t\t<\/a><!-- .post-thumbnail -->\n\t\t\t\t<div class=\"entry-content-wrap\">\n\t\t\t<header class=\"entry-header\">\n\t\t<div class=\"entry-taxonomies\">\n\t\t<span class=\"category-links term-links category-style-normal\">\n\t\t\t<a href=\"https:\/\/dp-freunde.de\/comm\/category\/autor-rainer-werning\/\">Autor Rainer Werning<\/a> | <a href=\"https:\/\/dp-freunde.de\/comm\/category\/autor-rainer-werning\/philippinen\/\">Philippinen<\/a>\t\t<\/span>\n\t<\/div><!-- .entry-taxonomies -->\n\t<h3 class=\"entry-title\"><a href=\"https:\/\/dp-freunde.de\/comm\/2026\/03\/buchvorstellung-von-marcos-zu-marcos-am-02-07-2026-in-berlin\/\" rel=\"bookmark\">Buchvorstellung &#8222;Von Marcos zu Marcos&#8220; am 02.07.2026 in Berlin<\/a><\/h3>\t<div class=\"entry-meta entry-meta-divider-dot\">\n\t\t\t\t<span class=\"posted-on\">\n\t\t\t\t<time class=\"entry-date published\" datetime=\"2026-03-15T16:50:04+01:00\">15. M\u00e4rz 2026<\/time><time class=\"updated\" datetime=\"2026-03-15T16:50:55+01:00\">15. M\u00e4rz 2026<\/time>\t\t\t<\/span>\n\t\t\t\t<\/div><!-- .entry-meta -->\n\t<\/header><!-- .entry-header -->\n\t<div class=\"entry-summary\">\n\t\t\t<\/div><!-- .entry-summary -->\n\t<footer class=\"entry-footer\">\n\t\t\t<div class=\"entry-actions\">\n\t\t\t<p class=\"more-link-wrap\">\n\t\t\t\t<a href=\"https:\/\/dp-freunde.de\/comm\/2026\/03\/buchvorstellung-von-marcos-zu-marcos-am-02-07-2026-in-berlin\/\" class=\"post-more-link\">\n\t\t\t\t\tWeiterlesen<span class=\"screen-reader-text\"> Buchvorstellung &#8222;Von Marcos zu Marcos&#8220; am 02.07.2026 in Berlin<\/span><span class=\"kadence-svg-iconset svg-baseline\"><svg aria-hidden=\"true\" class=\"kadence-svg-icon kadence-arrow-right-alt-svg\" fill=\"currentColor\" version=\"1.1\" xmlns=\"http:\/\/www.w3.org\/2000\/svg\" width=\"27\" height=\"28\" viewBox=\"0 0 27 28\"><title>Fortfahren<\/title><path d=\"M27 13.953c0 0.141-0.063 0.281-0.156 0.375l-6 5.531c-0.156 0.141-0.359 0.172-0.547 0.094-0.172-0.078-0.297-0.25-0.297-0.453v-3.5h-19.5c-0.281 0-0.5-0.219-0.5-0.5v-3c0-0.281 0.219-0.5 0.5-0.5h19.5v-3.5c0-0.203 0.109-0.375 0.297-0.453s0.391-0.047 0.547 0.078l6 5.469c0.094 0.094 0.156 0.219 0.156 0.359v0z\"><\/path>\n\t\t\t<\/svg><\/span>\t\t\t\t<\/a>\n\t\t\t<\/p>\n\t\t<\/div><!-- .entry-actions -->\n\t\t<\/footer><!-- .entry-footer -->\t\t<\/div>\n\t<\/article>\n<\/li>\n<li class=\"kb-post-list-item\">\n\t<article class=\"entry content-bg loop-entry post-15763 post type-post status-publish format-standard hentry category-allgemein\">\n\t\t\t\t<div class=\"entry-content-wrap\">\n\t\t\t<header class=\"entry-header\">\n\t\t<div class=\"entry-taxonomies\">\n\t\t<span class=\"category-links term-links category-style-normal\">\n\t\t\t<a href=\"https:\/\/dp-freunde.de\/comm\/category\/allgemein\/\">Allgemein<\/a>\t\t<\/span>\n\t<\/div><!-- .entry-taxonomies -->\n\t<h3 class=\"entry-title\"><a href=\"https:\/\/dp-freunde.de\/comm\/2026\/02\/rf-news-neu-taipeh-migrantische-arbeiter-fordern-rechte-ein\/\" rel=\"bookmark\">RF-News: Neu Taipeh: Migrantische Arbeiter fordern Rechte ein<\/a><\/h3>\t<div class=\"entry-meta entry-meta-divider-dot\">\n\t\t\t\t<span class=\"posted-on\">\n\t\t\t\t<time class=\"entry-date published\" datetime=\"2026-02-21T16:42:00+01:00\">21. Februar 2026<\/time><time class=\"updated\" datetime=\"2026-03-15T16:44:13+01:00\">15. M\u00e4rz 2026<\/time>\t\t\t<\/span>\n\t\t\t\t<\/div><!-- .entry-meta -->\n\t<\/header><!-- .entry-header -->\n\t<div class=\"entry-summary\">\n\t\t<p>https:\/\/www.rf-news.de\/2026\/kw08\/neu-taipeh-migrantische-arbeiter-fordern-rechte-ein<\/p>\n\t<\/div><!-- .entry-summary -->\n\t<footer class=\"entry-footer\">\n\t\t\t<div class=\"entry-actions\">\n\t\t\t<p class=\"more-link-wrap\">\n\t\t\t\t<a href=\"https:\/\/dp-freunde.de\/comm\/2026\/02\/rf-news-neu-taipeh-migrantische-arbeiter-fordern-rechte-ein\/\" class=\"post-more-link\">\n\t\t\t\t\tWeiterlesen<span class=\"screen-reader-text\"> RF-News: Neu Taipeh: Migrantische Arbeiter fordern Rechte ein<\/span><span class=\"kadence-svg-iconset svg-baseline\"><svg aria-hidden=\"true\" class=\"kadence-svg-icon kadence-arrow-right-alt-svg\" fill=\"currentColor\" version=\"1.1\" xmlns=\"http:\/\/www.w3.org\/2000\/svg\" width=\"27\" height=\"28\" viewBox=\"0 0 27 28\"><title>Fortfahren<\/title><path d=\"M27 13.953c0 0.141-0.063 0.281-0.156 0.375l-6 5.531c-0.156 0.141-0.359 0.172-0.547 0.094-0.172-0.078-0.297-0.25-0.297-0.453v-3.5h-19.5c-0.281 0-0.5-0.219-0.5-0.5v-3c0-0.281 0.219-0.5 0.5-0.5h19.5v-3.5c0-0.203 0.109-0.375 0.297-0.453s0.391-0.047 0.547 0.078l6 5.469c0.094 0.094 0.156 0.219 0.156 0.359v0z\"><\/path>\n\t\t\t<\/svg><\/span>\t\t\t\t<\/a>\n\t\t\t<\/p>\n\t\t<\/div><!-- .entry-actions -->\n\t\t<\/footer><!-- .entry-footer -->\t\t<\/div>\n\t<\/article>\n<\/li>\n<li class=\"kb-post-list-item\">\n\t<article class=\"entry content-bg loop-entry post-15744 post type-post status-publish format-standard hentry category-autor-rainer-werning category-philippinen\">\n\t\t\t\t<div class=\"entry-content-wrap\">\n\t\t\t<header class=\"entry-header\">\n\t\t<div class=\"entry-taxonomies\">\n\t\t<span class=\"category-links term-links category-style-normal\">\n\t\t\t<a href=\"https:\/\/dp-freunde.de\/comm\/category\/autor-rainer-werning\/\">Autor Rainer Werning<\/a> | <a href=\"https:\/\/dp-freunde.de\/comm\/category\/autor-rainer-werning\/philippinen\/\">Philippinen<\/a>\t\t<\/span>\n\t<\/div><!-- .entry-taxonomies -->\n\t<h3 class=\"entry-title\"><a href=\"https:\/\/dp-freunde.de\/comm\/2026\/03\/nachdenkseiten-rainer-werning-philippinen-marcos-senior-aufstieg-und-niedergang-eines-regimes-teil-ii-von-ii\/\" rel=\"bookmark\">NachDenkSeiten &#8211; Rainer Werning &#8211; Philippinen: Marcos Senior \u2013 Aufstieg und Niedergang eines Regimes (Teil II von II)<\/a><\/h3>\t<div class=\"entry-meta entry-meta-divider-dot\">\n\t\t\t\t<span class=\"posted-on\">\n\t\t\t\t<time class=\"entry-date published\" datetime=\"2026-03-01T21:53:17+01:00\">1. M\u00e4rz 2026<\/time><time class=\"updated\" datetime=\"2026-03-04T21:54:49+01:00\">4. M\u00e4rz 2026<\/time>\t\t\t<\/span>\n\t\t\t\t<\/div><!-- .entry-meta -->\n\t<\/header><!-- .entry-header -->\n\t<div class=\"entry-summary\">\n\t\t\t<\/div><!-- .entry-summary -->\n\t<footer class=\"entry-footer\">\n\t\t\t<div class=\"entry-actions\">\n\t\t\t<p class=\"more-link-wrap\">\n\t\t\t\t<a href=\"https:\/\/dp-freunde.de\/comm\/2026\/03\/nachdenkseiten-rainer-werning-philippinen-marcos-senior-aufstieg-und-niedergang-eines-regimes-teil-ii-von-ii\/\" class=\"post-more-link\">\n\t\t\t\t\tWeiterlesen<span class=\"screen-reader-text\"> NachDenkSeiten &#8211; Rainer Werning &#8211; Philippinen: Marcos Senior \u2013 Aufstieg und Niedergang eines Regimes (Teil II von II)<\/span><span class=\"kadence-svg-iconset svg-baseline\"><svg aria-hidden=\"true\" class=\"kadence-svg-icon kadence-arrow-right-alt-svg\" fill=\"currentColor\" version=\"1.1\" xmlns=\"http:\/\/www.w3.org\/2000\/svg\" width=\"27\" height=\"28\" viewBox=\"0 0 27 28\"><title>Fortfahren<\/title><path d=\"M27 13.953c0 0.141-0.063 0.281-0.156 0.375l-6 5.531c-0.156 0.141-0.359 0.172-0.547 0.094-0.172-0.078-0.297-0.25-0.297-0.453v-3.5h-19.5c-0.281 0-0.5-0.219-0.5-0.5v-3c0-0.281 0.219-0.5 0.5-0.5h19.5v-3.5c0-0.203 0.109-0.375 0.297-0.453s0.391-0.047 0.547 0.078l6 5.469c0.094 0.094 0.156 0.219 0.156 0.359v0z\"><\/path>\n\t\t\t<\/svg><\/span>\t\t\t\t<\/a>\n\t\t\t<\/p>\n\t\t<\/div><!-- .entry-actions -->\n\t\t<\/footer><!-- .entry-footer -->\t\t<\/div>\n\t<\/article>\n<\/li>\n<li class=\"kb-post-list-item\">\n\t<article class=\"entry content-bg loop-entry post-15729 post type-post status-publish format-standard hentry category-autor-rainer-werning category-philippinen\">\n\t\t\t\t<div class=\"entry-content-wrap\">\n\t\t\t<header class=\"entry-header\">\n\t\t<div class=\"entry-taxonomies\">\n\t\t<span class=\"category-links term-links category-style-normal\">\n\t\t\t<a href=\"https:\/\/dp-freunde.de\/comm\/category\/autor-rainer-werning\/\">Autor Rainer Werning<\/a> | <a href=\"https:\/\/dp-freunde.de\/comm\/category\/autor-rainer-werning\/philippinen\/\">Philippinen<\/a>\t\t<\/span>\n\t<\/div><!-- .entry-taxonomies -->\n\t<h3 class=\"entry-title\"><a href=\"https:\/\/dp-freunde.de\/comm\/2026\/02\/nachdenkseiten-rainer-werning-philippinen-marcos-senior-aufstieg-und-niedergang-eines-regimes-teil-i-von-ii\/\" rel=\"bookmark\">NachDenkSeiten &#8211; Rainer Werning &#8211; Philippinen: Marcos Senior \u2013 Aufstieg und Niedergang eines Regimes (Teil I von II)<\/a><\/h3>\t<div class=\"entry-meta entry-meta-divider-dot\">\n\t\t\t\t<span class=\"posted-on\">\n\t\t\t\t<time class=\"entry-date published\" datetime=\"2026-02-28T07:48:48+01:00\">28. Februar 2026<\/time><time class=\"updated\" datetime=\"2026-03-01T07:50:16+01:00\">1. M\u00e4rz 2026<\/time>\t\t\t<\/span>\n\t\t\t\t<\/div><!-- .entry-meta -->\n\t<\/header><!-- .entry-header -->\n\t<div class=\"entry-summary\">\n\t\t\t<\/div><!-- .entry-summary -->\n\t<footer class=\"entry-footer\">\n\t\t\t<div class=\"entry-actions\">\n\t\t\t<p class=\"more-link-wrap\">\n\t\t\t\t<a href=\"https:\/\/dp-freunde.de\/comm\/2026\/02\/nachdenkseiten-rainer-werning-philippinen-marcos-senior-aufstieg-und-niedergang-eines-regimes-teil-i-von-ii\/\" class=\"post-more-link\">\n\t\t\t\t\tWeiterlesen<span class=\"screen-reader-text\"> NachDenkSeiten &#8211; Rainer Werning &#8211; Philippinen: Marcos Senior \u2013 Aufstieg und Niedergang eines Regimes (Teil I von II)<\/span><span class=\"kadence-svg-iconset svg-baseline\"><svg aria-hidden=\"true\" class=\"kadence-svg-icon kadence-arrow-right-alt-svg\" fill=\"currentColor\" version=\"1.1\" xmlns=\"http:\/\/www.w3.org\/2000\/svg\" width=\"27\" height=\"28\" viewBox=\"0 0 27 28\"><title>Fortfahren<\/title><path d=\"M27 13.953c0 0.141-0.063 0.281-0.156 0.375l-6 5.531c-0.156 0.141-0.359 0.172-0.547 0.094-0.172-0.078-0.297-0.25-0.297-0.453v-3.5h-19.5c-0.281 0-0.5-0.219-0.5-0.5v-3c0-0.281 0.219-0.5 0.5-0.5h19.5v-3.5c0-0.203 0.109-0.375 0.297-0.453s0.391-0.047 0.547 0.078l6 5.469c0.094 0.094 0.156 0.219 0.156 0.359v0z\"><\/path>\n\t\t\t<\/svg><\/span>\t\t\t\t<\/a>\n\t\t\t<\/p>\n\t\t<\/div><!-- .entry-actions -->\n\t\t<\/footer><!-- .entry-footer -->\t\t<\/div>\n\t<\/article>\n<\/li>\n<li class=\"kb-post-list-item\">\n\t<article class=\"entry content-bg loop-entry post-15523 post type-post status-publish format-standard has-post-thumbnail hentry category-allgemein\">\n\t\t\t\t<a aria-hidden=\"true\" tabindex=\"-1\" role=\"presentation\" class=\"post-thumbnail kadence-thumbnail-ratio-2-3\" href=\"https:\/\/dp-freunde.de\/comm\/2025\/12\/der-neue-dpf-rundbrief-ist-da-dez-2025\/\" aria-label=\"Der neue DPF-Rundbrief ist da: Dez 2025\">\n\t\t\t<div class=\"post-thumbnail-inner\">\n\t\t\t\t<img loading=\"lazy\" decoding=\"async\" width=\"605\" height=\"201\" src=\"https:\/\/dp-freunde.de\/comm\/wp-content\/uploads\/2025\/12\/Pintig_Dez2025_2.png\" class=\"attachment-medium_large size-medium_large wp-post-image\" alt=\"Der neue DPF-Rundbrief ist da: Dez 2025\" srcset=\"https:\/\/dp-freunde.de\/comm\/wp-content\/uploads\/2025\/12\/Pintig_Dez2025_2.png 706w, https:\/\/dp-freunde.de\/comm\/wp-content\/uploads\/2025\/12\/Pintig_Dez2025_2-300x99.png 300w, https:\/\/dp-freunde.de\/comm\/wp-content\/uploads\/2025\/12\/Pintig_Dez2025_2-100x33.png 100w, https:\/\/dp-freunde.de\/comm\/wp-content\/uploads\/2025\/12\/Pintig_Dez2025_2-150x50.png 150w, https:\/\/dp-freunde.de\/comm\/wp-content\/uploads\/2025\/12\/Pintig_Dez2025_2-200x66.png 200w, https:\/\/dp-freunde.de\/comm\/wp-content\/uploads\/2025\/12\/Pintig_Dez2025_2-450x149.png 450w, https:\/\/dp-freunde.de\/comm\/wp-content\/uploads\/2025\/12\/Pintig_Dez2025_2-600x199.png 600w\" sizes=\"auto, (max-width: 605px) 100vw, 605px\" \/>\t\t\t<\/div>\n\t\t<\/a><!-- .post-thumbnail -->\n\t\t\t\t<div class=\"entry-content-wrap\">\n\t\t\t<header class=\"entry-header\">\n\t\t<div class=\"entry-taxonomies\">\n\t\t<span class=\"category-links term-links category-style-normal\">\n\t\t\t<a href=\"https:\/\/dp-freunde.de\/comm\/category\/allgemein\/\">Allgemein<\/a>\t\t<\/span>\n\t<\/div><!-- .entry-taxonomies -->\n\t<h3 class=\"entry-title\"><a href=\"https:\/\/dp-freunde.de\/comm\/2025\/12\/der-neue-dpf-rundbrief-ist-da-dez-2025\/\" rel=\"bookmark\">Der neue DPF-Rundbrief ist da: Dez 2025<\/a><\/h3>\t<div class=\"entry-meta entry-meta-divider-dot\">\n\t\t\t\t<span class=\"posted-on\">\n\t\t\t\t<time class=\"entry-date published\" datetime=\"2025-12-15T20:39:12+01:00\">15. Dezember 2025<\/time><time class=\"updated\" datetime=\"2026-02-24T07:29:42+01:00\">24. Februar 2026<\/time>\t\t\t<\/span>\n\t\t\t\t<\/div><!-- .entry-meta -->\n\t<\/header><!-- .entry-header -->\n\t<div class=\"entry-summary\">\n\t\t\t<\/div><!-- .entry-summary -->\n\t<footer class=\"entry-footer\">\n\t\t\t<div class=\"entry-actions\">\n\t\t\t<p class=\"more-link-wrap\">\n\t\t\t\t<a href=\"https:\/\/dp-freunde.de\/comm\/2025\/12\/der-neue-dpf-rundbrief-ist-da-dez-2025\/\" class=\"post-more-link\">\n\t\t\t\t\tWeiterlesen<span class=\"screen-reader-text\"> Der neue DPF-Rundbrief ist da: Dez 2025<\/span><span class=\"kadence-svg-iconset svg-baseline\"><svg aria-hidden=\"true\" class=\"kadence-svg-icon kadence-arrow-right-alt-svg\" fill=\"currentColor\" version=\"1.1\" xmlns=\"http:\/\/www.w3.org\/2000\/svg\" width=\"27\" height=\"28\" viewBox=\"0 0 27 28\"><title>Fortfahren<\/title><path d=\"M27 13.953c0 0.141-0.063 0.281-0.156 0.375l-6 5.531c-0.156 0.141-0.359 0.172-0.547 0.094-0.172-0.078-0.297-0.25-0.297-0.453v-3.5h-19.5c-0.281 0-0.5-0.219-0.5-0.5v-3c0-0.281 0.219-0.5 0.5-0.5h19.5v-3.5c0-0.203 0.109-0.375 0.297-0.453s0.391-0.047 0.547 0.078l6 5.469c0.094 0.094 0.156 0.219 0.156 0.359v0z\"><\/path>\n\t\t\t<\/svg><\/span>\t\t\t\t<\/a>\n\t\t\t<\/p>\n\t\t<\/div><!-- .entry-actions -->\n\t\t<\/footer><!-- .entry-footer -->\t\t<\/div>\n\t<\/article>\n<\/li>\n<li class=\"kb-post-list-item\">\n\t<article class=\"entry content-bg loop-entry post-15721 post type-post status-publish format-standard hentry category-autor-rainer-werning category-philippinen\">\n\t\t\t\t<div class=\"entry-content-wrap\">\n\t\t\t<header class=\"entry-header\">\n\t\t<div class=\"entry-taxonomies\">\n\t\t<span class=\"category-links term-links category-style-normal\">\n\t\t\t<a href=\"https:\/\/dp-freunde.de\/comm\/category\/autor-rainer-werning\/\">Autor Rainer Werning<\/a> | <a href=\"https:\/\/dp-freunde.de\/comm\/category\/autor-rainer-werning\/philippinen\/\">Philippinen<\/a>\t\t<\/span>\n\t<\/div><!-- .entry-taxonomies -->\n\t<h3 class=\"entry-title\"><a href=\"https:\/\/dp-freunde.de\/comm\/2026\/02\/taz-talk-ueber-die-philippinen-am-25-02-2026-von-marcos-zu-marcos\/\" rel=\"bookmark\">taz Talk \u00fcber die Philippinen am 25.02.2026: Von Marcos zu Marcos<\/a><\/h3>\t<div class=\"entry-meta entry-meta-divider-dot\">\n\t\t\t\t<span class=\"posted-on\">\n\t\t\t\t<time class=\"entry-date published\" datetime=\"2026-02-24T07:26:46+01:00\">24. Februar 2026<\/time><time class=\"updated\" datetime=\"2026-02-24T07:26:49+01:00\">24. Februar 2026<\/time>\t\t\t<\/span>\n\t\t\t\t<\/div><!-- .entry-meta -->\n\t<\/header><!-- .entry-header -->\n\t<div class=\"entry-summary\">\n\t\t<p>https:\/\/taz.de\/taz-Talk-und-Han-Sens-Asientalk\/!vn6152982 Warum sind Familiendynastien in den Philippinen bis heute so m\u00e4ch\u00adtig? Ein Han Sens Asientalk \u00fcber philippinische Politik und Gesellschaft der letzten 40 Jahre. Veranstaltungsinformationen Wann: Mi. &hellip;<\/p>\n<p class=\"read-more\"> <a class=\"more-link\" href=\"https:\/\/dp-freunde.de\/comm\/2026\/02\/taz-talk-ueber-die-philippinen-am-25-02-2026-von-marcos-zu-marcos\/\"> <span class=\"screen-reader-text\">taz Talk \u00fcber die Philippinen am 25.02.2026: Von Marcos zu Marcos<\/span> Weiterlesen &raquo;<\/a><\/p>\n\t<\/div><!-- .entry-summary -->\n\t<footer class=\"entry-footer\">\n\t\t\t<div class=\"entry-actions\">\n\t\t\t<p class=\"more-link-wrap\">\n\t\t\t\t<a href=\"https:\/\/dp-freunde.de\/comm\/2026\/02\/taz-talk-ueber-die-philippinen-am-25-02-2026-von-marcos-zu-marcos\/\" class=\"post-more-link\">\n\t\t\t\t\tWeiterlesen<span class=\"screen-reader-text\"> taz Talk \u00fcber die Philippinen am 25.02.2026: Von Marcos zu Marcos<\/span><span class=\"kadence-svg-iconset svg-baseline\"><svg aria-hidden=\"true\" class=\"kadence-svg-icon kadence-arrow-right-alt-svg\" fill=\"currentColor\" version=\"1.1\" xmlns=\"http:\/\/www.w3.org\/2000\/svg\" width=\"27\" height=\"28\" viewBox=\"0 0 27 28\"><title>Fortfahren<\/title><path d=\"M27 13.953c0 0.141-0.063 0.281-0.156 0.375l-6 5.531c-0.156 0.141-0.359 0.172-0.547 0.094-0.172-0.078-0.297-0.25-0.297-0.453v-3.5h-19.5c-0.281 0-0.5-0.219-0.5-0.5v-3c0-0.281 0.219-0.5 0.5-0.5h19.5v-3.5c0-0.203 0.109-0.375 0.297-0.453s0.391-0.047 0.547 0.078l6 5.469c0.094 0.094 0.156 0.219 0.156 0.359v0z\"><\/path>\n\t\t\t<\/svg><\/span>\t\t\t\t<\/a>\n\t\t\t<\/p>\n\t\t<\/div><!-- .entry-actions -->\n\t\t<\/footer><!-- .entry-footer -->\t\t<\/div>\n\t<\/article>\n<\/li>\n<li class=\"kb-post-list-item\">\n\t<article class=\"entry content-bg loop-entry post-15621 post type-post status-publish format-standard hentry category-autor-rainer-werning category-philippinen\">\n\t\t\t\t<div class=\"entry-content-wrap\">\n\t\t\t<header class=\"entry-header\">\n\t\t<div class=\"entry-taxonomies\">\n\t\t<span class=\"category-links term-links category-style-normal\">\n\t\t\t<a href=\"https:\/\/dp-freunde.de\/comm\/category\/autor-rainer-werning\/\">Autor Rainer Werning<\/a> | <a href=\"https:\/\/dp-freunde.de\/comm\/category\/autor-rainer-werning\/philippinen\/\">Philippinen<\/a>\t\t<\/span>\n\t<\/div><!-- .entry-taxonomies -->\n\t<h3 class=\"entry-title\"><a href=\"https:\/\/dp-freunde.de\/comm\/2025\/12\/von-marcos-zu-marcos-harth-rezension\/\" rel=\"bookmark\">\u201eVon Marcos zu Marcos\u201c &#8211; Harth Rezension<\/a><\/h3>\t<div class=\"entry-meta entry-meta-divider-dot\">\n\t\t\t\t<span class=\"posted-on\">\n\t\t\t\t<time class=\"entry-date published\" datetime=\"2025-12-17T09:45:50+01:00\">17. Dezember 2025<\/time><time class=\"updated\" datetime=\"2026-01-13T22:40:25+01:00\">13. Januar 2026<\/time>\t\t\t<\/span>\n\t\t\t\t<\/div><!-- .entry-meta -->\n\t<\/header><!-- .entry-header -->\n\t<div class=\"entry-summary\">\n\t\t<p>https:\/\/www.philippinen.at\/wp-content\/uploads\/2025\/12\/Harth-Rezension.pdf<\/p>\n\t<\/div><!-- .entry-summary -->\n\t<footer class=\"entry-footer\">\n\t\t\t<div class=\"entry-actions\">\n\t\t\t<p class=\"more-link-wrap\">\n\t\t\t\t<a href=\"https:\/\/dp-freunde.de\/comm\/2025\/12\/von-marcos-zu-marcos-harth-rezension\/\" class=\"post-more-link\">\n\t\t\t\t\tWeiterlesen<span class=\"screen-reader-text\"> \u201eVon Marcos zu Marcos\u201c &#8211; Harth Rezension<\/span><span class=\"kadence-svg-iconset svg-baseline\"><svg aria-hidden=\"true\" class=\"kadence-svg-icon kadence-arrow-right-alt-svg\" fill=\"currentColor\" version=\"1.1\" xmlns=\"http:\/\/www.w3.org\/2000\/svg\" width=\"27\" height=\"28\" viewBox=\"0 0 27 28\"><title>Fortfahren<\/title><path d=\"M27 13.953c0 0.141-0.063 0.281-0.156 0.375l-6 5.531c-0.156 0.141-0.359 0.172-0.547 0.094-0.172-0.078-0.297-0.25-0.297-0.453v-3.5h-19.5c-0.281 0-0.5-0.219-0.5-0.5v-3c0-0.281 0.219-0.5 0.5-0.5h19.5v-3.5c0-0.203 0.109-0.375 0.297-0.453s0.391-0.047 0.547 0.078l6 5.469c0.094 0.094 0.156 0.219 0.156 0.359v0z\"><\/path>\n\t\t\t<\/svg><\/span>\t\t\t\t<\/a>\n\t\t\t<\/p>\n\t\t<\/div><!-- .entry-actions -->\n\t\t<\/footer><!-- .entry-footer -->\t\t<\/div>\n\t<\/article>\n<\/li>\n<li class=\"kb-post-list-item\">\n\t<article class=\"entry content-bg loop-entry post-15623 post type-post status-publish format-standard hentry category-autor-rainer-werning category-philippinen\">\n\t\t\t\t<div class=\"entry-content-wrap\">\n\t\t\t<header class=\"entry-header\">\n\t\t<div class=\"entry-taxonomies\">\n\t\t<span class=\"category-links term-links category-style-normal\">\n\t\t\t<a href=\"https:\/\/dp-freunde.de\/comm\/category\/autor-rainer-werning\/\">Autor Rainer Werning<\/a> | <a href=\"https:\/\/dp-freunde.de\/comm\/category\/autor-rainer-werning\/philippinen\/\">Philippinen<\/a>\t\t<\/span>\n\t<\/div><!-- .entry-taxonomies -->\n\t<h3 class=\"entry-title\"><a href=\"https:\/\/dp-freunde.de\/comm\/2025\/11\/weltsichten-vertiefend-und-kurzweilig-von-marcos-zu-marcos\/\" rel=\"bookmark\">Weltsichten &#8211; Vertiefend und kurzweilig &#8222;Von Marcos zu Marcos&#8220;<\/a><\/h3>\t<div class=\"entry-meta entry-meta-divider-dot\">\n\t\t\t\t<span class=\"posted-on\">\n\t\t\t\t<time class=\"entry-date published\" datetime=\"2025-11-18T09:49:00+01:00\">18. November 2025<\/time><time class=\"updated\" datetime=\"2025-12-30T09:51:46+01:00\">30. Dezember 2025<\/time>\t\t\t<\/span>\n\t\t\t\t<\/div><!-- .entry-meta -->\n\t<\/header><!-- .entry-header -->\n\t<div class=\"entry-summary\">\n\t\t<p>https:\/\/www.welt-sichten.org\/tipps-und-termine\/44747\/vertiefend-und-kurzweilig<\/p>\n\t<\/div><!-- .entry-summary -->\n\t<footer class=\"entry-footer\">\n\t\t\t<div class=\"entry-actions\">\n\t\t\t<p class=\"more-link-wrap\">\n\t\t\t\t<a href=\"https:\/\/dp-freunde.de\/comm\/2025\/11\/weltsichten-vertiefend-und-kurzweilig-von-marcos-zu-marcos\/\" class=\"post-more-link\">\n\t\t\t\t\tWeiterlesen<span class=\"screen-reader-text\"> Weltsichten &#8211; Vertiefend und kurzweilig &#8222;Von Marcos zu Marcos&#8220;<\/span><span class=\"kadence-svg-iconset svg-baseline\"><svg aria-hidden=\"true\" class=\"kadence-svg-icon kadence-arrow-right-alt-svg\" fill=\"currentColor\" version=\"1.1\" xmlns=\"http:\/\/www.w3.org\/2000\/svg\" width=\"27\" height=\"28\" viewBox=\"0 0 27 28\"><title>Fortfahren<\/title><path d=\"M27 13.953c0 0.141-0.063 0.281-0.156 0.375l-6 5.531c-0.156 0.141-0.359 0.172-0.547 0.094-0.172-0.078-0.297-0.25-0.297-0.453v-3.5h-19.5c-0.281 0-0.5-0.219-0.5-0.5v-3c0-0.281 0.219-0.5 0.5-0.5h19.5v-3.5c0-0.203 0.109-0.375 0.297-0.453s0.391-0.047 0.547 0.078l6 5.469c0.094 0.094 0.156 0.219 0.156 0.359v0z\"><\/path>\n\t\t\t<\/svg><\/span>\t\t\t\t<\/a>\n\t\t\t<\/p>\n\t\t<\/div><!-- .entry-actions -->\n\t\t<\/footer><!-- .entry-footer -->\t\t<\/div>\n\t<\/article>\n<\/li>\n<li class=\"kb-post-list-item\">\n\t<article class=\"entry content-bg loop-entry post-15619 post type-post status-publish format-standard hentry category-allgemein\">\n\t\t\t\t<div class=\"entry-content-wrap\">\n\t\t\t<header class=\"entry-header\">\n\t\t<div class=\"entry-taxonomies\">\n\t\t<span class=\"category-links term-links category-style-normal\">\n\t\t\t<a href=\"https:\/\/dp-freunde.de\/comm\/category\/allgemein\/\">Allgemein<\/a>\t\t<\/span>\n\t<\/div><!-- .entry-taxonomies -->\n\t<h3 class=\"entry-title\"><a href=\"https:\/\/dp-freunde.de\/comm\/2025\/12\/ttt-titel-thesen-temperamente-ard\/\" rel=\"bookmark\">ttt \u2013 titel thesen temperamente &#8211; ARD:<\/a><\/h3>\t<div class=\"entry-meta entry-meta-divider-dot\">\n\t\t\t\t<span class=\"posted-on\">\n\t\t\t\t<time class=\"entry-date published\" datetime=\"2025-12-30T09:45:38+01:00\">30. Dezember 2025<\/time><time class=\"updated\" datetime=\"2025-12-30T09:45:41+01:00\">30. Dezember 2025<\/time>\t\t\t<\/span>\n\t\t\t\t<\/div><!-- .entry-meta -->\n\t<\/header><!-- .entry-header -->\n\t<div class=\"entry-summary\">\n\t\t<p>Die Philippinen als Ehrengast der Buchmesse: \u00dcber ein zerrissenes Land nach der brutalen Duterte-Herrschaft https:\/\/www.ardmediathek.de\/video\/ttt-titel-thesen-temperamente\/die-philippinen-als-ehrengast-der-buchmesse-ueber-ein-zerrissenes-land-nach-der-brutalen-duterte-herrschaft\/ard\/Y3JpZDovL2Rhc2Vyc3RlLmRlL3R0dCAtIHRpdGVsIHRoZXNlbiB0ZW1wZXJhbWVudGUvMGUyY2ViOWYtMmVmOC00NTg4LWE3ZmEtMDE0ZWQzNTdkNTkx<\/p>\n\t<\/div><!-- .entry-summary -->\n\t<footer class=\"entry-footer\">\n\t\t\t<div class=\"entry-actions\">\n\t\t\t<p class=\"more-link-wrap\">\n\t\t\t\t<a href=\"https:\/\/dp-freunde.de\/comm\/2025\/12\/ttt-titel-thesen-temperamente-ard\/\" class=\"post-more-link\">\n\t\t\t\t\tWeiterlesen<span class=\"screen-reader-text\"> ttt \u2013 titel thesen temperamente &#8211; ARD:<\/span><span class=\"kadence-svg-iconset svg-baseline\"><svg aria-hidden=\"true\" class=\"kadence-svg-icon kadence-arrow-right-alt-svg\" fill=\"currentColor\" version=\"1.1\" xmlns=\"http:\/\/www.w3.org\/2000\/svg\" width=\"27\" height=\"28\" viewBox=\"0 0 27 28\"><title>Fortfahren<\/title><path d=\"M27 13.953c0 0.141-0.063 0.281-0.156 0.375l-6 5.531c-0.156 0.141-0.359 0.172-0.547 0.094-0.172-0.078-0.297-0.25-0.297-0.453v-3.5h-19.5c-0.281 0-0.5-0.219-0.5-0.5v-3c0-0.281 0.219-0.5 0.5-0.5h19.5v-3.5c0-0.203 0.109-0.375 0.297-0.453s0.391-0.047 0.547 0.078l6 5.469c0.094 0.094 0.156 0.219 0.156 0.359v0z\"><\/path>\n\t\t\t<\/svg><\/span>\t\t\t\t<\/a>\n\t\t\t<\/p>\n\t\t<\/div><!-- .entry-actions -->\n\t\t<\/footer><!-- .entry-footer -->\t\t<\/div>\n\t<\/article>\n<\/li>\n<li class=\"kb-post-list-item\">\n\t<article class=\"entry content-bg loop-entry post-15420 post type-post status-publish format-standard has-post-thumbnail hentry category-autor-rainer-werning category-philippinen\">\n\t\t\t\t<a aria-hidden=\"true\" tabindex=\"-1\" role=\"presentation\" class=\"post-thumbnail kadence-thumbnail-ratio-2-3\" href=\"https:\/\/dp-freunde.de\/comm\/2025\/10\/impressionen-der-literaturtage-philippinen-in-zofingen-mit-rainer-werning\/\" aria-label=\"Impressionen der Literaturtage &#8222;Philippinen&#8220; in Zofingen mit Rainer Werning\">\n\t\t\t<div class=\"post-thumbnail-inner\">\n\t\t\t\t<img loading=\"lazy\" decoding=\"async\" width=\"605\" height=\"403\" src=\"https:\/\/dp-freunde.de\/comm\/wp-content\/uploads\/2025\/11\/Rainer-Lit-Tage-768x512.jpg\" class=\"attachment-medium_large size-medium_large wp-post-image\" alt=\"Impressionen der Literaturtage &#8222;Philippinen&#8220; in Zofingen mit Rainer Werning\" srcset=\"https:\/\/dp-freunde.de\/comm\/wp-content\/uploads\/2025\/11\/Rainer-Lit-Tage-768x512.jpg 768w, https:\/\/dp-freunde.de\/comm\/wp-content\/uploads\/2025\/11\/Rainer-Lit-Tage-300x200.jpg 300w, https:\/\/dp-freunde.de\/comm\/wp-content\/uploads\/2025\/11\/Rainer-Lit-Tage-1024x682.jpg 1024w, https:\/\/dp-freunde.de\/comm\/wp-content\/uploads\/2025\/11\/Rainer-Lit-Tage-1536x1024.jpg 1536w, https:\/\/dp-freunde.de\/comm\/wp-content\/uploads\/2025\/11\/Rainer-Lit-Tage-100x67.jpg 100w, https:\/\/dp-freunde.de\/comm\/wp-content\/uploads\/2025\/11\/Rainer-Lit-Tage-150x100.jpg 150w, https:\/\/dp-freunde.de\/comm\/wp-content\/uploads\/2025\/11\/Rainer-Lit-Tage-200x133.jpg 200w, https:\/\/dp-freunde.de\/comm\/wp-content\/uploads\/2025\/11\/Rainer-Lit-Tage-450x300.jpg 450w, https:\/\/dp-freunde.de\/comm\/wp-content\/uploads\/2025\/11\/Rainer-Lit-Tage-600x400.jpg 600w, https:\/\/dp-freunde.de\/comm\/wp-content\/uploads\/2025\/11\/Rainer-Lit-Tage-900x600.jpg 900w, https:\/\/dp-freunde.de\/comm\/wp-content\/uploads\/2025\/11\/Rainer-Lit-Tage-1320x880.jpg 1320w, https:\/\/dp-freunde.de\/comm\/wp-content\/uploads\/2025\/11\/Rainer-Lit-Tage.jpg 2000w\" sizes=\"auto, (max-width: 605px) 100vw, 605px\" \/>\t\t\t<\/div>\n\t\t<\/a><!-- .post-thumbnail -->\n\t\t\t\t<div class=\"entry-content-wrap\">\n\t\t\t<header class=\"entry-header\">\n\t\t<div class=\"entry-taxonomies\">\n\t\t<span class=\"category-links term-links category-style-normal\">\n\t\t\t<a href=\"https:\/\/dp-freunde.de\/comm\/category\/autor-rainer-werning\/\">Autor Rainer Werning<\/a> | <a href=\"https:\/\/dp-freunde.de\/comm\/category\/autor-rainer-werning\/philippinen\/\">Philippinen<\/a>\t\t<\/span>\n\t<\/div><!-- .entry-taxonomies -->\n\t<h3 class=\"entry-title\"><a href=\"https:\/\/dp-freunde.de\/comm\/2025\/10\/impressionen-der-literaturtage-philippinen-in-zofingen-mit-rainer-werning\/\" rel=\"bookmark\">Impressionen der Literaturtage &#8222;Philippinen&#8220; in Zofingen mit Rainer Werning<\/a><\/h3>\t<div class=\"entry-meta entry-meta-divider-dot\">\n\t\t\t\t<span class=\"posted-on\">\n\t\t\t\t<time class=\"entry-date published\" datetime=\"2025-10-26T17:46:00+01:00\">26. Oktober 2025<\/time><time class=\"updated\" datetime=\"2025-12-25T19:16:54+01:00\">25. Dezember 2025<\/time>\t\t\t<\/span>\n\t\t\t\t<\/div><!-- .entry-meta -->\n\t<\/header><!-- .entry-header -->\n\t<div class=\"entry-summary\">\n\t\t\t<\/div><!-- .entry-summary -->\n\t<footer class=\"entry-footer\">\n\t\t\t<div class=\"entry-actions\">\n\t\t\t<p class=\"more-link-wrap\">\n\t\t\t\t<a href=\"https:\/\/dp-freunde.de\/comm\/2025\/10\/impressionen-der-literaturtage-philippinen-in-zofingen-mit-rainer-werning\/\" class=\"post-more-link\">\n\t\t\t\t\tWeiterlesen<span class=\"screen-reader-text\"> Impressionen der Literaturtage &#8222;Philippinen&#8220; in Zofingen mit Rainer Werning<\/span><span class=\"kadence-svg-iconset svg-baseline\"><svg aria-hidden=\"true\" class=\"kadence-svg-icon kadence-arrow-right-alt-svg\" fill=\"currentColor\" version=\"1.1\" xmlns=\"http:\/\/www.w3.org\/2000\/svg\" width=\"27\" height=\"28\" viewBox=\"0 0 27 28\"><title>Fortfahren<\/title><path d=\"M27 13.953c0 0.141-0.063 0.281-0.156 0.375l-6 5.531c-0.156 0.141-0.359 0.172-0.547 0.094-0.172-0.078-0.297-0.25-0.297-0.453v-3.5h-19.5c-0.281 0-0.5-0.219-0.5-0.5v-3c0-0.281 0.219-0.5 0.5-0.5h19.5v-3.5c0-0.203 0.109-0.375 0.297-0.453s0.391-0.047 0.547 0.078l6 5.469c0.094 0.094 0.156 0.219 0.156 0.359v0z\"><\/path>\n\t\t\t<\/svg><\/span>\t\t\t\t<\/a>\n\t\t\t<\/p>\n\t\t<\/div><!-- .entry-actions -->\n\t\t<\/footer><!-- .entry-footer -->\t\t<\/div>\n\t<\/article>\n<\/li>\n<li class=\"kb-post-list-item\">\n\t<article class=\"entry content-bg loop-entry post-15521 post type-post status-publish format-standard hentry category-autor-rainer-werning category-philippinen\">\n\t\t\t\t<div class=\"entry-content-wrap\">\n\t\t\t<header class=\"entry-header\">\n\t\t<div class=\"entry-taxonomies\">\n\t\t<span class=\"category-links term-links category-style-normal\">\n\t\t\t<a href=\"https:\/\/dp-freunde.de\/comm\/category\/autor-rainer-werning\/\">Autor Rainer Werning<\/a> | <a href=\"https:\/\/dp-freunde.de\/comm\/category\/autor-rainer-werning\/philippinen\/\">Philippinen<\/a>\t\t<\/span>\n\t<\/div><!-- .entry-taxonomies -->\n\t<h3 class=\"entry-title\"><a href=\"https:\/\/dp-freunde.de\/comm\/2025\/12\/ein-schatz-fuer-alle-die-sich-professionell-oder-ehrenamtlich-intensiver-mit-der-situation-der-philippinen-beschaeftigen-eine-rezension-von-wilfried-neusel\/\" rel=\"bookmark\">\u201e \u2026 ein Schatz f\u00fcr alle, die sich professionell oder ehrenamtlich intensiver mit der Situation der Philippinen besch\u00e4ftigen.\u201c \u2013 Eine Rezension von Wilfried Neusel<\/a><\/h3>\t<div class=\"entry-meta entry-meta-divider-dot\">\n\t\t\t\t<span class=\"posted-on\">\n\t\t\t\t<time class=\"entry-date published\" datetime=\"2025-12-23T20:35:41+01:00\">23. Dezember 2025<\/time><time class=\"updated\" datetime=\"2025-12-25T16:57:52+01:00\">25. Dezember 2025<\/time>\t\t\t<\/span>\n\t\t\t\t<\/div><!-- .entry-meta -->\n\t<\/header><!-- .entry-header -->\n\t<div class=\"entry-summary\">\n\t\t<p>Rainer Werning\/J\u00f6rg Schwieger (Hg.): Von Marcos zu Marcos \u2013 Die Philippinen seit 1965. Wien 2025: ProMedia Verlag, 264 Seiten, 24 \u20ac Zur diesj\u00e4hrigen Frankfurter Buchmesse waren die &hellip;<\/p>\n<p class=\"read-more\"> <a class=\"more-link\" href=\"https:\/\/dp-freunde.de\/comm\/2025\/12\/ein-schatz-fuer-alle-die-sich-professionell-oder-ehrenamtlich-intensiver-mit-der-situation-der-philippinen-beschaeftigen-eine-rezension-von-wilfried-neusel\/\"> <span class=\"screen-reader-text\">\u201e \u2026 ein Schatz f\u00fcr alle, die sich professionell oder ehrenamtlich intensiver mit der Situation der Philippinen besch\u00e4ftigen.\u201c \u2013 Eine Rezension von Wilfried Neusel<\/span> Weiterlesen &raquo;<\/a><\/p>\n\t<\/div><!-- .entry-summary -->\n\t<footer class=\"entry-footer\">\n\t\t\t<div class=\"entry-actions\">\n\t\t\t<p class=\"more-link-wrap\">\n\t\t\t\t<a href=\"https:\/\/dp-freunde.de\/comm\/2025\/12\/ein-schatz-fuer-alle-die-sich-professionell-oder-ehrenamtlich-intensiver-mit-der-situation-der-philippinen-beschaeftigen-eine-rezension-von-wilfried-neusel\/\" class=\"post-more-link\">\n\t\t\t\t\tWeiterlesen<span class=\"screen-reader-text\"> \u201e \u2026 ein Schatz f\u00fcr alle, die sich professionell oder ehrenamtlich intensiver mit der Situation der Philippinen besch\u00e4ftigen.\u201c \u2013 Eine Rezension von Wilfried Neusel<\/span><span class=\"kadence-svg-iconset svg-baseline\"><svg aria-hidden=\"true\" class=\"kadence-svg-icon kadence-arrow-right-alt-svg\" fill=\"currentColor\" version=\"1.1\" xmlns=\"http:\/\/www.w3.org\/2000\/svg\" width=\"27\" height=\"28\" viewBox=\"0 0 27 28\"><title>Fortfahren<\/title><path d=\"M27 13.953c0 0.141-0.063 0.281-0.156 0.375l-6 5.531c-0.156 0.141-0.359 0.172-0.547 0.094-0.172-0.078-0.297-0.25-0.297-0.453v-3.5h-19.5c-0.281 0-0.5-0.219-0.5-0.5v-3c0-0.281 0.219-0.5 0.5-0.5h19.5v-3.5c0-0.203 0.109-0.375 0.297-0.453s0.391-0.047 0.547 0.078l6 5.469c0.094 0.094 0.156 0.219 0.156 0.359v0z\"><\/path>\n\t\t\t<\/svg><\/span>\t\t\t\t<\/a>\n\t\t\t<\/p>\n\t\t<\/div><!-- .entry-actions -->\n\t\t<\/footer><!-- .entry-footer -->\t\t<\/div>\n\t<\/article>\n<\/li>\n<li class=\"kb-post-list-item\">\n\t<article class=\"entry content-bg loop-entry post-15450 post type-post status-publish format-standard hentry category-autor-rainer-werning category-philippinen\">\n\t\t\t\t<div class=\"entry-content-wrap\">\n\t\t\t<header class=\"entry-header\">\n\t\t<div class=\"entry-taxonomies\">\n\t\t<span class=\"category-links term-links category-style-normal\">\n\t\t\t<a href=\"https:\/\/dp-freunde.de\/comm\/category\/autor-rainer-werning\/\">Autor Rainer Werning<\/a> | <a href=\"https:\/\/dp-freunde.de\/comm\/category\/autor-rainer-werning\/philippinen\/\">Philippinen<\/a>\t\t<\/span>\n\t<\/div><!-- .entry-taxonomies -->\n\t<h3 class=\"entry-title\"><a href=\"https:\/\/dp-freunde.de\/comm\/2025\/10\/buchreview-zu-von-marcos-zu-marcos-die-philippinen-seit-1965-politdynastien-und-seeleute-von-sven-hansen\/\" rel=\"bookmark\">Buchreview zu &#8222;Von Marcos zu Marcos. Die Philippinen seit 1965&#8220;: Politdynastien und Seeleute von Sven Hansen<\/a><\/h3>\t<div class=\"entry-meta entry-meta-divider-dot\">\n\t\t\t\t<span class=\"posted-on\">\n\t\t\t\t<time class=\"entry-date published\" datetime=\"2025-10-17T22:58:00+02:00\">17. Oktober 2025<\/time><time class=\"updated\" datetime=\"2025-11-18T23:01:55+01:00\">18. November 2025<\/time>\t\t\t<\/span>\n\t\t\t\t<\/div><!-- .entry-meta -->\n\t<\/header><!-- .entry-header -->\n\t<div class=\"entry-summary\">\n\t\t\t<\/div><!-- .entry-summary -->\n\t<footer class=\"entry-footer\">\n\t\t\t<div class=\"entry-actions\">\n\t\t\t<p class=\"more-link-wrap\">\n\t\t\t\t<a href=\"https:\/\/dp-freunde.de\/comm\/2025\/10\/buchreview-zu-von-marcos-zu-marcos-die-philippinen-seit-1965-politdynastien-und-seeleute-von-sven-hansen\/\" class=\"post-more-link\">\n\t\t\t\t\tWeiterlesen<span class=\"screen-reader-text\"> Buchreview zu &#8222;Von Marcos zu Marcos. Die Philippinen seit 1965&#8220;: Politdynastien und Seeleute von Sven Hansen<\/span><span class=\"kadence-svg-iconset svg-baseline\"><svg aria-hidden=\"true\" class=\"kadence-svg-icon kadence-arrow-right-alt-svg\" fill=\"currentColor\" version=\"1.1\" xmlns=\"http:\/\/www.w3.org\/2000\/svg\" width=\"27\" height=\"28\" viewBox=\"0 0 27 28\"><title>Fortfahren<\/title><path d=\"M27 13.953c0 0.141-0.063 0.281-0.156 0.375l-6 5.531c-0.156 0.141-0.359 0.172-0.547 0.094-0.172-0.078-0.297-0.25-0.297-0.453v-3.5h-19.5c-0.281 0-0.5-0.219-0.5-0.5v-3c0-0.281 0.219-0.5 0.5-0.5h19.5v-3.5c0-0.203 0.109-0.375 0.297-0.453s0.391-0.047 0.547 0.078l6 5.469c0.094 0.094 0.156 0.219 0.156 0.359v0z\"><\/path>\n\t\t\t<\/svg><\/span>\t\t\t\t<\/a>\n\t\t\t<\/p>\n\t\t<\/div><!-- .entry-actions -->\n\t\t<\/footer><!-- .entry-footer -->\t\t<\/div>\n\t<\/article>\n<\/li>\n<li class=\"kb-post-list-item\">\n\t<article class=\"entry content-bg loop-entry post-15436 post type-post status-publish format-standard hentry category-allgemein\">\n\t\t\t\t<div class=\"entry-content-wrap\">\n\t\t\t<header class=\"entry-header\">\n\t\t<div class=\"entry-taxonomies\">\n\t\t<span class=\"category-links term-links category-style-normal\">\n\t\t\t<a href=\"https:\/\/dp-freunde.de\/comm\/category\/allgemein\/\">Allgemein<\/a>\t\t<\/span>\n\t<\/div><!-- .entry-taxonomies -->\n\t<h3 class=\"entry-title\"><a href=\"https:\/\/dp-freunde.de\/comm\/2025\/11\/super-taifun-uwan-trifft-heute-nacht-auf-die-philippinen\/\" rel=\"bookmark\">Super Taifun Uwan (Fung Wong) trifft heute Nacht auf die Philippinen<\/a><\/h3>\t<div class=\"entry-meta entry-meta-divider-dot\">\n\t\t\t\t<span class=\"posted-on\">\n\t\t\t\t<time class=\"entry-date published\" datetime=\"2025-11-09T18:55:05+01:00\">9. November 2025<\/time><time class=\"updated\" datetime=\"2025-11-10T21:27:00+01:00\">10. November 2025<\/time>\t\t\t<\/span>\n\t\t\t\t<\/div><!-- .entry-meta -->\n\t<\/header><!-- .entry-header -->\n\t<div class=\"entry-summary\">\n\t\t<p>Mike und Dagmar, D\u00fcsseldorf, 09.11.2025 Kurzmeldung: Bereits jetzt sind in gro\u00dfen Gebieten der Philippinen heftige Regenf\u00e4lle und \u00dcberflutungen. Der Taifun Uwan (Fung Wong) hat in seinem Zentrum &hellip;<\/p>\n<p class=\"read-more\"> <a class=\"more-link\" href=\"https:\/\/dp-freunde.de\/comm\/2025\/11\/super-taifun-uwan-trifft-heute-nacht-auf-die-philippinen\/\"> <span class=\"screen-reader-text\">Super Taifun Uwan (Fung Wong) trifft heute Nacht auf die Philippinen<\/span> Weiterlesen &raquo;<\/a><\/p>\n\t<\/div><!-- .entry-summary -->\n\t<footer class=\"entry-footer\">\n\t\t\t<div class=\"entry-actions\">\n\t\t\t<p class=\"more-link-wrap\">\n\t\t\t\t<a href=\"https:\/\/dp-freunde.de\/comm\/2025\/11\/super-taifun-uwan-trifft-heute-nacht-auf-die-philippinen\/\" class=\"post-more-link\">\n\t\t\t\t\tWeiterlesen<span class=\"screen-reader-text\"> Super Taifun Uwan (Fung Wong) trifft heute Nacht auf die Philippinen<\/span><span class=\"kadence-svg-iconset svg-baseline\"><svg aria-hidden=\"true\" class=\"kadence-svg-icon kadence-arrow-right-alt-svg\" fill=\"currentColor\" version=\"1.1\" xmlns=\"http:\/\/www.w3.org\/2000\/svg\" width=\"27\" height=\"28\" viewBox=\"0 0 27 28\"><title>Fortfahren<\/title><path d=\"M27 13.953c0 0.141-0.063 0.281-0.156 0.375l-6 5.531c-0.156 0.141-0.359 0.172-0.547 0.094-0.172-0.078-0.297-0.25-0.297-0.453v-3.5h-19.5c-0.281 0-0.5-0.219-0.5-0.5v-3c0-0.281 0.219-0.5 0.5-0.5h19.5v-3.5c0-0.203 0.109-0.375 0.297-0.453s0.391-0.047 0.547 0.078l6 5.469c0.094 0.094 0.156 0.219 0.156 0.359v0z\"><\/path>\n\t\t\t<\/svg><\/span>\t\t\t\t<\/a>\n\t\t\t<\/p>\n\t\t<\/div><!-- .entry-actions -->\n\t\t<\/footer><!-- .entry-footer -->\t\t<\/div>\n\t<\/article>\n<\/li>\n<li class=\"kb-post-list-item\">\n\t<article class=\"entry content-bg loop-entry post-15418 post type-post status-publish format-standard hentry category-autor-rainer-werning category-philippinen\">\n\t\t\t\t<div class=\"entry-content-wrap\">\n\t\t\t<header class=\"entry-header\">\n\t\t<div class=\"entry-taxonomies\">\n\t\t<span class=\"category-links term-links category-style-normal\">\n\t\t\t<a href=\"https:\/\/dp-freunde.de\/comm\/category\/autor-rainer-werning\/\">Autor Rainer Werning<\/a> | <a href=\"https:\/\/dp-freunde.de\/comm\/category\/autor-rainer-werning\/philippinen\/\">Philippinen<\/a>\t\t<\/span>\n\t<\/div><!-- .entry-taxonomies -->\n\t<h3 class=\"entry-title\"><a href=\"https:\/\/dp-freunde.de\/comm\/2025\/11\/from-marcos-to-marcos-lunchtalk-am-11-11-2025-in-luxemburg-mit-rainer-werning\/\" rel=\"bookmark\">From Marcos to Marcos: Lunchtalk am 11.11.2025 in Luxemburg mit Rainer Werning<\/a><\/h3>\t<div class=\"entry-meta entry-meta-divider-dot\">\n\t\t\t\t<span class=\"posted-on\">\n\t\t\t\t<time class=\"entry-date published\" datetime=\"2025-11-01T17:44:25+01:00\">1. November 2025<\/time><time class=\"updated\" datetime=\"2025-11-01T17:44:27+01:00\">1. November 2025<\/time>\t\t\t<\/span>\n\t\t\t\t<\/div><!-- .entry-meta -->\n\t<\/header><!-- .entry-header -->\n\t<div class=\"entry-summary\">\n\t\t<p>https:\/\/www.vdl.lu\/de\/kalender\/marcos-marcos<\/p>\n\t<\/div><!-- .entry-summary -->\n\t<footer class=\"entry-footer\">\n\t\t\t<div class=\"entry-actions\">\n\t\t\t<p class=\"more-link-wrap\">\n\t\t\t\t<a href=\"https:\/\/dp-freunde.de\/comm\/2025\/11\/from-marcos-to-marcos-lunchtalk-am-11-11-2025-in-luxemburg-mit-rainer-werning\/\" class=\"post-more-link\">\n\t\t\t\t\tWeiterlesen<span class=\"screen-reader-text\"> From Marcos to Marcos: Lunchtalk am 11.11.2025 in Luxemburg mit Rainer Werning<\/span><span class=\"kadence-svg-iconset svg-baseline\"><svg aria-hidden=\"true\" class=\"kadence-svg-icon kadence-arrow-right-alt-svg\" fill=\"currentColor\" version=\"1.1\" xmlns=\"http:\/\/www.w3.org\/2000\/svg\" width=\"27\" height=\"28\" viewBox=\"0 0 27 28\"><title>Fortfahren<\/title><path d=\"M27 13.953c0 0.141-0.063 0.281-0.156 0.375l-6 5.531c-0.156 0.141-0.359 0.172-0.547 0.094-0.172-0.078-0.297-0.25-0.297-0.453v-3.5h-19.5c-0.281 0-0.5-0.219-0.5-0.5v-3c0-0.281 0.219-0.5 0.5-0.5h19.5v-3.5c0-0.203 0.109-0.375 0.297-0.453s0.391-0.047 0.547 0.078l6 5.469c0.094 0.094 0.156 0.219 0.156 0.359v0z\"><\/path>\n\t\t\t<\/svg><\/span>\t\t\t\t<\/a>\n\t\t\t<\/p>\n\t\t<\/div><!-- .entry-actions -->\n\t\t<\/footer><!-- .entry-footer -->\t\t<\/div>\n\t<\/article>\n<\/li>\n<li class=\"kb-post-list-item\">\n\t<article class=\"entry content-bg loop-entry post-15405 post type-post status-publish format-standard hentry category-autor-rainer-werning category-philippinen\">\n\t\t\t\t<div class=\"entry-content-wrap\">\n\t\t\t<header class=\"entry-header\">\n\t\t<div class=\"entry-taxonomies\">\n\t\t<span class=\"category-links term-links category-style-normal\">\n\t\t\t<a href=\"https:\/\/dp-freunde.de\/comm\/category\/autor-rainer-werning\/\">Autor Rainer Werning<\/a> | <a href=\"https:\/\/dp-freunde.de\/comm\/category\/autor-rainer-werning\/philippinen\/\">Philippinen<\/a>\t\t<\/span>\n\t<\/div><!-- .entry-taxonomies -->\n\t<h3 class=\"entry-title\"><a href=\"https:\/\/dp-freunde.de\/comm\/2025\/10\/literadio-rainer-werning-und-joerg-schwieger-von-marcos-zu-marcos-die-philippinen-seit-1965\/\" rel=\"bookmark\">Literadio &#8211; Rainer Werning und J\u00f6rg Schwieger &#8211; Von Marcos zu Marcos. Die Philippinen seit 1965<\/a><\/h3>\t<div class=\"entry-meta entry-meta-divider-dot\">\n\t\t\t\t<span class=\"posted-on\">\n\t\t\t\t<time class=\"entry-date published\" datetime=\"2025-10-17T22:29:27+02:00\">17. Oktober 2025<\/time><time class=\"updated\" datetime=\"2025-10-22T22:36:07+02:00\">22. Oktober 2025<\/time>\t\t\t<\/span>\n\t\t\t\t<\/div><!-- .entry-meta -->\n\t<\/header><!-- .entry-header -->\n\t<div class=\"entry-summary\">\n\t\t\t<\/div><!-- .entry-summary -->\n\t<footer class=\"entry-footer\">\n\t\t\t<div class=\"entry-actions\">\n\t\t\t<p class=\"more-link-wrap\">\n\t\t\t\t<a href=\"https:\/\/dp-freunde.de\/comm\/2025\/10\/literadio-rainer-werning-und-joerg-schwieger-von-marcos-zu-marcos-die-philippinen-seit-1965\/\" class=\"post-more-link\">\n\t\t\t\t\tWeiterlesen<span class=\"screen-reader-text\"> Literadio &#8211; Rainer Werning und J\u00f6rg Schwieger &#8211; Von Marcos zu Marcos. Die Philippinen seit 1965<\/span><span class=\"kadence-svg-iconset svg-baseline\"><svg aria-hidden=\"true\" class=\"kadence-svg-icon kadence-arrow-right-alt-svg\" fill=\"currentColor\" version=\"1.1\" xmlns=\"http:\/\/www.w3.org\/2000\/svg\" width=\"27\" height=\"28\" viewBox=\"0 0 27 28\"><title>Fortfahren<\/title><path d=\"M27 13.953c0 0.141-0.063 0.281-0.156 0.375l-6 5.531c-0.156 0.141-0.359 0.172-0.547 0.094-0.172-0.078-0.297-0.25-0.297-0.453v-3.5h-19.5c-0.281 0-0.5-0.219-0.5-0.5v-3c0-0.281 0.219-0.5 0.5-0.5h19.5v-3.5c0-0.203 0.109-0.375 0.297-0.453s0.391-0.047 0.547 0.078l6 5.469c0.094 0.094 0.156 0.219 0.156 0.359v0z\"><\/path>\n\t\t\t<\/svg><\/span>\t\t\t\t<\/a>\n\t\t\t<\/p>\n\t\t<\/div><!-- .entry-actions -->\n\t\t<\/footer><!-- .entry-footer -->\t\t<\/div>\n\t<\/article>\n<\/li>\n<li class=\"kb-post-list-item\">\n\t<article class=\"entry content-bg loop-entry post-15389 post type-post status-publish format-standard hentry category-autor-rainer-werning category-philippinen\">\n\t\t\t\t<div class=\"entry-content-wrap\">\n\t\t\t<header class=\"entry-header\">\n\t\t<div class=\"entry-taxonomies\">\n\t\t<span class=\"category-links term-links category-style-normal\">\n\t\t\t<a href=\"https:\/\/dp-freunde.de\/comm\/category\/autor-rainer-werning\/\">Autor Rainer Werning<\/a> | <a href=\"https:\/\/dp-freunde.de\/comm\/category\/autor-rainer-werning\/philippinen\/\">Philippinen<\/a>\t\t<\/span>\n\t<\/div><!-- .entry-taxonomies -->\n\t<h3 class=\"entry-title\"><a href=\"https:\/\/dp-freunde.de\/comm\/2025\/10\/neues-deutschland-rainer-werning-philippinen-von-macht-und-ohnmacht\/\" rel=\"bookmark\">ND &#8211; Rainer Werning &#8211; Philippinen: Von Macht und Ohnmacht<\/a><\/h3>\t<div class=\"entry-meta entry-meta-divider-dot\">\n\t\t\t\t<span class=\"posted-on\">\n\t\t\t\t<time class=\"entry-date published\" datetime=\"2025-10-16T22:49:22+02:00\">16. Oktober 2025<\/time><time class=\"updated\" datetime=\"2025-10-16T22:58:35+02:00\">16. Oktober 2025<\/time>\t\t\t<\/span>\n\t\t\t\t<\/div><!-- .entry-meta -->\n\t<\/header><!-- .entry-header -->\n\t<div class=\"entry-summary\">\n\t\t<p>https:\/\/www.nd-aktuell.de\/artikel\/1194785.frankfurter-buchmesse-von-macht-und-ohnmacht.html<\/p>\n\t<\/div><!-- .entry-summary -->\n\t<footer class=\"entry-footer\">\n\t\t\t<div class=\"entry-actions\">\n\t\t\t<p class=\"more-link-wrap\">\n\t\t\t\t<a href=\"https:\/\/dp-freunde.de\/comm\/2025\/10\/neues-deutschland-rainer-werning-philippinen-von-macht-und-ohnmacht\/\" class=\"post-more-link\">\n\t\t\t\t\tWeiterlesen<span class=\"screen-reader-text\"> ND &#8211; Rainer Werning &#8211; Philippinen: Von Macht und Ohnmacht<\/span><span class=\"kadence-svg-iconset svg-baseline\"><svg aria-hidden=\"true\" class=\"kadence-svg-icon kadence-arrow-right-alt-svg\" fill=\"currentColor\" version=\"1.1\" xmlns=\"http:\/\/www.w3.org\/2000\/svg\" width=\"27\" height=\"28\" viewBox=\"0 0 27 28\"><title>Fortfahren<\/title><path d=\"M27 13.953c0 0.141-0.063 0.281-0.156 0.375l-6 5.531c-0.156 0.141-0.359 0.172-0.547 0.094-0.172-0.078-0.297-0.25-0.297-0.453v-3.5h-19.5c-0.281 0-0.5-0.219-0.5-0.5v-3c0-0.281 0.219-0.5 0.5-0.5h19.5v-3.5c0-0.203 0.109-0.375 0.297-0.453s0.391-0.047 0.547 0.078l6 5.469c0.094 0.094 0.156 0.219 0.156 0.359v0z\"><\/path>\n\t\t\t<\/svg><\/span>\t\t\t\t<\/a>\n\t\t\t<\/p>\n\t\t<\/div><!-- .entry-actions -->\n\t\t<\/footer><!-- .entry-footer -->\t\t<\/div>\n\t<\/article>\n<\/li>\n<li class=\"kb-post-list-item\">\n\t<article class=\"entry content-bg loop-entry post-15400 post type-post status-publish format-standard hentry category-allgemein\">\n\t\t\t\t<div class=\"entry-content-wrap\">\n\t\t\t<header class=\"entry-header\">\n\t\t<div class=\"entry-taxonomies\">\n\t\t<span class=\"category-links term-links category-style-normal\">\n\t\t\t<a href=\"https:\/\/dp-freunde.de\/comm\/category\/allgemein\/\">Allgemein<\/a>\t\t<\/span>\n\t<\/div><!-- .entry-taxonomies -->\n\t<h3 class=\"entry-title\"><a href=\"https:\/\/dp-freunde.de\/comm\/2025\/10\/rote-fahne-news-frankfurter-buchmesse-beginnt-in-einer-woche\/\" rel=\"bookmark\">Rote Fahne News: Frankfurter Buchmesse beginnt in einer Woche<\/a><\/h3>\t<div class=\"entry-meta entry-meta-divider-dot\">\n\t\t\t\t<span class=\"posted-on\">\n\t\t\t\t<time class=\"entry-date published\" datetime=\"2025-10-08T22:56:07+02:00\">8. Oktober 2025<\/time><time class=\"updated\" datetime=\"2025-10-16T22:57:47+02:00\">16. Oktober 2025<\/time>\t\t\t<\/span>\n\t\t\t\t<\/div><!-- .entry-meta -->\n\t<\/header><!-- .entry-header -->\n\t<div class=\"entry-summary\">\n\t\t<p>https:\/\/www.rf-news.de\/2025\/kw41\/wir-freuen-uns-auf-spannende-lebendige-auseinandersetzungen-gerade-mit-der-jugend<\/p>\n\t<\/div><!-- .entry-summary -->\n\t<footer class=\"entry-footer\">\n\t\t\t<div class=\"entry-actions\">\n\t\t\t<p class=\"more-link-wrap\">\n\t\t\t\t<a href=\"https:\/\/dp-freunde.de\/comm\/2025\/10\/rote-fahne-news-frankfurter-buchmesse-beginnt-in-einer-woche\/\" class=\"post-more-link\">\n\t\t\t\t\tWeiterlesen<span class=\"screen-reader-text\"> Rote Fahne News: Frankfurter Buchmesse beginnt in einer Woche<\/span><span class=\"kadence-svg-iconset svg-baseline\"><svg aria-hidden=\"true\" class=\"kadence-svg-icon kadence-arrow-right-alt-svg\" fill=\"currentColor\" version=\"1.1\" xmlns=\"http:\/\/www.w3.org\/2000\/svg\" width=\"27\" height=\"28\" viewBox=\"0 0 27 28\"><title>Fortfahren<\/title><path d=\"M27 13.953c0 0.141-0.063 0.281-0.156 0.375l-6 5.531c-0.156 0.141-0.359 0.172-0.547 0.094-0.172-0.078-0.297-0.25-0.297-0.453v-3.5h-19.5c-0.281 0-0.5-0.219-0.5-0.5v-3c0-0.281 0.219-0.5 0.5-0.5h19.5v-3.5c0-0.203 0.109-0.375 0.297-0.453s0.391-0.047 0.547 0.078l6 5.469c0.094 0.094 0.156 0.219 0.156 0.359v0z\"><\/path>\n\t\t\t<\/svg><\/span>\t\t\t\t<\/a>\n\t\t\t<\/p>\n\t\t<\/div><!-- .entry-actions -->\n\t\t<\/footer><!-- .entry-footer -->\t\t<\/div>\n\t<\/article>\n<\/li>\n<li class=\"kb-post-list-item\">\n\t<article class=\"entry content-bg loop-entry post-15398 post type-post status-publish format-standard hentry category-autor-rainer-werning category-philippinen\">\n\t\t\t\t<div class=\"entry-content-wrap\">\n\t\t\t<header class=\"entry-header\">\n\t\t<div class=\"entry-taxonomies\">\n\t\t<span class=\"category-links term-links category-style-normal\">\n\t\t\t<a href=\"https:\/\/dp-freunde.de\/comm\/category\/autor-rainer-werning\/\">Autor Rainer Werning<\/a> | <a href=\"https:\/\/dp-freunde.de\/comm\/category\/autor-rainer-werning\/philippinen\/\">Philippinen<\/a>\t\t<\/span>\n\t<\/div><!-- .entry-taxonomies -->\n\t<h3 class=\"entry-title\"><a href=\"https:\/\/dp-freunde.de\/comm\/2025\/10\/junge-welt-rainer-werning-neuere-geschichte-der-philippinen-kolonialer-treibstoff\/\" rel=\"bookmark\">Junge Welt &#8211; Rainer Werning: Neuere Geschichte der Philippinen: Kolonialer Treibstoff<\/a><\/h3>\t<div class=\"entry-meta entry-meta-divider-dot\">\n\t\t\t\t<span class=\"posted-on\">\n\t\t\t\t<time class=\"entry-date published\" datetime=\"2025-10-13T22:54:39+02:00\">13. Oktober 2025<\/time><time class=\"updated\" datetime=\"2025-10-16T22:56:04+02:00\">16. Oktober 2025<\/time>\t\t\t<\/span>\n\t\t\t\t<\/div><!-- .entry-meta -->\n\t<\/header><!-- .entry-header -->\n\t<div class=\"entry-summary\">\n\t\t<p>https:\/\/www.jungewelt.de\/artikel\/510261.neuere-geschichte-der-philippinen-kolonialer-treibstoff.html<\/p>\n\t<\/div><!-- .entry-summary -->\n\t<footer class=\"entry-footer\">\n\t\t\t<div class=\"entry-actions\">\n\t\t\t<p class=\"more-link-wrap\">\n\t\t\t\t<a href=\"https:\/\/dp-freunde.de\/comm\/2025\/10\/junge-welt-rainer-werning-neuere-geschichte-der-philippinen-kolonialer-treibstoff\/\" class=\"post-more-link\">\n\t\t\t\t\tWeiterlesen<span class=\"screen-reader-text\"> Junge Welt &#8211; Rainer Werning: Neuere Geschichte der Philippinen: Kolonialer Treibstoff<\/span><span class=\"kadence-svg-iconset svg-baseline\"><svg aria-hidden=\"true\" class=\"kadence-svg-icon kadence-arrow-right-alt-svg\" fill=\"currentColor\" version=\"1.1\" xmlns=\"http:\/\/www.w3.org\/2000\/svg\" width=\"27\" height=\"28\" viewBox=\"0 0 27 28\"><title>Fortfahren<\/title><path d=\"M27 13.953c0 0.141-0.063 0.281-0.156 0.375l-6 5.531c-0.156 0.141-0.359 0.172-0.547 0.094-0.172-0.078-0.297-0.25-0.297-0.453v-3.5h-19.5c-0.281 0-0.5-0.219-0.5-0.5v-3c0-0.281 0.219-0.5 0.5-0.5h19.5v-3.5c0-0.203 0.109-0.375 0.297-0.453s0.391-0.047 0.547 0.078l6 5.469c0.094 0.094 0.156 0.219 0.156 0.359v0z\"><\/path>\n\t\t\t<\/svg><\/span>\t\t\t\t<\/a>\n\t\t\t<\/p>\n\t\t<\/div><!-- .entry-actions -->\n\t\t<\/footer><!-- .entry-footer -->\t\t<\/div>\n\t<\/article>\n<\/li>\n<li class=\"kb-post-list-item\">\n\t<article class=\"entry content-bg loop-entry post-15396 post type-post status-publish format-standard hentry category-allgemein category-autor-rainer-werning category-philippinen\">\n\t\t\t\t<div class=\"entry-content-wrap\">\n\t\t\t<header class=\"entry-header\">\n\t\t<div class=\"entry-taxonomies\">\n\t\t<span class=\"category-links term-links category-style-normal\">\n\t\t\t<a href=\"https:\/\/dp-freunde.de\/comm\/category\/allgemein\/\">Allgemein<\/a> | <a href=\"https:\/\/dp-freunde.de\/comm\/category\/autor-rainer-werning\/\">Autor Rainer Werning<\/a> | <a href=\"https:\/\/dp-freunde.de\/comm\/category\/autor-rainer-werning\/philippinen\/\">Philippinen<\/a>\t\t<\/span>\n\t<\/div><!-- .entry-taxonomies -->\n\t<h3 class=\"entry-title\"><a href=\"https:\/\/dp-freunde.de\/comm\/2025\/10\/nachdenkseiten-rezension-von-albert-klutsch-philippinen-eine-familiendynastie-unter-aufsicht-von-marcos-zu-marcos-ein-politisches-lesebuch\/\" rel=\"bookmark\">NachDenkSeiten &#8211; Rezension von Albert Kl\u00fctsch &#8211; Philippinen: Eine Familiendynastie unter Aufsicht: \u201eVon Marcos zu Marcos\u201c \u2013 ein politisches Lesebuch<\/a><\/h3>\t<div class=\"entry-meta entry-meta-divider-dot\">\n\t\t\t\t<span class=\"posted-on\">\n\t\t\t\t<time class=\"entry-date published\" datetime=\"2025-10-12T22:51:40+02:00\">12. Oktober 2025<\/time><time class=\"updated\" datetime=\"2025-10-16T22:54:36+02:00\">16. Oktober 2025<\/time>\t\t\t<\/span>\n\t\t\t\t<\/div><!-- .entry-meta -->\n\t<\/header><!-- .entry-header -->\n\t<div class=\"entry-summary\">\n\t\t\t<\/div><!-- .entry-summary -->\n\t<footer class=\"entry-footer\">\n\t\t\t<div class=\"entry-actions\">\n\t\t\t<p class=\"more-link-wrap\">\n\t\t\t\t<a href=\"https:\/\/dp-freunde.de\/comm\/2025\/10\/nachdenkseiten-rezension-von-albert-klutsch-philippinen-eine-familiendynastie-unter-aufsicht-von-marcos-zu-marcos-ein-politisches-lesebuch\/\" class=\"post-more-link\">\n\t\t\t\t\tWeiterlesen<span class=\"screen-reader-text\"> NachDenkSeiten &#8211; Rezension von Albert Kl\u00fctsch &#8211; Philippinen: Eine Familiendynastie unter Aufsicht: \u201eVon Marcos zu Marcos\u201c \u2013 ein politisches Lesebuch<\/span><span class=\"kadence-svg-iconset svg-baseline\"><svg aria-hidden=\"true\" class=\"kadence-svg-icon kadence-arrow-right-alt-svg\" fill=\"currentColor\" version=\"1.1\" xmlns=\"http:\/\/www.w3.org\/2000\/svg\" width=\"27\" height=\"28\" viewBox=\"0 0 27 28\"><title>Fortfahren<\/title><path d=\"M27 13.953c0 0.141-0.063 0.281-0.156 0.375l-6 5.531c-0.156 0.141-0.359 0.172-0.547 0.094-0.172-0.078-0.297-0.25-0.297-0.453v-3.5h-19.5c-0.281 0-0.5-0.219-0.5-0.5v-3c0-0.281 0.219-0.5 0.5-0.5h19.5v-3.5c0-0.203 0.109-0.375 0.297-0.453s0.391-0.047 0.547 0.078l6 5.469c0.094 0.094 0.156 0.219 0.156 0.359v0z\"><\/path>\n\t\t\t<\/svg><\/span>\t\t\t\t<\/a>\n\t\t\t<\/p>\n\t\t<\/div><!-- .entry-actions -->\n\t\t<\/footer><!-- .entry-footer -->\t\t<\/div>\n\t<\/article>\n<\/li>\n<li class=\"kb-post-list-item\">\n\t<article class=\"entry content-bg loop-entry post-15392 post type-post status-publish format-standard hentry category-autor-rainer-werning category-philippinen\">\n\t\t\t\t<div class=\"entry-content-wrap\">\n\t\t\t<header class=\"entry-header\">\n\t\t<div class=\"entry-taxonomies\">\n\t\t<span class=\"category-links term-links category-style-normal\">\n\t\t\t<a href=\"https:\/\/dp-freunde.de\/comm\/category\/autor-rainer-werning\/\">Autor Rainer Werning<\/a> | <a href=\"https:\/\/dp-freunde.de\/comm\/category\/autor-rainer-werning\/philippinen\/\">Philippinen<\/a>\t\t<\/span>\n\t<\/div><!-- .entry-taxonomies -->\n\t<h3 class=\"entry-title\"><a href=\"https:\/\/dp-freunde.de\/comm\/2025\/10\/taz-rainer-werning-philippinen-politdynastien-und-seeleute\/\" rel=\"bookmark\">TAZ &#8211; Rainer Werning &#8211; Philippinen: Politdynastien und Seeleute<\/a><\/h3>\t<div class=\"entry-meta entry-meta-divider-dot\">\n\t\t\t\t<span class=\"posted-on\">\n\t\t\t\t<time class=\"entry-date published\" datetime=\"2025-10-14T22:49:47+02:00\">14. Oktober 2025<\/time><time class=\"updated\" datetime=\"2025-10-16T22:51:38+02:00\">16. Oktober 2025<\/time>\t\t\t<\/span>\n\t\t\t\t<\/div><!-- .entry-meta -->\n\t<\/header><!-- .entry-header -->\n\t<div class=\"entry-summary\">\n\t\t<p>https:\/\/taz.de\/Buch-ueber-Politik-in-den-Philippinen\/!6116226<\/p>\n\t<\/div><!-- .entry-summary -->\n\t<footer class=\"entry-footer\">\n\t\t\t<div class=\"entry-actions\">\n\t\t\t<p class=\"more-link-wrap\">\n\t\t\t\t<a href=\"https:\/\/dp-freunde.de\/comm\/2025\/10\/taz-rainer-werning-philippinen-politdynastien-und-seeleute\/\" class=\"post-more-link\">\n\t\t\t\t\tWeiterlesen<span class=\"screen-reader-text\"> TAZ &#8211; Rainer Werning &#8211; Philippinen: Politdynastien und Seeleute<\/span><span class=\"kadence-svg-iconset svg-baseline\"><svg aria-hidden=\"true\" class=\"kadence-svg-icon kadence-arrow-right-alt-svg\" fill=\"currentColor\" version=\"1.1\" xmlns=\"http:\/\/www.w3.org\/2000\/svg\" width=\"27\" height=\"28\" viewBox=\"0 0 27 28\"><title>Fortfahren<\/title><path d=\"M27 13.953c0 0.141-0.063 0.281-0.156 0.375l-6 5.531c-0.156 0.141-0.359 0.172-0.547 0.094-0.172-0.078-0.297-0.25-0.297-0.453v-3.5h-19.5c-0.281 0-0.5-0.219-0.5-0.5v-3c0-0.281 0.219-0.5 0.5-0.5h19.5v-3.5c0-0.203 0.109-0.375 0.297-0.453s0.391-0.047 0.547 0.078l6 5.469c0.094 0.094 0.156 0.219 0.156 0.359v0z\"><\/path>\n\t\t\t<\/svg><\/span>\t\t\t\t<\/a>\n\t\t\t<\/p>\n\t\t<\/div><!-- .entry-actions -->\n\t\t<\/footer><!-- .entry-footer -->\t\t<\/div>\n\t<\/article>\n<\/li>\n<li class=\"kb-post-list-item\">\n\t<article class=\"entry content-bg loop-entry post-15362 post type-post status-publish format-standard hentry category-autor-rainer-werning category-philippinen\">\n\t\t\t\t<div class=\"entry-content-wrap\">\n\t\t\t<header class=\"entry-header\">\n\t\t<div class=\"entry-taxonomies\">\n\t\t<span class=\"category-links term-links category-style-normal\">\n\t\t\t<a href=\"https:\/\/dp-freunde.de\/comm\/category\/autor-rainer-werning\/\">Autor Rainer Werning<\/a> | <a href=\"https:\/\/dp-freunde.de\/comm\/category\/autor-rainer-werning\/philippinen\/\">Philippinen<\/a>\t\t<\/span>\n\t<\/div><!-- .entry-taxonomies -->\n\t<h3 class=\"entry-title\"><a href=\"https:\/\/dp-freunde.de\/comm\/2025\/10\/nachdenkseiten-rainer-werning-nur-in-den-philippinen-reflexionen-ueber-das-gastland-der-diesjaehrigen-frankfurter-buchmesse\/\" rel=\"bookmark\">NachDenkSeiten &#8211; Rainer Werning &#8211; \u201eNur in den Philippinen\u201c: Reflexionen \u00fcber das Gastland der diesj\u00e4hrigen Frankfurter Buchmesse<\/a><\/h3>\t<div class=\"entry-meta entry-meta-divider-dot\">\n\t\t\t\t<span class=\"posted-on\">\n\t\t\t\t<time class=\"entry-date published\" datetime=\"2025-10-03T22:09:53+02:00\">3. Oktober 2025<\/time><time class=\"updated\" datetime=\"2025-10-04T22:10:46+02:00\">4. Oktober 2025<\/time>\t\t\t<\/span>\n\t\t\t\t<\/div><!-- .entry-meta -->\n\t<\/header><!-- .entry-header -->\n\t<div class=\"entry-summary\">\n\t\t\t<\/div><!-- .entry-summary -->\n\t<footer class=\"entry-footer\">\n\t\t\t<div class=\"entry-actions\">\n\t\t\t<p class=\"more-link-wrap\">\n\t\t\t\t<a href=\"https:\/\/dp-freunde.de\/comm\/2025\/10\/nachdenkseiten-rainer-werning-nur-in-den-philippinen-reflexionen-ueber-das-gastland-der-diesjaehrigen-frankfurter-buchmesse\/\" class=\"post-more-link\">\n\t\t\t\t\tWeiterlesen<span class=\"screen-reader-text\"> NachDenkSeiten &#8211; Rainer Werning &#8211; \u201eNur in den Philippinen\u201c: Reflexionen \u00fcber das Gastland der diesj\u00e4hrigen Frankfurter Buchmesse<\/span><span class=\"kadence-svg-iconset svg-baseline\"><svg aria-hidden=\"true\" class=\"kadence-svg-icon kadence-arrow-right-alt-svg\" fill=\"currentColor\" version=\"1.1\" xmlns=\"http:\/\/www.w3.org\/2000\/svg\" width=\"27\" height=\"28\" viewBox=\"0 0 27 28\"><title>Fortfahren<\/title><path d=\"M27 13.953c0 0.141-0.063 0.281-0.156 0.375l-6 5.531c-0.156 0.141-0.359 0.172-0.547 0.094-0.172-0.078-0.297-0.25-0.297-0.453v-3.5h-19.5c-0.281 0-0.5-0.219-0.5-0.5v-3c0-0.281 0.219-0.5 0.5-0.5h19.5v-3.5c0-0.203 0.109-0.375 0.297-0.453s0.391-0.047 0.547 0.078l6 5.469c0.094 0.094 0.156 0.219 0.156 0.359v0z\"><\/path>\n\t\t\t<\/svg><\/span>\t\t\t\t<\/a>\n\t\t\t<\/p>\n\t\t<\/div><!-- .entry-actions -->\n\t\t<\/footer><!-- .entry-footer -->\t\t<\/div>\n\t<\/article>\n<\/li>\n<li class=\"kb-post-list-item\">\n\t<article class=\"entry content-bg loop-entry post-15336 post type-post status-publish format-standard hentry category-autor-rainer-werning category-philippinen\">\n\t\t\t\t<div class=\"entry-content-wrap\">\n\t\t\t<header class=\"entry-header\">\n\t\t<div class=\"entry-taxonomies\">\n\t\t<span class=\"category-links term-links category-style-normal\">\n\t\t\t<a href=\"https:\/\/dp-freunde.de\/comm\/category\/autor-rainer-werning\/\">Autor Rainer Werning<\/a> | <a href=\"https:\/\/dp-freunde.de\/comm\/category\/autor-rainer-werning\/philippinen\/\">Philippinen<\/a>\t\t<\/span>\n\t<\/div><!-- .entry-taxonomies -->\n\t<h3 class=\"entry-title\"><a href=\"https:\/\/dp-freunde.de\/comm\/2025\/09\/junge-welt-rainer-werning-herrschaft-der-schlechtesten\/\" rel=\"bookmark\">Junge Welt &#8211; Rainer Werning &#8211; Herrschaft der Schlechtesten<\/a><\/h3>\t<div class=\"entry-meta entry-meta-divider-dot\">\n\t\t\t\t<span class=\"posted-on\">\n\t\t\t\t<time class=\"entry-date published\" datetime=\"2025-09-24T19:45:11+02:00\">24. September 2025<\/time><time class=\"updated\" datetime=\"2025-09-27T19:48:11+02:00\">27. September 2025<\/time>\t\t\t<\/span>\n\t\t\t\t<\/div><!-- .entry-meta -->\n\t<\/header><!-- .entry-header -->\n\t<div class=\"entry-summary\">\n\t\t<p>https:\/\/www.jungewelt.de\/artikel\/509042.philippinen-herrschaft-der-schlechtesten.html<\/p>\n\t<\/div><!-- .entry-summary -->\n\t<footer class=\"entry-footer\">\n\t\t\t<div class=\"entry-actions\">\n\t\t\t<p class=\"more-link-wrap\">\n\t\t\t\t<a href=\"https:\/\/dp-freunde.de\/comm\/2025\/09\/junge-welt-rainer-werning-herrschaft-der-schlechtesten\/\" class=\"post-more-link\">\n\t\t\t\t\tWeiterlesen<span class=\"screen-reader-text\"> Junge Welt &#8211; Rainer Werning &#8211; Herrschaft der Schlechtesten<\/span><span class=\"kadence-svg-iconset svg-baseline\"><svg aria-hidden=\"true\" class=\"kadence-svg-icon kadence-arrow-right-alt-svg\" fill=\"currentColor\" version=\"1.1\" xmlns=\"http:\/\/www.w3.org\/2000\/svg\" width=\"27\" height=\"28\" viewBox=\"0 0 27 28\"><title>Fortfahren<\/title><path d=\"M27 13.953c0 0.141-0.063 0.281-0.156 0.375l-6 5.531c-0.156 0.141-0.359 0.172-0.547 0.094-0.172-0.078-0.297-0.25-0.297-0.453v-3.5h-19.5c-0.281 0-0.5-0.219-0.5-0.5v-3c0-0.281 0.219-0.5 0.5-0.5h19.5v-3.5c0-0.203 0.109-0.375 0.297-0.453s0.391-0.047 0.547 0.078l6 5.469c0.094 0.094 0.156 0.219 0.156 0.359v0z\"><\/path>\n\t\t\t<\/svg><\/span>\t\t\t\t<\/a>\n\t\t\t<\/p>\n\t\t<\/div><!-- .entry-actions -->\n\t\t<\/footer><!-- .entry-footer -->\t\t<\/div>\n\t<\/article>\n<\/li>\n<li class=\"kb-post-list-item\">\n\t<article class=\"entry content-bg loop-entry post-15323 post type-post status-publish format-standard hentry category-allgemein\">\n\t\t\t\t<div class=\"entry-content-wrap\">\n\t\t\t<header class=\"entry-header\">\n\t\t<div class=\"entry-taxonomies\">\n\t\t<span class=\"category-links term-links category-style-normal\">\n\t\t\t<a href=\"https:\/\/dp-freunde.de\/comm\/category\/allgemein\/\">Allgemein<\/a>\t\t<\/span>\n\t<\/div><!-- .entry-taxonomies -->\n\t<h3 class=\"entry-title\"><a href=\"https:\/\/dp-freunde.de\/comm\/2025\/09\/rf-news-de-philippinen-als-ehrengast-auf-der-frankfurter-buchmesse-2025-sonderpaket-von-vnw-autor-dr-rainer-werning\/\" rel=\"bookmark\">rf-news.de: Philippinen als Ehrengast auf der Frankfurter Buchmesse 2025 &#8211; Sonderpaket von VNW-Autor Dr. Rainer Werning<\/a><\/h3>\t<div class=\"entry-meta entry-meta-divider-dot\">\n\t\t\t\t<span class=\"posted-on\">\n\t\t\t\t<time class=\"entry-date published\" datetime=\"2025-09-21T22:01:06+02:00\">21. September 2025<\/time><time class=\"updated\" datetime=\"2025-09-21T22:01:08+02:00\">21. September 2025<\/time>\t\t\t<\/span>\n\t\t\t\t<\/div><!-- .entry-meta -->\n\t<\/header><!-- .entry-header -->\n\t<div class=\"entry-summary\">\n\t\t<p>https:\/\/www.rf-news.de\/2025\/kw38\/sonderpaket-von-vnw-autor-dr-rainer-werning<\/p>\n\t<\/div><!-- .entry-summary -->\n\t<footer class=\"entry-footer\">\n\t\t\t<div class=\"entry-actions\">\n\t\t\t<p class=\"more-link-wrap\">\n\t\t\t\t<a href=\"https:\/\/dp-freunde.de\/comm\/2025\/09\/rf-news-de-philippinen-als-ehrengast-auf-der-frankfurter-buchmesse-2025-sonderpaket-von-vnw-autor-dr-rainer-werning\/\" class=\"post-more-link\">\n\t\t\t\t\tWeiterlesen<span class=\"screen-reader-text\"> rf-news.de: Philippinen als Ehrengast auf der Frankfurter Buchmesse 2025 &#8211; Sonderpaket von VNW-Autor Dr. Rainer Werning<\/span><span class=\"kadence-svg-iconset svg-baseline\"><svg aria-hidden=\"true\" class=\"kadence-svg-icon kadence-arrow-right-alt-svg\" fill=\"currentColor\" version=\"1.1\" xmlns=\"http:\/\/www.w3.org\/2000\/svg\" width=\"27\" height=\"28\" viewBox=\"0 0 27 28\"><title>Fortfahren<\/title><path d=\"M27 13.953c0 0.141-0.063 0.281-0.156 0.375l-6 5.531c-0.156 0.141-0.359 0.172-0.547 0.094-0.172-0.078-0.297-0.25-0.297-0.453v-3.5h-19.5c-0.281 0-0.5-0.219-0.5-0.5v-3c0-0.281 0.219-0.5 0.5-0.5h19.5v-3.5c0-0.203 0.109-0.375 0.297-0.453s0.391-0.047 0.547 0.078l6 5.469c0.094 0.094 0.156 0.219 0.156 0.359v0z\"><\/path>\n\t\t\t<\/svg><\/span>\t\t\t\t<\/a>\n\t\t\t<\/p>\n\t\t<\/div><!-- .entry-actions -->\n\t\t<\/footer><!-- .entry-footer -->\t\t<\/div>\n\t<\/article>\n<\/li>\n<li class=\"kb-post-list-item\">\n\t<article class=\"entry content-bg loop-entry post-12182 post type-post status-publish format-standard hentry category-autor-rainer-werning category-philippinen\">\n\t\t\t\t<div class=\"entry-content-wrap\">\n\t\t\t<header class=\"entry-header\">\n\t\t<div class=\"entry-taxonomies\">\n\t\t<span class=\"category-links term-links category-style-normal\">\n\t\t\t<a href=\"https:\/\/dp-freunde.de\/comm\/category\/autor-rainer-werning\/\">Autor Rainer Werning<\/a> | <a href=\"https:\/\/dp-freunde.de\/comm\/category\/autor-rainer-werning\/philippinen\/\">Philippinen<\/a>\t\t<\/span>\n\t<\/div><!-- .entry-taxonomies -->\n\t<h3 class=\"entry-title\"><a href=\"https:\/\/dp-freunde.de\/comm\/2025\/05\/neues-buch-von-rainer-werning-und-joerg-schwieger-von-marcos-zu-marcosd\/\" rel=\"bookmark\">Neues Buch von Rainer Werning und J\u00f6rg Schwieger:  Von Marcos zu Marcos<\/a><\/h3>\t<div class=\"entry-meta entry-meta-divider-dot\">\n\t\t\t\t<span class=\"posted-on\">\n\t\t\t\t<time class=\"entry-date published\" datetime=\"2025-05-09T19:28:43+02:00\">9. Mai 2025<\/time><time class=\"updated\" datetime=\"2025-09-16T19:03:17+02:00\">16. September 2025<\/time>\t\t\t<\/span>\n\t\t\t\t<\/div><!-- .entry-meta -->\n\t<\/header><!-- .entry-header -->\n\t<div class=\"entry-summary\">\n\t\t<p>Wird im kommenden Herbst 2025 zur internationalen Frankfurter Buch Messe verf\u00fcgbar sein, wo die Philippinen Ehrengast sein werden. Ver\u00f6ffentlicht im ProMedia Verlag.<\/p>\n\t<\/div><!-- .entry-summary -->\n\t<footer class=\"entry-footer\">\n\t\t\t<div class=\"entry-actions\">\n\t\t\t<p class=\"more-link-wrap\">\n\t\t\t\t<a href=\"https:\/\/dp-freunde.de\/comm\/2025\/05\/neues-buch-von-rainer-werning-und-joerg-schwieger-von-marcos-zu-marcosd\/\" class=\"post-more-link\">\n\t\t\t\t\tWeiterlesen<span class=\"screen-reader-text\"> Neues Buch von Rainer Werning und J\u00f6rg Schwieger:  Von Marcos zu Marcos<\/span><span class=\"kadence-svg-iconset svg-baseline\"><svg aria-hidden=\"true\" class=\"kadence-svg-icon kadence-arrow-right-alt-svg\" fill=\"currentColor\" version=\"1.1\" xmlns=\"http:\/\/www.w3.org\/2000\/svg\" width=\"27\" height=\"28\" viewBox=\"0 0 27 28\"><title>Fortfahren<\/title><path d=\"M27 13.953c0 0.141-0.063 0.281-0.156 0.375l-6 5.531c-0.156 0.141-0.359 0.172-0.547 0.094-0.172-0.078-0.297-0.25-0.297-0.453v-3.5h-19.5c-0.281 0-0.5-0.219-0.5-0.5v-3c0-0.281 0.219-0.5 0.5-0.5h19.5v-3.5c0-0.203 0.109-0.375 0.297-0.453s0.391-0.047 0.547 0.078l6 5.469c0.094 0.094 0.156 0.219 0.156 0.359v0z\"><\/path>\n\t\t\t<\/svg><\/span>\t\t\t\t<\/a>\n\t\t\t<\/p>\n\t\t<\/div><!-- .entry-actions -->\n\t\t<\/footer><!-- .entry-footer -->\t\t<\/div>\n\t<\/article>\n<\/li>\n<li class=\"kb-post-list-item\">\n\t<article class=\"entry content-bg loop-entry post-15310 post type-post status-publish format-standard hentry category-allgemein\">\n\t\t\t\t<div class=\"entry-content-wrap\">\n\t\t\t<header class=\"entry-header\">\n\t\t<div class=\"entry-taxonomies\">\n\t\t<span class=\"category-links term-links category-style-normal\">\n\t\t\t<a href=\"https:\/\/dp-freunde.de\/comm\/category\/allgemein\/\">Allgemein<\/a>\t\t<\/span>\n\t<\/div><!-- .entry-taxonomies -->\n\t<h3 class=\"entry-title\"><a href=\"https:\/\/dp-freunde.de\/comm\/2025\/09\/neuigkeiten-bei-kawasaki-und-nexperia\/\" rel=\"bookmark\">Neuigkeiten bei Kawasaki und Nexperia<\/a><\/h3>\t<div class=\"entry-meta entry-meta-divider-dot\">\n\t\t\t\t<span class=\"posted-on\">\n\t\t\t\t<time class=\"entry-date published\" datetime=\"2025-09-10T18:53:07+02:00\">10. September 2025<\/time><time class=\"updated\" datetime=\"2025-09-16T18:53:55+02:00\">16. September 2025<\/time>\t\t\t<\/span>\n\t\t\t\t<\/div><!-- .entry-meta -->\n\t<\/header><!-- .entry-header -->\n\t<div class=\"entry-summary\">\n\t\t<p>Die Gewerkschaftsmitglieder von Kawasaki begingen am 29. August ihren 100. Streiktag, der nach einem Stillstand bei den Tarifverhandlungen begonnen hatte. Bei der Kundgebung vor dem Hauptsitz des &hellip;<\/p>\n<p class=\"read-more\"> <a class=\"more-link\" href=\"https:\/\/dp-freunde.de\/comm\/2025\/09\/neuigkeiten-bei-kawasaki-und-nexperia\/\"> <span class=\"screen-reader-text\">Neuigkeiten bei Kawasaki und Nexperia<\/span> Weiterlesen &raquo;<\/a><\/p>\n\t<\/div><!-- .entry-summary -->\n\t<footer class=\"entry-footer\">\n\t\t\t<div class=\"entry-actions\">\n\t\t\t<p class=\"more-link-wrap\">\n\t\t\t\t<a href=\"https:\/\/dp-freunde.de\/comm\/2025\/09\/neuigkeiten-bei-kawasaki-und-nexperia\/\" class=\"post-more-link\">\n\t\t\t\t\tWeiterlesen<span class=\"screen-reader-text\"> Neuigkeiten bei Kawasaki und Nexperia<\/span><span class=\"kadence-svg-iconset svg-baseline\"><svg aria-hidden=\"true\" class=\"kadence-svg-icon kadence-arrow-right-alt-svg\" fill=\"currentColor\" version=\"1.1\" xmlns=\"http:\/\/www.w3.org\/2000\/svg\" width=\"27\" height=\"28\" viewBox=\"0 0 27 28\"><title>Fortfahren<\/title><path d=\"M27 13.953c0 0.141-0.063 0.281-0.156 0.375l-6 5.531c-0.156 0.141-0.359 0.172-0.547 0.094-0.172-0.078-0.297-0.25-0.297-0.453v-3.5h-19.5c-0.281 0-0.5-0.219-0.5-0.5v-3c0-0.281 0.219-0.5 0.5-0.5h19.5v-3.5c0-0.203 0.109-0.375 0.297-0.453s0.391-0.047 0.547 0.078l6 5.469c0.094 0.094 0.156 0.219 0.156 0.359v0z\"><\/path>\n\t\t\t<\/svg><\/span>\t\t\t\t<\/a>\n\t\t\t<\/p>\n\t\t<\/div><!-- .entry-actions -->\n\t\t<\/footer><!-- .entry-footer -->\t\t<\/div>\n\t<\/article>\n<\/li>\n<li class=\"kb-post-list-item\">\n\t<article class=\"entry content-bg loop-entry post-15308 post type-post status-publish format-standard hentry category-allgemein\">\n\t\t\t\t<div class=\"entry-content-wrap\">\n\t\t\t<header class=\"entry-header\">\n\t\t<div class=\"entry-taxonomies\">\n\t\t<span class=\"category-links term-links category-style-normal\">\n\t\t\t<a href=\"https:\/\/dp-freunde.de\/comm\/category\/allgemein\/\">Allgemein<\/a>\t\t<\/span>\n\t<\/div><!-- .entry-taxonomies -->\n\t<h3 class=\"entry-title\"><a href=\"https:\/\/dp-freunde.de\/comm\/2025\/09\/arbeiter-protestieren-gegen-entlassungen-bei-wyeth\/\" rel=\"bookmark\">Arbeiter protestieren gegen Entlassungen bei Wyeth<\/a><\/h3>\t<div class=\"entry-meta entry-meta-divider-dot\">\n\t\t\t\t<span class=\"posted-on\">\n\t\t\t\t<time class=\"entry-date published\" datetime=\"2025-09-10T18:43:27+02:00\">10. September 2025<\/time><time class=\"updated\" datetime=\"2025-09-16T18:52:16+02:00\">16. September 2025<\/time>\t\t\t<\/span>\n\t\t\t\t<\/div><!-- .entry-meta -->\n\t<\/header><!-- .entry-header -->\n\t<div class=\"entry-summary\">\n\t\t<p>Die Gewerkschaft der Mitarbeiter von Wyeth kritisieren ein neues Konzept des Unternehmens f\u00fcr den Fabrikbetrieb. Nach Ansicht der Gewerkschaft f\u00fchrt das Konzept zu einer h\u00f6heren Arbeitsbelastung, zu &hellip;<\/p>\n<p class=\"read-more\"> <a class=\"more-link\" href=\"https:\/\/dp-freunde.de\/comm\/2025\/09\/arbeiter-protestieren-gegen-entlassungen-bei-wyeth\/\"> <span class=\"screen-reader-text\">Arbeiter protestieren gegen Entlassungen bei Wyeth<\/span> Weiterlesen &raquo;<\/a><\/p>\n\t<\/div><!-- .entry-summary -->\n\t<footer class=\"entry-footer\">\n\t\t\t<div class=\"entry-actions\">\n\t\t\t<p class=\"more-link-wrap\">\n\t\t\t\t<a href=\"https:\/\/dp-freunde.de\/comm\/2025\/09\/arbeiter-protestieren-gegen-entlassungen-bei-wyeth\/\" class=\"post-more-link\">\n\t\t\t\t\tWeiterlesen<span class=\"screen-reader-text\"> Arbeiter protestieren gegen Entlassungen bei Wyeth<\/span><span class=\"kadence-svg-iconset svg-baseline\"><svg aria-hidden=\"true\" class=\"kadence-svg-icon kadence-arrow-right-alt-svg\" fill=\"currentColor\" version=\"1.1\" xmlns=\"http:\/\/www.w3.org\/2000\/svg\" width=\"27\" height=\"28\" viewBox=\"0 0 27 28\"><title>Fortfahren<\/title><path d=\"M27 13.953c0 0.141-0.063 0.281-0.156 0.375l-6 5.531c-0.156 0.141-0.359 0.172-0.547 0.094-0.172-0.078-0.297-0.25-0.297-0.453v-3.5h-19.5c-0.281 0-0.5-0.219-0.5-0.5v-3c0-0.281 0.219-0.5 0.5-0.5h19.5v-3.5c0-0.203 0.109-0.375 0.297-0.453s0.391-0.047 0.547 0.078l6 5.469c0.094 0.094 0.156 0.219 0.156 0.359v0z\"><\/path>\n\t\t\t<\/svg><\/span>\t\t\t\t<\/a>\n\t\t\t<\/p>\n\t\t<\/div><!-- .entry-actions -->\n\t\t<\/footer><!-- .entry-footer -->\t\t<\/div>\n\t<\/article>\n<\/li>\n<li class=\"kb-post-list-item\">\n\t<article class=\"entry content-bg loop-entry post-15268 post type-post status-publish format-standard hentry category-allgemein\">\n\t\t\t\t<div class=\"entry-content-wrap\">\n\t\t\t<header class=\"entry-header\">\n\t\t<div class=\"entry-taxonomies\">\n\t\t<span class=\"category-links term-links category-style-normal\">\n\t\t\t<a href=\"https:\/\/dp-freunde.de\/comm\/category\/allgemein\/\">Allgemein<\/a>\t\t<\/span>\n\t<\/div><!-- .entry-taxonomies -->\n\t<h3 class=\"entry-title\"><a href=\"https:\/\/dp-freunde.de\/comm\/2025\/08\/labourstart-org-philippinen-unterstuetzt-die-streikenden-beschaeftigten-bei-kawasaki-motors\/\" rel=\"bookmark\">labourstart.org: Philippinen: Unterst\u00fctzt die streikenden Besch\u00e4ftigten bei Kawasaki Motors<\/a><\/h3>\t<div class=\"entry-meta entry-meta-divider-dot\">\n\t\t\t\t<span class=\"posted-on\">\n\t\t\t\t<time class=\"entry-date published\" datetime=\"2025-08-25T14:59:34+02:00\">25. August 2025<\/time><time class=\"updated\" datetime=\"2025-08-31T15:05:08+02:00\">31. August 2025<\/time>\t\t\t<\/span>\n\t\t\t\t<\/div><!-- .entry-meta -->\n\t<\/header><!-- .entry-header -->\n\t<div class=\"entry-summary\">\n\t\t<p>https:\/\/www.labourstartcampaigns.net\/show_campaign.cgi?c=5678 Seit mehr als drei Monaten befinden sich die Besch\u00e4ftigten von Kawasaki Motors Philippines im Streik. &nbsp; Der Arbeitgeber weigert sich, Verhandlungen auf Vertrauensbasis aufzunehmen, und hat &hellip;<\/p>\n<p class=\"read-more\"> <a class=\"more-link\" href=\"https:\/\/dp-freunde.de\/comm\/2025\/08\/labourstart-org-philippinen-unterstuetzt-die-streikenden-beschaeftigten-bei-kawasaki-motors\/\"> <span class=\"screen-reader-text\">labourstart.org: Philippinen: Unterst\u00fctzt die streikenden Besch\u00e4ftigten bei Kawasaki Motors<\/span> Weiterlesen &raquo;<\/a><\/p>\n\t<\/div><!-- .entry-summary -->\n\t<footer class=\"entry-footer\">\n\t\t\t<div class=\"entry-actions\">\n\t\t\t<p class=\"more-link-wrap\">\n\t\t\t\t<a href=\"https:\/\/dp-freunde.de\/comm\/2025\/08\/labourstart-org-philippinen-unterstuetzt-die-streikenden-beschaeftigten-bei-kawasaki-motors\/\" class=\"post-more-link\">\n\t\t\t\t\tWeiterlesen<span class=\"screen-reader-text\"> labourstart.org: Philippinen: Unterst\u00fctzt die streikenden Besch\u00e4ftigten bei Kawasaki Motors<\/span><span class=\"kadence-svg-iconset svg-baseline\"><svg aria-hidden=\"true\" class=\"kadence-svg-icon kadence-arrow-right-alt-svg\" fill=\"currentColor\" version=\"1.1\" xmlns=\"http:\/\/www.w3.org\/2000\/svg\" width=\"27\" height=\"28\" viewBox=\"0 0 27 28\"><title>Fortfahren<\/title><path d=\"M27 13.953c0 0.141-0.063 0.281-0.156 0.375l-6 5.531c-0.156 0.141-0.359 0.172-0.547 0.094-0.172-0.078-0.297-0.25-0.297-0.453v-3.5h-19.5c-0.281 0-0.5-0.219-0.5-0.5v-3c0-0.281 0.219-0.5 0.5-0.5h19.5v-3.5c0-0.203 0.109-0.375 0.297-0.453s0.391-0.047 0.547 0.078l6 5.469c0.094 0.094 0.156 0.219 0.156 0.359v0z\"><\/path>\n\t\t\t<\/svg><\/span>\t\t\t\t<\/a>\n\t\t\t<\/p>\n\t\t<\/div><!-- .entry-actions -->\n\t\t<\/footer><!-- .entry-footer -->\t\t<\/div>\n\t<\/article>\n<\/li>\n<li class=\"kb-post-list-item\">\n\t<article class=\"entry content-bg loop-entry post-15266 post type-post status-publish format-standard hentry category-autor-rainer-werning category-philippinen\">\n\t\t\t\t<div class=\"entry-content-wrap\">\n\t\t\t<header class=\"entry-header\">\n\t\t<div class=\"entry-taxonomies\">\n\t\t<span class=\"category-links term-links category-style-normal\">\n\t\t\t<a href=\"https:\/\/dp-freunde.de\/comm\/category\/autor-rainer-werning\/\">Autor Rainer Werning<\/a> | <a href=\"https:\/\/dp-freunde.de\/comm\/category\/autor-rainer-werning\/philippinen\/\">Philippinen<\/a>\t\t<\/span>\n\t<\/div><!-- .entry-taxonomies -->\n\t<h3 class=\"entry-title\"><a href=\"https:\/\/dp-freunde.de\/comm\/2025\/08\/nachdenkseiten-rainer-werning-kriegerischer-kadavergehorsam-wie-onoda-hiroo-seinen-weltkrieg-beendete\/\" rel=\"bookmark\">NachDenkSeiten &#8211; Rainer Werning &#8211; Kriegerischer Kadavergehorsam: Wie Onoda Hiroo \u201eseinen\u201c Weltkrieg beendete<\/a><\/h3>\t<div class=\"entry-meta entry-meta-divider-dot\">\n\t\t\t\t<span class=\"posted-on\">\n\t\t\t\t<time class=\"entry-date published\" datetime=\"2025-08-30T14:51:37+02:00\">30. August 2025<\/time><time class=\"updated\" datetime=\"2025-08-31T14:52:41+02:00\">31. August 2025<\/time>\t\t\t<\/span>\n\t\t\t\t<\/div><!-- .entry-meta -->\n\t<\/header><!-- .entry-header -->\n\t<div class=\"entry-summary\">\n\t\t\t<\/div><!-- .entry-summary -->\n\t<footer class=\"entry-footer\">\n\t\t\t<div class=\"entry-actions\">\n\t\t\t<p class=\"more-link-wrap\">\n\t\t\t\t<a href=\"https:\/\/dp-freunde.de\/comm\/2025\/08\/nachdenkseiten-rainer-werning-kriegerischer-kadavergehorsam-wie-onoda-hiroo-seinen-weltkrieg-beendete\/\" class=\"post-more-link\">\n\t\t\t\t\tWeiterlesen<span class=\"screen-reader-text\"> NachDenkSeiten &#8211; Rainer Werning &#8211; Kriegerischer Kadavergehorsam: Wie Onoda Hiroo \u201eseinen\u201c Weltkrieg beendete<\/span><span class=\"kadence-svg-iconset svg-baseline\"><svg aria-hidden=\"true\" class=\"kadence-svg-icon kadence-arrow-right-alt-svg\" fill=\"currentColor\" version=\"1.1\" xmlns=\"http:\/\/www.w3.org\/2000\/svg\" width=\"27\" height=\"28\" viewBox=\"0 0 27 28\"><title>Fortfahren<\/title><path d=\"M27 13.953c0 0.141-0.063 0.281-0.156 0.375l-6 5.531c-0.156 0.141-0.359 0.172-0.547 0.094-0.172-0.078-0.297-0.25-0.297-0.453v-3.5h-19.5c-0.281 0-0.5-0.219-0.5-0.5v-3c0-0.281 0.219-0.5 0.5-0.5h19.5v-3.5c0-0.203 0.109-0.375 0.297-0.453s0.391-0.047 0.547 0.078l6 5.469c0.094 0.094 0.156 0.219 0.156 0.359v0z\"><\/path>\n\t\t\t<\/svg><\/span>\t\t\t\t<\/a>\n\t\t\t<\/p>\n\t\t<\/div><!-- .entry-actions -->\n\t\t<\/footer><!-- .entry-footer -->\t\t<\/div>\n\t<\/article>\n<\/li>\n<li class=\"kb-post-list-item\">\n\t<article class=\"entry content-bg loop-entry post-15264 post type-post status-publish format-standard hentry category-allgemein\">\n\t\t\t\t<div class=\"entry-content-wrap\">\n\t\t\t<header class=\"entry-header\">\n\t\t<div class=\"entry-taxonomies\">\n\t\t<span class=\"category-links term-links category-style-normal\">\n\t\t\t<a href=\"https:\/\/dp-freunde.de\/comm\/category\/allgemein\/\">Allgemein<\/a>\t\t<\/span>\n\t<\/div><!-- .entry-taxonomies -->\n\t<h3 class=\"entry-title\"><a href=\"https:\/\/dp-freunde.de\/comm\/2025\/08\/buechereiservice-at-philippinische-literatur\/\" rel=\"bookmark\">buechereiservice.at: Philippinische Literatur<\/a><\/h3>\t<div class=\"entry-meta entry-meta-divider-dot\">\n\t\t\t\t<span class=\"posted-on\">\n\t\t\t\t<time class=\"entry-date published\" datetime=\"2025-08-31T14:47:25+02:00\">31. August 2025<\/time><time class=\"updated\" datetime=\"2025-08-31T14:47:28+02:00\">31. August 2025<\/time>\t\t\t<\/span>\n\t\t\t\t<\/div><!-- .entry-meta -->\n\t<\/header><!-- .entry-header -->\n\t<div class=\"entry-summary\">\n\t\t<p>https:\/\/buechereiservice.at\/medienempfehlungen\/belletristik\/philippinische-literatur<\/p>\n\t<\/div><!-- .entry-summary -->\n\t<footer class=\"entry-footer\">\n\t\t\t<div class=\"entry-actions\">\n\t\t\t<p class=\"more-link-wrap\">\n\t\t\t\t<a href=\"https:\/\/dp-freunde.de\/comm\/2025\/08\/buechereiservice-at-philippinische-literatur\/\" class=\"post-more-link\">\n\t\t\t\t\tWeiterlesen<span class=\"screen-reader-text\"> buechereiservice.at: Philippinische Literatur<\/span><span class=\"kadence-svg-iconset svg-baseline\"><svg aria-hidden=\"true\" class=\"kadence-svg-icon kadence-arrow-right-alt-svg\" fill=\"currentColor\" version=\"1.1\" xmlns=\"http:\/\/www.w3.org\/2000\/svg\" width=\"27\" height=\"28\" viewBox=\"0 0 27 28\"><title>Fortfahren<\/title><path d=\"M27 13.953c0 0.141-0.063 0.281-0.156 0.375l-6 5.531c-0.156 0.141-0.359 0.172-0.547 0.094-0.172-0.078-0.297-0.25-0.297-0.453v-3.5h-19.5c-0.281 0-0.5-0.219-0.5-0.5v-3c0-0.281 0.219-0.5 0.5-0.5h19.5v-3.5c0-0.203 0.109-0.375 0.297-0.453s0.391-0.047 0.547 0.078l6 5.469c0.094 0.094 0.156 0.219 0.156 0.359v0z\"><\/path>\n\t\t\t<\/svg><\/span>\t\t\t\t<\/a>\n\t\t\t<\/p>\n\t\t<\/div><!-- .entry-actions -->\n\t\t<\/footer><!-- .entry-footer -->\t\t<\/div>\n\t<\/article>\n<\/li>\n<li class=\"kb-post-list-item\">\n\t<article class=\"entry content-bg loop-entry post-15257 post type-post status-publish format-standard hentry category-autor-rainer-werning category-philippinen\">\n\t\t\t\t<div class=\"entry-content-wrap\">\n\t\t\t<header class=\"entry-header\">\n\t\t<div class=\"entry-taxonomies\">\n\t\t<span class=\"category-links term-links category-style-normal\">\n\t\t\t<a href=\"https:\/\/dp-freunde.de\/comm\/category\/autor-rainer-werning\/\">Autor Rainer Werning<\/a> | <a href=\"https:\/\/dp-freunde.de\/comm\/category\/autor-rainer-werning\/philippinen\/\">Philippinen<\/a>\t\t<\/span>\n\t<\/div><!-- .entry-taxonomies -->\n\t<h3 class=\"entry-title\"><a href=\"https:\/\/dp-freunde.de\/comm\/2025\/08\/nachdenkseiten-rainer-werning-streitende-oligarchen-in-den-neokolonialisierten-philippinen-und-ihre-katastrophale-unterwuerfigkeit-gegenueber-washington-ii-von-ii\/\" rel=\"bookmark\">NachDenkSeiten &#8211; Rainer Werning &#8211; Streitende Oligarchen in den neokolonialisierten Philippinen und ihre katastrophale Unterw\u00fcrfigkeit gegen\u00fcber Washington (II von II)<\/a><\/h3>\t<div class=\"entry-meta entry-meta-divider-dot\">\n\t\t\t\t<span class=\"posted-on\">\n\t\t\t\t<time class=\"entry-date published\" datetime=\"2025-08-24T20:18:43+02:00\">24. August 2025<\/time><time class=\"updated\" datetime=\"2025-08-24T20:18:46+02:00\">24. August 2025<\/time>\t\t\t<\/span>\n\t\t\t\t<\/div><!-- .entry-meta -->\n\t<\/header><!-- .entry-header -->\n\t<div class=\"entry-summary\">\n\t\t\t<\/div><!-- .entry-summary -->\n\t<footer class=\"entry-footer\">\n\t\t\t<div class=\"entry-actions\">\n\t\t\t<p class=\"more-link-wrap\">\n\t\t\t\t<a href=\"https:\/\/dp-freunde.de\/comm\/2025\/08\/nachdenkseiten-rainer-werning-streitende-oligarchen-in-den-neokolonialisierten-philippinen-und-ihre-katastrophale-unterwuerfigkeit-gegenueber-washington-ii-von-ii\/\" class=\"post-more-link\">\n\t\t\t\t\tWeiterlesen<span class=\"screen-reader-text\"> NachDenkSeiten &#8211; Rainer Werning &#8211; Streitende Oligarchen in den neokolonialisierten Philippinen und ihre katastrophale Unterw\u00fcrfigkeit gegen\u00fcber Washington (II von II)<\/span><span class=\"kadence-svg-iconset svg-baseline\"><svg aria-hidden=\"true\" class=\"kadence-svg-icon kadence-arrow-right-alt-svg\" fill=\"currentColor\" version=\"1.1\" xmlns=\"http:\/\/www.w3.org\/2000\/svg\" width=\"27\" height=\"28\" viewBox=\"0 0 27 28\"><title>Fortfahren<\/title><path d=\"M27 13.953c0 0.141-0.063 0.281-0.156 0.375l-6 5.531c-0.156 0.141-0.359 0.172-0.547 0.094-0.172-0.078-0.297-0.25-0.297-0.453v-3.5h-19.5c-0.281 0-0.5-0.219-0.5-0.5v-3c0-0.281 0.219-0.5 0.5-0.5h19.5v-3.5c0-0.203 0.109-0.375 0.297-0.453s0.391-0.047 0.547 0.078l6 5.469c0.094 0.094 0.156 0.219 0.156 0.359v0z\"><\/path>\n\t\t\t<\/svg><\/span>\t\t\t\t<\/a>\n\t\t\t<\/p>\n\t\t<\/div><!-- .entry-actions -->\n\t\t<\/footer><!-- .entry-footer -->\t\t<\/div>\n\t<\/article>\n<\/li>\n<li class=\"kb-post-list-item\">\n\t<article class=\"entry content-bg loop-entry post-14632 post type-post status-publish format-standard has-post-thumbnail hentry category-allgemein\">\n\t\t\t\t<a aria-hidden=\"true\" tabindex=\"-1\" role=\"presentation\" class=\"post-thumbnail kadence-thumbnail-ratio-2-3\" href=\"https:\/\/dp-freunde.de\/comm\/2025\/06\/der-neue-dpf-rundbrief-ist-da-pintig-jul-2025\/\" aria-label=\"Der neue DPF-Rundbrief ist da: Pintig &#8211; Jul 2025\">\n\t\t\t<div class=\"post-thumbnail-inner\">\n\t\t\t\t<img loading=\"lazy\" decoding=\"async\" width=\"605\" height=\"203\" src=\"https:\/\/dp-freunde.de\/comm\/wp-content\/uploads\/2025\/06\/PintigBanner_Jul2025-768x258.png\" class=\"attachment-medium_large size-medium_large wp-post-image\" alt=\"Der neue DPF-Rundbrief ist da: Pintig &#8211; Jul 2025\" srcset=\"https:\/\/dp-freunde.de\/comm\/wp-content\/uploads\/2025\/06\/PintigBanner_Jul2025-768x258.png 768w, https:\/\/dp-freunde.de\/comm\/wp-content\/uploads\/2025\/06\/PintigBanner_Jul2025-300x101.png 300w, https:\/\/dp-freunde.de\/comm\/wp-content\/uploads\/2025\/06\/PintigBanner_Jul2025-100x34.png 100w, https:\/\/dp-freunde.de\/comm\/wp-content\/uploads\/2025\/06\/PintigBanner_Jul2025-150x50.png 150w, https:\/\/dp-freunde.de\/comm\/wp-content\/uploads\/2025\/06\/PintigBanner_Jul2025-200x67.png 200w, https:\/\/dp-freunde.de\/comm\/wp-content\/uploads\/2025\/06\/PintigBanner_Jul2025-450x151.png 450w, https:\/\/dp-freunde.de\/comm\/wp-content\/uploads\/2025\/06\/PintigBanner_Jul2025-600x201.png 600w, https:\/\/dp-freunde.de\/comm\/wp-content\/uploads\/2025\/06\/PintigBanner_Jul2025.png 772w\" sizes=\"auto, (max-width: 605px) 100vw, 605px\" \/>\t\t\t<\/div>\n\t\t<\/a><!-- .post-thumbnail -->\n\t\t\t\t<div class=\"entry-content-wrap\">\n\t\t\t<header class=\"entry-header\">\n\t\t<div class=\"entry-taxonomies\">\n\t\t<span class=\"category-links term-links category-style-normal\">\n\t\t\t<a href=\"https:\/\/dp-freunde.de\/comm\/category\/allgemein\/\">Allgemein<\/a>\t\t<\/span>\n\t<\/div><!-- .entry-taxonomies -->\n\t<h3 class=\"entry-title\"><a href=\"https:\/\/dp-freunde.de\/comm\/2025\/06\/der-neue-dpf-rundbrief-ist-da-pintig-jul-2025\/\" rel=\"bookmark\">Der neue DPF-Rundbrief ist da: Pintig &#8211; Jul 2025<\/a><\/h3>\t<div class=\"entry-meta entry-meta-divider-dot\">\n\t\t\t\t<span class=\"posted-on\">\n\t\t\t\t<time class=\"entry-date published\" datetime=\"2025-06-29T21:08:53+02:00\">29. Juni 2025<\/time><time class=\"updated\" datetime=\"2025-08-23T20:45:02+02:00\">23. August 2025<\/time>\t\t\t<\/span>\n\t\t\t\t<\/div><!-- .entry-meta -->\n\t<\/header><!-- .entry-header -->\n\t<div class=\"entry-summary\">\n\t\t\t<\/div><!-- .entry-summary -->\n\t<footer class=\"entry-footer\">\n\t\t\t<div class=\"entry-actions\">\n\t\t\t<p class=\"more-link-wrap\">\n\t\t\t\t<a href=\"https:\/\/dp-freunde.de\/comm\/2025\/06\/der-neue-dpf-rundbrief-ist-da-pintig-jul-2025\/\" class=\"post-more-link\">\n\t\t\t\t\tWeiterlesen<span class=\"screen-reader-text\"> Der neue DPF-Rundbrief ist da: Pintig &#8211; Jul 2025<\/span><span class=\"kadence-svg-iconset svg-baseline\"><svg aria-hidden=\"true\" class=\"kadence-svg-icon kadence-arrow-right-alt-svg\" fill=\"currentColor\" version=\"1.1\" xmlns=\"http:\/\/www.w3.org\/2000\/svg\" width=\"27\" height=\"28\" viewBox=\"0 0 27 28\"><title>Fortfahren<\/title><path d=\"M27 13.953c0 0.141-0.063 0.281-0.156 0.375l-6 5.531c-0.156 0.141-0.359 0.172-0.547 0.094-0.172-0.078-0.297-0.25-0.297-0.453v-3.5h-19.5c-0.281 0-0.5-0.219-0.5-0.5v-3c0-0.281 0.219-0.5 0.5-0.5h19.5v-3.5c0-0.203 0.109-0.375 0.297-0.453s0.391-0.047 0.547 0.078l6 5.469c0.094 0.094 0.156 0.219 0.156 0.359v0z\"><\/path>\n\t\t\t<\/svg><\/span>\t\t\t\t<\/a>\n\t\t\t<\/p>\n\t\t<\/div><!-- .entry-actions -->\n\t\t<\/footer><!-- .entry-footer -->\t\t<\/div>\n\t<\/article>\n<\/li>\n<li class=\"kb-post-list-item\">\n\t<article class=\"entry content-bg loop-entry post-15181 post type-post status-publish format-standard has-post-thumbnail hentry category-autor-rainer-werning category-philippinen\">\n\t\t\t\t<a aria-hidden=\"true\" tabindex=\"-1\" role=\"presentation\" class=\"post-thumbnail kadence-thumbnail-ratio-2-3\" href=\"https:\/\/dp-freunde.de\/comm\/2025\/08\/gastland-der-diesjaehrigen-frankfurter-buchmesse-sind-die-philippinen-paketpreis-rainer-werning-buecher\/\" aria-label=\"Gastland der diesj\u00e4hrigen Frankfurter Buchmesse sind die Philippinen: Paketpreis Rainer Werning B\u00fccher: 30 EUR\">\n\t\t\t<div class=\"post-thumbnail-inner\">\n\t\t\t\t<img loading=\"lazy\" decoding=\"async\" width=\"182\" height=\"841\" src=\"https:\/\/dp-freunde.de\/comm\/wp-content\/uploads\/2025\/08\/RainerWerning_3Buecher_Angebot2025-1.png\" class=\"attachment-medium_large size-medium_large wp-post-image\" alt=\"Gastland der diesj\u00e4hrigen Frankfurter Buchmesse sind die Philippinen: Paketpreis Rainer Werning B\u00fccher: 30 EUR\" srcset=\"https:\/\/dp-freunde.de\/comm\/wp-content\/uploads\/2025\/08\/RainerWerning_3Buecher_Angebot2025-1.png 182w, https:\/\/dp-freunde.de\/comm\/wp-content\/uploads\/2025\/08\/RainerWerning_3Buecher_Angebot2025-1-65x300.png 65w, https:\/\/dp-freunde.de\/comm\/wp-content\/uploads\/2025\/08\/RainerWerning_3Buecher_Angebot2025-1-100x462.png 100w, https:\/\/dp-freunde.de\/comm\/wp-content\/uploads\/2025\/08\/RainerWerning_3Buecher_Angebot2025-1-150x693.png 150w\" sizes=\"auto, (max-width: 182px) 100vw, 182px\" \/>\t\t\t<\/div>\n\t\t<\/a><!-- .post-thumbnail -->\n\t\t\t\t<div class=\"entry-content-wrap\">\n\t\t\t<header class=\"entry-header\">\n\t\t<div class=\"entry-taxonomies\">\n\t\t<span class=\"category-links term-links category-style-normal\">\n\t\t\t<a href=\"https:\/\/dp-freunde.de\/comm\/category\/autor-rainer-werning\/\">Autor Rainer Werning<\/a> | <a href=\"https:\/\/dp-freunde.de\/comm\/category\/autor-rainer-werning\/philippinen\/\">Philippinen<\/a>\t\t<\/span>\n\t<\/div><!-- .entry-taxonomies -->\n\t<h3 class=\"entry-title\"><a href=\"https:\/\/dp-freunde.de\/comm\/2025\/08\/gastland-der-diesjaehrigen-frankfurter-buchmesse-sind-die-philippinen-paketpreis-rainer-werning-buecher\/\" rel=\"bookmark\">Gastland der diesj\u00e4hrigen Frankfurter Buchmesse sind die Philippinen: Paketpreis Rainer Werning B\u00fccher: 30 EUR<\/a><\/h3>\t<div class=\"entry-meta entry-meta-divider-dot\">\n\t\t\t\t<span class=\"posted-on\">\n\t\t\t\t<time class=\"entry-date published\" datetime=\"2025-08-10T11:07:15+02:00\">10. August 2025<\/time><time class=\"updated\" datetime=\"2025-08-23T20:43:38+02:00\">23. August 2025<\/time>\t\t\t<\/span>\n\t\t\t\t<\/div><!-- .entry-meta -->\n\t<\/header><!-- .entry-header -->\n\t<div class=\"entry-summary\">\n\t\t<p>Paketpreis: 30 Euro statt 42 Euro: Buchpaket: &#8222;Ein Leben im Widerstand&#8220;, &#8222;Die philippinische Revolution&#8220; und &#8222;Krone, Kreuz und Krieger&#8220; https:\/\/www.rf-news.de\/2025\/kw30\/sonderangebot-philippinen Bestellnummer: PAPH, erh\u00e4ltlich bei und \u00fcber PEOPLE &hellip;<\/p>\n<p class=\"read-more\"> <a class=\"more-link\" href=\"https:\/\/dp-freunde.de\/comm\/2025\/08\/gastland-der-diesjaehrigen-frankfurter-buchmesse-sind-die-philippinen-paketpreis-rainer-werning-buecher\/\"> <span class=\"screen-reader-text\">Gastland der diesj\u00e4hrigen Frankfurter Buchmesse sind die Philippinen: Paketpreis Rainer Werning B\u00fccher: 30 EUR<\/span> Weiterlesen &raquo;<\/a><\/p>\n\t<\/div><!-- .entry-summary -->\n\t<footer class=\"entry-footer\">\n\t\t\t<div class=\"entry-actions\">\n\t\t\t<p class=\"more-link-wrap\">\n\t\t\t\t<a href=\"https:\/\/dp-freunde.de\/comm\/2025\/08\/gastland-der-diesjaehrigen-frankfurter-buchmesse-sind-die-philippinen-paketpreis-rainer-werning-buecher\/\" class=\"post-more-link\">\n\t\t\t\t\tWeiterlesen<span class=\"screen-reader-text\"> Gastland der diesj\u00e4hrigen Frankfurter Buchmesse sind die Philippinen: Paketpreis Rainer Werning B\u00fccher: 30 EUR<\/span><span class=\"kadence-svg-iconset svg-baseline\"><svg aria-hidden=\"true\" class=\"kadence-svg-icon kadence-arrow-right-alt-svg\" fill=\"currentColor\" version=\"1.1\" xmlns=\"http:\/\/www.w3.org\/2000\/svg\" width=\"27\" height=\"28\" viewBox=\"0 0 27 28\"><title>Fortfahren<\/title><path d=\"M27 13.953c0 0.141-0.063 0.281-0.156 0.375l-6 5.531c-0.156 0.141-0.359 0.172-0.547 0.094-0.172-0.078-0.297-0.25-0.297-0.453v-3.5h-19.5c-0.281 0-0.5-0.219-0.5-0.5v-3c0-0.281 0.219-0.5 0.5-0.5h19.5v-3.5c0-0.203 0.109-0.375 0.297-0.453s0.391-0.047 0.547 0.078l6 5.469c0.094 0.094 0.156 0.219 0.156 0.359v0z\"><\/path>\n\t\t\t<\/svg><\/span>\t\t\t\t<\/a>\n\t\t\t<\/p>\n\t\t<\/div><!-- .entry-actions -->\n\t\t<\/footer><!-- .entry-footer -->\t\t<\/div>\n\t<\/article>\n<\/li>\n<li class=\"kb-post-list-item\">\n\t<article class=\"entry content-bg loop-entry post-14803 post type-post status-publish format-standard hentry category-autor-rainer-werning category-philippinen\">\n\t\t\t\t<div class=\"entry-content-wrap\">\n\t\t\t<header class=\"entry-header\">\n\t\t<div class=\"entry-taxonomies\">\n\t\t<span class=\"category-links term-links category-style-normal\">\n\t\t\t<a href=\"https:\/\/dp-freunde.de\/comm\/category\/autor-rainer-werning\/\">Autor Rainer Werning<\/a> | <a href=\"https:\/\/dp-freunde.de\/comm\/category\/autor-rainer-werning\/philippinen\/\">Philippinen<\/a>\t\t<\/span>\n\t<\/div><!-- .entry-taxonomies -->\n\t<h3 class=\"entry-title\"><a href=\"https:\/\/dp-freunde.de\/comm\/2025\/06\/brennpunkt-rainer-werning-abenddaemmerung-in-den-haag\/\" rel=\"bookmark\">Brennpunkt &#8211; Rainer Werning Abendd\u00e4mmerung in Den Haag<\/a><\/h3>\t<div class=\"entry-meta entry-meta-divider-dot\">\n\t\t\t\t<span class=\"posted-on\">\n\t\t\t\t<time class=\"entry-date published\" datetime=\"2025-06-30T20:53:42+02:00\">30. Juni 2025<\/time><time class=\"updated\" datetime=\"2025-08-23T19:32:49+02:00\">23. August 2025<\/time>\t\t\t<\/span>\n\t\t\t\t<\/div><!-- .entry-meta -->\n\t<\/header><!-- .entry-header -->\n\t<div class=\"entry-summary\">\n\t\t\t<\/div><!-- .entry-summary -->\n\t<footer class=\"entry-footer\">\n\t\t\t<div class=\"entry-actions\">\n\t\t\t<p class=\"more-link-wrap\">\n\t\t\t\t<a href=\"https:\/\/dp-freunde.de\/comm\/2025\/06\/brennpunkt-rainer-werning-abenddaemmerung-in-den-haag\/\" class=\"post-more-link\">\n\t\t\t\t\tWeiterlesen<span class=\"screen-reader-text\"> Brennpunkt &#8211; Rainer Werning Abendd\u00e4mmerung in Den Haag<\/span><span class=\"kadence-svg-iconset svg-baseline\"><svg aria-hidden=\"true\" class=\"kadence-svg-icon kadence-arrow-right-alt-svg\" fill=\"currentColor\" version=\"1.1\" xmlns=\"http:\/\/www.w3.org\/2000\/svg\" width=\"27\" height=\"28\" viewBox=\"0 0 27 28\"><title>Fortfahren<\/title><path d=\"M27 13.953c0 0.141-0.063 0.281-0.156 0.375l-6 5.531c-0.156 0.141-0.359 0.172-0.547 0.094-0.172-0.078-0.297-0.25-0.297-0.453v-3.5h-19.5c-0.281 0-0.5-0.219-0.5-0.5v-3c0-0.281 0.219-0.5 0.5-0.5h19.5v-3.5c0-0.203 0.109-0.375 0.297-0.453s0.391-0.047 0.547 0.078l6 5.469c0.094 0.094 0.156 0.219 0.156 0.359v0z\"><\/path>\n\t\t\t<\/svg><\/span>\t\t\t\t<\/a>\n\t\t\t<\/p>\n\t\t<\/div><!-- .entry-actions -->\n\t\t<\/footer><!-- .entry-footer -->\t\t<\/div>\n\t<\/article>\n<\/li>\n<li class=\"kb-post-list-item\">\n\t<article class=\"entry content-bg loop-entry post-15218 post type-post status-publish format-standard hentry category-autor-rainer-werning category-philippinen\">\n\t\t\t\t<div class=\"entry-content-wrap\">\n\t\t\t<header class=\"entry-header\">\n\t\t<div class=\"entry-taxonomies\">\n\t\t<span class=\"category-links term-links category-style-normal\">\n\t\t\t<a href=\"https:\/\/dp-freunde.de\/comm\/category\/autor-rainer-werning\/\">Autor Rainer Werning<\/a> | <a href=\"https:\/\/dp-freunde.de\/comm\/category\/autor-rainer-werning\/philippinen\/\">Philippinen<\/a>\t\t<\/span>\n\t<\/div><!-- .entry-taxonomies -->\n\t<h3 class=\"entry-title\"><a href=\"https:\/\/dp-freunde.de\/comm\/2025\/08\/nachdenkseiten-rainer-werning-streitende-oligarchen-in-den-neokolonialisierten-philippinen-und-ihre-katastrophale-unterwuerfigkeit-gegenueber-washington-i-von-ii\/\" rel=\"bookmark\">NachDenkSeiten &#8211; Rainer Werning &#8211; Streitende Oligarchen in den neokolonialisierten Philippinen und ihre katastrophale Unterw\u00fcrfigkeit gegen\u00fcber Washington (I von II)<\/a><\/h3>\t<div class=\"entry-meta entry-meta-divider-dot\">\n\t\t\t\t<span class=\"posted-on\">\n\t\t\t\t<time class=\"entry-date published\" datetime=\"2025-08-23T19:00:18+02:00\">23. August 2025<\/time><time class=\"updated\" datetime=\"2025-08-23T19:19:42+02:00\">23. August 2025<\/time>\t\t\t<\/span>\n\t\t\t\t<\/div><!-- .entry-meta -->\n\t<\/header><!-- .entry-header -->\n\t<div class=\"entry-summary\">\n\t\t\t<\/div><!-- .entry-summary -->\n\t<footer class=\"entry-footer\">\n\t\t\t<div class=\"entry-actions\">\n\t\t\t<p class=\"more-link-wrap\">\n\t\t\t\t<a href=\"https:\/\/dp-freunde.de\/comm\/2025\/08\/nachdenkseiten-rainer-werning-streitende-oligarchen-in-den-neokolonialisierten-philippinen-und-ihre-katastrophale-unterwuerfigkeit-gegenueber-washington-i-von-ii\/\" class=\"post-more-link\">\n\t\t\t\t\tWeiterlesen<span class=\"screen-reader-text\"> NachDenkSeiten &#8211; Rainer Werning &#8211; Streitende Oligarchen in den neokolonialisierten Philippinen und ihre katastrophale Unterw\u00fcrfigkeit gegen\u00fcber Washington (I von II)<\/span><span class=\"kadence-svg-iconset svg-baseline\"><svg aria-hidden=\"true\" class=\"kadence-svg-icon kadence-arrow-right-alt-svg\" fill=\"currentColor\" version=\"1.1\" xmlns=\"http:\/\/www.w3.org\/2000\/svg\" width=\"27\" height=\"28\" viewBox=\"0 0 27 28\"><title>Fortfahren<\/title><path d=\"M27 13.953c0 0.141-0.063 0.281-0.156 0.375l-6 5.531c-0.156 0.141-0.359 0.172-0.547 0.094-0.172-0.078-0.297-0.25-0.297-0.453v-3.5h-19.5c-0.281 0-0.5-0.219-0.5-0.5v-3c0-0.281 0.219-0.5 0.5-0.5h19.5v-3.5c0-0.203 0.109-0.375 0.297-0.453s0.391-0.047 0.547 0.078l6 5.469c0.094 0.094 0.156 0.219 0.156 0.359v0z\"><\/path>\n\t\t\t<\/svg><\/span>\t\t\t\t<\/a>\n\t\t\t<\/p>\n\t\t<\/div><!-- .entry-actions -->\n\t\t<\/footer><!-- .entry-footer -->\t\t<\/div>\n\t<\/article>\n<\/li>\n<li class=\"kb-post-list-item\">\n\t<article class=\"entry content-bg loop-entry post-15228 post type-post status-publish format-standard hentry category-allgemein\">\n\t\t\t\t<div class=\"entry-content-wrap\">\n\t\t\t<header class=\"entry-header\">\n\t\t<div class=\"entry-taxonomies\">\n\t\t<span class=\"category-links term-links category-style-normal\">\n\t\t\t<a href=\"https:\/\/dp-freunde.de\/comm\/category\/allgemein\/\">Allgemein<\/a>\t\t<\/span>\n\t<\/div><!-- .entry-taxonomies -->\n\t<h3 class=\"entry-title\"><a href=\"https:\/\/dp-freunde.de\/comm\/2025\/08\/award-for-alipato-at-muog-film-about-the-disappeared-desaparecidos\/\" rel=\"bookmark\">Award for &#8222;Alipato at Muog&#8220;: Film about the disappeared (desaparecidos)<\/a><\/h3>\t<div class=\"entry-meta entry-meta-divider-dot\">\n\t\t\t\t<span class=\"posted-on\">\n\t\t\t\t<time class=\"entry-date published\" datetime=\"2025-08-23T19:10:20+02:00\">23. August 2025<\/time><time class=\"updated\" datetime=\"2025-08-23T19:10:22+02:00\">23. August 2025<\/time>\t\t\t<\/span>\n\t\t\t\t<\/div><!-- .entry-meta -->\n\t<\/header><!-- .entry-header -->\n\t<div class=\"entry-summary\">\n\t\t<p>Nachricht von Medy: Last night, August 22, the film &#8222;Alipato at Muog&#8220; by JL Burgos won the best picture award at the Filipino Academy of Movie Arts &hellip;<\/p>\n<p class=\"read-more\"> <a class=\"more-link\" href=\"https:\/\/dp-freunde.de\/comm\/2025\/08\/award-for-alipato-at-muog-film-about-the-disappeared-desaparecidos\/\"> <span class=\"screen-reader-text\">Award for &#8222;Alipato at Muog&#8220;: Film about the disappeared (desaparecidos)<\/span> Weiterlesen &raquo;<\/a><\/p>\n\t<\/div><!-- .entry-summary -->\n\t<footer class=\"entry-footer\">\n\t\t\t<div class=\"entry-actions\">\n\t\t\t<p class=\"more-link-wrap\">\n\t\t\t\t<a href=\"https:\/\/dp-freunde.de\/comm\/2025\/08\/award-for-alipato-at-muog-film-about-the-disappeared-desaparecidos\/\" class=\"post-more-link\">\n\t\t\t\t\tWeiterlesen<span class=\"screen-reader-text\"> Award for &#8222;Alipato at Muog&#8220;: Film about the disappeared (desaparecidos)<\/span><span class=\"kadence-svg-iconset svg-baseline\"><svg aria-hidden=\"true\" class=\"kadence-svg-icon kadence-arrow-right-alt-svg\" fill=\"currentColor\" version=\"1.1\" xmlns=\"http:\/\/www.w3.org\/2000\/svg\" width=\"27\" height=\"28\" viewBox=\"0 0 27 28\"><title>Fortfahren<\/title><path d=\"M27 13.953c0 0.141-0.063 0.281-0.156 0.375l-6 5.531c-0.156 0.141-0.359 0.172-0.547 0.094-0.172-0.078-0.297-0.25-0.297-0.453v-3.5h-19.5c-0.281 0-0.5-0.219-0.5-0.5v-3c0-0.281 0.219-0.5 0.5-0.5h19.5v-3.5c0-0.203 0.109-0.375 0.297-0.453s0.391-0.047 0.547 0.078l6 5.469c0.094 0.094 0.156 0.219 0.156 0.359v0z\"><\/path>\n\t\t\t<\/svg><\/span>\t\t\t\t<\/a>\n\t\t\t<\/p>\n\t\t<\/div><!-- .entry-actions -->\n\t\t<\/footer><!-- .entry-footer -->\t\t<\/div>\n\t<\/article>\n<\/li>\n<li class=\"kb-post-list-item\">\n\t<article class=\"entry content-bg loop-entry post-14821 post type-post status-publish format-standard hentry category-allgemein\">\n\t\t\t\t<div class=\"entry-content-wrap\">\n\t\t\t<header class=\"entry-header\">\n\t\t<div class=\"entry-taxonomies\">\n\t\t<span class=\"category-links term-links category-style-normal\">\n\t\t\t<a href=\"https:\/\/dp-freunde.de\/comm\/category\/allgemein\/\">Allgemein<\/a>\t\t<\/span>\n\t<\/div><!-- .entry-taxonomies -->\n\t<h3 class=\"entry-title\"><a href=\"https:\/\/dp-freunde.de\/comm\/2025\/07\/kapatid-political-prisoners-thank-you-note\/\" rel=\"bookmark\">KAPATID Political Prisoners: Thank you Note<\/a><\/h3>\t<div class=\"entry-meta entry-meta-divider-dot\">\n\t\t\t\t<span class=\"posted-on\">\n\t\t\t\t<time class=\"entry-date published\" datetime=\"2025-07-20T18:28:47+02:00\">20. Juli 2025<\/time><time class=\"updated\" datetime=\"2025-07-24T18:32:40+02:00\">24. Juli 2025<\/time>\t\t\t<\/span>\n\t\t\t\t<\/div><!-- .entry-meta -->\n\t<\/header><!-- .entry-header -->\n\t<div class=\"entry-summary\">\n\t\t<p>https:\/\/www.facebook.com\/share\/p\/1B9k2XSHxg<\/p>\n\t<\/div><!-- .entry-summary -->\n\t<footer class=\"entry-footer\">\n\t\t\t<div class=\"entry-actions\">\n\t\t\t<p class=\"more-link-wrap\">\n\t\t\t\t<a href=\"https:\/\/dp-freunde.de\/comm\/2025\/07\/kapatid-political-prisoners-thank-you-note\/\" class=\"post-more-link\">\n\t\t\t\t\tWeiterlesen<span class=\"screen-reader-text\"> KAPATID Political Prisoners: Thank you Note<\/span><span class=\"kadence-svg-iconset svg-baseline\"><svg aria-hidden=\"true\" class=\"kadence-svg-icon kadence-arrow-right-alt-svg\" fill=\"currentColor\" version=\"1.1\" xmlns=\"http:\/\/www.w3.org\/2000\/svg\" width=\"27\" height=\"28\" viewBox=\"0 0 27 28\"><title>Fortfahren<\/title><path d=\"M27 13.953c0 0.141-0.063 0.281-0.156 0.375l-6 5.531c-0.156 0.141-0.359 0.172-0.547 0.094-0.172-0.078-0.297-0.25-0.297-0.453v-3.5h-19.5c-0.281 0-0.5-0.219-0.5-0.5v-3c0-0.281 0.219-0.5 0.5-0.5h19.5v-3.5c0-0.203 0.109-0.375 0.297-0.453s0.391-0.047 0.547 0.078l6 5.469c0.094 0.094 0.156 0.219 0.156 0.359v0z\"><\/path>\n\t\t\t<\/svg><\/span>\t\t\t\t<\/a>\n\t\t\t<\/p>\n\t\t<\/div><!-- .entry-actions -->\n\t\t<\/footer><!-- .entry-footer -->\t\t<\/div>\n\t<\/article>\n<\/li>\n<li class=\"kb-post-list-item\">\n\t<article class=\"entry content-bg loop-entry post-13065 post type-post status-publish format-standard hentry category-autor-rainer-werning category-philippinen\">\n\t\t\t\t<div class=\"entry-content-wrap\">\n\t\t\t<header class=\"entry-header\">\n\t\t<div class=\"entry-taxonomies\">\n\t\t<span class=\"category-links term-links category-style-normal\">\n\t\t\t<a href=\"https:\/\/dp-freunde.de\/comm\/category\/autor-rainer-werning\/\">Autor Rainer Werning<\/a> | <a href=\"https:\/\/dp-freunde.de\/comm\/category\/autor-rainer-werning\/philippinen\/\">Philippinen<\/a>\t\t<\/span>\n\t<\/div><!-- .entry-taxonomies -->\n\t<h3 class=\"entry-title\"><a href=\"https:\/\/dp-freunde.de\/comm\/2025\/06\/deutschlandradio-21-22-6-25-unsere-opfer-zaehlen-nicht-eine-lange-nacht-ueber-afrika-asien-und-ozeanien-im-zweiten-weltkrieg\/\" rel=\"bookmark\">DeutschlandRadio: 21.+22.6.25 &#8222;Unsere Opfer z\u00e4hlen nicht&#8220; Eine Lange Nacht \u00fcber Afrika, Asien und Ozeanien im Zweiten Weltkrieg<\/a><\/h3>\t<div class=\"entry-meta entry-meta-divider-dot\">\n\t\t\t\t<span class=\"posted-on\">\n\t\t\t\t<time class=\"entry-date published\" datetime=\"2025-06-19T16:42:46+02:00\">19. Juni 2025<\/time><time class=\"updated\" datetime=\"2025-06-19T16:43:31+02:00\">19. Juni 2025<\/time>\t\t\t<\/span>\n\t\t\t\t<\/div><!-- .entry-meta -->\n\t<\/header><!-- .entry-header -->\n\t<div class=\"entry-summary\">\n\t\t<p>Die Lange Nacht &#8222;Unsere Opfer z\u00e4hlen nicht&#8220; Eine Lange Nacht \u00fcber Afrika, Asien und Ozeanien im Zweiten Weltkrieg von Birgit Morgenrath, Karl R\u00f6ssel &amp; Rainer Werning wird &hellip;<\/p>\n<p class=\"read-more\"> <a class=\"more-link\" href=\"https:\/\/dp-freunde.de\/comm\/2025\/06\/deutschlandradio-21-22-6-25-unsere-opfer-zaehlen-nicht-eine-lange-nacht-ueber-afrika-asien-und-ozeanien-im-zweiten-weltkrieg\/\"> <span class=\"screen-reader-text\">DeutschlandRadio: 21.+22.6.25 &#8222;Unsere Opfer z\u00e4hlen nicht&#8220; Eine Lange Nacht \u00fcber Afrika, Asien und Ozeanien im Zweiten Weltkrieg<\/span> Weiterlesen &raquo;<\/a><\/p>\n\t<\/div><!-- .entry-summary -->\n\t<footer class=\"entry-footer\">\n\t\t\t<div class=\"entry-actions\">\n\t\t\t<p class=\"more-link-wrap\">\n\t\t\t\t<a href=\"https:\/\/dp-freunde.de\/comm\/2025\/06\/deutschlandradio-21-22-6-25-unsere-opfer-zaehlen-nicht-eine-lange-nacht-ueber-afrika-asien-und-ozeanien-im-zweiten-weltkrieg\/\" class=\"post-more-link\">\n\t\t\t\t\tWeiterlesen<span class=\"screen-reader-text\"> DeutschlandRadio: 21.+22.6.25 &#8222;Unsere Opfer z\u00e4hlen nicht&#8220; Eine Lange Nacht \u00fcber Afrika, Asien und Ozeanien im Zweiten Weltkrieg<\/span><span class=\"kadence-svg-iconset svg-baseline\"><svg aria-hidden=\"true\" class=\"kadence-svg-icon kadence-arrow-right-alt-svg\" fill=\"currentColor\" version=\"1.1\" xmlns=\"http:\/\/www.w3.org\/2000\/svg\" width=\"27\" height=\"28\" viewBox=\"0 0 27 28\"><title>Fortfahren<\/title><path d=\"M27 13.953c0 0.141-0.063 0.281-0.156 0.375l-6 5.531c-0.156 0.141-0.359 0.172-0.547 0.094-0.172-0.078-0.297-0.25-0.297-0.453v-3.5h-19.5c-0.281 0-0.5-0.219-0.5-0.5v-3c0-0.281 0.219-0.5 0.5-0.5h19.5v-3.5c0-0.203 0.109-0.375 0.297-0.453s0.391-0.047 0.547 0.078l6 5.469c0.094 0.094 0.156 0.219 0.156 0.359v0z\"><\/path>\n\t\t\t<\/svg><\/span>\t\t\t\t<\/a>\n\t\t\t<\/p>\n\t\t<\/div><!-- .entry-actions -->\n\t\t<\/footer><!-- .entry-footer -->\t\t<\/div>\n\t<\/article>\n<\/li>\n<li class=\"kb-post-list-item\">\n\t<article class=\"entry content-bg loop-entry post-13061 post type-post status-publish format-standard hentry category-autor-rainer-werning category-philippinen\">\n\t\t\t\t<div class=\"entry-content-wrap\">\n\t\t\t<header class=\"entry-header\">\n\t\t<div class=\"entry-taxonomies\">\n\t\t<span class=\"category-links term-links category-style-normal\">\n\t\t\t<a href=\"https:\/\/dp-freunde.de\/comm\/category\/autor-rainer-werning\/\">Autor Rainer Werning<\/a> | <a href=\"https:\/\/dp-freunde.de\/comm\/category\/autor-rainer-werning\/philippinen\/\">Philippinen<\/a>\t\t<\/span>\n\t<\/div><!-- .entry-taxonomies -->\n\t<h3 class=\"entry-title\"><a href=\"https:\/\/dp-freunde.de\/comm\/2025\/06\/a-grand-seigneur-steps-down-an-obituary-by-rainer-werning\/\" rel=\"bookmark\">A grand seigneur steps down &#8211; An obituary by Rainer Werning<\/a><\/h3>\t<div class=\"entry-meta entry-meta-divider-dot\">\n\t\t\t\t<span class=\"posted-on\">\n\t\t\t\t<time class=\"entry-date published\" datetime=\"2025-06-17T16:37:30+02:00\">17. Juni 2025<\/time><time class=\"updated\" datetime=\"2025-06-19T16:39:53+02:00\">19. Juni 2025<\/time>\t\t\t<\/span>\n\t\t\t\t<\/div><!-- .entry-meta -->\n\t<\/header><!-- .entry-header -->\n\t<div class=\"entry-summary\">\n\t\t<p>On the death of Comrade Luis G. Jalandoni (1935 &#8211; 2025) The longstanding chief representative of the National Democratic Front of the Philippines (NDFP) has died at &hellip;<\/p>\n<p class=\"read-more\"> <a class=\"more-link\" href=\"https:\/\/dp-freunde.de\/comm\/2025\/06\/a-grand-seigneur-steps-down-an-obituary-by-rainer-werning\/\"> <span class=\"screen-reader-text\">A grand seigneur steps down &#8211; An obituary by Rainer Werning<\/span> Weiterlesen &raquo;<\/a><\/p>\n\t<\/div><!-- .entry-summary -->\n\t<footer class=\"entry-footer\">\n\t\t\t<div class=\"entry-actions\">\n\t\t\t<p class=\"more-link-wrap\">\n\t\t\t\t<a href=\"https:\/\/dp-freunde.de\/comm\/2025\/06\/a-grand-seigneur-steps-down-an-obituary-by-rainer-werning\/\" class=\"post-more-link\">\n\t\t\t\t\tWeiterlesen<span class=\"screen-reader-text\"> A grand seigneur steps down &#8211; An obituary by Rainer Werning<\/span><span class=\"kadence-svg-iconset svg-baseline\"><svg aria-hidden=\"true\" class=\"kadence-svg-icon kadence-arrow-right-alt-svg\" fill=\"currentColor\" version=\"1.1\" xmlns=\"http:\/\/www.w3.org\/2000\/svg\" width=\"27\" height=\"28\" viewBox=\"0 0 27 28\"><title>Fortfahren<\/title><path d=\"M27 13.953c0 0.141-0.063 0.281-0.156 0.375l-6 5.531c-0.156 0.141-0.359 0.172-0.547 0.094-0.172-0.078-0.297-0.25-0.297-0.453v-3.5h-19.5c-0.281 0-0.5-0.219-0.5-0.5v-3c0-0.281 0.219-0.5 0.5-0.5h19.5v-3.5c0-0.203 0.109-0.375 0.297-0.453s0.391-0.047 0.547 0.078l6 5.469c0.094 0.094 0.156 0.219 0.156 0.359v0z\"><\/path>\n\t\t\t<\/svg><\/span>\t\t\t\t<\/a>\n\t\t\t<\/p>\n\t\t<\/div><!-- .entry-actions -->\n\t\t<\/footer><!-- .entry-footer -->\t\t<\/div>\n\t<\/article>\n<\/li>\n<li class=\"kb-post-list-item\">\n\t<article class=\"entry content-bg loop-entry post-13046 post type-post status-publish format-standard hentry category-autor-rainer-werning category-philippinen\">\n\t\t\t\t<div class=\"entry-content-wrap\">\n\t\t\t<header class=\"entry-header\">\n\t\t<div class=\"entry-taxonomies\">\n\t\t<span class=\"category-links term-links category-style-normal\">\n\t\t\t<a href=\"https:\/\/dp-freunde.de\/comm\/category\/autor-rainer-werning\/\">Autor Rainer Werning<\/a> | <a href=\"https:\/\/dp-freunde.de\/comm\/category\/autor-rainer-werning\/philippinen\/\">Philippinen<\/a>\t\t<\/span>\n\t<\/div><!-- .entry-taxonomies -->\n\t<h3 class=\"entry-title\"><a href=\"https:\/\/dp-freunde.de\/comm\/2025\/06\/rote-fahne-news-rainer-werning-ein-grandseigneur-tritt-ab\/\" rel=\"bookmark\">Rote Fahne News &#8211; Rainer Werning &#8211; Ein Grandseigneur tritt ab<\/a><\/h3>\t<div class=\"entry-meta entry-meta-divider-dot\">\n\t\t\t\t<span class=\"posted-on\">\n\t\t\t\t<time class=\"entry-date published\" datetime=\"2025-06-16T21:59:18+02:00\">16. Juni 2025<\/time><time class=\"updated\" datetime=\"2025-06-16T21:59:21+02:00\">16. Juni 2025<\/time>\t\t\t<\/span>\n\t\t\t\t<\/div><!-- .entry-meta -->\n\t<\/header><!-- .entry-header -->\n\t<div class=\"entry-summary\">\n\t\t<p>https:\/\/www.rf-news.de\/2025\/kw25\/ein-grandseigneur-tritt-ab<\/p>\n\t<\/div><!-- .entry-summary -->\n\t<footer class=\"entry-footer\">\n\t\t\t<div class=\"entry-actions\">\n\t\t\t<p class=\"more-link-wrap\">\n\t\t\t\t<a href=\"https:\/\/dp-freunde.de\/comm\/2025\/06\/rote-fahne-news-rainer-werning-ein-grandseigneur-tritt-ab\/\" class=\"post-more-link\">\n\t\t\t\t\tWeiterlesen<span class=\"screen-reader-text\"> Rote Fahne News &#8211; Rainer Werning &#8211; Ein Grandseigneur tritt ab<\/span><span class=\"kadence-svg-iconset svg-baseline\"><svg aria-hidden=\"true\" class=\"kadence-svg-icon kadence-arrow-right-alt-svg\" fill=\"currentColor\" version=\"1.1\" xmlns=\"http:\/\/www.w3.org\/2000\/svg\" width=\"27\" height=\"28\" viewBox=\"0 0 27 28\"><title>Fortfahren<\/title><path d=\"M27 13.953c0 0.141-0.063 0.281-0.156 0.375l-6 5.531c-0.156 0.141-0.359 0.172-0.547 0.094-0.172-0.078-0.297-0.25-0.297-0.453v-3.5h-19.5c-0.281 0-0.5-0.219-0.5-0.5v-3c0-0.281 0.219-0.5 0.5-0.5h19.5v-3.5c0-0.203 0.109-0.375 0.297-0.453s0.391-0.047 0.547 0.078l6 5.469c0.094 0.094 0.156 0.219 0.156 0.359v0z\"><\/path>\n\t\t\t<\/svg><\/span>\t\t\t\t<\/a>\n\t\t\t<\/p>\n\t\t<\/div><!-- .entry-actions -->\n\t\t<\/footer><!-- .entry-footer -->\t\t<\/div>\n\t<\/article>\n<\/li>\n<li class=\"kb-post-list-item\">\n\t<article class=\"entry content-bg loop-entry post-13036 post type-post status-publish format-standard hentry category-autor-rainer-werning category-philippinen\">\n\t\t\t\t<div class=\"entry-content-wrap\">\n\t\t\t<header class=\"entry-header\">\n\t\t<div class=\"entry-taxonomies\">\n\t\t<span class=\"category-links term-links category-style-normal\">\n\t\t\t<a href=\"https:\/\/dp-freunde.de\/comm\/category\/autor-rainer-werning\/\">Autor Rainer Werning<\/a> | <a href=\"https:\/\/dp-freunde.de\/comm\/category\/autor-rainer-werning\/philippinen\/\">Philippinen<\/a>\t\t<\/span>\n\t<\/div><!-- .entry-taxonomies -->\n\t<h3 class=\"entry-title\"><a href=\"https:\/\/dp-freunde.de\/comm\/2025\/06\/junge-welt-rainer-werning-ein-sanftmuetiger-revolutionaer\/\" rel=\"bookmark\">Junge Welt &#8211; Rainer Werning &#8211; Ein sanftm\u00fctiger Revolution\u00e4r<\/a><\/h3>\t<div class=\"entry-meta entry-meta-divider-dot\">\n\t\t\t\t<span class=\"posted-on\">\n\t\t\t\t<time class=\"entry-date published\" datetime=\"2025-06-13T23:21:42+02:00\">13. Juni 2025<\/time><time class=\"updated\" datetime=\"2025-06-13T23:21:43+02:00\">13. Juni 2025<\/time>\t\t\t<\/span>\n\t\t\t\t<\/div><!-- .entry-meta -->\n\t<\/header><!-- .entry-header -->\n\t<div class=\"entry-summary\">\n\t\t<p>https:\/\/www.jungewelt.de\/artikel\/501939.philippinen-ein-sanftm%C3%BCtiger-revolution%C3%A4r.html<\/p>\n\t<\/div><!-- .entry-summary -->\n\t<footer class=\"entry-footer\">\n\t\t\t<div class=\"entry-actions\">\n\t\t\t<p class=\"more-link-wrap\">\n\t\t\t\t<a href=\"https:\/\/dp-freunde.de\/comm\/2025\/06\/junge-welt-rainer-werning-ein-sanftmuetiger-revolutionaer\/\" class=\"post-more-link\">\n\t\t\t\t\tWeiterlesen<span class=\"screen-reader-text\"> Junge Welt &#8211; Rainer Werning &#8211; Ein sanftm\u00fctiger Revolution\u00e4r<\/span><span class=\"kadence-svg-iconset svg-baseline\"><svg aria-hidden=\"true\" class=\"kadence-svg-icon kadence-arrow-right-alt-svg\" fill=\"currentColor\" version=\"1.1\" xmlns=\"http:\/\/www.w3.org\/2000\/svg\" width=\"27\" height=\"28\" viewBox=\"0 0 27 28\"><title>Fortfahren<\/title><path d=\"M27 13.953c0 0.141-0.063 0.281-0.156 0.375l-6 5.531c-0.156 0.141-0.359 0.172-0.547 0.094-0.172-0.078-0.297-0.25-0.297-0.453v-3.5h-19.5c-0.281 0-0.5-0.219-0.5-0.5v-3c0-0.281 0.219-0.5 0.5-0.5h19.5v-3.5c0-0.203 0.109-0.375 0.297-0.453s0.391-0.047 0.547 0.078l6 5.469c0.094 0.094 0.156 0.219 0.156 0.359v0z\"><\/path>\n\t\t\t<\/svg><\/span>\t\t\t\t<\/a>\n\t\t\t<\/p>\n\t\t<\/div><!-- .entry-actions -->\n\t\t<\/footer><!-- .entry-footer -->\t\t<\/div>\n\t<\/article>\n<\/li>\n<li class=\"kb-post-list-item\">\n\t<article class=\"entry content-bg loop-entry post-13015 post type-post status-publish format-standard hentry category-autor-rainer-werning category-philippinen\">\n\t\t\t\t<div class=\"entry-content-wrap\">\n\t\t\t<header class=\"entry-header\">\n\t\t<div class=\"entry-taxonomies\">\n\t\t<span class=\"category-links term-links category-style-normal\">\n\t\t\t<a href=\"https:\/\/dp-freunde.de\/comm\/category\/autor-rainer-werning\/\">Autor Rainer Werning<\/a> | <a href=\"https:\/\/dp-freunde.de\/comm\/category\/autor-rainer-werning\/philippinen\/\">Philippinen<\/a>\t\t<\/span>\n\t<\/div><!-- .entry-taxonomies -->\n\t<h3 class=\"entry-title\"><a href=\"https:\/\/dp-freunde.de\/comm\/2025\/06\/mediashop-at-buch-von-marcos-zu-marcos\/\" rel=\"bookmark\">mediashop.at: Buch &#8222;Von Marcos zu Marcos&#8220;<\/a><\/h3>\t<div class=\"entry-meta entry-meta-divider-dot\">\n\t\t\t\t<span class=\"posted-on\">\n\t\t\t\t<time class=\"entry-date published\" datetime=\"2025-06-10T19:25:21+02:00\">10. Juni 2025<\/time><time class=\"updated\" datetime=\"2025-06-10T19:27:12+02:00\">10. Juni 2025<\/time>\t\t\t<\/span>\n\t\t\t\t<\/div><!-- .entry-meta -->\n\t<\/header><!-- .entry-header -->\n\t<div class=\"entry-summary\">\n\t\t\t<\/div><!-- .entry-summary -->\n\t<footer class=\"entry-footer\">\n\t\t\t<div class=\"entry-actions\">\n\t\t\t<p class=\"more-link-wrap\">\n\t\t\t\t<a href=\"https:\/\/dp-freunde.de\/comm\/2025\/06\/mediashop-at-buch-von-marcos-zu-marcos\/\" class=\"post-more-link\">\n\t\t\t\t\tWeiterlesen<span class=\"screen-reader-text\"> mediashop.at: Buch &#8222;Von Marcos zu Marcos&#8220;<\/span><span class=\"kadence-svg-iconset svg-baseline\"><svg aria-hidden=\"true\" class=\"kadence-svg-icon kadence-arrow-right-alt-svg\" fill=\"currentColor\" version=\"1.1\" xmlns=\"http:\/\/www.w3.org\/2000\/svg\" width=\"27\" height=\"28\" viewBox=\"0 0 27 28\"><title>Fortfahren<\/title><path d=\"M27 13.953c0 0.141-0.063 0.281-0.156 0.375l-6 5.531c-0.156 0.141-0.359 0.172-0.547 0.094-0.172-0.078-0.297-0.25-0.297-0.453v-3.5h-19.5c-0.281 0-0.5-0.219-0.5-0.5v-3c0-0.281 0.219-0.5 0.5-0.5h19.5v-3.5c0-0.203 0.109-0.375 0.297-0.453s0.391-0.047 0.547 0.078l6 5.469c0.094 0.094 0.156 0.219 0.156 0.359v0z\"><\/path>\n\t\t\t<\/svg><\/span>\t\t\t\t<\/a>\n\t\t\t<\/p>\n\t\t<\/div><!-- .entry-actions -->\n\t\t<\/footer><!-- .entry-footer -->\t\t<\/div>\n\t<\/article>\n<\/li>\n<li class=\"kb-post-list-item\">\n\t<article class=\"entry content-bg loop-entry post-12974 post type-post status-publish format-standard hentry category-autor-rainer-werning category-philippinen\">\n\t\t\t\t<div class=\"entry-content-wrap\">\n\t\t\t<header class=\"entry-header\">\n\t\t<div class=\"entry-taxonomies\">\n\t\t<span class=\"category-links term-links category-style-normal\">\n\t\t\t<a href=\"https:\/\/dp-freunde.de\/comm\/category\/autor-rainer-werning\/\">Autor Rainer Werning<\/a> | <a href=\"https:\/\/dp-freunde.de\/comm\/category\/autor-rainer-werning\/philippinen\/\">Philippinen<\/a>\t\t<\/span>\n\t<\/div><!-- .entry-taxonomies -->\n\t<h3 class=\"entry-title\"><a href=\"https:\/\/dp-freunde.de\/comm\/2025\/05\/rote-fahne-rainer-werning-philippinen-ziemlich-vergraulte-feinde\/\" rel=\"bookmark\">Rote Fahne &#8211; Rainer Werning &#8211; Philippinen: Ziemlich vergraulte Feinde<\/a><\/h3>\t<div class=\"entry-meta entry-meta-divider-dot\">\n\t\t\t\t<span class=\"posted-on\">\n\t\t\t\t<time class=\"entry-date published\" datetime=\"2025-05-28T19:59:19+02:00\">28. Mai 2025<\/time><time class=\"updated\" datetime=\"2025-05-28T19:59:20+02:00\">28. Mai 2025<\/time>\t\t\t<\/span>\n\t\t\t\t<\/div><!-- .entry-meta -->\n\t<\/header><!-- .entry-header -->\n\t<div class=\"entry-summary\">\n\t\t<p>https:\/\/www.rf-news.de\/2025\/kw22\/ziemlich-vergraulte-feinde<\/p>\n\t<\/div><!-- .entry-summary -->\n\t<footer class=\"entry-footer\">\n\t\t\t<div class=\"entry-actions\">\n\t\t\t<p class=\"more-link-wrap\">\n\t\t\t\t<a href=\"https:\/\/dp-freunde.de\/comm\/2025\/05\/rote-fahne-rainer-werning-philippinen-ziemlich-vergraulte-feinde\/\" class=\"post-more-link\">\n\t\t\t\t\tWeiterlesen<span class=\"screen-reader-text\"> Rote Fahne &#8211; Rainer Werning &#8211; Philippinen: Ziemlich vergraulte Feinde<\/span><span class=\"kadence-svg-iconset svg-baseline\"><svg aria-hidden=\"true\" class=\"kadence-svg-icon kadence-arrow-right-alt-svg\" fill=\"currentColor\" version=\"1.1\" xmlns=\"http:\/\/www.w3.org\/2000\/svg\" width=\"27\" height=\"28\" viewBox=\"0 0 27 28\"><title>Fortfahren<\/title><path d=\"M27 13.953c0 0.141-0.063 0.281-0.156 0.375l-6 5.531c-0.156 0.141-0.359 0.172-0.547 0.094-0.172-0.078-0.297-0.25-0.297-0.453v-3.5h-19.5c-0.281 0-0.5-0.219-0.5-0.5v-3c0-0.281 0.219-0.5 0.5-0.5h19.5v-3.5c0-0.203 0.109-0.375 0.297-0.453s0.391-0.047 0.547 0.078l6 5.469c0.094 0.094 0.156 0.219 0.156 0.359v0z\"><\/path>\n\t\t\t<\/svg><\/span>\t\t\t\t<\/a>\n\t\t\t<\/p>\n\t\t<\/div><!-- .entry-actions -->\n\t\t<\/footer><!-- .entry-footer -->\t\t<\/div>\n\t<\/article>\n<\/li>\n<li class=\"kb-post-list-item\">\n\t<article class=\"entry content-bg loop-entry post-12969 post type-post status-publish format-standard hentry category-autor-rainer-werning category-philippinen\">\n\t\t\t\t<div class=\"entry-content-wrap\">\n\t\t\t<header class=\"entry-header\">\n\t\t<div class=\"entry-taxonomies\">\n\t\t<span class=\"category-links term-links category-style-normal\">\n\t\t\t<a href=\"https:\/\/dp-freunde.de\/comm\/category\/autor-rainer-werning\/\">Autor Rainer Werning<\/a> | <a href=\"https:\/\/dp-freunde.de\/comm\/category\/autor-rainer-werning\/philippinen\/\">Philippinen<\/a>\t\t<\/span>\n\t<\/div><!-- .entry-taxonomies -->\n\t<h3 class=\"entry-title\"><a href=\"https:\/\/dp-freunde.de\/comm\/2025\/05\/nachdenkseiten-rainer-werning-halbzeitwahlen-in-den-philippinen-balanceakt-auf-der-rasierklinge\/\" rel=\"bookmark\">NachDenkSeiten &#8211; Rainer Werning &#8211; Halbzeitwahlen in den Philippinen: Balanceakt auf der Rasierklinge<\/a><\/h3>\t<div class=\"entry-meta entry-meta-divider-dot\">\n\t\t\t\t<span class=\"posted-on\">\n\t\t\t\t<time class=\"entry-date published\" datetime=\"2025-05-25T17:45:45+02:00\">25. Mai 2025<\/time><time class=\"updated\" datetime=\"2025-05-25T17:49:08+02:00\">25. Mai 2025<\/time>\t\t\t<\/span>\n\t\t\t\t<\/div><!-- .entry-meta -->\n\t<\/header><!-- .entry-header -->\n\t<div class=\"entry-summary\">\n\t\t\t<\/div><!-- .entry-summary -->\n\t<footer class=\"entry-footer\">\n\t\t\t<div class=\"entry-actions\">\n\t\t\t<p class=\"more-link-wrap\">\n\t\t\t\t<a href=\"https:\/\/dp-freunde.de\/comm\/2025\/05\/nachdenkseiten-rainer-werning-halbzeitwahlen-in-den-philippinen-balanceakt-auf-der-rasierklinge\/\" class=\"post-more-link\">\n\t\t\t\t\tWeiterlesen<span class=\"screen-reader-text\"> NachDenkSeiten &#8211; Rainer Werning &#8211; Halbzeitwahlen in den Philippinen: Balanceakt auf der Rasierklinge<\/span><span class=\"kadence-svg-iconset svg-baseline\"><svg aria-hidden=\"true\" class=\"kadence-svg-icon kadence-arrow-right-alt-svg\" fill=\"currentColor\" version=\"1.1\" xmlns=\"http:\/\/www.w3.org\/2000\/svg\" width=\"27\" height=\"28\" viewBox=\"0 0 27 28\"><title>Fortfahren<\/title><path d=\"M27 13.953c0 0.141-0.063 0.281-0.156 0.375l-6 5.531c-0.156 0.141-0.359 0.172-0.547 0.094-0.172-0.078-0.297-0.25-0.297-0.453v-3.5h-19.5c-0.281 0-0.5-0.219-0.5-0.5v-3c0-0.281 0.219-0.5 0.5-0.5h19.5v-3.5c0-0.203 0.109-0.375 0.297-0.453s0.391-0.047 0.547 0.078l6 5.469c0.094 0.094 0.156 0.219 0.156 0.359v0z\"><\/path>\n\t\t\t<\/svg><\/span>\t\t\t\t<\/a>\n\t\t\t<\/p>\n\t\t<\/div><!-- .entry-actions -->\n\t\t<\/footer><!-- .entry-footer -->\t\t<\/div>\n\t<\/article>\n<\/li>\n<li class=\"kb-post-list-item\">\n\t<article class=\"entry content-bg loop-entry post-12966 post type-post status-publish format-standard hentry category-autor-rainer-werning category-philippinen\">\n\t\t\t\t<div class=\"entry-content-wrap\">\n\t\t\t<header class=\"entry-header\">\n\t\t<div class=\"entry-taxonomies\">\n\t\t<span class=\"category-links term-links category-style-normal\">\n\t\t\t<a href=\"https:\/\/dp-freunde.de\/comm\/category\/autor-rainer-werning\/\">Autor Rainer Werning<\/a> | <a href=\"https:\/\/dp-freunde.de\/comm\/category\/autor-rainer-werning\/philippinen\/\">Philippinen<\/a>\t\t<\/span>\n\t<\/div><!-- .entry-taxonomies -->\n\t<h3 class=\"entry-title\"><a href=\"https:\/\/dp-freunde.de\/comm\/2025\/05\/rainer-werning-junge-welt-wahlausgang-in-manila-philippinischer-clanclinch\/\" rel=\"bookmark\">Rainer Werning &#8211; Junge Welt &#8211; Wahlausgang in Manila: Philippinischer Clanclinch<\/a><\/h3>\t<div class=\"entry-meta entry-meta-divider-dot\">\n\t\t\t\t<span class=\"posted-on\">\n\t\t\t\t<time class=\"entry-date published\" datetime=\"2025-05-17T22:30:56+02:00\">17. Mai 2025<\/time><time class=\"updated\" datetime=\"2025-05-23T22:31:54+02:00\">23. Mai 2025<\/time>\t\t\t<\/span>\n\t\t\t\t<\/div><!-- .entry-meta -->\n\t<\/header><!-- .entry-header -->\n\t<div class=\"entry-summary\">\n\t\t<p>https:\/\/www.jungewelt.de\/artikel\/500205.wahlausgang-in-manila-philippinischer-clanclinch.html<\/p>\n\t<\/div><!-- .entry-summary -->\n\t<footer class=\"entry-footer\">\n\t\t\t<div class=\"entry-actions\">\n\t\t\t<p class=\"more-link-wrap\">\n\t\t\t\t<a href=\"https:\/\/dp-freunde.de\/comm\/2025\/05\/rainer-werning-junge-welt-wahlausgang-in-manila-philippinischer-clanclinch\/\" class=\"post-more-link\">\n\t\t\t\t\tWeiterlesen<span class=\"screen-reader-text\"> Rainer Werning &#8211; Junge Welt &#8211; Wahlausgang in Manila: Philippinischer Clanclinch<\/span><span class=\"kadence-svg-iconset svg-baseline\"><svg aria-hidden=\"true\" class=\"kadence-svg-icon kadence-arrow-right-alt-svg\" fill=\"currentColor\" version=\"1.1\" xmlns=\"http:\/\/www.w3.org\/2000\/svg\" width=\"27\" height=\"28\" viewBox=\"0 0 27 28\"><title>Fortfahren<\/title><path d=\"M27 13.953c0 0.141-0.063 0.281-0.156 0.375l-6 5.531c-0.156 0.141-0.359 0.172-0.547 0.094-0.172-0.078-0.297-0.25-0.297-0.453v-3.5h-19.5c-0.281 0-0.5-0.219-0.5-0.5v-3c0-0.281 0.219-0.5 0.5-0.5h19.5v-3.5c0-0.203 0.109-0.375 0.297-0.453s0.391-0.047 0.547 0.078l6 5.469c0.094 0.094 0.156 0.219 0.156 0.359v0z\"><\/path>\n\t\t\t<\/svg><\/span>\t\t\t\t<\/a>\n\t\t\t<\/p>\n\t\t<\/div><!-- .entry-actions -->\n\t\t<\/footer><!-- .entry-footer -->\t\t<\/div>\n\t<\/article>\n<\/li>\n<li class=\"kb-post-list-item\">\n\t<article class=\"entry content-bg loop-entry post-12935 post type-post status-publish format-standard hentry category-autor-rainer-werning category-philippinen\">\n\t\t\t\t<div class=\"entry-content-wrap\">\n\t\t\t<header class=\"entry-header\">\n\t\t<div class=\"entry-taxonomies\">\n\t\t<span class=\"category-links term-links category-style-normal\">\n\t\t\t<a href=\"https:\/\/dp-freunde.de\/comm\/category\/autor-rainer-werning\/\">Autor Rainer Werning<\/a> | <a href=\"https:\/\/dp-freunde.de\/comm\/category\/autor-rainer-werning\/philippinen\/\">Philippinen<\/a>\t\t<\/span>\n\t<\/div><!-- .entry-taxonomies -->\n\t<h3 class=\"entry-title\"><a href=\"https:\/\/dp-freunde.de\/comm\/2025\/05\/nachdenkseiten-rainer-werning-alter-traum-neuer-traum-die-macht-die-den-pazifik-beherrscht-ist-die-macht-die-die-welt-beherrscht\/\" rel=\"bookmark\">NachDenkSeiten &#8211; Rainer Werning &#8211; Alter Traum, neuer Traum: \u201eDie Macht, die den Pazifik beherrscht, ist die Macht, die die Welt beherrscht\u201c<\/a><\/h3>\t<div class=\"entry-meta entry-meta-divider-dot\">\n\t\t\t\t<span class=\"posted-on\">\n\t\t\t\t<time class=\"entry-date published\" datetime=\"2025-05-11T21:39:03+02:00\">11. Mai 2025<\/time><time class=\"updated\" datetime=\"2025-05-11T21:39:40+02:00\">11. Mai 2025<\/time>\t\t\t<\/span>\n\t\t\t\t<\/div><!-- .entry-meta -->\n\t<\/header><!-- .entry-header -->\n\t<div class=\"entry-summary\">\n\t\t\t<\/div><!-- .entry-summary -->\n\t<footer class=\"entry-footer\">\n\t\t\t<div class=\"entry-actions\">\n\t\t\t<p class=\"more-link-wrap\">\n\t\t\t\t<a href=\"https:\/\/dp-freunde.de\/comm\/2025\/05\/nachdenkseiten-rainer-werning-alter-traum-neuer-traum-die-macht-die-den-pazifik-beherrscht-ist-die-macht-die-die-welt-beherrscht\/\" class=\"post-more-link\">\n\t\t\t\t\tWeiterlesen<span class=\"screen-reader-text\"> NachDenkSeiten &#8211; Rainer Werning &#8211; Alter Traum, neuer Traum: \u201eDie Macht, die den Pazifik beherrscht, ist die Macht, die die Welt beherrscht\u201c<\/span><span class=\"kadence-svg-iconset svg-baseline\"><svg aria-hidden=\"true\" class=\"kadence-svg-icon kadence-arrow-right-alt-svg\" fill=\"currentColor\" version=\"1.1\" xmlns=\"http:\/\/www.w3.org\/2000\/svg\" width=\"27\" height=\"28\" viewBox=\"0 0 27 28\"><title>Fortfahren<\/title><path d=\"M27 13.953c0 0.141-0.063 0.281-0.156 0.375l-6 5.531c-0.156 0.141-0.359 0.172-0.547 0.094-0.172-0.078-0.297-0.25-0.297-0.453v-3.5h-19.5c-0.281 0-0.5-0.219-0.5-0.5v-3c0-0.281 0.219-0.5 0.5-0.5h19.5v-3.5c0-0.203 0.109-0.375 0.297-0.453s0.391-0.047 0.547 0.078l6 5.469c0.094 0.094 0.156 0.219 0.156 0.359v0z\"><\/path>\n\t\t\t<\/svg><\/span>\t\t\t\t<\/a>\n\t\t\t<\/p>\n\t\t<\/div><!-- .entry-actions -->\n\t\t<\/footer><!-- .entry-footer -->\t\t<\/div>\n\t<\/article>\n<\/li>\n<li class=\"kb-post-list-item\">\n\t<article class=\"entry content-bg loop-entry post-12933 post type-post status-publish format-standard hentry category-autor-rainer-werning category-philippinen\">\n\t\t\t\t<div class=\"entry-content-wrap\">\n\t\t\t<header class=\"entry-header\">\n\t\t<div class=\"entry-taxonomies\">\n\t\t<span class=\"category-links term-links category-style-normal\">\n\t\t\t<a href=\"https:\/\/dp-freunde.de\/comm\/category\/autor-rainer-werning\/\">Autor Rainer Werning<\/a> | <a href=\"https:\/\/dp-freunde.de\/comm\/category\/autor-rainer-werning\/philippinen\/\">Philippinen<\/a>\t\t<\/span>\n\t<\/div><!-- .entry-taxonomies -->\n\t<h3 class=\"entry-title\"><a href=\"https:\/\/dp-freunde.de\/comm\/2025\/05\/junge-welt-rainer-werning-hauen-und-stechen-in-manila\/\" rel=\"bookmark\">Junge Welt &#8211; Rainer Werning &#8211; Hauen und Stechen in Manila<\/a><\/h3>\t<div class=\"entry-meta entry-meta-divider-dot\">\n\t\t\t\t<span class=\"posted-on\">\n\t\t\t\t<time class=\"entry-date published\" datetime=\"2025-05-10T21:34:23+02:00\">10. Mai 2025<\/time><time class=\"updated\" datetime=\"2025-05-11T21:37:26+02:00\">11. Mai 2025<\/time>\t\t\t<\/span>\n\t\t\t\t<\/div><!-- .entry-meta -->\n\t<\/header><!-- .entry-header -->\n\t<div class=\"entry-summary\">\n\t\t\t<\/div><!-- .entry-summary -->\n\t<footer class=\"entry-footer\">\n\t\t\t<div class=\"entry-actions\">\n\t\t\t<p class=\"more-link-wrap\">\n\t\t\t\t<a href=\"https:\/\/dp-freunde.de\/comm\/2025\/05\/junge-welt-rainer-werning-hauen-und-stechen-in-manila\/\" class=\"post-more-link\">\n\t\t\t\t\tWeiterlesen<span class=\"screen-reader-text\"> Junge Welt &#8211; Rainer Werning &#8211; Hauen und Stechen in Manila<\/span><span class=\"kadence-svg-iconset svg-baseline\"><svg aria-hidden=\"true\" class=\"kadence-svg-icon kadence-arrow-right-alt-svg\" fill=\"currentColor\" version=\"1.1\" xmlns=\"http:\/\/www.w3.org\/2000\/svg\" width=\"27\" height=\"28\" viewBox=\"0 0 27 28\"><title>Fortfahren<\/title><path d=\"M27 13.953c0 0.141-0.063 0.281-0.156 0.375l-6 5.531c-0.156 0.141-0.359 0.172-0.547 0.094-0.172-0.078-0.297-0.25-0.297-0.453v-3.5h-19.5c-0.281 0-0.5-0.219-0.5-0.5v-3c0-0.281 0.219-0.5 0.5-0.5h19.5v-3.5c0-0.203 0.109-0.375 0.297-0.453s0.391-0.047 0.547 0.078l6 5.469c0.094 0.094 0.156 0.219 0.156 0.359v0z\"><\/path>\n\t\t\t<\/svg><\/span>\t\t\t\t<\/a>\n\t\t\t<\/p>\n\t\t<\/div><!-- .entry-actions -->\n\t\t<\/footer><!-- .entry-footer -->\t\t<\/div>\n\t<\/article>\n<\/li>\n<li class=\"kb-post-list-item\">\n\t<article class=\"entry content-bg loop-entry post-12851 post type-post status-publish format-standard hentry category-allgemein\">\n\t\t\t\t<div class=\"entry-content-wrap\">\n\t\t\t<header class=\"entry-header\">\n\t\t<div class=\"entry-taxonomies\">\n\t\t<span class=\"category-links term-links category-style-normal\">\n\t\t\t<a href=\"https:\/\/dp-freunde.de\/comm\/category\/allgemein\/\">Allgemein<\/a>\t\t<\/span>\n\t<\/div><!-- .entry-taxonomies -->\n\t<h3 class=\"entry-title\"><a href=\"https:\/\/dp-freunde.de\/comm\/2025\/04\/grusswort-des-icg-hauptkoordinators-der-international-miners-coordination-imc-miners-conference-zum-cordillera-tag\/\" rel=\"bookmark\">Gru\u00dfwort des ICG Hauptkoordinators der International Miners Coordination (IMC) \/ Miners&#8216; Conference zum Cordillera Tag<\/a><\/h3>\t<div class=\"entry-meta entry-meta-divider-dot\">\n\t\t\t\t<span class=\"posted-on\">\n\t\t\t\t<time class=\"entry-date published\" datetime=\"2025-04-27T21:04:14+02:00\">27. April 2025<\/time><time class=\"updated\" datetime=\"2025-04-27T21:04:15+02:00\">27. April 2025<\/time>\t\t\t<\/span>\n\t\t\t\t<\/div><!-- .entry-meta -->\n\t<\/header><!-- .entry-header -->\n\t<div class=\"entry-summary\">\n\t\t\t<\/div><!-- .entry-summary -->\n\t<footer class=\"entry-footer\">\n\t\t\t<div class=\"entry-actions\">\n\t\t\t<p class=\"more-link-wrap\">\n\t\t\t\t<a href=\"https:\/\/dp-freunde.de\/comm\/2025\/04\/grusswort-des-icg-hauptkoordinators-der-international-miners-coordination-imc-miners-conference-zum-cordillera-tag\/\" class=\"post-more-link\">\n\t\t\t\t\tWeiterlesen<span class=\"screen-reader-text\"> Gru\u00dfwort des ICG Hauptkoordinators der International Miners Coordination (IMC) \/ Miners&#8216; Conference zum Cordillera Tag<\/span><span class=\"kadence-svg-iconset svg-baseline\"><svg aria-hidden=\"true\" class=\"kadence-svg-icon kadence-arrow-right-alt-svg\" fill=\"currentColor\" version=\"1.1\" xmlns=\"http:\/\/www.w3.org\/2000\/svg\" width=\"27\" height=\"28\" viewBox=\"0 0 27 28\"><title>Fortfahren<\/title><path d=\"M27 13.953c0 0.141-0.063 0.281-0.156 0.375l-6 5.531c-0.156 0.141-0.359 0.172-0.547 0.094-0.172-0.078-0.297-0.25-0.297-0.453v-3.5h-19.5c-0.281 0-0.5-0.219-0.5-0.5v-3c0-0.281 0.219-0.5 0.5-0.5h19.5v-3.5c0-0.203 0.109-0.375 0.297-0.453s0.391-0.047 0.547 0.078l6 5.469c0.094 0.094 0.156 0.219 0.156 0.359v0z\"><\/path>\n\t\t\t<\/svg><\/span>\t\t\t\t<\/a>\n\t\t\t<\/p>\n\t\t<\/div><!-- .entry-actions -->\n\t\t<\/footer><!-- .entry-footer -->\t\t<\/div>\n\t<\/article>\n<\/li>\n<li class=\"kb-post-list-item\">\n\t<article class=\"entry content-bg loop-entry post-12843 post type-post status-publish format-standard hentry category-autor-rainer-werning category-philippinen\">\n\t\t\t\t<div class=\"entry-content-wrap\">\n\t\t\t<header class=\"entry-header\">\n\t\t<div class=\"entry-taxonomies\">\n\t\t<span class=\"category-links term-links category-style-normal\">\n\t\t\t<a href=\"https:\/\/dp-freunde.de\/comm\/category\/autor-rainer-werning\/\">Autor Rainer Werning<\/a> | <a href=\"https:\/\/dp-freunde.de\/comm\/category\/autor-rainer-werning\/philippinen\/\">Philippinen<\/a>\t\t<\/span>\n\t<\/div><!-- .entry-taxonomies -->\n\t<h3 class=\"entry-title\"><a href=\"https:\/\/dp-freunde.de\/comm\/2025\/04\/junge-welt-rainer-werning-philippinen-kriegsspiele-werden-groesser\/\" rel=\"bookmark\">Junge Welt &#8211; Rainer Werning &#8211; Philippinen: Kriegsspiele werden gr\u00f6\u00dfer<\/a><\/h3>\t<div class=\"entry-meta entry-meta-divider-dot\">\n\t\t\t\t<span class=\"posted-on\">\n\t\t\t\t<time class=\"entry-date published\" datetime=\"2025-04-25T23:38:12+02:00\">25. April 2025<\/time><time class=\"updated\" datetime=\"2025-04-25T23:38:14+02:00\">25. April 2025<\/time>\t\t\t<\/span>\n\t\t\t\t<\/div><!-- .entry-meta -->\n\t<\/header><!-- .entry-header -->\n\t<div class=\"entry-summary\">\n\t\t<p>https:\/\/www.jungewelt.de\/artikel\/498833.philippinen-kriegsspiele-werden-gr%C3%B6%C3%9Fer.html<\/p>\n\t<\/div><!-- .entry-summary -->\n\t<footer class=\"entry-footer\">\n\t\t\t<div class=\"entry-actions\">\n\t\t\t<p class=\"more-link-wrap\">\n\t\t\t\t<a href=\"https:\/\/dp-freunde.de\/comm\/2025\/04\/junge-welt-rainer-werning-philippinen-kriegsspiele-werden-groesser\/\" class=\"post-more-link\">\n\t\t\t\t\tWeiterlesen<span class=\"screen-reader-text\"> Junge Welt &#8211; Rainer Werning &#8211; Philippinen: Kriegsspiele werden gr\u00f6\u00dfer<\/span><span class=\"kadence-svg-iconset svg-baseline\"><svg aria-hidden=\"true\" class=\"kadence-svg-icon kadence-arrow-right-alt-svg\" fill=\"currentColor\" version=\"1.1\" xmlns=\"http:\/\/www.w3.org\/2000\/svg\" width=\"27\" height=\"28\" viewBox=\"0 0 27 28\"><title>Fortfahren<\/title><path d=\"M27 13.953c0 0.141-0.063 0.281-0.156 0.375l-6 5.531c-0.156 0.141-0.359 0.172-0.547 0.094-0.172-0.078-0.297-0.25-0.297-0.453v-3.5h-19.5c-0.281 0-0.5-0.219-0.5-0.5v-3c0-0.281 0.219-0.5 0.5-0.5h19.5v-3.5c0-0.203 0.109-0.375 0.297-0.453s0.391-0.047 0.547 0.078l6 5.469c0.094 0.094 0.156 0.219 0.156 0.359v0z\"><\/path>\n\t\t\t<\/svg><\/span>\t\t\t\t<\/a>\n\t\t\t<\/p>\n\t\t<\/div><!-- .entry-actions -->\n\t\t<\/footer><!-- .entry-footer -->\t\t<\/div>\n\t<\/article>\n<\/li>\n<li class=\"kb-post-list-item\">\n\t<article class=\"entry content-bg loop-entry post-12187 post type-post status-publish format-standard hentry category-allgemein\">\n\t\t\t\t<div class=\"entry-content-wrap\">\n\t\t\t<header class=\"entry-header\">\n\t\t<div class=\"entry-taxonomies\">\n\t\t<span class=\"category-links term-links category-style-normal\">\n\t\t\t<a href=\"https:\/\/dp-freunde.de\/comm\/category\/allgemein\/\">Allgemein<\/a>\t\t<\/span>\n\t<\/div><!-- .entry-taxonomies -->\n\t<h3 class=\"entry-title\"><a href=\"https:\/\/dp-freunde.de\/comm\/2025\/03\/bulatlat-com-on-womens-day-nexperia-workers-prove-the-power-of-strike\/\" rel=\"bookmark\">bulatlat.com: On Women\u2019s Day, Nexperia workers prove the power of strike<\/a><\/h3>\t<div class=\"entry-meta entry-meta-divider-dot\">\n\t\t\t\t<span class=\"posted-on\">\n\t\t\t\t<time class=\"entry-date published\" datetime=\"2025-03-10T21:35:00+01:00\">10. M\u00e4rz 2025<\/time><time class=\"updated\" datetime=\"2025-04-10T21:44:16+02:00\">10. April 2025<\/time>\t\t\t<\/span>\n\t\t\t\t<\/div><!-- .entry-meta -->\n\t<\/header><!-- .entry-header -->\n\t<div class=\"entry-summary\">\n\t\t<p>https:\/\/www.bulatlat.com\/2025\/03\/10\/on-womens-day-nexperia-workers-prove-the-power-of-strike<\/p>\n\t<\/div><!-- .entry-summary -->\n\t<footer class=\"entry-footer\">\n\t\t\t<div class=\"entry-actions\">\n\t\t\t<p class=\"more-link-wrap\">\n\t\t\t\t<a href=\"https:\/\/dp-freunde.de\/comm\/2025\/03\/bulatlat-com-on-womens-day-nexperia-workers-prove-the-power-of-strike\/\" class=\"post-more-link\">\n\t\t\t\t\tWeiterlesen<span class=\"screen-reader-text\"> bulatlat.com: On Women\u2019s Day, Nexperia workers prove the power of strike<\/span><span class=\"kadence-svg-iconset svg-baseline\"><svg aria-hidden=\"true\" class=\"kadence-svg-icon kadence-arrow-right-alt-svg\" fill=\"currentColor\" version=\"1.1\" xmlns=\"http:\/\/www.w3.org\/2000\/svg\" width=\"27\" height=\"28\" viewBox=\"0 0 27 28\"><title>Fortfahren<\/title><path d=\"M27 13.953c0 0.141-0.063 0.281-0.156 0.375l-6 5.531c-0.156 0.141-0.359 0.172-0.547 0.094-0.172-0.078-0.297-0.25-0.297-0.453v-3.5h-19.5c-0.281 0-0.5-0.219-0.5-0.5v-3c0-0.281 0.219-0.5 0.5-0.5h19.5v-3.5c0-0.203 0.109-0.375 0.297-0.453s0.391-0.047 0.547 0.078l6 5.469c0.094 0.094 0.156 0.219 0.156 0.359v0z\"><\/path>\n\t\t\t<\/svg><\/span>\t\t\t\t<\/a>\n\t\t\t<\/p>\n\t\t<\/div><!-- .entry-actions -->\n\t\t<\/footer><!-- .entry-footer -->\t\t<\/div>\n\t<\/article>\n<\/li>\n<li class=\"kb-post-list-item\">\n\t<article class=\"entry content-bg loop-entry post-12100 post type-post status-publish format-standard hentry category-autor-rainer-werning category-philippinen\">\n\t\t\t\t<div class=\"entry-content-wrap\">\n\t\t\t<header class=\"entry-header\">\n\t\t<div class=\"entry-taxonomies\">\n\t\t<span class=\"category-links term-links category-style-normal\">\n\t\t\t<a href=\"https:\/\/dp-freunde.de\/comm\/category\/autor-rainer-werning\/\">Autor Rainer Werning<\/a> | <a href=\"https:\/\/dp-freunde.de\/comm\/category\/autor-rainer-werning\/philippinen\/\">Philippinen<\/a>\t\t<\/span>\n\t<\/div><!-- .entry-taxonomies -->\n\t<h3 class=\"entry-title\"><a href=\"https:\/\/dp-freunde.de\/comm\/2025\/03\/nachdenkseiten-rainer-werning-abenddaemmerung-in-den-haag-oder-mister-dutertes-wahlkampf-aus-der-gefaengniszelle\/\" rel=\"bookmark\">NachDenkSeiten &#8211; Rainer Werning &#8211; Abendd\u00e4mmerung in Den Haag oder Mister Dutertes Wahlkampf aus der Gef\u00e4ngniszelle<\/a><\/h3>\t<div class=\"entry-meta entry-meta-divider-dot\">\n\t\t\t\t<span class=\"posted-on\">\n\t\t\t\t<time class=\"entry-date published\" datetime=\"2025-03-23T03:15:06+01:00\">23. M\u00e4rz 2025<\/time><time class=\"updated\" datetime=\"2025-03-24T03:16:01+01:00\">24. M\u00e4rz 2025<\/time>\t\t\t<\/span>\n\t\t\t\t<\/div><!-- .entry-meta -->\n\t<\/header><!-- .entry-header -->\n\t<div class=\"entry-summary\">\n\t\t\t<\/div><!-- .entry-summary -->\n\t<footer class=\"entry-footer\">\n\t\t\t<div class=\"entry-actions\">\n\t\t\t<p class=\"more-link-wrap\">\n\t\t\t\t<a href=\"https:\/\/dp-freunde.de\/comm\/2025\/03\/nachdenkseiten-rainer-werning-abenddaemmerung-in-den-haag-oder-mister-dutertes-wahlkampf-aus-der-gefaengniszelle\/\" class=\"post-more-link\">\n\t\t\t\t\tWeiterlesen<span class=\"screen-reader-text\"> NachDenkSeiten &#8211; Rainer Werning &#8211; Abendd\u00e4mmerung in Den Haag oder Mister Dutertes Wahlkampf aus der Gef\u00e4ngniszelle<\/span><span class=\"kadence-svg-iconset svg-baseline\"><svg aria-hidden=\"true\" class=\"kadence-svg-icon kadence-arrow-right-alt-svg\" fill=\"currentColor\" version=\"1.1\" xmlns=\"http:\/\/www.w3.org\/2000\/svg\" width=\"27\" height=\"28\" viewBox=\"0 0 27 28\"><title>Fortfahren<\/title><path d=\"M27 13.953c0 0.141-0.063 0.281-0.156 0.375l-6 5.531c-0.156 0.141-0.359 0.172-0.547 0.094-0.172-0.078-0.297-0.25-0.297-0.453v-3.5h-19.5c-0.281 0-0.5-0.219-0.5-0.5v-3c0-0.281 0.219-0.5 0.5-0.5h19.5v-3.5c0-0.203 0.109-0.375 0.297-0.453s0.391-0.047 0.547 0.078l6 5.469c0.094 0.094 0.156 0.219 0.156 0.359v0z\"><\/path>\n\t\t\t<\/svg><\/span>\t\t\t\t<\/a>\n\t\t\t<\/p>\n\t\t<\/div><!-- .entry-actions -->\n\t\t<\/footer><!-- .entry-footer -->\t\t<\/div>\n\t<\/article>\n<\/li>\n<li class=\"kb-post-list-item\">\n\t<article class=\"entry content-bg loop-entry post-12088 post type-post status-publish format-standard hentry category-autor-rainer-werning category-philippinen\">\n\t\t\t\t<div class=\"entry-content-wrap\">\n\t\t\t<header class=\"entry-header\">\n\t\t<div class=\"entry-taxonomies\">\n\t\t<span class=\"category-links term-links category-style-normal\">\n\t\t\t<a href=\"https:\/\/dp-freunde.de\/comm\/category\/autor-rainer-werning\/\">Autor Rainer Werning<\/a> | <a href=\"https:\/\/dp-freunde.de\/comm\/category\/autor-rainer-werning\/philippinen\/\">Philippinen<\/a>\t\t<\/span>\n\t<\/div><!-- .entry-taxonomies -->\n\t<h3 class=\"entry-title\"><a href=\"https:\/\/dp-freunde.de\/comm\/2025\/03\/junge-welt-rainer-werning-philippinen-duterte-in-den-haag-expraesident-an-den-internationalen-strafgerichtshof-in-den-haag-ueberfuehrt\/\" rel=\"bookmark\">Junge Welt &#8211; Rainer Werning &#8211; Philippinen: Duterte in Den Haag &#8211; Expr\u00e4sident an den Internationalen Strafgerichtshof in Den Haag \u00fcberf\u00fchrt<\/a><\/h3>\t<div class=\"entry-meta entry-meta-divider-dot\">\n\t\t\t\t<span class=\"posted-on\">\n\t\t\t\t<time class=\"entry-date published\" datetime=\"2025-03-18T12:43:50+01:00\">18. M\u00e4rz 2025<\/time><time class=\"updated\" datetime=\"2025-03-18T12:43:52+01:00\">18. M\u00e4rz 2025<\/time>\t\t\t<\/span>\n\t\t\t\t<\/div><!-- .entry-meta -->\n\t<\/header><!-- .entry-header -->\n\t<div class=\"entry-summary\">\n\t\t<p>https:\/\/www.jungewelt.de\/artikel\/496010.philippinen-duterte-in-den-haag.html<\/p>\n\t<\/div><!-- .entry-summary -->\n\t<footer class=\"entry-footer\">\n\t\t\t<div class=\"entry-actions\">\n\t\t\t<p class=\"more-link-wrap\">\n\t\t\t\t<a href=\"https:\/\/dp-freunde.de\/comm\/2025\/03\/junge-welt-rainer-werning-philippinen-duterte-in-den-haag-expraesident-an-den-internationalen-strafgerichtshof-in-den-haag-ueberfuehrt\/\" class=\"post-more-link\">\n\t\t\t\t\tWeiterlesen<span class=\"screen-reader-text\"> Junge Welt &#8211; Rainer Werning &#8211; Philippinen: Duterte in Den Haag &#8211; Expr\u00e4sident an den Internationalen Strafgerichtshof in Den Haag \u00fcberf\u00fchrt<\/span><span class=\"kadence-svg-iconset svg-baseline\"><svg aria-hidden=\"true\" class=\"kadence-svg-icon kadence-arrow-right-alt-svg\" fill=\"currentColor\" version=\"1.1\" xmlns=\"http:\/\/www.w3.org\/2000\/svg\" width=\"27\" height=\"28\" viewBox=\"0 0 27 28\"><title>Fortfahren<\/title><path d=\"M27 13.953c0 0.141-0.063 0.281-0.156 0.375l-6 5.531c-0.156 0.141-0.359 0.172-0.547 0.094-0.172-0.078-0.297-0.25-0.297-0.453v-3.5h-19.5c-0.281 0-0.5-0.219-0.5-0.5v-3c0-0.281 0.219-0.5 0.5-0.5h19.5v-3.5c0-0.203 0.109-0.375 0.297-0.453s0.391-0.047 0.547 0.078l6 5.469c0.094 0.094 0.156 0.219 0.156 0.359v0z\"><\/path>\n\t\t\t<\/svg><\/span>\t\t\t\t<\/a>\n\t\t\t<\/p>\n\t\t<\/div><!-- .entry-actions -->\n\t\t<\/footer><!-- .entry-footer -->\t\t<\/div>\n\t<\/article>\n<\/li>\n<li class=\"kb-post-list-item\">\n\t<article class=\"entry content-bg loop-entry post-10021 post type-post status-publish format-standard hentry category-allgemein\">\n\t\t\t\t<div class=\"entry-content-wrap\">\n\t\t\t<header class=\"entry-header\">\n\t\t<div class=\"entry-taxonomies\">\n\t\t<span class=\"category-links term-links category-style-normal\">\n\t\t\t<a href=\"https:\/\/dp-freunde.de\/comm\/category\/allgemein\/\">Allgemein<\/a>\t\t<\/span>\n\t<\/div><!-- .entry-taxonomies -->\n\t<h3 class=\"entry-title\"><a href=\"https:\/\/dp-freunde.de\/comm\/2025\/01\/ichrps-2024-highlights-growing-the-solidarity-movement-for-a-just-and-lasting-peace-in-the-philippines\/\" rel=\"bookmark\">ICHRP\u2019s 2024 Highlights \u2013 Growing the solidarity movement for a just and lasting peace in the Philippines<\/a><\/h3>\t<div class=\"entry-meta entry-meta-divider-dot\">\n\t\t\t\t<span class=\"posted-on\">\n\t\t\t\t<time class=\"entry-date published\" datetime=\"2025-01-08T19:28:42+01:00\">8. Januar 2025<\/time><time class=\"updated\" datetime=\"2025-01-08T19:29:53+01:00\">8. Januar 2025<\/time>\t\t\t<\/span>\n\t\t\t\t<\/div><!-- .entry-meta -->\n\t<\/header><!-- .entry-header -->\n\t<div class=\"entry-summary\">\n\t\t<p>Die Deutsch-Philippinischen Freunde sind Mitglied bei ICHRP Europe: https:\/\/ichrp.net\/ichrps-2024-highlights-growing-the-solidarity-movement-for-a-just-and-lasting-peace-in-the-philippines\/?cmid=46a43223-bb44-43b8-994f-8a09b42c6182<\/p>\n\t<\/div><!-- .entry-summary -->\n\t<footer class=\"entry-footer\">\n\t\t\t<div class=\"entry-actions\">\n\t\t\t<p class=\"more-link-wrap\">\n\t\t\t\t<a href=\"https:\/\/dp-freunde.de\/comm\/2025\/01\/ichrps-2024-highlights-growing-the-solidarity-movement-for-a-just-and-lasting-peace-in-the-philippines\/\" class=\"post-more-link\">\n\t\t\t\t\tWeiterlesen<span class=\"screen-reader-text\"> ICHRP\u2019s 2024 Highlights \u2013 Growing the solidarity movement for a just and lasting peace in the Philippines<\/span><span class=\"kadence-svg-iconset svg-baseline\"><svg aria-hidden=\"true\" class=\"kadence-svg-icon kadence-arrow-right-alt-svg\" fill=\"currentColor\" version=\"1.1\" xmlns=\"http:\/\/www.w3.org\/2000\/svg\" width=\"27\" height=\"28\" viewBox=\"0 0 27 28\"><title>Fortfahren<\/title><path d=\"M27 13.953c0 0.141-0.063 0.281-0.156 0.375l-6 5.531c-0.156 0.141-0.359 0.172-0.547 0.094-0.172-0.078-0.297-0.25-0.297-0.453v-3.5h-19.5c-0.281 0-0.5-0.219-0.5-0.5v-3c0-0.281 0.219-0.5 0.5-0.5h19.5v-3.5c0-0.203 0.109-0.375 0.297-0.453s0.391-0.047 0.547 0.078l6 5.469c0.094 0.094 0.156 0.219 0.156 0.359v0z\"><\/path>\n\t\t\t<\/svg><\/span>\t\t\t\t<\/a>\n\t\t\t<\/p>\n\t\t<\/div><!-- .entry-actions -->\n\t\t<\/footer><!-- .entry-footer -->\t\t<\/div>\n\t<\/article>\n<\/li>\n<li class=\"kb-post-list-item\">\n\t<article class=\"entry content-bg loop-entry post-10012 post type-post status-publish format-standard hentry category-autor-rainer-werning category-philippinen\">\n\t\t\t\t<div class=\"entry-content-wrap\">\n\t\t\t<header class=\"entry-header\">\n\t\t<div class=\"entry-taxonomies\">\n\t\t<span class=\"category-links term-links category-style-normal\">\n\t\t\t<a href=\"https:\/\/dp-freunde.de\/comm\/category\/autor-rainer-werning\/\">Autor Rainer Werning<\/a> | <a href=\"https:\/\/dp-freunde.de\/comm\/category\/autor-rainer-werning\/philippinen\/\">Philippinen<\/a>\t\t<\/span>\n\t<\/div><!-- .entry-taxonomies -->\n\t<h3 class=\"entry-title\"><a href=\"https:\/\/dp-freunde.de\/comm\/2024\/12\/rainer-werning-dispatch-from-within-the-belly-of-the-beast-interview-with-filipino-scholar-e-san-juan-jr\/\" rel=\"bookmark\">Rainer Werning &#8211; Dispatch  from within the \u201cBelly of the Beast\u201d: Interview with Filipino Scholar E.San Juan, Jr.<\/a><\/h3>\t<div class=\"entry-meta entry-meta-divider-dot\">\n\t\t\t\t<span class=\"posted-on\">\n\t\t\t\t<time class=\"entry-date published\" datetime=\"2024-12-26T14:09:25+01:00\">26. Dezember 2024<\/time><time class=\"updated\" datetime=\"2024-12-31T14:12:17+01:00\">31. Dezember 2024<\/time>\t\t\t<\/span>\n\t\t\t\t<\/div><!-- .entry-meta -->\n\t<\/header><!-- .entry-header -->\n\t<div class=\"entry-summary\">\n\t\t<p>https:\/\/ojs.library.ubc.ca\/index.php\/clogic\/article\/view\/200250\/193292<\/p>\n\t<\/div><!-- .entry-summary -->\n\t<footer class=\"entry-footer\">\n\t\t\t<div class=\"entry-actions\">\n\t\t\t<p class=\"more-link-wrap\">\n\t\t\t\t<a href=\"https:\/\/dp-freunde.de\/comm\/2024\/12\/rainer-werning-dispatch-from-within-the-belly-of-the-beast-interview-with-filipino-scholar-e-san-juan-jr\/\" class=\"post-more-link\">\n\t\t\t\t\tWeiterlesen<span class=\"screen-reader-text\"> Rainer Werning &#8211; Dispatch  from within the \u201cBelly of the Beast\u201d: Interview with Filipino Scholar E.San Juan, Jr.<\/span><span class=\"kadence-svg-iconset svg-baseline\"><svg aria-hidden=\"true\" class=\"kadence-svg-icon kadence-arrow-right-alt-svg\" fill=\"currentColor\" version=\"1.1\" xmlns=\"http:\/\/www.w3.org\/2000\/svg\" width=\"27\" height=\"28\" viewBox=\"0 0 27 28\"><title>Fortfahren<\/title><path d=\"M27 13.953c0 0.141-0.063 0.281-0.156 0.375l-6 5.531c-0.156 0.141-0.359 0.172-0.547 0.094-0.172-0.078-0.297-0.25-0.297-0.453v-3.5h-19.5c-0.281 0-0.5-0.219-0.5-0.5v-3c0-0.281 0.219-0.5 0.5-0.5h19.5v-3.5c0-0.203 0.109-0.375 0.297-0.453s0.391-0.047 0.547 0.078l6 5.469c0.094 0.094 0.156 0.219 0.156 0.359v0z\"><\/path>\n\t\t\t<\/svg><\/span>\t\t\t\t<\/a>\n\t\t\t<\/p>\n\t\t<\/div><!-- .entry-actions -->\n\t\t<\/footer><!-- .entry-footer -->\t\t<\/div>\n\t<\/article>\n<\/li>\n<li class=\"kb-post-list-item\">\n\t<article class=\"entry content-bg loop-entry post-10010 post type-post status-publish format-standard hentry category-autor-rainer-werning category-philippinen\">\n\t\t\t\t<div class=\"entry-content-wrap\">\n\t\t\t<header class=\"entry-header\">\n\t\t<div class=\"entry-taxonomies\">\n\t\t<span class=\"category-links term-links category-style-normal\">\n\t\t\t<a href=\"https:\/\/dp-freunde.de\/comm\/category\/autor-rainer-werning\/\">Autor Rainer Werning<\/a> | <a href=\"https:\/\/dp-freunde.de\/comm\/category\/autor-rainer-werning\/philippinen\/\">Philippinen<\/a>\t\t<\/span>\n\t<\/div><!-- .entry-taxonomies -->\n\t<h3 class=\"entry-title\"><a href=\"https:\/\/dp-freunde.de\/comm\/2024\/12\/junge-welt-rainer-werning-jahresrueckblick-philippinen-machtkaempfe-und-vasallentreue\/\" rel=\"bookmark\">Junge Welt &#8211; Rainer Werning &#8211; Jahresr\u00fcckblick Philippinen: Machtk\u00e4mpfe und Vasallentreue<\/a><\/h3>\t<div class=\"entry-meta entry-meta-divider-dot\">\n\t\t\t\t<span class=\"posted-on\">\n\t\t\t\t<time class=\"entry-date published\" datetime=\"2024-12-31T14:08:19+01:00\">31. Dezember 2024<\/time><time class=\"updated\" datetime=\"2024-12-31T14:08:22+01:00\">31. Dezember 2024<\/time>\t\t\t<\/span>\n\t\t\t\t<\/div><!-- .entry-meta -->\n\t<\/header><!-- .entry-header -->\n\t<div class=\"entry-summary\">\n\t\t<p>https:\/\/www.jungewelt.de\/artikel\/490849.jahresr%C3%BCckblick-philippinen-machtk%C3%A4mpfe-und-vasallentreue.html<\/p>\n\t<\/div><!-- .entry-summary -->\n\t<footer class=\"entry-footer\">\n\t\t\t<div class=\"entry-actions\">\n\t\t\t<p class=\"more-link-wrap\">\n\t\t\t\t<a href=\"https:\/\/dp-freunde.de\/comm\/2024\/12\/junge-welt-rainer-werning-jahresrueckblick-philippinen-machtkaempfe-und-vasallentreue\/\" class=\"post-more-link\">\n\t\t\t\t\tWeiterlesen<span class=\"screen-reader-text\"> Junge Welt &#8211; Rainer Werning &#8211; Jahresr\u00fcckblick Philippinen: Machtk\u00e4mpfe und Vasallentreue<\/span><span class=\"kadence-svg-iconset svg-baseline\"><svg aria-hidden=\"true\" class=\"kadence-svg-icon kadence-arrow-right-alt-svg\" fill=\"currentColor\" version=\"1.1\" xmlns=\"http:\/\/www.w3.org\/2000\/svg\" width=\"27\" height=\"28\" viewBox=\"0 0 27 28\"><title>Fortfahren<\/title><path d=\"M27 13.953c0 0.141-0.063 0.281-0.156 0.375l-6 5.531c-0.156 0.141-0.359 0.172-0.547 0.094-0.172-0.078-0.297-0.25-0.297-0.453v-3.5h-19.5c-0.281 0-0.5-0.219-0.5-0.5v-3c0-0.281 0.219-0.5 0.5-0.5h19.5v-3.5c0-0.203 0.109-0.375 0.297-0.453s0.391-0.047 0.547 0.078l6 5.469c0.094 0.094 0.156 0.219 0.156 0.359v0z\"><\/path>\n\t\t\t<\/svg><\/span>\t\t\t\t<\/a>\n\t\t\t<\/p>\n\t\t<\/div><!-- .entry-actions -->\n\t\t<\/footer><!-- .entry-footer -->\t\t<\/div>\n\t<\/article>\n<\/li>\n<li class=\"kb-post-list-item\">\n\t<article class=\"entry content-bg loop-entry post-9995 post type-post status-publish format-standard hentry category-allgemein\">\n\t\t\t\t<div class=\"entry-content-wrap\">\n\t\t\t<header class=\"entry-header\">\n\t\t<div class=\"entry-taxonomies\">\n\t\t<span class=\"category-links term-links category-style-normal\">\n\t\t\t<a href=\"https:\/\/dp-freunde.de\/comm\/category\/allgemein\/\">Allgemein<\/a>\t\t<\/span>\n\t<\/div><!-- .entry-taxonomies -->\n\t<h3 class=\"entry-title\"><a href=\"https:\/\/dp-freunde.de\/comm\/2024\/12\/der-neue-dpf-rundbrief-ist-da-dez-2024\/\" rel=\"bookmark\">Der neue DPF-Rundbrief ist da: Dez 2024<\/a><\/h3>\t<div class=\"entry-meta entry-meta-divider-dot\">\n\t\t\t\t<span class=\"posted-on\">\n\t\t\t\t<time class=\"entry-date published\" datetime=\"2024-12-09T17:09:19+01:00\">9. Dezember 2024<\/time><time class=\"updated\" datetime=\"2024-12-09T17:09:21+01:00\">9. Dezember 2024<\/time>\t\t\t<\/span>\n\t\t\t\t<\/div><!-- .entry-meta -->\n\t<\/header><!-- .entry-header -->\n\t<div class=\"entry-summary\">\n\t\t\t<\/div><!-- .entry-summary -->\n\t<footer class=\"entry-footer\">\n\t\t\t<div class=\"entry-actions\">\n\t\t\t<p class=\"more-link-wrap\">\n\t\t\t\t<a href=\"https:\/\/dp-freunde.de\/comm\/2024\/12\/der-neue-dpf-rundbrief-ist-da-dez-2024\/\" class=\"post-more-link\">\n\t\t\t\t\tWeiterlesen<span class=\"screen-reader-text\"> Der neue DPF-Rundbrief ist da: Dez 2024<\/span><span class=\"kadence-svg-iconset svg-baseline\"><svg aria-hidden=\"true\" class=\"kadence-svg-icon kadence-arrow-right-alt-svg\" fill=\"currentColor\" version=\"1.1\" xmlns=\"http:\/\/www.w3.org\/2000\/svg\" width=\"27\" height=\"28\" viewBox=\"0 0 27 28\"><title>Fortfahren<\/title><path d=\"M27 13.953c0 0.141-0.063 0.281-0.156 0.375l-6 5.531c-0.156 0.141-0.359 0.172-0.547 0.094-0.172-0.078-0.297-0.25-0.297-0.453v-3.5h-19.5c-0.281 0-0.5-0.219-0.5-0.5v-3c0-0.281 0.219-0.5 0.5-0.5h19.5v-3.5c0-0.203 0.109-0.375 0.297-0.453s0.391-0.047 0.547 0.078l6 5.469c0.094 0.094 0.156 0.219 0.156 0.359v0z\"><\/path>\n\t\t\t<\/svg><\/span>\t\t\t\t<\/a>\n\t\t\t<\/p>\n\t\t<\/div><!-- .entry-actions -->\n\t\t<\/footer><!-- .entry-footer -->\t\t<\/div>\n\t<\/article>\n<\/li>\n<li class=\"kb-post-list-item\">\n\t<article class=\"entry content-bg loop-entry post-9991 post type-post status-publish format-standard hentry category-autor-rainer-werning category-philippinen\">\n\t\t\t\t<div class=\"entry-content-wrap\">\n\t\t\t<header class=\"entry-header\">\n\t\t<div class=\"entry-taxonomies\">\n\t\t<span class=\"category-links term-links category-style-normal\">\n\t\t\t<a href=\"https:\/\/dp-freunde.de\/comm\/category\/autor-rainer-werning\/\">Autor Rainer Werning<\/a> | <a href=\"https:\/\/dp-freunde.de\/comm\/category\/autor-rainer-werning\/philippinen\/\">Philippinen<\/a>\t\t<\/span>\n\t<\/div><!-- .entry-taxonomies -->\n\t<h3 class=\"entry-title\"><a href=\"https:\/\/dp-freunde.de\/comm\/2024\/12\/junge-welt-rainer-werning-philippinen-dynastische-fehden\/\" rel=\"bookmark\">Junge Welt &#8211; Rainer Werning &#8211; Philippinen: Dynastische Fehden<\/a><\/h3>\t<div class=\"entry-meta entry-meta-divider-dot\">\n\t\t\t\t<span class=\"posted-on\">\n\t\t\t\t<time class=\"entry-date published\" datetime=\"2024-12-06T23:11:49+01:00\">6. Dezember 2024<\/time><time class=\"updated\" datetime=\"2024-12-06T23:11:52+01:00\">6. Dezember 2024<\/time>\t\t\t<\/span>\n\t\t\t\t<\/div><!-- .entry-meta -->\n\t<\/header><!-- .entry-header -->\n\t<div class=\"entry-summary\">\n\t\t\t<\/div><!-- .entry-summary -->\n\t<footer class=\"entry-footer\">\n\t\t\t<div class=\"entry-actions\">\n\t\t\t<p class=\"more-link-wrap\">\n\t\t\t\t<a href=\"https:\/\/dp-freunde.de\/comm\/2024\/12\/junge-welt-rainer-werning-philippinen-dynastische-fehden\/\" class=\"post-more-link\">\n\t\t\t\t\tWeiterlesen<span class=\"screen-reader-text\"> Junge Welt &#8211; Rainer Werning &#8211; Philippinen: Dynastische Fehden<\/span><span class=\"kadence-svg-iconset svg-baseline\"><svg aria-hidden=\"true\" class=\"kadence-svg-icon kadence-arrow-right-alt-svg\" fill=\"currentColor\" version=\"1.1\" xmlns=\"http:\/\/www.w3.org\/2000\/svg\" width=\"27\" height=\"28\" viewBox=\"0 0 27 28\"><title>Fortfahren<\/title><path d=\"M27 13.953c0 0.141-0.063 0.281-0.156 0.375l-6 5.531c-0.156 0.141-0.359 0.172-0.547 0.094-0.172-0.078-0.297-0.25-0.297-0.453v-3.5h-19.5c-0.281 0-0.5-0.219-0.5-0.5v-3c0-0.281 0.219-0.5 0.5-0.5h19.5v-3.5c0-0.203 0.109-0.375 0.297-0.453s0.391-0.047 0.547 0.078l6 5.469c0.094 0.094 0.156 0.219 0.156 0.359v0z\"><\/path>\n\t\t\t<\/svg><\/span>\t\t\t\t<\/a>\n\t\t\t<\/p>\n\t\t<\/div><!-- .entry-actions -->\n\t\t<\/footer><!-- .entry-footer -->\t\t<\/div>\n\t<\/article>\n<\/li>\n<li class=\"kb-post-list-item\">\n\t<article class=\"entry content-bg loop-entry post-9987 post type-post status-publish format-standard hentry category-allgemein\">\n\t\t\t\t<div class=\"entry-content-wrap\">\n\t\t\t<header class=\"entry-header\">\n\t\t<div class=\"entry-taxonomies\">\n\t\t<span class=\"category-links term-links category-style-normal\">\n\t\t\t<a href=\"https:\/\/dp-freunde.de\/comm\/category\/allgemein\/\">Allgemein<\/a>\t\t<\/span>\n\t<\/div><!-- .entry-taxonomies -->\n\t<h3 class=\"entry-title\"><a href=\"https:\/\/dp-freunde.de\/comm\/2024\/11\/adventsgruesse-der-deutsch-philippinischen-freunde\/\" rel=\"bookmark\">Adventsgr\u00fc\u00dfe der Deutsch Philippinischen Freunde<\/a><\/h3>\t<div class=\"entry-meta entry-meta-divider-dot\">\n\t\t\t\t<span class=\"posted-on\">\n\t\t\t\t<time class=\"entry-date published\" datetime=\"2024-11-25T19:34:04+01:00\">25. November 2024<\/time><time class=\"updated\" datetime=\"2024-11-25T19:34:07+01:00\">25. November 2024<\/time>\t\t\t<\/span>\n\t\t\t\t<\/div><!-- .entry-meta -->\n\t<\/header><!-- .entry-header -->\n\t<div class=\"entry-summary\">\n\t\t\t<\/div><!-- .entry-summary -->\n\t<footer class=\"entry-footer\">\n\t\t\t<div class=\"entry-actions\">\n\t\t\t<p class=\"more-link-wrap\">\n\t\t\t\t<a href=\"https:\/\/dp-freunde.de\/comm\/2024\/11\/adventsgruesse-der-deutsch-philippinischen-freunde\/\" class=\"post-more-link\">\n\t\t\t\t\tWeiterlesen<span class=\"screen-reader-text\"> Adventsgr\u00fc\u00dfe der Deutsch Philippinischen Freunde<\/span><span class=\"kadence-svg-iconset svg-baseline\"><svg aria-hidden=\"true\" class=\"kadence-svg-icon kadence-arrow-right-alt-svg\" fill=\"currentColor\" version=\"1.1\" xmlns=\"http:\/\/www.w3.org\/2000\/svg\" width=\"27\" height=\"28\" viewBox=\"0 0 27 28\"><title>Fortfahren<\/title><path d=\"M27 13.953c0 0.141-0.063 0.281-0.156 0.375l-6 5.531c-0.156 0.141-0.359 0.172-0.547 0.094-0.172-0.078-0.297-0.25-0.297-0.453v-3.5h-19.5c-0.281 0-0.5-0.219-0.5-0.5v-3c0-0.281 0.219-0.5 0.5-0.5h19.5v-3.5c0-0.203 0.109-0.375 0.297-0.453s0.391-0.047 0.547 0.078l6 5.469c0.094 0.094 0.156 0.219 0.156 0.359v0z\"><\/path>\n\t\t\t<\/svg><\/span>\t\t\t\t<\/a>\n\t\t\t<\/p>\n\t\t<\/div><!-- .entry-actions -->\n\t\t<\/footer><!-- .entry-footer -->\t\t<\/div>\n\t<\/article>\n<\/li>\n<li class=\"kb-post-list-item\">\n\t<article class=\"entry content-bg loop-entry post-9985 post type-post status-publish format-standard hentry category-autor-rainer-werning category-philippinen\">\n\t\t\t\t<div class=\"entry-content-wrap\">\n\t\t\t<header class=\"entry-header\">\n\t\t<div class=\"entry-taxonomies\">\n\t\t<span class=\"category-links term-links category-style-normal\">\n\t\t\t<a href=\"https:\/\/dp-freunde.de\/comm\/category\/autor-rainer-werning\/\">Autor Rainer Werning<\/a> | <a href=\"https:\/\/dp-freunde.de\/comm\/category\/autor-rainer-werning\/philippinen\/\">Philippinen<\/a>\t\t<\/span>\n\t<\/div><!-- .entry-taxonomies -->\n\t<h3 class=\"entry-title\"><a href=\"https:\/\/dp-freunde.de\/comm\/2024\/11\/nachdenkseiten-rainer-werning-beklemmendes-kongressspektakel-in-manila\/\" rel=\"bookmark\">NachDenkSeiten &#8211; Rainer Werning &#8211; Beklemmendes Kongressspektakel in Manila<\/a><\/h3>\t<div class=\"entry-meta entry-meta-divider-dot\">\n\t\t\t\t<span class=\"posted-on\">\n\t\t\t\t<time class=\"entry-date published\" datetime=\"2024-11-24T19:30:53+01:00\">24. November 2024<\/time><time class=\"updated\" datetime=\"2024-11-25T19:31:38+01:00\">25. November 2024<\/time>\t\t\t<\/span>\n\t\t\t\t<\/div><!-- .entry-meta -->\n\t<\/header><!-- .entry-header -->\n\t<div class=\"entry-summary\">\n\t\t\t<\/div><!-- .entry-summary -->\n\t<footer class=\"entry-footer\">\n\t\t\t<div class=\"entry-actions\">\n\t\t\t<p class=\"more-link-wrap\">\n\t\t\t\t<a href=\"https:\/\/dp-freunde.de\/comm\/2024\/11\/nachdenkseiten-rainer-werning-beklemmendes-kongressspektakel-in-manila\/\" class=\"post-more-link\">\n\t\t\t\t\tWeiterlesen<span class=\"screen-reader-text\"> NachDenkSeiten &#8211; Rainer Werning &#8211; Beklemmendes Kongressspektakel in Manila<\/span><span class=\"kadence-svg-iconset svg-baseline\"><svg aria-hidden=\"true\" class=\"kadence-svg-icon kadence-arrow-right-alt-svg\" fill=\"currentColor\" version=\"1.1\" xmlns=\"http:\/\/www.w3.org\/2000\/svg\" width=\"27\" height=\"28\" viewBox=\"0 0 27 28\"><title>Fortfahren<\/title><path d=\"M27 13.953c0 0.141-0.063 0.281-0.156 0.375l-6 5.531c-0.156 0.141-0.359 0.172-0.547 0.094-0.172-0.078-0.297-0.25-0.297-0.453v-3.5h-19.5c-0.281 0-0.5-0.219-0.5-0.5v-3c0-0.281 0.219-0.5 0.5-0.5h19.5v-3.5c0-0.203 0.109-0.375 0.297-0.453s0.391-0.047 0.547 0.078l6 5.469c0.094 0.094 0.156 0.219 0.156 0.359v0z\"><\/path>\n\t\t\t<\/svg><\/span>\t\t\t\t<\/a>\n\t\t\t<\/p>\n\t\t<\/div><!-- .entry-actions -->\n\t\t<\/footer><!-- .entry-footer -->\t\t<\/div>\n\t<\/article>\n<\/li>\n<li class=\"kb-post-list-item\">\n\t<article class=\"entry content-bg loop-entry post-9975 post type-post status-publish format-standard hentry category-allgemein\">\n\t\t\t\t<div class=\"entry-content-wrap\">\n\t\t\t<header class=\"entry-header\">\n\t\t<div class=\"entry-taxonomies\">\n\t\t<span class=\"category-links term-links category-style-normal\">\n\t\t\t<a href=\"https:\/\/dp-freunde.de\/comm\/category\/allgemein\/\">Allgemein<\/a>\t\t<\/span>\n\t<\/div><!-- .entry-taxonomies -->\n\t<h3 class=\"entry-title\"><a href=\"https:\/\/dp-freunde.de\/comm\/2024\/12\/guten-rutsch-wuenschen-die-dpf\/\" rel=\"bookmark\">Guten Rutsch w\u00fcnschen die DPF<\/a><\/h3>\t<div class=\"entry-meta entry-meta-divider-dot\">\n\t\t\t\t<span class=\"posted-on\">\n\t\t\t\t<time class=\"entry-date published\" datetime=\"2024-12-26T07:42:00+01:00\">26. Dezember 2024<\/time><time class=\"updated\" datetime=\"2024-11-24T07:58:24+01:00\">24. November 2024<\/time>\t\t\t<\/span>\n\t\t\t\t<\/div><!-- .entry-meta -->\n\t<\/header><!-- .entry-header -->\n\t<div class=\"entry-summary\">\n\t\t\t<\/div><!-- .entry-summary -->\n\t<footer class=\"entry-footer\">\n\t\t\t<div class=\"entry-actions\">\n\t\t\t<p class=\"more-link-wrap\">\n\t\t\t\t<a href=\"https:\/\/dp-freunde.de\/comm\/2024\/12\/guten-rutsch-wuenschen-die-dpf\/\" class=\"post-more-link\">\n\t\t\t\t\tWeiterlesen<span class=\"screen-reader-text\"> Guten Rutsch w\u00fcnschen die DPF<\/span><span class=\"kadence-svg-iconset svg-baseline\"><svg aria-hidden=\"true\" class=\"kadence-svg-icon kadence-arrow-right-alt-svg\" fill=\"currentColor\" version=\"1.1\" xmlns=\"http:\/\/www.w3.org\/2000\/svg\" width=\"27\" height=\"28\" viewBox=\"0 0 27 28\"><title>Fortfahren<\/title><path d=\"M27 13.953c0 0.141-0.063 0.281-0.156 0.375l-6 5.531c-0.156 0.141-0.359 0.172-0.547 0.094-0.172-0.078-0.297-0.25-0.297-0.453v-3.5h-19.5c-0.281 0-0.5-0.219-0.5-0.5v-3c0-0.281 0.219-0.5 0.5-0.5h19.5v-3.5c0-0.203 0.109-0.375 0.297-0.453s0.391-0.047 0.547 0.078l6 5.469c0.094 0.094 0.156 0.219 0.156 0.359v0z\"><\/path>\n\t\t\t<\/svg><\/span>\t\t\t\t<\/a>\n\t\t\t<\/p>\n\t\t<\/div><!-- .entry-actions -->\n\t\t<\/footer><!-- .entry-footer -->\t\t<\/div>\n\t<\/article>\n<\/li>\n<li class=\"kb-post-list-item\">\n\t<article class=\"entry content-bg loop-entry post-9966 post type-post status-publish format-standard hentry category-allgemein\">\n\t\t\t\t<div class=\"entry-content-wrap\">\n\t\t\t<header class=\"entry-header\">\n\t\t<div class=\"entry-taxonomies\">\n\t\t<span class=\"category-links term-links category-style-normal\">\n\t\t\t<a href=\"https:\/\/dp-freunde.de\/comm\/category\/allgemein\/\">Allgemein<\/a>\t\t<\/span>\n\t<\/div><!-- .entry-taxonomies -->\n\t<h3 class=\"entry-title\"><a href=\"https:\/\/dp-freunde.de\/comm\/2024\/11\/umweltaktionstag-2024-philippinen\/\" rel=\"bookmark\">Umweltaktionstag 2024: Philippinen &#8211; Verfolgte Umweltk\u00e4mpfer<\/a><\/h3>\t<div class=\"entry-meta entry-meta-divider-dot\">\n\t\t\t\t<span class=\"posted-on\">\n\t\t\t\t<time class=\"entry-date published\" datetime=\"2024-11-16T00:36:25+01:00\">16. November 2024<\/time><time class=\"updated\" datetime=\"2024-11-23T00:40:01+01:00\">23. November 2024<\/time>\t\t\t<\/span>\n\t\t\t\t<\/div><!-- .entry-meta -->\n\t<\/header><!-- .entry-header -->\n\t<div class=\"entry-summary\">\n\t\t<p>Korrespondenz aus D\u00fcsseldorf Wir gedenken und ehren Menschen, die weltweit in ihrem Kampf f\u00fcr bessere Umwelt- und Lebensbedingungen unterdr\u00fcckt und auch get\u00f6tet werden. Heute ehren wir stellvertretend: &hellip;<\/p>\n<p class=\"read-more\"> <a class=\"more-link\" href=\"https:\/\/dp-freunde.de\/comm\/2024\/11\/umweltaktionstag-2024-philippinen\/\"> <span class=\"screen-reader-text\">Umweltaktionstag 2024: Philippinen &#8211; Verfolgte Umweltk\u00e4mpfer<\/span> Weiterlesen &raquo;<\/a><\/p>\n\t<\/div><!-- .entry-summary -->\n\t<footer class=\"entry-footer\">\n\t\t\t<div class=\"entry-actions\">\n\t\t\t<p class=\"more-link-wrap\">\n\t\t\t\t<a href=\"https:\/\/dp-freunde.de\/comm\/2024\/11\/umweltaktionstag-2024-philippinen\/\" class=\"post-more-link\">\n\t\t\t\t\tWeiterlesen<span class=\"screen-reader-text\"> Umweltaktionstag 2024: Philippinen &#8211; Verfolgte Umweltk\u00e4mpfer<\/span><span class=\"kadence-svg-iconset svg-baseline\"><svg aria-hidden=\"true\" class=\"kadence-svg-icon kadence-arrow-right-alt-svg\" fill=\"currentColor\" version=\"1.1\" xmlns=\"http:\/\/www.w3.org\/2000\/svg\" width=\"27\" height=\"28\" viewBox=\"0 0 27 28\"><title>Fortfahren<\/title><path d=\"M27 13.953c0 0.141-0.063 0.281-0.156 0.375l-6 5.531c-0.156 0.141-0.359 0.172-0.547 0.094-0.172-0.078-0.297-0.25-0.297-0.453v-3.5h-19.5c-0.281 0-0.5-0.219-0.5-0.5v-3c0-0.281 0.219-0.5 0.5-0.5h19.5v-3.5c0-0.203 0.109-0.375 0.297-0.453s0.391-0.047 0.547 0.078l6 5.469c0.094 0.094 0.156 0.219 0.156 0.359v0z\"><\/path>\n\t\t\t<\/svg><\/span>\t\t\t\t<\/a>\n\t\t\t<\/p>\n\t\t<\/div><!-- .entry-actions -->\n\t\t<\/footer><!-- .entry-footer -->\t\t<\/div>\n\t<\/article>\n<\/li>\n<li class=\"kb-post-list-item\">\n\t<article class=\"entry content-bg loop-entry post-9961 post type-post status-publish format-standard hentry category-autor-rainer-werning category-philippinen\">\n\t\t\t\t<div class=\"entry-content-wrap\">\n\t\t\t<header class=\"entry-header\">\n\t\t<div class=\"entry-taxonomies\">\n\t\t<span class=\"category-links term-links category-style-normal\">\n\t\t\t<a href=\"https:\/\/dp-freunde.de\/comm\/category\/autor-rainer-werning\/\">Autor Rainer Werning<\/a> | <a href=\"https:\/\/dp-freunde.de\/comm\/category\/autor-rainer-werning\/philippinen\/\">Philippinen<\/a>\t\t<\/span>\n\t<\/div><!-- .entry-taxonomies -->\n\t<h3 class=\"entry-title\"><a href=\"https:\/\/dp-freunde.de\/comm\/2024\/10\/nachdenkseiten-rainer-werning-im-taumel-eines-rosenkriegs-possen-raenke-und-kabalen-in-manila\/\" rel=\"bookmark\">NachDenkSeiten &#8211; Rainer Werning &#8211; Im Taumel eines Rosenkriegs: Possen, R\u00e4nke und Kabalen in Manila<\/a><\/h3>\t<div class=\"entry-meta entry-meta-divider-dot\">\n\t\t\t\t<span class=\"posted-on\">\n\t\t\t\t<time class=\"entry-date published\" datetime=\"2024-10-27T20:11:13+01:00\">27. Oktober 2024<\/time><time class=\"updated\" datetime=\"2024-10-29T20:13:30+01:00\">29. Oktober 2024<\/time>\t\t\t<\/span>\n\t\t\t\t<\/div><!-- .entry-meta -->\n\t<\/header><!-- .entry-header -->\n\t<div class=\"entry-summary\">\n\t\t\t<\/div><!-- .entry-summary -->\n\t<footer class=\"entry-footer\">\n\t\t\t<div class=\"entry-actions\">\n\t\t\t<p class=\"more-link-wrap\">\n\t\t\t\t<a href=\"https:\/\/dp-freunde.de\/comm\/2024\/10\/nachdenkseiten-rainer-werning-im-taumel-eines-rosenkriegs-possen-raenke-und-kabalen-in-manila\/\" class=\"post-more-link\">\n\t\t\t\t\tWeiterlesen<span class=\"screen-reader-text\"> NachDenkSeiten &#8211; Rainer Werning &#8211; Im Taumel eines Rosenkriegs: Possen, R\u00e4nke und Kabalen in Manila<\/span><span class=\"kadence-svg-iconset svg-baseline\"><svg aria-hidden=\"true\" class=\"kadence-svg-icon kadence-arrow-right-alt-svg\" fill=\"currentColor\" version=\"1.1\" xmlns=\"http:\/\/www.w3.org\/2000\/svg\" width=\"27\" height=\"28\" viewBox=\"0 0 27 28\"><title>Fortfahren<\/title><path d=\"M27 13.953c0 0.141-0.063 0.281-0.156 0.375l-6 5.531c-0.156 0.141-0.359 0.172-0.547 0.094-0.172-0.078-0.297-0.25-0.297-0.453v-3.5h-19.5c-0.281 0-0.5-0.219-0.5-0.5v-3c0-0.281 0.219-0.5 0.5-0.5h19.5v-3.5c0-0.203 0.109-0.375 0.297-0.453s0.391-0.047 0.547 0.078l6 5.469c0.094 0.094 0.156 0.219 0.156 0.359v0z\"><\/path>\n\t\t\t<\/svg><\/span>\t\t\t\t<\/a>\n\t\t\t<\/p>\n\t\t<\/div><!-- .entry-actions -->\n\t\t<\/footer><!-- .entry-footer -->\t\t<\/div>\n\t<\/article>\n<\/li>\n<li class=\"kb-post-list-item\">\n\t<article class=\"entry content-bg loop-entry post-9956 post type-post status-publish format-standard hentry category-autor-rainer-werning category-philippinen\">\n\t\t\t\t<div class=\"entry-content-wrap\">\n\t\t\t<header class=\"entry-header\">\n\t\t<div class=\"entry-taxonomies\">\n\t\t<span class=\"category-links term-links category-style-normal\">\n\t\t\t<a href=\"https:\/\/dp-freunde.de\/comm\/category\/autor-rainer-werning\/\">Autor Rainer Werning<\/a> | <a href=\"https:\/\/dp-freunde.de\/comm\/category\/autor-rainer-werning\/philippinen\/\">Philippinen<\/a>\t\t<\/span>\n\t<\/div><!-- .entry-taxonomies -->\n\t<h3 class=\"entry-title\"><a href=\"https:\/\/dp-freunde.de\/comm\/2024\/09\/nachdenkseiten-rainer-werning-auf-allen-weltmeeren-zu-hause\/\" rel=\"bookmark\">NachDenkSeiten &#8211; Rainer Werning &#8211; Auf allen Weltmeeren zu Hause<\/a><\/h3>\t<div class=\"entry-meta entry-meta-divider-dot\">\n\t\t\t\t<span class=\"posted-on\">\n\t\t\t\t<time class=\"entry-date published\" datetime=\"2024-09-28T23:12:27+02:00\">28. September 2024<\/time><time class=\"updated\" datetime=\"2024-09-28T23:12:30+02:00\">28. September 2024<\/time>\t\t\t<\/span>\n\t\t\t\t<\/div><!-- .entry-meta -->\n\t<\/header><!-- .entry-header -->\n\t<div class=\"entry-summary\">\n\t\t\t<\/div><!-- .entry-summary -->\n\t<footer class=\"entry-footer\">\n\t\t\t<div class=\"entry-actions\">\n\t\t\t<p class=\"more-link-wrap\">\n\t\t\t\t<a href=\"https:\/\/dp-freunde.de\/comm\/2024\/09\/nachdenkseiten-rainer-werning-auf-allen-weltmeeren-zu-hause\/\" class=\"post-more-link\">\n\t\t\t\t\tWeiterlesen<span class=\"screen-reader-text\"> NachDenkSeiten &#8211; Rainer Werning &#8211; Auf allen Weltmeeren zu Hause<\/span><span class=\"kadence-svg-iconset svg-baseline\"><svg aria-hidden=\"true\" class=\"kadence-svg-icon kadence-arrow-right-alt-svg\" fill=\"currentColor\" version=\"1.1\" xmlns=\"http:\/\/www.w3.org\/2000\/svg\" width=\"27\" height=\"28\" viewBox=\"0 0 27 28\"><title>Fortfahren<\/title><path d=\"M27 13.953c0 0.141-0.063 0.281-0.156 0.375l-6 5.531c-0.156 0.141-0.359 0.172-0.547 0.094-0.172-0.078-0.297-0.25-0.297-0.453v-3.5h-19.5c-0.281 0-0.5-0.219-0.5-0.5v-3c0-0.281 0.219-0.5 0.5-0.5h19.5v-3.5c0-0.203 0.109-0.375 0.297-0.453s0.391-0.047 0.547 0.078l6 5.469c0.094 0.094 0.156 0.219 0.156 0.359v0z\"><\/path>\n\t\t\t<\/svg><\/span>\t\t\t\t<\/a>\n\t\t\t<\/p>\n\t\t<\/div><!-- .entry-actions -->\n\t\t<\/footer><!-- .entry-footer -->\t\t<\/div>\n\t<\/article>\n<\/li>\n<li class=\"kb-post-list-item\">\n\t<article class=\"entry content-bg loop-entry post-9954 post type-post status-publish format-standard hentry category-autor-rainer-werning category-philippinen\">\n\t\t\t\t<div class=\"entry-content-wrap\">\n\t\t\t<header class=\"entry-header\">\n\t\t<div class=\"entry-taxonomies\">\n\t\t<span class=\"category-links term-links category-style-normal\">\n\t\t\t<a href=\"https:\/\/dp-freunde.de\/comm\/category\/autor-rainer-werning\/\">Autor Rainer Werning<\/a> | <a href=\"https:\/\/dp-freunde.de\/comm\/category\/autor-rainer-werning\/philippinen\/\">Philippinen<\/a>\t\t<\/span>\n\t<\/div><!-- .entry-taxonomies -->\n\t<h3 class=\"entry-title\"><a href=\"https:\/\/dp-freunde.de\/comm\/2024\/09\/junge-welt-rainer-werning-stimmen-fuer-frieden-werden-lauter\/\" rel=\"bookmark\">Junge Welt &#8211; Rainer Werning &#8211; Stimmen f\u00fcr Frieden werden lauter<\/a><\/h3>\t<div class=\"entry-meta entry-meta-divider-dot\">\n\t\t\t\t<span class=\"posted-on\">\n\t\t\t\t<time class=\"entry-date published\" datetime=\"2024-09-21T23:09:27+02:00\">21. September 2024<\/time><time class=\"updated\" datetime=\"2024-09-28T23:10:33+02:00\">28. September 2024<\/time>\t\t\t<\/span>\n\t\t\t\t<\/div><!-- .entry-meta -->\n\t<\/header><!-- .entry-header -->\n\t<div class=\"entry-summary\">\n\t\t<p>https:\/\/www.jungewelt.de\/artikel\/484209.philippinen-stimmen-f%C3%BCr-frieden-werden-lauter.html<\/p>\n\t<\/div><!-- .entry-summary -->\n\t<footer class=\"entry-footer\">\n\t\t\t<div class=\"entry-actions\">\n\t\t\t<p class=\"more-link-wrap\">\n\t\t\t\t<a href=\"https:\/\/dp-freunde.de\/comm\/2024\/09\/junge-welt-rainer-werning-stimmen-fuer-frieden-werden-lauter\/\" class=\"post-more-link\">\n\t\t\t\t\tWeiterlesen<span class=\"screen-reader-text\"> Junge Welt &#8211; Rainer Werning &#8211; Stimmen f\u00fcr Frieden werden lauter<\/span><span class=\"kadence-svg-iconset svg-baseline\"><svg aria-hidden=\"true\" class=\"kadence-svg-icon kadence-arrow-right-alt-svg\" fill=\"currentColor\" version=\"1.1\" xmlns=\"http:\/\/www.w3.org\/2000\/svg\" width=\"27\" height=\"28\" viewBox=\"0 0 27 28\"><title>Fortfahren<\/title><path d=\"M27 13.953c0 0.141-0.063 0.281-0.156 0.375l-6 5.531c-0.156 0.141-0.359 0.172-0.547 0.094-0.172-0.078-0.297-0.25-0.297-0.453v-3.5h-19.5c-0.281 0-0.5-0.219-0.5-0.5v-3c0-0.281 0.219-0.5 0.5-0.5h19.5v-3.5c0-0.203 0.109-0.375 0.297-0.453s0.391-0.047 0.547 0.078l6 5.469c0.094 0.094 0.156 0.219 0.156 0.359v0z\"><\/path>\n\t\t\t<\/svg><\/span>\t\t\t\t<\/a>\n\t\t\t<\/p>\n\t\t<\/div><!-- .entry-actions -->\n\t\t<\/footer><!-- .entry-footer -->\t\t<\/div>\n\t<\/article>\n<\/li>\n<li class=\"kb-post-list-item\">\n\t<article class=\"entry content-bg loop-entry post-9942 post type-post status-publish format-standard hentry category-allgemein\">\n\t\t\t\t<div class=\"entry-content-wrap\">\n\t\t\t<header class=\"entry-header\">\n\t\t<div class=\"entry-taxonomies\">\n\t\t<span class=\"category-links term-links category-style-normal\">\n\t\t\t<a href=\"https:\/\/dp-freunde.de\/comm\/category\/allgemein\/\">Allgemein<\/a>\t\t<\/span>\n\t<\/div><!-- .entry-taxonomies -->\n\t<h3 class=\"entry-title\"><a href=\"https:\/\/dp-freunde.de\/comm\/2024\/08\/karapatan-prangert-ntf-elcacs-schikanen-gegen-maza-und-progressive-kandidaten-vor-den-wahlen-an\/\" rel=\"bookmark\">KARAPATAN prangert NTF-ELCACs* Schikanen gegen Maza und progressive Kandidaten vor den Wahlen an<\/a><\/h3>\t<div class=\"entry-meta entry-meta-divider-dot\">\n\t\t\t\t<span class=\"posted-on\">\n\t\t\t\t<time class=\"entry-date published\" datetime=\"2024-08-22T21:24:53+02:00\">22. August 2024<\/time><time class=\"updated\" datetime=\"2024-08-22T21:24:55+02:00\">22. August 2024<\/time>\t\t\t<\/span>\n\t\t\t\t<\/div><!-- .entry-meta -->\n\t<\/header><!-- .entry-header -->\n\t<div class=\"entry-summary\">\n\t\t<p>Karapatan prangerte die Versuche der National Task Force to End Local Communist Armed Conflict (NTF-ELCAC) an, die mit der philippinischen Nationalpolizei unter einer Decke steckt, um die &hellip;<\/p>\n<p class=\"read-more\"> <a class=\"more-link\" href=\"https:\/\/dp-freunde.de\/comm\/2024\/08\/karapatan-prangert-ntf-elcacs-schikanen-gegen-maza-und-progressive-kandidaten-vor-den-wahlen-an\/\"> <span class=\"screen-reader-text\">KARAPATAN prangert NTF-ELCACs* Schikanen gegen Maza und progressive Kandidaten vor den Wahlen an<\/span> Weiterlesen &raquo;<\/a><\/p>\n\t<\/div><!-- .entry-summary -->\n\t<footer class=\"entry-footer\">\n\t\t\t<div class=\"entry-actions\">\n\t\t\t<p class=\"more-link-wrap\">\n\t\t\t\t<a href=\"https:\/\/dp-freunde.de\/comm\/2024\/08\/karapatan-prangert-ntf-elcacs-schikanen-gegen-maza-und-progressive-kandidaten-vor-den-wahlen-an\/\" class=\"post-more-link\">\n\t\t\t\t\tWeiterlesen<span class=\"screen-reader-text\"> KARAPATAN prangert NTF-ELCACs* Schikanen gegen Maza und progressive Kandidaten vor den Wahlen an<\/span><span class=\"kadence-svg-iconset svg-baseline\"><svg aria-hidden=\"true\" class=\"kadence-svg-icon kadence-arrow-right-alt-svg\" fill=\"currentColor\" version=\"1.1\" xmlns=\"http:\/\/www.w3.org\/2000\/svg\" width=\"27\" height=\"28\" viewBox=\"0 0 27 28\"><title>Fortfahren<\/title><path d=\"M27 13.953c0 0.141-0.063 0.281-0.156 0.375l-6 5.531c-0.156 0.141-0.359 0.172-0.547 0.094-0.172-0.078-0.297-0.25-0.297-0.453v-3.5h-19.5c-0.281 0-0.5-0.219-0.5-0.5v-3c0-0.281 0.219-0.5 0.5-0.5h19.5v-3.5c0-0.203 0.109-0.375 0.297-0.453s0.391-0.047 0.547 0.078l6 5.469c0.094 0.094 0.156 0.219 0.156 0.359v0z\"><\/path>\n\t\t\t<\/svg><\/span>\t\t\t\t<\/a>\n\t\t\t<\/p>\n\t\t<\/div><!-- .entry-actions -->\n\t\t<\/footer><!-- .entry-footer -->\t\t<\/div>\n\t<\/article>\n<\/li>\n<li class=\"kb-post-list-item\">\n\t<article class=\"entry content-bg loop-entry post-9935 post type-post status-publish format-standard has-post-thumbnail hentry category-allgemein\">\n\t\t\t\t<a aria-hidden=\"true\" tabindex=\"-1\" role=\"presentation\" class=\"post-thumbnail kadence-thumbnail-ratio-2-3\" href=\"https:\/\/dp-freunde.de\/comm\/2024\/08\/solidaritaets-erklaerung-mit-den-arbeiteraktivisten-ed-cubelo-und-rodrigo-esparago\/\" aria-label=\"Solidarit\u00e4ts-Erkl\u00e4rung mit den Arbeiteraktivisten Ed Cubelo und Rodrigo Esparago\">\n\t\t\t<div class=\"post-thumbnail-inner\">\n\t\t\t\t<img loading=\"lazy\" decoding=\"async\" width=\"605\" height=\"605\" src=\"https:\/\/dp-freunde.de\/comm\/wp-content\/uploads\/2024\/08\/Bild_KMU-768x768.png\" class=\"attachment-medium_large size-medium_large wp-post-image\" alt=\"Solidarit\u00e4ts-Erkl\u00e4rung mit den Arbeiteraktivisten Ed Cubelo und Rodrigo Esparago\" srcset=\"https:\/\/dp-freunde.de\/comm\/wp-content\/uploads\/2024\/08\/Bild_KMU-768x768.png 768w, https:\/\/dp-freunde.de\/comm\/wp-content\/uploads\/2024\/08\/Bild_KMU-300x300.png 300w, https:\/\/dp-freunde.de\/comm\/wp-content\/uploads\/2024\/08\/Bild_KMU-1024x1024.png 1024w, https:\/\/dp-freunde.de\/comm\/wp-content\/uploads\/2024\/08\/Bild_KMU-150x150.png 150w, https:\/\/dp-freunde.de\/comm\/wp-content\/uploads\/2024\/08\/Bild_KMU-1536x1536.png 1536w, https:\/\/dp-freunde.de\/comm\/wp-content\/uploads\/2024\/08\/Bild_KMU-2048x2048.png 2048w, https:\/\/dp-freunde.de\/comm\/wp-content\/uploads\/2024\/08\/Bild_KMU-100x100.png 100w, https:\/\/dp-freunde.de\/comm\/wp-content\/uploads\/2024\/08\/Bild_KMU-200x200.png 200w, https:\/\/dp-freunde.de\/comm\/wp-content\/uploads\/2024\/08\/Bild_KMU-450x450.png 450w, https:\/\/dp-freunde.de\/comm\/wp-content\/uploads\/2024\/08\/Bild_KMU-600x600.png 600w, https:\/\/dp-freunde.de\/comm\/wp-content\/uploads\/2024\/08\/Bild_KMU-900x900.png 900w, https:\/\/dp-freunde.de\/comm\/wp-content\/uploads\/2024\/08\/Bild_KMU-1320x1320.png 1320w\" sizes=\"auto, (max-width: 605px) 100vw, 605px\" \/>\t\t\t<\/div>\n\t\t<\/a><!-- .post-thumbnail -->\n\t\t\t\t<div class=\"entry-content-wrap\">\n\t\t\t<header class=\"entry-header\">\n\t\t<div class=\"entry-taxonomies\">\n\t\t<span class=\"category-links term-links category-style-normal\">\n\t\t\t<a href=\"https:\/\/dp-freunde.de\/comm\/category\/allgemein\/\">Allgemein<\/a>\t\t<\/span>\n\t<\/div><!-- .entry-taxonomies -->\n\t<h3 class=\"entry-title\"><a href=\"https:\/\/dp-freunde.de\/comm\/2024\/08\/solidaritaets-erklaerung-mit-den-arbeiteraktivisten-ed-cubelo-und-rodrigo-esparago\/\" rel=\"bookmark\">Solidarit\u00e4ts-Erkl\u00e4rung mit den Arbeiteraktivisten Ed Cubelo und Rodrigo Esparago<\/a><\/h3>\t<div class=\"entry-meta entry-meta-divider-dot\">\n\t\t\t\t<span class=\"posted-on\">\n\t\t\t\t<time class=\"entry-date published\" datetime=\"2024-08-01T19:58:02+02:00\">1. August 2024<\/time><time class=\"updated\" datetime=\"2024-08-11T20:03:43+02:00\">11. August 2024<\/time>\t\t\t<\/span>\n\t\t\t\t<\/div><!-- .entry-meta -->\n\t<\/header><!-- .entry-header -->\n\t<div class=\"entry-summary\">\n\t\t<p>Deutsch-Philippinische Freunde e.V. D\u00fcsseldorf, 1. August 2024 Solidarit\u00e4ts-Erkl\u00e4rung mit den Arbeiteraktivisten Ed Cubelo und Rodrigo Esparago Liebe Freunde bei der KMU, der KMU\/NCR, Arbeiterschule Crispin Beltran und &hellip;<\/p>\n<p class=\"read-more\"> <a class=\"more-link\" href=\"https:\/\/dp-freunde.de\/comm\/2024\/08\/solidaritaets-erklaerung-mit-den-arbeiteraktivisten-ed-cubelo-und-rodrigo-esparago\/\"> <span class=\"screen-reader-text\">Solidarit\u00e4ts-Erkl\u00e4rung mit den Arbeiteraktivisten Ed Cubelo und Rodrigo Esparago<\/span> Weiterlesen &raquo;<\/a><\/p>\n\t<\/div><!-- .entry-summary -->\n\t<footer class=\"entry-footer\">\n\t\t\t<div class=\"entry-actions\">\n\t\t\t<p class=\"more-link-wrap\">\n\t\t\t\t<a href=\"https:\/\/dp-freunde.de\/comm\/2024\/08\/solidaritaets-erklaerung-mit-den-arbeiteraktivisten-ed-cubelo-und-rodrigo-esparago\/\" class=\"post-more-link\">\n\t\t\t\t\tWeiterlesen<span class=\"screen-reader-text\"> Solidarit\u00e4ts-Erkl\u00e4rung mit den Arbeiteraktivisten Ed Cubelo und Rodrigo Esparago<\/span><span class=\"kadence-svg-iconset svg-baseline\"><svg aria-hidden=\"true\" class=\"kadence-svg-icon kadence-arrow-right-alt-svg\" fill=\"currentColor\" version=\"1.1\" xmlns=\"http:\/\/www.w3.org\/2000\/svg\" width=\"27\" height=\"28\" viewBox=\"0 0 27 28\"><title>Fortfahren<\/title><path d=\"M27 13.953c0 0.141-0.063 0.281-0.156 0.375l-6 5.531c-0.156 0.141-0.359 0.172-0.547 0.094-0.172-0.078-0.297-0.25-0.297-0.453v-3.5h-19.5c-0.281 0-0.5-0.219-0.5-0.5v-3c0-0.281 0.219-0.5 0.5-0.5h19.5v-3.5c0-0.203 0.109-0.375 0.297-0.453s0.391-0.047 0.547 0.078l6 5.469c0.094 0.094 0.156 0.219 0.156 0.359v0z\"><\/path>\n\t\t\t<\/svg><\/span>\t\t\t\t<\/a>\n\t\t\t<\/p>\n\t\t<\/div><!-- .entry-actions -->\n\t\t<\/footer><!-- .entry-footer -->\t\t<\/div>\n\t<\/article>\n<\/li>\n<li class=\"kb-post-list-item\">\n\t<article class=\"entry content-bg loop-entry post-9932 post type-post status-publish format-standard hentry category-allgemein\">\n\t\t\t\t<div class=\"entry-content-wrap\">\n\t\t\t<header class=\"entry-header\">\n\t\t<div class=\"entry-taxonomies\">\n\t\t<span class=\"category-links term-links category-style-normal\">\n\t\t\t<a href=\"https:\/\/dp-freunde.de\/comm\/category\/allgemein\/\">Allgemein<\/a>\t\t<\/span>\n\t<\/div><!-- .entry-taxonomies -->\n\t<h3 class=\"entry-title\"><a href=\"https:\/\/dp-freunde.de\/comm\/2024\/07\/manilatoday-com-roy-barbosa-there-is-no-other-way-to-see-it-but-this-testimonies-from-colleagues-of-rod-and-ed\/\" rel=\"bookmark\">ManilaToday.com &#8211; Roy Barbosa &#8211; There is no other way to see it but this: testimonies from colleagues of Rod and Ed<\/a><\/h3>\t<div class=\"entry-meta entry-meta-divider-dot\">\n\t\t\t\t<span class=\"posted-on\">\n\t\t\t\t<time class=\"entry-date published\" datetime=\"2024-07-10T19:55:00+02:00\">10. Juli 2024<\/time><time class=\"updated\" datetime=\"2024-08-11T19:58:00+02:00\">11. August 2024<\/time>\t\t\t<\/span>\n\t\t\t\t<\/div><!-- .entry-meta -->\n\t<\/header><!-- .entry-header -->\n\t<div class=\"entry-summary\">\n\t\t\t<\/div><!-- .entry-summary -->\n\t<footer class=\"entry-footer\">\n\t\t\t<div class=\"entry-actions\">\n\t\t\t<p class=\"more-link-wrap\">\n\t\t\t\t<a href=\"https:\/\/dp-freunde.de\/comm\/2024\/07\/manilatoday-com-roy-barbosa-there-is-no-other-way-to-see-it-but-this-testimonies-from-colleagues-of-rod-and-ed\/\" class=\"post-more-link\">\n\t\t\t\t\tWeiterlesen<span class=\"screen-reader-text\"> ManilaToday.com &#8211; Roy Barbosa &#8211; There is no other way to see it but this: testimonies from colleagues of Rod and Ed<\/span><span class=\"kadence-svg-iconset svg-baseline\"><svg aria-hidden=\"true\" class=\"kadence-svg-icon kadence-arrow-right-alt-svg\" fill=\"currentColor\" version=\"1.1\" xmlns=\"http:\/\/www.w3.org\/2000\/svg\" width=\"27\" height=\"28\" viewBox=\"0 0 27 28\"><title>Fortfahren<\/title><path d=\"M27 13.953c0 0.141-0.063 0.281-0.156 0.375l-6 5.531c-0.156 0.141-0.359 0.172-0.547 0.094-0.172-0.078-0.297-0.25-0.297-0.453v-3.5h-19.5c-0.281 0-0.5-0.219-0.5-0.5v-3c0-0.281 0.219-0.5 0.5-0.5h19.5v-3.5c0-0.203 0.109-0.375 0.297-0.453s0.391-0.047 0.547 0.078l6 5.469c0.094 0.094 0.156 0.219 0.156 0.359v0z\"><\/path>\n\t\t\t<\/svg><\/span>\t\t\t\t<\/a>\n\t\t\t<\/p>\n\t\t<\/div><!-- .entry-actions -->\n\t\t<\/footer><!-- .entry-footer -->\t\t<\/div>\n\t<\/article>\n<\/li>\n<li class=\"kb-post-list-item\">\n\t<article class=\"entry content-bg loop-entry post-9923 post type-post status-publish format-standard hentry category-allgemein\">\n\t\t\t\t<div class=\"entry-content-wrap\">\n\t\t\t<header class=\"entry-header\">\n\t\t<div class=\"entry-taxonomies\">\n\t\t<span class=\"category-links term-links category-style-normal\">\n\t\t\t<a href=\"https:\/\/dp-freunde.de\/comm\/category\/allgemein\/\">Allgemein<\/a>\t\t<\/span>\n\t<\/div><!-- .entry-taxonomies -->\n\t<h3 class=\"entry-title\"><a href=\"https:\/\/dp-freunde.de\/comm\/2024\/08\/rote-fahne-news-solidaritaet-mit-unseren-kollegen-den-philippinischen-gewerkschaftern-ed-cubelo-und-rodrigo-esparago\/\" rel=\"bookmark\">Rote Fahne News: Solidarit\u00e4t mit unseren Kollegen, den philippinischen Gewerkschaftern Ed Cubelo und Rodrigo Esparago!<\/a><\/h3>\t<div class=\"entry-meta entry-meta-divider-dot\">\n\t\t\t\t<span class=\"posted-on\">\n\t\t\t\t<time class=\"entry-date published\" datetime=\"2024-08-07T21:29:34+02:00\">7. August 2024<\/time><time class=\"updated\" datetime=\"2024-08-07T21:29:36+02:00\">7. August 2024<\/time>\t\t\t<\/span>\n\t\t\t\t<\/div><!-- .entry-meta -->\n\t<\/header><!-- .entry-header -->\n\t<div class=\"entry-summary\">\n\t\t<p>https:\/\/www.rf-news.de\/2024\/kw32\/solidaritaet-mit-unseren-kollegen-den-philippinischen-gewerkschaftern-ed-cubelo-und-rodrigo-esparago OFFENSIV &#8211; Initiative f\u00fcr eine k\u00e4mpferische gewerkschaftliche Betriebsratsarbeit bei Opel in Bochum teilt mit: Mittwoch,&nbsp; 07.08.2024,&nbsp; 18:00 Uhr Wir protestieren aufs Sch\u00e4rfste gegen die politische Unterdr\u00fcckung &hellip;<\/p>\n<p class=\"read-more\"> <a class=\"more-link\" href=\"https:\/\/dp-freunde.de\/comm\/2024\/08\/rote-fahne-news-solidaritaet-mit-unseren-kollegen-den-philippinischen-gewerkschaftern-ed-cubelo-und-rodrigo-esparago\/\"> <span class=\"screen-reader-text\">Rote Fahne News: Solidarit\u00e4t mit unseren Kollegen, den philippinischen Gewerkschaftern Ed Cubelo und Rodrigo Esparago!<\/span> Weiterlesen &raquo;<\/a><\/p>\n\t<\/div><!-- .entry-summary -->\n\t<footer class=\"entry-footer\">\n\t\t\t<div class=\"entry-actions\">\n\t\t\t<p class=\"more-link-wrap\">\n\t\t\t\t<a href=\"https:\/\/dp-freunde.de\/comm\/2024\/08\/rote-fahne-news-solidaritaet-mit-unseren-kollegen-den-philippinischen-gewerkschaftern-ed-cubelo-und-rodrigo-esparago\/\" class=\"post-more-link\">\n\t\t\t\t\tWeiterlesen<span class=\"screen-reader-text\"> Rote Fahne News: Solidarit\u00e4t mit unseren Kollegen, den philippinischen Gewerkschaftern Ed Cubelo und Rodrigo Esparago!<\/span><span class=\"kadence-svg-iconset svg-baseline\"><svg aria-hidden=\"true\" class=\"kadence-svg-icon kadence-arrow-right-alt-svg\" fill=\"currentColor\" version=\"1.1\" xmlns=\"http:\/\/www.w3.org\/2000\/svg\" width=\"27\" height=\"28\" viewBox=\"0 0 27 28\"><title>Fortfahren<\/title><path d=\"M27 13.953c0 0.141-0.063 0.281-0.156 0.375l-6 5.531c-0.156 0.141-0.359 0.172-0.547 0.094-0.172-0.078-0.297-0.25-0.297-0.453v-3.5h-19.5c-0.281 0-0.5-0.219-0.5-0.5v-3c0-0.281 0.219-0.5 0.5-0.5h19.5v-3.5c0-0.203 0.109-0.375 0.297-0.453s0.391-0.047 0.547 0.078l6 5.469c0.094 0.094 0.156 0.219 0.156 0.359v0z\"><\/path>\n\t\t\t<\/svg><\/span>\t\t\t\t<\/a>\n\t\t\t<\/p>\n\t\t<\/div><!-- .entry-actions -->\n\t\t<\/footer><!-- .entry-footer -->\t\t<\/div>\n\t<\/article>\n<\/li>\n<li class=\"kb-post-list-item\">\n\t<article class=\"entry content-bg loop-entry post-9918 post type-post status-publish format-standard hentry category-allgemein\">\n\t\t\t\t<div class=\"entry-content-wrap\">\n\t\t\t<header class=\"entry-header\">\n\t\t<div class=\"entry-taxonomies\">\n\t\t<span class=\"category-links term-links category-style-normal\">\n\t\t\t<a href=\"https:\/\/dp-freunde.de\/comm\/category\/allgemein\/\">Allgemein<\/a>\t\t<\/span>\n\t<\/div><!-- .entry-taxonomies -->\n\t<h3 class=\"entry-title\"><a href=\"https:\/\/dp-freunde.de\/comm\/2024\/07\/solidaritaet-mit-ed-cubelo-und-rodrigo-esparago\/\" rel=\"bookmark\">Solidarit\u00e4t mit Ed Cubelo und Rodrigo Esparago<\/a><\/h3>\t<div class=\"entry-meta entry-meta-divider-dot\">\n\t\t\t\t<span class=\"posted-on\">\n\t\t\t\t<time class=\"entry-date published\" datetime=\"2024-07-30T21:10:21+02:00\">30. Juli 2024<\/time><time class=\"updated\" datetime=\"2024-08-03T21:12:14+02:00\">3. August 2024<\/time>\t\t\t<\/span>\n\t\t\t\t<\/div><!-- .entry-meta -->\n\t<\/header><!-- .entry-header -->\n\t<div class=\"entry-summary\">\n\t\t<p>https:\/\/www.rf-news.de\/2024\/kw31\/solidaritaet-mit-ed-cubelo-und-rodrigo-esparago Unter der \u00dcberschrift \u201eGewerkschaftsarbeit ist kein Terrorismus! Solidarit\u00e4t mit Ed Cubelo und Rodrigo Esparago!\u201c erreichte die Redaktion die folgende Korrespondenz: Korrespondenz aus D\u00fcsseldorf Dienstag,&nbsp; 30.07.2024,&nbsp; 18:00 &hellip;<\/p>\n<p class=\"read-more\"> <a class=\"more-link\" href=\"https:\/\/dp-freunde.de\/comm\/2024\/07\/solidaritaet-mit-ed-cubelo-und-rodrigo-esparago\/\"> <span class=\"screen-reader-text\">Solidarit\u00e4t mit Ed Cubelo und Rodrigo Esparago<\/span> Weiterlesen &raquo;<\/a><\/p>\n\t<\/div><!-- .entry-summary -->\n\t<footer class=\"entry-footer\">\n\t\t\t<div class=\"entry-actions\">\n\t\t\t<p class=\"more-link-wrap\">\n\t\t\t\t<a href=\"https:\/\/dp-freunde.de\/comm\/2024\/07\/solidaritaet-mit-ed-cubelo-und-rodrigo-esparago\/\" class=\"post-more-link\">\n\t\t\t\t\tWeiterlesen<span class=\"screen-reader-text\"> Solidarit\u00e4t mit Ed Cubelo und Rodrigo Esparago<\/span><span class=\"kadence-svg-iconset svg-baseline\"><svg aria-hidden=\"true\" class=\"kadence-svg-icon kadence-arrow-right-alt-svg\" fill=\"currentColor\" version=\"1.1\" xmlns=\"http:\/\/www.w3.org\/2000\/svg\" width=\"27\" height=\"28\" viewBox=\"0 0 27 28\"><title>Fortfahren<\/title><path d=\"M27 13.953c0 0.141-0.063 0.281-0.156 0.375l-6 5.531c-0.156 0.141-0.359 0.172-0.547 0.094-0.172-0.078-0.297-0.25-0.297-0.453v-3.5h-19.5c-0.281 0-0.5-0.219-0.5-0.5v-3c0-0.281 0.219-0.5 0.5-0.5h19.5v-3.5c0-0.203 0.109-0.375 0.297-0.453s0.391-0.047 0.547 0.078l6 5.469c0.094 0.094 0.156 0.219 0.156 0.359v0z\"><\/path>\n\t\t\t<\/svg><\/span>\t\t\t\t<\/a>\n\t\t\t<\/p>\n\t\t<\/div><!-- .entry-actions -->\n\t\t<\/footer><!-- .entry-footer -->\t\t<\/div>\n\t<\/article>\n<\/li>\n<li class=\"kb-post-list-item\">\n\t<article class=\"entry content-bg loop-entry post-9916 post type-post status-publish format-standard hentry category-autor-rainer-werning category-philippinen\">\n\t\t\t\t<div class=\"entry-content-wrap\">\n\t\t\t<header class=\"entry-header\">\n\t\t<div class=\"entry-taxonomies\">\n\t\t<span class=\"category-links term-links category-style-normal\">\n\t\t\t<a href=\"https:\/\/dp-freunde.de\/comm\/category\/autor-rainer-werning\/\">Autor Rainer Werning<\/a> | <a href=\"https:\/\/dp-freunde.de\/comm\/category\/autor-rainer-werning\/philippinen\/\">Philippinen<\/a>\t\t<\/span>\n\t<\/div><!-- .entry-taxonomies -->\n\t<h3 class=\"entry-title\"><a href=\"https:\/\/dp-freunde.de\/comm\/2024\/08\/nachdenkseiten-rainer-werning-philippinen-marcos-krebsgaenge-im-fadenkreuz-politischer-rivalitaeten-konkurrierender-grossmaechte\/\" rel=\"bookmark\">NachDenkSeiten &#8211; Rainer Werning &#8211; Philippinen: Marcos\u2018 Krebsg\u00e4nge im Fadenkreuz politischer Rivalit\u00e4ten &amp; konkurrierender Gro\u00dfm\u00e4chte<\/a><\/h3>\t<div class=\"entry-meta entry-meta-divider-dot\">\n\t\t\t\t<span class=\"posted-on\">\n\t\t\t\t<time class=\"entry-date published\" datetime=\"2024-08-03T21:09:36+02:00\">3. August 2024<\/time><time class=\"updated\" datetime=\"2024-08-03T21:09:39+02:00\">3. August 2024<\/time>\t\t\t<\/span>\n\t\t\t\t<\/div><!-- .entry-meta -->\n\t<\/header><!-- .entry-header -->\n\t<div class=\"entry-summary\">\n\t\t\t<\/div><!-- .entry-summary -->\n\t<footer class=\"entry-footer\">\n\t\t\t<div class=\"entry-actions\">\n\t\t\t<p class=\"more-link-wrap\">\n\t\t\t\t<a href=\"https:\/\/dp-freunde.de\/comm\/2024\/08\/nachdenkseiten-rainer-werning-philippinen-marcos-krebsgaenge-im-fadenkreuz-politischer-rivalitaeten-konkurrierender-grossmaechte\/\" class=\"post-more-link\">\n\t\t\t\t\tWeiterlesen<span class=\"screen-reader-text\"> NachDenkSeiten &#8211; Rainer Werning &#8211; Philippinen: Marcos\u2018 Krebsg\u00e4nge im Fadenkreuz politischer Rivalit\u00e4ten &amp; konkurrierender Gro\u00dfm\u00e4chte<\/span><span class=\"kadence-svg-iconset svg-baseline\"><svg aria-hidden=\"true\" class=\"kadence-svg-icon kadence-arrow-right-alt-svg\" fill=\"currentColor\" version=\"1.1\" xmlns=\"http:\/\/www.w3.org\/2000\/svg\" width=\"27\" height=\"28\" viewBox=\"0 0 27 28\"><title>Fortfahren<\/title><path d=\"M27 13.953c0 0.141-0.063 0.281-0.156 0.375l-6 5.531c-0.156 0.141-0.359 0.172-0.547 0.094-0.172-0.078-0.297-0.25-0.297-0.453v-3.5h-19.5c-0.281 0-0.5-0.219-0.5-0.5v-3c0-0.281 0.219-0.5 0.5-0.5h19.5v-3.5c0-0.203 0.109-0.375 0.297-0.453s0.391-0.047 0.547 0.078l6 5.469c0.094 0.094 0.156 0.219 0.156 0.359v0z\"><\/path>\n\t\t\t<\/svg><\/span>\t\t\t\t<\/a>\n\t\t\t<\/p>\n\t\t<\/div><!-- .entry-actions -->\n\t\t<\/footer><!-- .entry-footer -->\t\t<\/div>\n\t<\/article>\n<\/li>\n<li class=\"kb-post-list-item\">\n\t<article class=\"entry content-bg loop-entry post-9911 post type-post status-publish format-standard hentry category-autor-rainer-werning category-philippinen\">\n\t\t\t\t<div class=\"entry-content-wrap\">\n\t\t\t<header class=\"entry-header\">\n\t\t<div class=\"entry-taxonomies\">\n\t\t<span class=\"category-links term-links category-style-normal\">\n\t\t\t<a href=\"https:\/\/dp-freunde.de\/comm\/category\/autor-rainer-werning\/\">Autor Rainer Werning<\/a> | <a href=\"https:\/\/dp-freunde.de\/comm\/category\/autor-rainer-werning\/philippinen\/\">Philippinen<\/a>\t\t<\/span>\n\t<\/div><!-- .entry-taxonomies -->\n\t<h3 class=\"entry-title\"><a href=\"https:\/\/dp-freunde.de\/comm\/2024\/07\/brennpunkt-lu-rainer-werning-philippinen-kabalen-kriegsstimmung-counterinsurgency\/\" rel=\"bookmark\">brennpunkt.lu &#8211; Rainer Werning &#8211; Philippinen: Kabalen \u2013 Kriegsstimmung \u2013 \u201eCounterinsurgency\u201c<\/a><\/h3>\t<div class=\"entry-meta entry-meta-divider-dot\">\n\t\t\t\t<span class=\"posted-on\">\n\t\t\t\t<time class=\"entry-date published\" datetime=\"2024-07-25T20:19:25+02:00\">25. Juli 2024<\/time><time class=\"updated\" datetime=\"2024-07-26T20:21:12+02:00\">26. Juli 2024<\/time>\t\t\t<\/span>\n\t\t\t\t<\/div><!-- .entry-meta -->\n\t<\/header><!-- .entry-header -->\n\t<div class=\"entry-summary\">\n\t\t\t<\/div><!-- .entry-summary -->\n\t<footer class=\"entry-footer\">\n\t\t\t<div class=\"entry-actions\">\n\t\t\t<p class=\"more-link-wrap\">\n\t\t\t\t<a href=\"https:\/\/dp-freunde.de\/comm\/2024\/07\/brennpunkt-lu-rainer-werning-philippinen-kabalen-kriegsstimmung-counterinsurgency\/\" class=\"post-more-link\">\n\t\t\t\t\tWeiterlesen<span class=\"screen-reader-text\"> brennpunkt.lu &#8211; Rainer Werning &#8211; Philippinen: Kabalen \u2013 Kriegsstimmung \u2013 \u201eCounterinsurgency\u201c<\/span><span class=\"kadence-svg-iconset svg-baseline\"><svg aria-hidden=\"true\" class=\"kadence-svg-icon kadence-arrow-right-alt-svg\" fill=\"currentColor\" version=\"1.1\" xmlns=\"http:\/\/www.w3.org\/2000\/svg\" width=\"27\" height=\"28\" viewBox=\"0 0 27 28\"><title>Fortfahren<\/title><path d=\"M27 13.953c0 0.141-0.063 0.281-0.156 0.375l-6 5.531c-0.156 0.141-0.359 0.172-0.547 0.094-0.172-0.078-0.297-0.25-0.297-0.453v-3.5h-19.5c-0.281 0-0.5-0.219-0.5-0.5v-3c0-0.281 0.219-0.5 0.5-0.5h19.5v-3.5c0-0.203 0.109-0.375 0.297-0.453s0.391-0.047 0.547 0.078l6 5.469c0.094 0.094 0.156 0.219 0.156 0.359v0z\"><\/path>\n\t\t\t<\/svg><\/span>\t\t\t\t<\/a>\n\t\t\t<\/p>\n\t\t<\/div><!-- .entry-actions -->\n\t\t<\/footer><!-- .entry-footer -->\t\t<\/div>\n\t<\/article>\n<\/li>\n<li class=\"kb-post-list-item\">\n\t<article class=\"entry content-bg loop-entry post-9907 post type-post status-publish format-standard hentry category-autor-rainer-werning category-philippinen\">\n\t\t\t\t<div class=\"entry-content-wrap\">\n\t\t\t<header class=\"entry-header\">\n\t\t<div class=\"entry-taxonomies\">\n\t\t<span class=\"category-links term-links category-style-normal\">\n\t\t\t<a href=\"https:\/\/dp-freunde.de\/comm\/category\/autor-rainer-werning\/\">Autor Rainer Werning<\/a> | <a href=\"https:\/\/dp-freunde.de\/comm\/category\/autor-rainer-werning\/philippinen\/\">Philippinen<\/a>\t\t<\/span>\n\t<\/div><!-- .entry-taxonomies -->\n\t<h3 class=\"entry-title\"><a href=\"https:\/\/dp-freunde.de\/comm\/2020\/02\/jose-maria-sison-greetings-to-participants-in-launch-of-reflections-on-revolution-and-prospects\/\" rel=\"bookmark\">Jose Maria Sison &#8211; Greetings to Participants in Launch of Reflections on Revolution and Prospects<\/a><\/h3>\t<div class=\"entry-meta entry-meta-divider-dot\">\n\t\t\t\t<span class=\"posted-on\">\n\t\t\t\t<time class=\"entry-date published\" datetime=\"2020-02-20T18:46:00+01:00\">20. Februar 2020<\/time><time class=\"updated\" datetime=\"2024-07-23T18:47:51+02:00\">23. Juli 2024<\/time>\t\t\t<\/span>\n\t\t\t\t<\/div><!-- .entry-meta -->\n\t<\/header><!-- .entry-header -->\n\t<div class=\"entry-summary\">\n\t\t\t<\/div><!-- .entry-summary -->\n\t<footer class=\"entry-footer\">\n\t\t\t<div class=\"entry-actions\">\n\t\t\t<p class=\"more-link-wrap\">\n\t\t\t\t<a href=\"https:\/\/dp-freunde.de\/comm\/2020\/02\/jose-maria-sison-greetings-to-participants-in-launch-of-reflections-on-revolution-and-prospects\/\" class=\"post-more-link\">\n\t\t\t\t\tWeiterlesen<span class=\"screen-reader-text\"> Jose Maria Sison &#8211; Greetings to Participants in Launch of Reflections on Revolution and Prospects<\/span><span class=\"kadence-svg-iconset svg-baseline\"><svg aria-hidden=\"true\" class=\"kadence-svg-icon kadence-arrow-right-alt-svg\" fill=\"currentColor\" version=\"1.1\" xmlns=\"http:\/\/www.w3.org\/2000\/svg\" width=\"27\" height=\"28\" viewBox=\"0 0 27 28\"><title>Fortfahren<\/title><path d=\"M27 13.953c0 0.141-0.063 0.281-0.156 0.375l-6 5.531c-0.156 0.141-0.359 0.172-0.547 0.094-0.172-0.078-0.297-0.25-0.297-0.453v-3.5h-19.5c-0.281 0-0.5-0.219-0.5-0.5v-3c0-0.281 0.219-0.5 0.5-0.5h19.5v-3.5c0-0.203 0.109-0.375 0.297-0.453s0.391-0.047 0.547 0.078l6 5.469c0.094 0.094 0.156 0.219 0.156 0.359v0z\"><\/path>\n\t\t\t<\/svg><\/span>\t\t\t\t<\/a>\n\t\t\t<\/p>\n\t\t<\/div><!-- .entry-actions -->\n\t\t<\/footer><!-- .entry-footer -->\t\t<\/div>\n\t<\/article>\n<\/li>\n<li class=\"kb-post-list-item\">\n\t<article class=\"entry content-bg loop-entry post-9897 post type-post status-publish format-standard hentry category-allgemein\">\n\t\t\t\t<div class=\"entry-content-wrap\">\n\t\t\t<header class=\"entry-header\">\n\t\t<div class=\"entry-taxonomies\">\n\t\t<span class=\"category-links term-links category-style-normal\">\n\t\t\t<a href=\"https:\/\/dp-freunde.de\/comm\/category\/allgemein\/\">Allgemein<\/a>\t\t<\/span>\n\t<\/div><!-- .entry-taxonomies -->\n\t<h3 class=\"entry-title\"><a href=\"https:\/\/dp-freunde.de\/comm\/2024\/06\/petition-von-regenwald-org-helfen-sie-palawans-waelder-zu-retten\/\" rel=\"bookmark\">Petition von regenwald.org: Helfen Sie, Palawans W\u00e4lder zu retten!<\/a><\/h3>\t<div class=\"entry-meta entry-meta-divider-dot\">\n\t\t\t\t<span class=\"posted-on\">\n\t\t\t\t<time class=\"entry-date published\" datetime=\"2024-06-30T17:16:31+02:00\">30. Juni 2024<\/time><time class=\"updated\" datetime=\"2024-06-30T17:16:33+02:00\">30. Juni 2024<\/time>\t\t\t<\/span>\n\t\t\t\t<\/div><!-- .entry-meta -->\n\t<\/header><!-- .entry-header -->\n\t<div class=\"entry-summary\">\n\t\t<p>https:\/\/www.regenwald.org\/petitionen\/1287\/helfen-sie-palawans-waelder-zu-retten?mtu=599661544&amp;t=22077<\/p>\n\t<\/div><!-- .entry-summary -->\n\t<footer class=\"entry-footer\">\n\t\t\t<div class=\"entry-actions\">\n\t\t\t<p class=\"more-link-wrap\">\n\t\t\t\t<a href=\"https:\/\/dp-freunde.de\/comm\/2024\/06\/petition-von-regenwald-org-helfen-sie-palawans-waelder-zu-retten\/\" class=\"post-more-link\">\n\t\t\t\t\tWeiterlesen<span class=\"screen-reader-text\"> Petition von regenwald.org: Helfen Sie, Palawans W\u00e4lder zu retten!<\/span><span class=\"kadence-svg-iconset svg-baseline\"><svg aria-hidden=\"true\" class=\"kadence-svg-icon kadence-arrow-right-alt-svg\" fill=\"currentColor\" version=\"1.1\" xmlns=\"http:\/\/www.w3.org\/2000\/svg\" width=\"27\" height=\"28\" viewBox=\"0 0 27 28\"><title>Fortfahren<\/title><path d=\"M27 13.953c0 0.141-0.063 0.281-0.156 0.375l-6 5.531c-0.156 0.141-0.359 0.172-0.547 0.094-0.172-0.078-0.297-0.25-0.297-0.453v-3.5h-19.5c-0.281 0-0.5-0.219-0.5-0.5v-3c0-0.281 0.219-0.5 0.5-0.5h19.5v-3.5c0-0.203 0.109-0.375 0.297-0.453s0.391-0.047 0.547 0.078l6 5.469c0.094 0.094 0.156 0.219 0.156 0.359v0z\"><\/path>\n\t\t\t<\/svg><\/span>\t\t\t\t<\/a>\n\t\t\t<\/p>\n\t\t<\/div><!-- .entry-actions -->\n\t\t<\/footer><!-- .entry-footer -->\t\t<\/div>\n\t<\/article>\n<\/li>\n<li class=\"kb-post-list-item\">\n\t<article class=\"entry content-bg loop-entry post-9888 post type-post status-publish format-standard hentry category-allgemein\">\n\t\t\t\t<div class=\"entry-content-wrap\">\n\t\t\t<header class=\"entry-header\">\n\t\t<div class=\"entry-taxonomies\">\n\t\t<span class=\"category-links term-links category-style-normal\">\n\t\t\t<a href=\"https:\/\/dp-freunde.de\/comm\/category\/allgemein\/\">Allgemein<\/a>\t\t<\/span>\n\t<\/div><!-- .entry-taxonomies -->\n\t<h3 class=\"entry-title\"><a href=\"https:\/\/dp-freunde.de\/comm\/2024\/06\/philippinen-jahrzehntelanger-kampf-fuer-ein-scheidungsrecht-erfolgreich\/\" rel=\"bookmark\">Philippinen: Jahrzehntelanger Kampf f\u00fcr ein Scheidungsrecht erfolgreich<\/a><\/h3>\t<div class=\"entry-meta entry-meta-divider-dot\">\n\t\t\t\t<span class=\"posted-on\">\n\t\t\t\t<time class=\"entry-date published\" datetime=\"2024-06-02T11:14:07+02:00\">2. Juni 2024<\/time><time class=\"updated\" datetime=\"2024-06-13T11:16:47+02:00\">13. Juni 2024<\/time>\t\t\t<\/span>\n\t\t\t\t<\/div><!-- .entry-meta -->\n\t<\/header><!-- .entry-header -->\n\t<div class=\"entry-summary\">\n\t\t<p>M. und D. \/D\u00fcsseldorf, 02.06.2024 Philippinen: Jahrzehntelanger Kampf f\u00fcr ein Scheidungsrecht erfolgreich Der philippinische Frauenverband Gabriela gratulierte der Frauenbewegung &#8222;zu ihrem ersten Erfolg nach ihrem jahrzehntelangen Kampf &hellip;<\/p>\n<p class=\"read-more\"> <a class=\"more-link\" href=\"https:\/\/dp-freunde.de\/comm\/2024\/06\/philippinen-jahrzehntelanger-kampf-fuer-ein-scheidungsrecht-erfolgreich\/\"> <span class=\"screen-reader-text\">Philippinen: Jahrzehntelanger Kampf f\u00fcr ein Scheidungsrecht erfolgreich<\/span> Weiterlesen &raquo;<\/a><\/p>\n\t<\/div><!-- .entry-summary -->\n\t<footer class=\"entry-footer\">\n\t\t\t<div class=\"entry-actions\">\n\t\t\t<p class=\"more-link-wrap\">\n\t\t\t\t<a href=\"https:\/\/dp-freunde.de\/comm\/2024\/06\/philippinen-jahrzehntelanger-kampf-fuer-ein-scheidungsrecht-erfolgreich\/\" class=\"post-more-link\">\n\t\t\t\t\tWeiterlesen<span class=\"screen-reader-text\"> Philippinen: Jahrzehntelanger Kampf f\u00fcr ein Scheidungsrecht erfolgreich<\/span><span class=\"kadence-svg-iconset svg-baseline\"><svg aria-hidden=\"true\" class=\"kadence-svg-icon kadence-arrow-right-alt-svg\" fill=\"currentColor\" version=\"1.1\" xmlns=\"http:\/\/www.w3.org\/2000\/svg\" width=\"27\" height=\"28\" viewBox=\"0 0 27 28\"><title>Fortfahren<\/title><path d=\"M27 13.953c0 0.141-0.063 0.281-0.156 0.375l-6 5.531c-0.156 0.141-0.359 0.172-0.547 0.094-0.172-0.078-0.297-0.25-0.297-0.453v-3.5h-19.5c-0.281 0-0.5-0.219-0.5-0.5v-3c0-0.281 0.219-0.5 0.5-0.5h19.5v-3.5c0-0.203 0.109-0.375 0.297-0.453s0.391-0.047 0.547 0.078l6 5.469c0.094 0.094 0.156 0.219 0.156 0.359v0z\"><\/path>\n\t\t\t<\/svg><\/span>\t\t\t\t<\/a>\n\t\t\t<\/p>\n\t\t<\/div><!-- .entry-actions -->\n\t\t<\/footer><!-- .entry-footer -->\t\t<\/div>\n\t<\/article>\n<\/li>\n<li class=\"kb-post-list-item\">\n\t<article class=\"entry content-bg loop-entry post-9886 post type-post status-publish format-standard hentry category-autor-rainer-werning category-philippinen\">\n\t\t\t\t<div class=\"entry-content-wrap\">\n\t\t\t<header class=\"entry-header\">\n\t\t<div class=\"entry-taxonomies\">\n\t\t<span class=\"category-links term-links category-style-normal\">\n\t\t\t<a href=\"https:\/\/dp-freunde.de\/comm\/category\/autor-rainer-werning\/\">Autor Rainer Werning<\/a> | <a href=\"https:\/\/dp-freunde.de\/comm\/category\/autor-rainer-werning\/philippinen\/\">Philippinen<\/a>\t\t<\/span>\n\t<\/div><!-- .entry-taxonomies -->\n\t<h3 class=\"entry-title\"><a href=\"https:\/\/dp-freunde.de\/comm\/2024\/06\/nachdenkseiten-rainer-werning-ermutigendes-signal-aus-bruessel-in-puncto-menschenrechte-in-den-philippinen\/\" rel=\"bookmark\">NachDenkSeiten &#8211; Rainer Werning &#8211; Ermutigendes Signal aus Br\u00fcssel in puncto Menschenrechte in den Philippinen<\/a><\/h3>\t<div class=\"entry-meta entry-meta-divider-dot\">\n\t\t\t\t<span class=\"posted-on\">\n\t\t\t\t<time class=\"entry-date published\" datetime=\"2024-06-09T11:12:00+02:00\">9. Juni 2024<\/time><time class=\"updated\" datetime=\"2024-06-13T11:13:30+02:00\">13. Juni 2024<\/time>\t\t\t<\/span>\n\t\t\t\t<\/div><!-- .entry-meta -->\n\t<\/header><!-- .entry-header -->\n\t<div class=\"entry-summary\">\n\t\t\t<\/div><!-- .entry-summary -->\n\t<footer class=\"entry-footer\">\n\t\t\t<div class=\"entry-actions\">\n\t\t\t<p class=\"more-link-wrap\">\n\t\t\t\t<a href=\"https:\/\/dp-freunde.de\/comm\/2024\/06\/nachdenkseiten-rainer-werning-ermutigendes-signal-aus-bruessel-in-puncto-menschenrechte-in-den-philippinen\/\" class=\"post-more-link\">\n\t\t\t\t\tWeiterlesen<span class=\"screen-reader-text\"> NachDenkSeiten &#8211; Rainer Werning &#8211; Ermutigendes Signal aus Br\u00fcssel in puncto Menschenrechte in den Philippinen<\/span><span class=\"kadence-svg-iconset svg-baseline\"><svg aria-hidden=\"true\" class=\"kadence-svg-icon kadence-arrow-right-alt-svg\" fill=\"currentColor\" version=\"1.1\" xmlns=\"http:\/\/www.w3.org\/2000\/svg\" width=\"27\" height=\"28\" viewBox=\"0 0 27 28\"><title>Fortfahren<\/title><path d=\"M27 13.953c0 0.141-0.063 0.281-0.156 0.375l-6 5.531c-0.156 0.141-0.359 0.172-0.547 0.094-0.172-0.078-0.297-0.25-0.297-0.453v-3.5h-19.5c-0.281 0-0.5-0.219-0.5-0.5v-3c0-0.281 0.219-0.5 0.5-0.5h19.5v-3.5c0-0.203 0.109-0.375 0.297-0.453s0.391-0.047 0.547 0.078l6 5.469c0.094 0.094 0.156 0.219 0.156 0.359v0z\"><\/path>\n\t\t\t<\/svg><\/span>\t\t\t\t<\/a>\n\t\t\t<\/p>\n\t\t<\/div><!-- .entry-actions -->\n\t\t<\/footer><!-- .entry-footer -->\t\t<\/div>\n\t<\/article>\n<\/li>\n<li class=\"kb-post-list-item\">\n\t<article class=\"entry content-bg loop-entry post-9883 post type-post status-publish format-standard hentry category-autor-rainer-werning category-philippinen\">\n\t\t\t\t<div class=\"entry-content-wrap\">\n\t\t\t<header class=\"entry-header\">\n\t\t<div class=\"entry-taxonomies\">\n\t\t<span class=\"category-links term-links category-style-normal\">\n\t\t\t<a href=\"https:\/\/dp-freunde.de\/comm\/category\/autor-rainer-werning\/\">Autor Rainer Werning<\/a> | <a href=\"https:\/\/dp-freunde.de\/comm\/category\/autor-rainer-werning\/philippinen\/\">Philippinen<\/a>\t\t<\/span>\n\t<\/div><!-- .entry-taxonomies -->\n\t<h3 class=\"entry-title\"><a href=\"https:\/\/dp-freunde.de\/comm\/2024\/06\/rainer-werning-menschenrechte-in-den-philippinen-klares-signal-aus-bruessel\/\" rel=\"bookmark\">Rainer Werning-  Menschenrechte in den Philippinen: Klares Signal aus Br\u00fcssel<\/a><\/h3>\t<div class=\"entry-meta entry-meta-divider-dot\">\n\t\t\t\t<span class=\"posted-on\">\n\t\t\t\t<time class=\"entry-date published\" datetime=\"2024-06-10T11:11:00+02:00\">10. Juni 2024<\/time><time class=\"updated\" datetime=\"2024-06-13T11:12:03+02:00\">13. Juni 2024<\/time>\t\t\t<\/span>\n\t\t\t\t<\/div><!-- .entry-meta -->\n\t<\/header><!-- .entry-header -->\n\t<div class=\"entry-summary\">\n\t\t<p>Ein Gastbeitrag von Dr. Rainer Werning Das Internationale Volkstribunal (International People\u2019s Tribunal \u2013 kurz: IPT) hat am 18. Mai Pr\u00e4sident Ferdinand Marcos Jr., Ex-Pr\u00e4sident Rodrigo R. Duterte, &hellip;<\/p>\n<p class=\"read-more\"> <a class=\"more-link\" href=\"https:\/\/dp-freunde.de\/comm\/2024\/06\/rainer-werning-menschenrechte-in-den-philippinen-klares-signal-aus-bruessel\/\"> <span class=\"screen-reader-text\">Rainer Werning-  Menschenrechte in den Philippinen: Klares Signal aus Br\u00fcssel<\/span> Weiterlesen &raquo;<\/a><\/p>\n\t<\/div><!-- .entry-summary -->\n\t<footer class=\"entry-footer\">\n\t\t\t<div class=\"entry-actions\">\n\t\t\t<p class=\"more-link-wrap\">\n\t\t\t\t<a href=\"https:\/\/dp-freunde.de\/comm\/2024\/06\/rainer-werning-menschenrechte-in-den-philippinen-klares-signal-aus-bruessel\/\" class=\"post-more-link\">\n\t\t\t\t\tWeiterlesen<span class=\"screen-reader-text\"> Rainer Werning-  Menschenrechte in den Philippinen: Klares Signal aus Br\u00fcssel<\/span><span class=\"kadence-svg-iconset svg-baseline\"><svg aria-hidden=\"true\" class=\"kadence-svg-icon kadence-arrow-right-alt-svg\" fill=\"currentColor\" version=\"1.1\" xmlns=\"http:\/\/www.w3.org\/2000\/svg\" width=\"27\" height=\"28\" viewBox=\"0 0 27 28\"><title>Fortfahren<\/title><path d=\"M27 13.953c0 0.141-0.063 0.281-0.156 0.375l-6 5.531c-0.156 0.141-0.359 0.172-0.547 0.094-0.172-0.078-0.297-0.25-0.297-0.453v-3.5h-19.5c-0.281 0-0.5-0.219-0.5-0.5v-3c0-0.281 0.219-0.5 0.5-0.5h19.5v-3.5c0-0.203 0.109-0.375 0.297-0.453s0.391-0.047 0.547 0.078l6 5.469c0.094 0.094 0.156 0.219 0.156 0.359v0z\"><\/path>\n\t\t\t<\/svg><\/span>\t\t\t\t<\/a>\n\t\t\t<\/p>\n\t\t<\/div><!-- .entry-actions -->\n\t\t<\/footer><!-- .entry-footer -->\t\t<\/div>\n\t<\/article>\n<\/li>\n<\/ul>","protected":false},"excerpt":{"rendered":"<p>Solidarische Hilfe bei gegenseitigem Respekt auf Augenh\u00f6he In der Welt von heute ist Solidarit\u00e4t, Freundschaft und Hilfe notwendiger denn je! Der DPF wurde 1996 gegr\u00fcndet und hat zurzeit etwas mehr als 100 Mitglieder. Von Anfang an hatten wir gleichberechtigte Partner &hellip;<\/p>\n<p class=\"read-more\"> <a class=\"more-link\" href=\"https:\/\/dp-freunde.de\/comm\/\"> <span class=\"screen-reader-text\">Willkommen bei den DPF e.V.<\/span> Weiterlesen &raquo;<\/a><\/p>\n","protected":false},"author":6,"featured_media":0,"parent":0,"menu_order":0,"comment_status":"closed","ping_status":"closed","template":"","meta":{"footnotes":""},"class_list":["post-15238","page","type-page","status-publish","hentry"],"yoast_head":"<!-- This site is optimized with the Yoast SEO plugin v27.5 - https:\/\/yoast.com\/product\/yoast-seo-wordpress\/ -->\n<title>Willkommen bei den DPF e.V. - Deutsch-Philippinische Freunde e.V.<\/title>\n<meta name=\"robots\" content=\"index, follow, max-snippet:-1, max-image-preview:large, max-video-preview:-1\" \/>\n<link rel=\"canonical\" href=\"https:\/\/dp-freunde.de\/comm\/\" \/>\n<meta property=\"og:locale\" content=\"de_DE\" \/>\n<meta property=\"og:type\" content=\"article\" \/>\n<meta property=\"og:title\" content=\"Willkommen bei den DPF e.V. - Deutsch-Philippinische Freunde e.V.\" \/>\n<meta property=\"og:description\" content=\"Solidarische Hilfe bei gegenseitigem Respekt auf Augenh\u00f6he In der Welt von heute ist Solidarit\u00e4t, Freundschaft und Hilfe notwendiger denn je! Der DPF wurde 1996 gegr\u00fcndet und hat zurzeit etwas mehr als 100 Mitglieder. Von Anfang an hatten wir gleichberechtigte Partner &hellip; Willkommen bei den DPF e.V. Weiterlesen &raquo;\" \/>\n<meta property=\"og:url\" content=\"https:\/\/dp-freunde.de\/comm\/\" \/>\n<meta property=\"og:site_name\" content=\"Deutsch-Philippinische Freunde e.V.\" \/>\n<meta property=\"article:modified_time\" content=\"2026-01-13T21:57:45+00:00\" \/>\n<meta name=\"twitter:card\" content=\"summary_large_image\" \/>\n<meta name=\"twitter:label1\" content=\"Gesch\u00e4tzte Lesezeit\" \/>\n\t<meta name=\"twitter:data1\" content=\"1\u00a0Minute\" \/>\n<script type=\"application\/ld+json\" class=\"yoast-schema-graph\">{\"@context\":\"https:\\\/\\\/schema.org\",\"@graph\":[{\"@type\":\"WebPage\",\"@id\":\"https:\\\/\\\/dp-freunde.de\\\/comm\\\/\",\"url\":\"https:\\\/\\\/dp-freunde.de\\\/comm\\\/\",\"name\":\"Willkommen bei den DPF e.V. - Deutsch-Philippinische Freunde e.V.\",\"isPartOf\":{\"@id\":\"https:\\\/\\\/dp-freunde.de\\\/comm\\\/#website\"},\"datePublished\":\"2025-08-23T18:24:38+00:00\",\"dateModified\":\"2026-01-13T21:57:45+00:00\",\"breadcrumb\":{\"@id\":\"https:\\\/\\\/dp-freunde.de\\\/comm\\\/#breadcrumb\"},\"inLanguage\":\"de\",\"potentialAction\":[{\"@type\":\"ReadAction\",\"target\":[\"https:\\\/\\\/dp-freunde.de\\\/comm\\\/\"]}]},{\"@type\":\"BreadcrumbList\",\"@id\":\"https:\\\/\\\/dp-freunde.de\\\/comm\\\/#breadcrumb\",\"itemListElement\":[{\"@type\":\"ListItem\",\"position\":1,\"name\":\"Startseite\",\"item\":\"https:\\\/\\\/dp-freunde.de\\\/comm\\\/\"},{\"@type\":\"ListItem\",\"position\":2,\"name\":\"Willkommen bei den DPF e.V.\"}]},{\"@type\":\"WebSite\",\"@id\":\"https:\\\/\\\/dp-freunde.de\\\/comm\\\/#website\",\"url\":\"https:\\\/\\\/dp-freunde.de\\\/comm\\\/\",\"name\":\"Deutsch-Philippinische Freunde e.V.\",\"description\":\"Solidarische Hilfe bei gegenseitigem Respekt auf Augenh\u00f6he\",\"potentialAction\":[{\"@type\":\"SearchAction\",\"target\":{\"@type\":\"EntryPoint\",\"urlTemplate\":\"https:\\\/\\\/dp-freunde.de\\\/comm\\\/?s={search_term_string}\"},\"query-input\":{\"@type\":\"PropertyValueSpecification\",\"valueRequired\":true,\"valueName\":\"search_term_string\"}}],\"inLanguage\":\"de\"}]}<\/script>\n<!-- \/ Yoast SEO plugin. -->","yoast_head_json":{"title":"Willkommen bei den DPF e.V. - Deutsch-Philippinische Freunde e.V.","robots":{"index":"index","follow":"follow","max-snippet":"max-snippet:-1","max-image-preview":"max-image-preview:large","max-video-preview":"max-video-preview:-1"},"canonical":"https:\/\/dp-freunde.de\/comm\/","og_locale":"de_DE","og_type":"article","og_title":"Willkommen bei den DPF e.V. - Deutsch-Philippinische Freunde e.V.","og_description":"Solidarische Hilfe bei gegenseitigem Respekt auf Augenh\u00f6he In der Welt von heute ist Solidarit\u00e4t, Freundschaft und Hilfe notwendiger denn je! Der DPF wurde 1996 gegr\u00fcndet und hat zurzeit etwas mehr als 100 Mitglieder. Von Anfang an hatten wir gleichberechtigte Partner &hellip; Willkommen bei den DPF e.V. Weiterlesen &raquo;","og_url":"https:\/\/dp-freunde.de\/comm\/","og_site_name":"Deutsch-Philippinische Freunde e.V.","article_modified_time":"2026-01-13T21:57:45+00:00","twitter_card":"summary_large_image","twitter_misc":{"Gesch\u00e4tzte Lesezeit":"1\u00a0Minute"},"schema":{"@context":"https:\/\/schema.org","@graph":[{"@type":"WebPage","@id":"https:\/\/dp-freunde.de\/comm\/","url":"https:\/\/dp-freunde.de\/comm\/","name":"Willkommen bei den DPF e.V. - Deutsch-Philippinische Freunde e.V.","isPartOf":{"@id":"https:\/\/dp-freunde.de\/comm\/#website"},"datePublished":"2025-08-23T18:24:38+00:00","dateModified":"2026-01-13T21:57:45+00:00","breadcrumb":{"@id":"https:\/\/dp-freunde.de\/comm\/#breadcrumb"},"inLanguage":"de","potentialAction":[{"@type":"ReadAction","target":["https:\/\/dp-freunde.de\/comm\/"]}]},{"@type":"BreadcrumbList","@id":"https:\/\/dp-freunde.de\/comm\/#breadcrumb","itemListElement":[{"@type":"ListItem","position":1,"name":"Startseite","item":"https:\/\/dp-freunde.de\/comm\/"},{"@type":"ListItem","position":2,"name":"Willkommen bei den DPF e.V."}]},{"@type":"WebSite","@id":"https:\/\/dp-freunde.de\/comm\/#website","url":"https:\/\/dp-freunde.de\/comm\/","name":"Deutsch-Philippinische Freunde e.V.","description":"Solidarische Hilfe bei gegenseitigem Respekt auf Augenh\u00f6he","potentialAction":[{"@type":"SearchAction","target":{"@type":"EntryPoint","urlTemplate":"https:\/\/dp-freunde.de\/comm\/?s={search_term_string}"},"query-input":{"@type":"PropertyValueSpecification","valueRequired":true,"valueName":"search_term_string"}}],"inLanguage":"de"}]}},"_links":{"self":[{"href":"https:\/\/dp-freunde.de\/comm\/wp-json\/wp\/v2\/pages\/15238","targetHints":{"allow":["GET"]}}],"collection":[{"href":"https:\/\/dp-freunde.de\/comm\/wp-json\/wp\/v2\/pages"}],"about":[{"href":"https:\/\/dp-freunde.de\/comm\/wp-json\/wp\/v2\/types\/page"}],"author":[{"embeddable":true,"href":"https:\/\/dp-freunde.de\/comm\/wp-json\/wp\/v2\/users\/6"}],"replies":[{"embeddable":true,"href":"https:\/\/dp-freunde.de\/comm\/wp-json\/wp\/v2\/comments?post=15238"}],"version-history":[{"count":25,"href":"https:\/\/dp-freunde.de\/comm\/wp-json\/wp\/v2\/pages\/15238\/revisions"}],"predecessor-version":[{"id":15605,"href":"https:\/\/dp-freunde.de\/comm\/wp-json\/wp\/v2\/pages\/15238\/revisions\/15605"}],"wp:attachment":[{"href":"https:\/\/dp-freunde.de\/comm\/wp-json\/wp\/v2\/media?parent=15238"}],"curies":[{"name":"wp","href":"https:\/\/api.w.org\/{rel}","templated":true}]}}