{"id":438,"date":"2010-05-09T22:20:45","date_gmt":"2010-05-09T20:20:45","guid":{"rendered":"http:\/\/dp-freunde.de\/comm\/?page_id=438"},"modified":"2022-09-28T08:13:02","modified_gmt":"2022-09-28T06:13:02","slug":"autor-rainer-werning","status":"publish","type":"page","link":"https:\/\/dp-freunde.de\/comm\/autor-rainer-werning\/","title":{"rendered":"Autor Rainer Werning"},"content":{"rendered":"<p><img loading=\"lazy\" decoding=\"async\" class=\"aligncenter size-full wp-image-9011\" src=\"https:\/\/dp-freunde.de\/comm\/wp-content\/uploads\/2022\/09\/Dr.-Rainer-Werning.png\" alt=\"\" width=\"195\" height=\"256\" srcset=\"https:\/\/dp-freunde.de\/comm\/wp-content\/uploads\/2022\/09\/Dr.-Rainer-Werning.png 195w, https:\/\/dp-freunde.de\/comm\/wp-content\/uploads\/2022\/09\/Dr.-Rainer-Werning-100x131.png 100w, https:\/\/dp-freunde.de\/comm\/wp-content\/uploads\/2022\/09\/Dr.-Rainer-Werning-150x197.png 150w\" sizes=\"auto, (max-width: 195px) 100vw, 195px\" \/><\/p>\n<table>\n<tbody>\n<tr>\n<td><strong><a href=\"https:\/\/dp-freunde.de\/comm\/category\/autor-rainer-werning\/philippinen\/\">Philippinen<\/a><\/strong><\/td>\n<td><strong><a href=\"https:\/\/dp-freunde.de\/comm\/category\/autor-rainer-werning\/indonesien\/\">Indonesien<\/a><\/strong><\/td>\n<td><strong><a href=\"https:\/\/dp-freunde.de\/comm\/category\/autor-rainer-werning\/korea\/\">Korea<\/a><\/strong><\/td>\n<\/tr>\n<tr>\n<td><strong><a href=\"https:\/\/dp-freunde.de\/comm\/category\/autor-rainer-werning\/sonstige\/\">Sonstige L\u00e4nder\u00a0<\/a><\/strong><strong><a href=\"https:\/\/dp-freunde.de\/comm\/category\/autor-rainer-werning\/sonstige\/\">(Asien)<\/a><\/strong><\/td>\n<td><strong><a href=\"https:\/\/dp-freunde.de\/comm\/category\/autor-rainer-werning\/publikationen\/\">Publikationen<\/a><\/strong><\/td>\n<td><strong><a href=\"https:\/\/dp-freunde.de\/comm\/category\/autor-rainer-werning\/\">Alle<\/a><\/strong><\/td>\n<\/tr>\n<\/tbody>\n<\/table>\n<div class=\"flagallery photomania_skin\" id=\"FlaGallery_sc1_8\" ><style type=\"text\/css\" class=\"flagallery_skin_style_import\">#FlaGallery_sc1_8 .flagpm_preload {opacity:0;}#FlaGallery_sc1_8 .swiper-big-images img.flagpm_the_photo { max-height:100%; max-width:100%; display:inline; width:auto; height:auto !important; object-fit:unset; vertical-align:middle; border:none; }#FlaGallery_sc1_8 .flagpm_focus .swiper-big-images img.flagpm_the_photo { width:auto; height:auto; object-fit:unset; }#FlaGallery_sc1_8 .swiper-small-images img.flagpm_photo { max-width:none; max-height:none; }#FlaGallery_sc1_8 .swiper-small-images img.flagpm_photo.flagpm_photo_landscape { width:auto; height:100% !important; }#FlaGallery_sc1_8 .swiper-small-images img.flagpm_photo.flagpm_photo_portrait { width:100%; height:auto !important; }#FlaGallery_sc1_8 .flagpm_gallery_sources_list p { margin:7px 0; padding:0; font-size:inherit; }#FlaGallery_sc1_8 .flagpm_photo_details .flagpm_description_wrap a,#FlaGallery_sc1_8 .flagpm_big_button_wrap .flagpm_button.flagpm_like.flagpm_liked,#FlaGallery_sc1_8 .flagpm_big_button_wrap .flagpm_button.flagpm_like.flagpm_liked:hover {color:#0099e5;}#FlaGallery_sc1_8 .flagpm_photo_show .flagpm_big_button {background-color:#0099e5;}#FlaGallery_sc1_8 .swiper-small-images div.flagpm_photo.swiper-slide-active {border-color:#02adea;}#FlaGallery_sc1_8 .flagpm_photo_header .flagpm_name_wrap .flagpm_title_author a:hover,#FlaGallery_sc1_8 .flagpm_photo_details .flagpm_description_wrap a:hover {color:#02adea;}#FlaGallery_sc1_8 .flagpm_photo_show .flagpm_big_button:hover,#FlaGallery_sc1_8 .flagpm_focus_actions ul .flagpm_button.like.flagpm_liked {background-color:#02adea;}<\/style> <div class=\"flagpm_photo_show flagpm_w960 flagpm_w640 flagpm_w480 flagpm_preload\"> <div class=\"flagpm_photo_wrap has_prev_photo has_next_photo\"> <div class=\"swiper-container swiper-big-images\"> <div class=\"flagpm_photo_arrow_next flagpm_photo_arrow flagpm_next\"> <div title=\"Next\" class=\"flagpm_arrow\"><\/div> <\/div> <div class=\"flagpm_photo_arrow_previous flagpm_photo_arrow flagpm_prev\"> <div title=\"Previous\" class=\"flagpm_arrow\"><\/div> <\/div> <div class=\"swiper-wrapper\"><div class=\"swiper-slide\" data-hash=\"flagallery408\" data-photo-id=\"408\"><span class=\"flagpm_va\"><\/span><img decoding=\"async\" src=\"https:\/\/dp-freunde.de\/comm\/wp-content\/flagallery\/rainerwerning\/webview\/vommarcoszumarcos_buchcover_rainerwerning_sep2025.png\" data-src=\"https:\/\/dp-freunde.de\/comm\/wp-content\/flagallery\/rainerwerning\/webview\/vommarcoszumarcos_buchcover_rainerwerning_sep2025.png\" alt=\"Von Marcos zu Marcos\" class=\"noLazy flagpm_the_photo swiper-lazy\"><div class=\"swiper-lazy-preloader swiper-lazy-preloader-black\"><\/div><\/div><div class=\"swiper-slide\" data-hash=\"flagallery403\" data-photo-id=\"403\"><span class=\"flagpm_va\"><\/span><img data-src=\"https:\/\/dp-freunde.de\/comm\/wp-content\/flagallery\/rainerwerning\/webview\/handbuchphilippinen_ebook.PNG\" alt=\"Handbuch Philippinen als eBook\" class=\"noLazy flagpm_the_photo swiper-lazy\"><div class=\"swiper-lazy-preloader swiper-lazy-preloader-black\"><\/div><\/div><div class=\"swiper-slide\" data-hash=\"flagallery402\" data-photo-id=\"402\"><span class=\"flagpm_va\"><\/span><img data-src=\"https:\/\/dp-freunde.de\/comm\/wp-content\/flagallery\/rainerwerning\/webview\/utrechtmanila-notes.PNG\" alt=\"Utrecht &amp; Manila: Notes on the book launches of the latest publications by Jos\u00e9 Maria Sison &amp; Rainer Werning\" class=\"noLazy flagpm_the_photo swiper-lazy\"><div class=\"swiper-lazy-preloader swiper-lazy-preloader-black\"><\/div><\/div><div class=\"swiper-slide\" data-hash=\"flagallery397\" data-photo-id=\"397\"><span class=\"flagpm_va\"><\/span><img data-src=\"https:\/\/dp-freunde.de\/comm\/wp-content\/flagallery\/rainerwerning\/webview\/einlebenimwiderstand.JPG\" alt=\"\" class=\"noLazy flagpm_the_photo swiper-lazy\"><div class=\"swiper-lazy-preloader swiper-lazy-preloader-black\"><\/div><\/div><div class=\"swiper-slide\" data-hash=\"flagallery395\" data-photo-id=\"395\"><span class=\"flagpm_va\"><\/span><img data-src=\"https:\/\/dp-freunde.de\/comm\/wp-content\/flagallery\/rainerwerning\/webview\/reflections.jpg\" alt=\"Reflections on Revolution and Prospects\" class=\"noLazy flagpm_the_photo swiper-lazy\"><div class=\"swiper-lazy-preloader swiper-lazy-preloader-black\"><\/div><\/div><div class=\"swiper-slide\" data-hash=\"flagallery393\" data-photo-id=\"393\"><span class=\"flagpm_va\"><\/span><img data-src=\"https:\/\/dp-freunde.de\/comm\/wp-content\/flagallery\/rainerwerning\/webview\/handbuch-philippinen_15-feb-2019-207x300.jpg\" alt=\"Handbuch Philippinen - Die neue 2019 Version\" class=\"noLazy flagpm_the_photo swiper-lazy\"><div class=\"swiper-lazy-preloader swiper-lazy-preloader-black\"><\/div><\/div><div class=\"swiper-slide\" data-hash=\"flagallery390\" data-photo-id=\"390\"><span class=\"flagpm_va\"><\/span><img data-src=\"https:\/\/dp-freunde.de\/comm\/wp-content\/flagallery\/rainerwerning\/webview\/brennpunkt-nordkorea_werning-und-picht.jpg\" alt=\"Brennpunkt Nordkorea\" class=\"noLazy flagpm_the_photo swiper-lazy\"><div class=\"swiper-lazy-preloader swiper-lazy-preloader-black\"><\/div><\/div><div class=\"swiper-slide\" data-hash=\"flagallery376\" data-photo-id=\"376\"><span class=\"flagpm_va\"><\/span><img data-src=\"https:\/\/dp-freunde.de\/comm\/wp-content\/flagallery\/rainerwerning\/webview\/kron-kreuz-und-krieger.jpg\" alt=\"Krone, Kreuz und Krieger\" class=\"noLazy flagpm_the_photo swiper-lazy\"><div class=\"swiper-lazy-preloader swiper-lazy-preloader-black\"><\/div><\/div><div class=\"swiper-slide\" data-hash=\"flagallery396\" data-photo-id=\"396\"><span class=\"flagpm_va\"><\/span><img data-src=\"https:\/\/dp-freunde.de\/comm\/wp-content\/flagallery\/rainerwerning\/webview\/japaneseversion-221x300.jpg\" alt=\"The Philippine Revolution: The Leader\u2019s View (Japanese)\" class=\"noLazy flagpm_the_photo swiper-lazy\"><div class=\"swiper-lazy-preloader swiper-lazy-preloader-black\"><\/div><\/div><div class=\"swiper-slide\" data-hash=\"flagallery383\" data-photo-id=\"383\"><span class=\"flagpm_va\"><\/span><img data-src=\"https:\/\/dp-freunde.de\/comm\/wp-content\/flagallery\/rainerwerning\/webview\/handbook-philippines_final-cover-red-page-001.jpg\" alt=\"Handbook Philippines\" class=\"noLazy flagpm_the_photo swiper-lazy\"><div class=\"swiper-lazy-preloader swiper-lazy-preloader-black\"><\/div><\/div><div class=\"swiper-slide\" data-hash=\"flagallery384\" data-photo-id=\"384\"><span class=\"flagpm_va\"><\/span><img data-src=\"https:\/\/dp-freunde.de\/comm\/wp-content\/flagallery\/rainerwerning\/webview\/philippinen_paradies-in-aufruhr.jpg\" alt=\"Philippinen - Paradies in Aufruhr\" class=\"noLazy flagpm_the_photo swiper-lazy\"><div class=\"swiper-lazy-preloader swiper-lazy-preloader-black\"><\/div><\/div><div class=\"swiper-slide\" data-hash=\"flagallery404\" data-photo-id=\"404\"><span class=\"flagpm_va\"><\/span><img data-src=\"https:\/\/dp-freunde.de\/comm\/wp-content\/flagallery\/rainerwerning\/webview\/oestlichdeshorizonts_buch.PNG\" alt=\"\u00d6stlich des Horizonts\" class=\"noLazy flagpm_the_photo swiper-lazy\"><div class=\"swiper-lazy-preloader swiper-lazy-preloader-black\"><\/div><\/div><div class=\"swiper-slide\" data-hash=\"flagallery394\" data-photo-id=\"394\"><span class=\"flagpm_va\"><\/span><img data-src=\"https:\/\/dp-freunde.de\/comm\/wp-content\/flagallery\/rainerwerning\/webview\/rainer-werning-der-mindanao-konflikt.jpg\" alt=\"Der Mindanao Konflikt\" class=\"noLazy flagpm_the_photo swiper-lazy\"><div class=\"swiper-lazy-preloader swiper-lazy-preloader-black\"><\/div><\/div><div class=\"swiper-slide\" data-hash=\"flagallery375\" data-photo-id=\"375\"><span class=\"flagpm_va\"><\/span><img data-src=\"https:\/\/dp-freunde.de\/comm\/wp-content\/flagallery\/rainerwerning\/webview\/handbuchphilippinen_rainerwerning.jpg\" alt=\"Handbuch Philippinen\" class=\"noLazy flagpm_the_photo swiper-lazy\"><div class=\"swiper-lazy-preloader swiper-lazy-preloader-black\"><\/div><\/div><div class=\"swiper-slide\" data-hash=\"flagallery387\" data-photo-id=\"387\"><span class=\"flagpm_va\"><\/span><img data-src=\"https:\/\/dp-freunde.de\/comm\/wp-content\/flagallery\/rainerwerning\/webview\/the-philippine-revolution-the-leaders-view-joma-sision-with-rainer-werning.jpg\" alt=\"The Philippine Revolution: The Leader&#039;s View\" class=\"noLazy flagpm_the_photo swiper-lazy\"><div class=\"swiper-lazy-preloader swiper-lazy-preloader-black\"><\/div><\/div><div class=\"swiper-slide\" data-hash=\"flagallery401\" data-photo-id=\"401\"><span class=\"flagpm_va\"><\/span><img data-src=\"https:\/\/dp-freunde.de\/comm\/wp-content\/flagallery\/rainerwerning\/webview\/rainer-werningnach-camp-david-neue-kriegswolken-ueber-nahost.jpg\" alt=\"Nach Camp David: Neue Kriegswolken \u00fcber Nahost\" class=\"noLazy flagpm_the_photo swiper-lazy\"><div class=\"swiper-lazy-preloader swiper-lazy-preloader-black\"><\/div><\/div><div class=\"swiper-slide\" data-hash=\"flagallery398\" data-photo-id=\"398\"><span class=\"flagpm_va\"><\/span><img data-src=\"https:\/\/dp-freunde.de\/comm\/wp-content\/flagallery\/rainerwerning\/webview\/tim-kuschnerus-rainer-werningdie-philippinen-unter-aquino-facetten-eines-machtwechsels.jpg\" alt=\"Die Philippinen unter Aquino - Facetten eines Machtwechsels\" class=\"noLazy flagpm_the_photo swiper-lazy\"><div class=\"swiper-lazy-preloader swiper-lazy-preloader-black\"><\/div><\/div><div class=\"swiper-slide\" data-hash=\"flagallery399\" data-photo-id=\"399\"><span class=\"flagpm_va\"><\/span><img data-src=\"https:\/\/dp-freunde.de\/comm\/wp-content\/flagallery\/rainerwerning\/webview\/rainer-werningberstender-bambus-befreiungskampf-und-gesundheitswesen-auf-den-philippinen.jpg\" alt=\"Berstender Bambus. Befreiungskampf und Gesundheitswesen auf den Philippinen\" class=\"noLazy flagpm_the_photo swiper-lazy\"><div class=\"swiper-lazy-preloader swiper-lazy-preloader-black\"><\/div><\/div><div class=\"swiper-slide\" data-hash=\"flagallery400\" data-photo-id=\"400\"><span class=\"flagpm_va\"><\/span><img data-src=\"https:\/\/dp-freunde.de\/comm\/wp-content\/flagallery\/rainerwerning\/webview\/esther-dischereit-michael-denissuedkorea-kein-land-fuer-friedliche-spiele.jpg\" alt=\"S\u00fcdkorea: Kein Land f\u00fcr friedliche Spiele\" class=\"noLazy flagpm_the_photo swiper-lazy\"><div class=\"swiper-lazy-preloader swiper-lazy-preloader-black\"><\/div><\/div><div class=\"swiper-slide\" data-hash=\"flagallery367\" data-photo-id=\"367\"><span class=\"flagpm_va\"><\/span><img data-src=\"https:\/\/dp-freunde.de\/comm\/wp-content\/flagallery\/rainerwerning\/webview\/handbuchphilippinen-209x300.jpg\" alt=\"\" class=\"noLazy flagpm_the_photo swiper-lazy\"><div class=\"swiper-lazy-preloader swiper-lazy-preloader-black\"><\/div><\/div><div class=\"swiper-slide\" data-hash=\"flagallery379\" data-photo-id=\"379\"><span class=\"flagpm_va\"><\/span><img data-src=\"https:\/\/dp-freunde.de\/comm\/wp-content\/flagallery\/rainerwerning\/webview\/promedia_song_werning_korea.jpg\" alt=\"Korea\" class=\"noLazy flagpm_the_photo swiper-lazy\"><div class=\"swiper-lazy-preloader swiper-lazy-preloader-black\"><\/div><\/div><div class=\"swiper-slide\" data-hash=\"flagallery373\" data-photo-id=\"373\"><span class=\"flagpm_va\"><\/span><img data-src=\"https:\/\/dp-freunde.de\/comm\/wp-content\/flagallery\/rainerwerning\/webview\/paradies-in-aufruhr_cover.jpg\" alt=\"Paradies in Aufruhr\" class=\"noLazy flagpm_the_photo swiper-lazy\"><div class=\"swiper-lazy-preloader swiper-lazy-preloader-black\"><\/div><\/div><div class=\"swiper-slide\" data-hash=\"flagallery366\" data-photo-id=\"366\"><span class=\"flagpm_va\"><\/span><img data-src=\"https:\/\/dp-freunde.de\/comm\/wp-content\/flagallery\/rainerwerning\/webview\/diephilippinischerevolution-205x300.jpg\" alt=\"Die philippinsche Revolution\" class=\"noLazy flagpm_the_photo swiper-lazy\"><div class=\"swiper-lazy-preloader swiper-lazy-preloader-black\"><\/div><\/div><div class=\"swiper-slide\" data-hash=\"flagallery405\" data-photo-id=\"405\"><span class=\"flagpm_va\"><\/span><img data-src=\"https:\/\/dp-freunde.de\/comm\/wp-content\/flagallery\/rainerwerning\/webview\/elmar-u-roland-bunzenthal-altvatersoll-und-haben-strategien-und-alternativen-zur-loesung-der.jpg\" alt=\"\" class=\"noLazy flagpm_the_photo swiper-lazy\"><div class=\"swiper-lazy-preloader swiper-lazy-preloader-black\"><\/div><\/div><div class=\"swiper-slide\" data-hash=\"flagallery392\" data-photo-id=\"392\"><span class=\"flagpm_va\"><\/span><img data-src=\"https:\/\/dp-freunde.de\/comm\/wp-content\/flagallery\/rainerwerning\/webview\/rw_zur-geschichte-des-phil-befreiungskampfes.jpg\" alt=\"\" class=\"noLazy flagpm_the_photo swiper-lazy\"><div class=\"swiper-lazy-preloader swiper-lazy-preloader-black\"><\/div><\/div><div class=\"swiper-slide\" data-hash=\"flagallery391\" data-photo-id=\"391\"><span class=\"flagpm_va\"><\/span><img data-src=\"https:\/\/dp-freunde.de\/comm\/wp-content\/flagallery\/rainerwerning\/webview\/kampuchea-lesebuch.jpg\" alt=\"\" class=\"noLazy flagpm_the_photo swiper-lazy\"><div class=\"swiper-lazy-preloader swiper-lazy-preloader-black\"><\/div><\/div><div class=\"swiper-slide\" data-hash=\"flagallery374\" data-photo-id=\"374\"><span class=\"flagpm_va\"><\/span><img data-src=\"https:\/\/dp-freunde.de\/comm\/wp-content\/flagallery\/rainerwerning\/webview\/phonix_cover.jpg\" alt=\"\" class=\"noLazy flagpm_the_photo swiper-lazy\"><div class=\"swiper-lazy-preloader swiper-lazy-preloader-black\"><\/div><\/div><div class=\"swiper-slide\" data-hash=\"flagallery385\" data-photo-id=\"385\"><span class=\"flagpm_va\"><\/span><img data-src=\"https:\/\/dp-freunde.de\/comm\/wp-content\/flagallery\/rainerwerning\/webview\/rainer-werning-suedkorea-politik-und-geschichte-im-land-der-morgenstille.jpg\" alt=\"Rainer Werning - S\u00fcdkorea - Politik und Geschichte im Land der Morgenstille\" class=\"noLazy flagpm_the_photo swiper-lazy\"><div class=\"swiper-lazy-preloader swiper-lazy-preloader-black\"><\/div><\/div><div class=\"swiper-slide\" data-hash=\"flagallery388\" data-photo-id=\"388\"><span class=\"flagpm_va\"><\/span><img data-src=\"https:\/\/dp-freunde.de\/comm\/wp-content\/flagallery\/rainerwerning\/webview\/md20709586188.jpg\" alt=\"Rainer Werning - Berstender Bambus. Befreiungskampf und Gesundheitswesen auf den Philippinen\" class=\"noLazy flagpm_the_photo swiper-lazy\"><div class=\"swiper-lazy-preloader swiper-lazy-preloader-black\"><\/div><\/div><div class=\"swiper-slide\" data-hash=\"flagallery386\" data-photo-id=\"386\"><span class=\"flagpm_va\"><\/span><img data-src=\"https:\/\/dp-freunde.de\/comm\/wp-content\/flagallery\/rainerwerning\/webview\/rainer-werning-nordkorea-annaeherungen-an-einen-aussenseiter.jpg\" alt=\"Rainer Werning - Nordkorea - Ann\u00e4herungen an einen Au\u00dfenseiter\" class=\"noLazy flagpm_the_photo swiper-lazy\"><div class=\"swiper-lazy-preloader swiper-lazy-preloader-black\"><\/div><\/div><div class=\"swiper-slide\" data-hash=\"flagallery370\" data-photo-id=\"370\"><span class=\"flagpm_va\"><\/span><img data-src=\"https:\/\/dp-freunde.de\/comm\/wp-content\/flagallery\/rainerwerning\/webview\/voicesfrommoroland.jpg\" alt=\"Voices from Moro Land\" class=\"noLazy flagpm_the_photo swiper-lazy\"><div class=\"swiper-lazy-preloader swiper-lazy-preloader-black\"><\/div><\/div><div class=\"swiper-slide\" data-hash=\"flagallery369\" data-photo-id=\"369\"><span class=\"flagpm_va\"><\/span><img data-src=\"https:\/\/dp-freunde.de\/comm\/wp-content\/flagallery\/rainerwerning\/webview\/prospectsforpeace-300x210.jpg\" alt=\"Prospects for Peace?\" class=\"noLazy flagpm_the_photo swiper-lazy\"><div class=\"swiper-lazy-preloader swiper-lazy-preloader-black\"><\/div><\/div><div class=\"swiper-slide\" data-hash=\"flagallery377\" data-photo-id=\"377\"><span class=\"flagpm_va\"><\/span><img data-src=\"https:\/\/dp-freunde.de\/comm\/wp-content\/flagallery\/rainerwerning\/webview\/cover_rw-demokratie.jpg\" alt=\"Demokratie aus der Wundert\u00fcte\" class=\"noLazy flagpm_the_photo swiper-lazy\"><div class=\"swiper-lazy-preloader swiper-lazy-preloader-black\"><\/div><\/div><div class=\"swiper-slide\" data-hash=\"flagallery389\" data-photo-id=\"389\"><span class=\"flagpm_va\"><\/span><img data-src=\"https:\/\/dp-freunde.de\/comm\/wp-content\/flagallery\/rainerwerning\/webview\/md12097889339.jpg\" alt=\"Rainer Werning - Kampuchea nach 1975 - Wiederaufbau im Zeichen einer Illusion? Ein Essay\" class=\"noLazy flagpm_the_photo swiper-lazy\"><div class=\"swiper-lazy-preloader swiper-lazy-preloader-black\"><\/div><\/div><div class=\"swiper-slide\" data-hash=\"flagallery372\" data-photo-id=\"372\"><span class=\"flagpm_va\"><\/span><img data-src=\"https:\/\/dp-freunde.de\/comm\/wp-content\/flagallery\/rainerwerning\/webview\/lesezeichen_cover.jpg\" alt=\"\" class=\"noLazy flagpm_the_photo swiper-lazy\"><div class=\"swiper-lazy-preloader swiper-lazy-preloader-black\"><\/div><\/div><div class=\"swiper-slide\" data-hash=\"flagallery380\" data-photo-id=\"380\"><span class=\"flagpm_va\"><\/span><img data-src=\"https:\/\/dp-freunde.de\/comm\/wp-content\/flagallery\/rainerwerning\/webview\/wohin-steuert-nordkorea.jpg\" alt=\"Wohin steuert Nordkorea\" class=\"noLazy flagpm_the_photo swiper-lazy\"><div class=\"swiper-lazy-preloader swiper-lazy-preloader-black\"><\/div><\/div><div class=\"swiper-slide\" data-hash=\"flagallery368\" data-photo-id=\"368\"><span class=\"flagpm_va\"><\/span><img data-src=\"https:\/\/dp-freunde.de\/comm\/wp-content\/flagallery\/rainerwerning\/webview\/joma-rw_tagalog-edition_cover1-218x300.jpg\" alt=\"\" class=\"noLazy flagpm_the_photo swiper-lazy\"><div class=\"swiper-lazy-preloader swiper-lazy-preloader-black\"><\/div><\/div><div class=\"swiper-slide\" data-hash=\"flagallery371\" data-photo-id=\"371\"><span class=\"flagpm_va\"><\/span><img data-src=\"https:\/\/dp-freunde.de\/comm\/wp-content\/flagallery\/rainerwerning\/webview\/dasprojektbefreiung-189x300.jpg\" alt=\"\" class=\"noLazy flagpm_the_photo swiper-lazy\"><div class=\"swiper-lazy-preloader swiper-lazy-preloader-black\"><\/div><\/div><div class=\"swiper-slide\" data-hash=\"flagallery381\" data-photo-id=\"381\"><span class=\"flagpm_va\"><\/span><img data-src=\"https:\/\/dp-freunde.de\/comm\/wp-content\/flagallery\/rainerwerning\/webview\/cover_reale-utopien.jpg\" alt=\"\" class=\"noLazy flagpm_the_photo swiper-lazy\"><div class=\"swiper-lazy-preloader swiper-lazy-preloader-black\"><\/div><\/div><div class=\"swiper-slide\" data-hash=\"flagallery378\" data-photo-id=\"378\"><span class=\"flagpm_va\"><\/span><img data-src=\"https:\/\/dp-freunde.de\/comm\/wp-content\/flagallery\/rainerwerning\/webview\/korea-auf-dem-weg-zur-einheit.jpg\" alt=\"Korea - Entfremdung und Ann\u00e4herung\" class=\"noLazy flagpm_the_photo swiper-lazy\"><div class=\"swiper-lazy-preloader swiper-lazy-preloader-black\"><\/div><\/div> <\/div> <\/div> <\/div> <div class=\"flagpm_photo_header\"> <div class=\"flagpm_wrapper flagpm_clearfix\"> <div class=\"flagpm_focus_actions\"> <ul class=\"flagpm_focus_share\"> <li style=\"list-style:none;\" class=\"flagpm_share_wrapper\"> <a class=\"flagpm_button flagpm_share\">Share<\/a> <ul class=\"flagpm_sharelizers flagpm_clearfix\"> <li style=\"list-style:none;\"><a class=\"flagpm_button flagpm_facebook flagpm_sharelizer\">Facebook<\/a><\/li> <li style=\"list-style:none;\"><a class=\"flagpm_button flagpm_twitter flagpm_sharelizer\">Twitter<\/a><\/li> <li style=\"list-style:none;\"><a class=\"flagpm_button flagpm_pinterest flagpm_sharelizer\">Pinterest<\/a><\/li> <li style=\"list-style:none;\"><a class=\"flagpm_button flagpm_stumbleupon flagpm_sharelizer\">StumbleUpon<\/a><\/li> <\/ul> <\/li> <\/ul> <ul class=\"flagpm_focus_arrows flagpm_clearfix\"> <li style=\"list-style:none;\"><a class=\"flagpm_button flagpm_photo_arrow_previous flagpm_prev\">Previous<\/a><\/li> <li style=\"list-style:none;\"><a class=\"flagpm_button flagpm_photo_arrow_next flagpm_next\">Next<\/a><\/li> <\/ul> <\/div> <div class=\"flagpm_name_wrap flagpm_clearfix flagpm_no_avatar\"> <div class=\"flagpm_title_author\"> <div class=\"flagpm_title\">Von Marcos zu Marcos<\/div> <\/div> <\/div> <div class=\"flagpm_actions flagpm_clearfix\"> <div class=\"flagpm_carousel flagpm_has_previous flagpm_has_next\"> <div class=\"flagpm_previous_button\"><\/div> <div class=\"flagpm_photo_carousel\"> <div class=\"swiper-container swiper-small-images\"> <div class=\"swiper-wrapper\"><div class=\"swiper-slide flagpm_photo\" data-photo-id=\"408\"><img decoding=\"async\" src=\"https:\/\/dp-freunde.de\/comm\/wp-content\/flagallery\/rainerwerning\/thumbs\/thumbs_vommarcoszumarcos_buchcover_rainerwerning_sep2025.png\" data-src=\"https:\/\/dp-freunde.de\/comm\/wp-content\/flagallery\/rainerwerning\/thumbs\/thumbs_vommarcoszumarcos_buchcover_rainerwerning_sep2025.png\" alt=\"Von Marcos zu Marcos\" class=\"noLazy flagpm_photo swiper-lazy flagpm_photo_landscape\"><span class=\"swiper-lazy-preloader swiper-lazy-preloader-black\"><\/span><\/div><div class=\"swiper-slide flagpm_photo\" data-photo-id=\"403\"><img data-src=\"https:\/\/dp-freunde.de\/comm\/wp-content\/flagallery\/rainerwerning\/thumbs\/thumbs_handbuchphilippinen_ebook.PNG\" alt=\"Handbuch Philippinen als eBook\" class=\"noLazy flagpm_photo swiper-lazy flagpm_photo_landscape\"><span class=\"swiper-lazy-preloader swiper-lazy-preloader-black\"><\/span><\/div><div class=\"swiper-slide flagpm_photo\" data-photo-id=\"402\"><img data-src=\"https:\/\/dp-freunde.de\/comm\/wp-content\/flagallery\/rainerwerning\/thumbs\/thumbs_utrechtmanila-notes.PNG\" alt=\"Utrecht &amp; Manila: Notes on the book launches of the latest publications by Jos\u00e9 Maria Sison &amp; Rainer Werning\" class=\"noLazy flagpm_photo swiper-lazy flagpm_photo_portrait\"><span class=\"swiper-lazy-preloader swiper-lazy-preloader-black\"><\/span><\/div><div class=\"swiper-slide flagpm_photo\" data-photo-id=\"397\"><img data-src=\"https:\/\/dp-freunde.de\/comm\/wp-content\/flagallery\/rainerwerning\/thumbs\/thumbs_einlebenimwiderstand.JPG\" alt=\"\" class=\"noLazy flagpm_photo swiper-lazy flagpm_photo_landscape\"><span class=\"swiper-lazy-preloader swiper-lazy-preloader-black\"><\/span><\/div><div class=\"swiper-slide flagpm_photo\" data-photo-id=\"395\"><img data-src=\"https:\/\/dp-freunde.de\/comm\/wp-content\/flagallery\/rainerwerning\/thumbs\/thumbs_reflections.jpg\" alt=\"Reflections on Revolution and Prospects\" class=\"noLazy flagpm_photo swiper-lazy flagpm_photo_landscape\"><span class=\"swiper-lazy-preloader swiper-lazy-preloader-black\"><\/span><\/div><div class=\"swiper-slide flagpm_photo\" data-photo-id=\"393\"><img data-src=\"https:\/\/dp-freunde.de\/comm\/wp-content\/flagallery\/rainerwerning\/thumbs\/thumbs_handbuch-philippinen_15-feb-2019-207x300.jpg\" alt=\"Handbuch Philippinen - Die neue 2019 Version\" class=\"noLazy flagpm_photo swiper-lazy flagpm_photo_portrait\"><span class=\"swiper-lazy-preloader swiper-lazy-preloader-black\"><\/span><\/div><div class=\"swiper-slide flagpm_photo\" data-photo-id=\"390\"><img data-src=\"https:\/\/dp-freunde.de\/comm\/wp-content\/flagallery\/rainerwerning\/thumbs\/thumbs_brennpunkt-nordkorea_werning-und-picht.jpg\" alt=\"Brennpunkt Nordkorea\" class=\"noLazy flagpm_photo swiper-lazy flagpm_photo_portrait\"><span class=\"swiper-lazy-preloader swiper-lazy-preloader-black\"><\/span><\/div><div class=\"swiper-slide flagpm_photo\" data-photo-id=\"376\"><img data-src=\"https:\/\/dp-freunde.de\/comm\/wp-content\/flagallery\/rainerwerning\/thumbs\/thumbs_kron-kreuz-und-krieger.jpg\" alt=\"Krone, Kreuz und Krieger\" class=\"noLazy flagpm_photo swiper-lazy flagpm_photo_landscape\"><span class=\"swiper-lazy-preloader swiper-lazy-preloader-black\"><\/span><\/div><div class=\"swiper-slide flagpm_photo\" data-photo-id=\"396\"><img data-src=\"https:\/\/dp-freunde.de\/comm\/wp-content\/flagallery\/rainerwerning\/thumbs\/thumbs_japaneseversion-221x300.jpg\" alt=\"The Philippine Revolution: The Leader\u2019s View (Japanese)\" class=\"noLazy flagpm_photo swiper-lazy flagpm_photo_portrait\"><span class=\"swiper-lazy-preloader swiper-lazy-preloader-black\"><\/span><\/div><div class=\"swiper-slide flagpm_photo\" data-photo-id=\"383\"><img data-src=\"https:\/\/dp-freunde.de\/comm\/wp-content\/flagallery\/rainerwerning\/thumbs\/thumbs_handbook-philippines_final-cover-red-page-001.jpg\" alt=\"Handbook Philippines\" class=\"noLazy flagpm_photo swiper-lazy flagpm_photo_landscape\"><span class=\"swiper-lazy-preloader swiper-lazy-preloader-black\"><\/span><\/div><div class=\"swiper-slide flagpm_photo\" data-photo-id=\"384\"><img data-src=\"https:\/\/dp-freunde.de\/comm\/wp-content\/flagallery\/rainerwerning\/thumbs\/thumbs_philippinen_paradies-in-aufruhr.jpg\" alt=\"Philippinen - Paradies in Aufruhr\" class=\"noLazy flagpm_photo swiper-lazy flagpm_photo_portrait\"><span class=\"swiper-lazy-preloader swiper-lazy-preloader-black\"><\/span><\/div><div class=\"swiper-slide flagpm_photo\" data-photo-id=\"404\"><img data-src=\"https:\/\/dp-freunde.de\/comm\/wp-content\/flagallery\/rainerwerning\/thumbs\/thumbs_oestlichdeshorizonts_buch.PNG\" alt=\"\u00d6stlich des Horizonts\" class=\"noLazy flagpm_photo swiper-lazy flagpm_photo_portrait\"><span class=\"swiper-lazy-preloader swiper-lazy-preloader-black\"><\/span><\/div><div class=\"swiper-slide flagpm_photo\" data-photo-id=\"394\"><img data-src=\"https:\/\/dp-freunde.de\/comm\/wp-content\/flagallery\/rainerwerning\/thumbs\/thumbs_rainer-werning-der-mindanao-konflikt.jpg\" alt=\"Der Mindanao Konflikt\" class=\"noLazy flagpm_photo swiper-lazy flagpm_photo_landscape\"><span class=\"swiper-lazy-preloader swiper-lazy-preloader-black\"><\/span><\/div><div class=\"swiper-slide flagpm_photo\" data-photo-id=\"375\"><img data-src=\"https:\/\/dp-freunde.de\/comm\/wp-content\/flagallery\/rainerwerning\/thumbs\/thumbs_handbuchphilippinen_rainerwerning.jpg\" alt=\"Handbuch Philippinen\" class=\"noLazy flagpm_photo swiper-lazy flagpm_photo_landscape\"><span class=\"swiper-lazy-preloader swiper-lazy-preloader-black\"><\/span><\/div><div class=\"swiper-slide flagpm_photo\" data-photo-id=\"387\"><img data-src=\"https:\/\/dp-freunde.de\/comm\/wp-content\/flagallery\/rainerwerning\/thumbs\/thumbs_the-philippine-revolution-the-leaders-view-joma-sision-with-rainer-werning.jpg\" alt=\"The Philippine Revolution: The Leader&#039;s View\" class=\"noLazy flagpm_photo swiper-lazy flagpm_photo_portrait\"><span class=\"swiper-lazy-preloader swiper-lazy-preloader-black\"><\/span><\/div><div class=\"swiper-slide flagpm_photo\" data-photo-id=\"401\"><img data-src=\"https:\/\/dp-freunde.de\/comm\/wp-content\/flagallery\/rainerwerning\/thumbs\/thumbs_rainer-werningnach-camp-david-neue-kriegswolken-ueber-nahost.jpg\" alt=\"Nach Camp David: Neue Kriegswolken \u00fcber Nahost\" class=\"noLazy flagpm_photo swiper-lazy flagpm_photo_portrait\"><span class=\"swiper-lazy-preloader swiper-lazy-preloader-black\"><\/span><\/div><div class=\"swiper-slide flagpm_photo\" data-photo-id=\"398\"><img data-src=\"https:\/\/dp-freunde.de\/comm\/wp-content\/flagallery\/rainerwerning\/thumbs\/thumbs_tim-kuschnerus-rainer-werningdie-philippinen-unter-aquino-facetten-eines-machtwechsels.jpg\" alt=\"Die Philippinen unter Aquino - Facetten eines Machtwechsels\" class=\"noLazy flagpm_photo swiper-lazy flagpm_photo_portrait\"><span class=\"swiper-lazy-preloader swiper-lazy-preloader-black\"><\/span><\/div><div class=\"swiper-slide flagpm_photo\" data-photo-id=\"399\"><img data-src=\"https:\/\/dp-freunde.de\/comm\/wp-content\/flagallery\/rainerwerning\/thumbs\/thumbs_rainer-werningberstender-bambus-befreiungskampf-und-gesundheitswesen-auf-den-philippinen.jpg\" alt=\"Berstender Bambus. Befreiungskampf und Gesundheitswesen auf den Philippinen\" class=\"noLazy flagpm_photo swiper-lazy flagpm_photo_portrait\"><span class=\"swiper-lazy-preloader swiper-lazy-preloader-black\"><\/span><\/div><div class=\"swiper-slide flagpm_photo\" data-photo-id=\"400\"><img data-src=\"https:\/\/dp-freunde.de\/comm\/wp-content\/flagallery\/rainerwerning\/thumbs\/thumbs_esther-dischereit-michael-denissuedkorea-kein-land-fuer-friedliche-spiele.jpg\" alt=\"S\u00fcdkorea: Kein Land f\u00fcr friedliche Spiele\" class=\"noLazy flagpm_photo swiper-lazy flagpm_photo_portrait\"><span class=\"swiper-lazy-preloader swiper-lazy-preloader-black\"><\/span><\/div><div class=\"swiper-slide flagpm_photo\" data-photo-id=\"367\"><img data-src=\"https:\/\/dp-freunde.de\/comm\/wp-content\/flagallery\/rainerwerning\/thumbs\/thumbs_handbuchphilippinen-209x300.jpg\" alt=\"\" class=\"noLazy flagpm_photo swiper-lazy flagpm_photo_portrait\"><span class=\"swiper-lazy-preloader swiper-lazy-preloader-black\"><\/span><\/div><div class=\"swiper-slide flagpm_photo\" data-photo-id=\"379\"><img data-src=\"https:\/\/dp-freunde.de\/comm\/wp-content\/flagallery\/rainerwerning\/thumbs\/thumbs_promedia_song_werning_korea.jpg\" alt=\"Korea\" class=\"noLazy flagpm_photo swiper-lazy flagpm_photo_portrait\"><span class=\"swiper-lazy-preloader swiper-lazy-preloader-black\"><\/span><\/div><div class=\"swiper-slide flagpm_photo\" data-photo-id=\"373\"><img data-src=\"https:\/\/dp-freunde.de\/comm\/wp-content\/flagallery\/rainerwerning\/thumbs\/thumbs_paradies-in-aufruhr_cover.jpg\" alt=\"Paradies in Aufruhr\" class=\"noLazy flagpm_photo swiper-lazy flagpm_photo_portrait\"><span class=\"swiper-lazy-preloader swiper-lazy-preloader-black\"><\/span><\/div><div class=\"swiper-slide flagpm_photo\" data-photo-id=\"366\"><img data-src=\"https:\/\/dp-freunde.de\/comm\/wp-content\/flagallery\/rainerwerning\/thumbs\/thumbs_diephilippinischerevolution-205x300.jpg\" alt=\"Die philippinsche Revolution\" class=\"noLazy flagpm_photo swiper-lazy flagpm_photo_portrait\"><span class=\"swiper-lazy-preloader swiper-lazy-preloader-black\"><\/span><\/div><div class=\"swiper-slide flagpm_photo\" data-photo-id=\"405\"><img data-src=\"https:\/\/dp-freunde.de\/comm\/wp-content\/flagallery\/rainerwerning\/thumbs\/thumbs_elmar-u-roland-bunzenthal-altvatersoll-und-haben-strategien-und-alternativen-zur-loesung-der.jpg\" alt=\"\" class=\"noLazy flagpm_photo swiper-lazy flagpm_photo_portrait\"><span class=\"swiper-lazy-preloader swiper-lazy-preloader-black\"><\/span><\/div><div class=\"swiper-slide flagpm_photo\" data-photo-id=\"392\"><img data-src=\"https:\/\/dp-freunde.de\/comm\/wp-content\/flagallery\/rainerwerning\/thumbs\/thumbs_rw_zur-geschichte-des-phil-befreiungskampfes.jpg\" alt=\"\" class=\"noLazy flagpm_photo swiper-lazy flagpm_photo_portrait\"><span class=\"swiper-lazy-preloader swiper-lazy-preloader-black\"><\/span><\/div><div class=\"swiper-slide flagpm_photo\" data-photo-id=\"391\"><img data-src=\"https:\/\/dp-freunde.de\/comm\/wp-content\/flagallery\/rainerwerning\/thumbs\/thumbs_kampuchea-lesebuch.jpg\" alt=\"\" class=\"noLazy flagpm_photo swiper-lazy flagpm_photo_portrait\"><span class=\"swiper-lazy-preloader swiper-lazy-preloader-black\"><\/span><\/div><div class=\"swiper-slide flagpm_photo\" data-photo-id=\"374\"><img data-src=\"https:\/\/dp-freunde.de\/comm\/wp-content\/flagallery\/rainerwerning\/thumbs\/thumbs_phonix_cover.jpg\" alt=\"\" class=\"noLazy flagpm_photo swiper-lazy flagpm_photo_portrait\"><span class=\"swiper-lazy-preloader swiper-lazy-preloader-black\"><\/span><\/div><div class=\"swiper-slide flagpm_photo\" data-photo-id=\"385\"><img data-src=\"https:\/\/dp-freunde.de\/comm\/wp-content\/flagallery\/rainerwerning\/thumbs\/thumbs_rainer-werning-suedkorea-politik-und-geschichte-im-land-der-morgenstille.jpg\" alt=\"Rainer Werning - S\u00fcdkorea - Politik und Geschichte im Land der Morgenstille\" class=\"noLazy flagpm_photo swiper-lazy flagpm_photo_portrait\"><span class=\"swiper-lazy-preloader swiper-lazy-preloader-black\"><\/span><\/div><div class=\"swiper-slide flagpm_photo\" data-photo-id=\"388\"><img data-src=\"https:\/\/dp-freunde.de\/comm\/wp-content\/flagallery\/rainerwerning\/thumbs\/thumbs_md20709586188.jpg\" alt=\"Rainer Werning - Berstender Bambus. Befreiungskampf und Gesundheitswesen auf den Philippinen\" class=\"noLazy flagpm_photo swiper-lazy flagpm_photo_landscape\"><span class=\"swiper-lazy-preloader swiper-lazy-preloader-black\"><\/span><\/div><div class=\"swiper-slide flagpm_photo\" data-photo-id=\"386\"><img data-src=\"https:\/\/dp-freunde.de\/comm\/wp-content\/flagallery\/rainerwerning\/thumbs\/thumbs_rainer-werning-nordkorea-annaeherungen-an-einen-aussenseiter.jpg\" alt=\"Rainer Werning - Nordkorea - Ann\u00e4herungen an einen Au\u00dfenseiter\" class=\"noLazy flagpm_photo swiper-lazy flagpm_photo_portrait\"><span class=\"swiper-lazy-preloader swiper-lazy-preloader-black\"><\/span><\/div><div class=\"swiper-slide flagpm_photo\" data-photo-id=\"370\"><img data-src=\"https:\/\/dp-freunde.de\/comm\/wp-content\/flagallery\/rainerwerning\/thumbs\/thumbs_voicesfrommoroland.jpg\" alt=\"Voices from Moro Land\" class=\"noLazy flagpm_photo swiper-lazy flagpm_photo_portrait\"><span class=\"swiper-lazy-preloader swiper-lazy-preloader-black\"><\/span><\/div><div class=\"swiper-slide flagpm_photo\" data-photo-id=\"369\"><img data-src=\"https:\/\/dp-freunde.de\/comm\/wp-content\/flagallery\/rainerwerning\/thumbs\/thumbs_prospectsforpeace-300x210.jpg\" alt=\"Prospects for Peace?\" class=\"noLazy flagpm_photo swiper-lazy flagpm_photo_landscape\"><span class=\"swiper-lazy-preloader swiper-lazy-preloader-black\"><\/span><\/div><div class=\"swiper-slide flagpm_photo\" data-photo-id=\"377\"><img data-src=\"https:\/\/dp-freunde.de\/comm\/wp-content\/flagallery\/rainerwerning\/thumbs\/thumbs_cover_rw-demokratie.jpg\" alt=\"Demokratie aus der Wundert\u00fcte\" class=\"noLazy flagpm_photo swiper-lazy flagpm_photo_landscape\"><span class=\"swiper-lazy-preloader swiper-lazy-preloader-black\"><\/span><\/div><div class=\"swiper-slide flagpm_photo\" data-photo-id=\"389\"><img data-src=\"https:\/\/dp-freunde.de\/comm\/wp-content\/flagallery\/rainerwerning\/thumbs\/thumbs_md12097889339.jpg\" alt=\"Rainer Werning - Kampuchea nach 1975 - Wiederaufbau im Zeichen einer Illusion? Ein Essay\" class=\"noLazy flagpm_photo swiper-lazy flagpm_photo_portrait\"><span class=\"swiper-lazy-preloader swiper-lazy-preloader-black\"><\/span><\/div><div class=\"swiper-slide flagpm_photo\" data-photo-id=\"372\"><img data-src=\"https:\/\/dp-freunde.de\/comm\/wp-content\/flagallery\/rainerwerning\/thumbs\/thumbs_lesezeichen_cover.jpg\" alt=\"\" class=\"noLazy flagpm_photo swiper-lazy flagpm_photo_portrait\"><span class=\"swiper-lazy-preloader swiper-lazy-preloader-black\"><\/span><\/div><div class=\"swiper-slide flagpm_photo\" data-photo-id=\"380\"><img data-src=\"https:\/\/dp-freunde.de\/comm\/wp-content\/flagallery\/rainerwerning\/thumbs\/thumbs_wohin-steuert-nordkorea.jpg\" alt=\"Wohin steuert Nordkorea\" class=\"noLazy flagpm_photo swiper-lazy flagpm_photo_portrait\"><span class=\"swiper-lazy-preloader swiper-lazy-preloader-black\"><\/span><\/div><div class=\"swiper-slide flagpm_photo\" data-photo-id=\"368\"><img data-src=\"https:\/\/dp-freunde.de\/comm\/wp-content\/flagallery\/rainerwerning\/thumbs\/thumbs_joma-rw_tagalog-edition_cover1-218x300.jpg\" alt=\"\" class=\"noLazy flagpm_photo swiper-lazy flagpm_photo_portrait\"><span class=\"swiper-lazy-preloader swiper-lazy-preloader-black\"><\/span><\/div><div class=\"swiper-slide flagpm_photo\" data-photo-id=\"371\"><img data-src=\"https:\/\/dp-freunde.de\/comm\/wp-content\/flagallery\/rainerwerning\/thumbs\/thumbs_dasprojektbefreiung-189x300.jpg\" alt=\"\" class=\"noLazy flagpm_photo swiper-lazy flagpm_photo_portrait\"><span class=\"swiper-lazy-preloader swiper-lazy-preloader-black\"><\/span><\/div><div class=\"swiper-slide flagpm_photo\" data-photo-id=\"381\"><img data-src=\"https:\/\/dp-freunde.de\/comm\/wp-content\/flagallery\/rainerwerning\/thumbs\/thumbs_cover_reale-utopien.jpg\" alt=\"\" class=\"noLazy flagpm_photo swiper-lazy flagpm_photo_portrait\"><span class=\"swiper-lazy-preloader swiper-lazy-preloader-black\"><\/span><\/div><div class=\"swiper-slide flagpm_photo\" data-photo-id=\"378\"><img data-src=\"https:\/\/dp-freunde.de\/comm\/wp-content\/flagallery\/rainerwerning\/thumbs\/thumbs_korea-auf-dem-weg-zur-einheit.jpg\" alt=\"Korea - Entfremdung und Ann\u00e4herung\" class=\"noLazy flagpm_photo swiper-lazy flagpm_photo_portrait\"><span class=\"swiper-lazy-preloader swiper-lazy-preloader-black\"><\/span><\/div> <\/div> <\/div> <\/div> <div class=\"flagpm_next_button\"><\/div> <\/div> <div class=\"flagpm_big_button_wrap flagpm_one_button\"> <div class=\"flagpm_share_wrapper\"> <a class=\"flagpm_button flagpm_share\">Share<\/a> <div class=\"flagpm_sharelizers_wrap\"> <ul class=\"flagpm_sharelizers\"> <li style=\"list-style:none;\"><a class=\"flagpm_button flagpm_facebook flagpm_sharelizer\">Facebook<\/a><\/li> <li style=\"list-style:none;\"><a class=\"flagpm_button flagpm_twitter flagpm_sharelizer\">Twitter<\/a><\/li> <li style=\"list-style:none;\"><a class=\"flagpm_button flagpm_pinterest flagpm_sharelizer\">Pinterest<\/a><\/li> <li style=\"list-style:none;\"><a class=\"flagpm_button flagpm_stumbleupon flagpm_sharelizer\">StumbleUpon<\/a><\/li> <\/ul> <\/div> <\/div> <\/div> <div class=\"flagpm_big_button_wrap\"> <a class=\"flagpm_big_button flagpm_link_button\" href='https:\/\/mediashop.at\/buecher\/von-marcos-zu-marcos\/' target='_blank'> <span class=\"flagpm_icon\"><\/span> <span class=\"flagpm_label\">Open Link<\/span> <\/a> <\/div> <\/div> <\/div> <\/div> <div class=\"flagpm_focus_close_full\"> <span><a class=\"flagpm_button flagpm_close\">Close<\/a><\/span> <span><a class=\"flagpm_button flagpm_full\">Full<\/a><\/span> <\/div> <div class=\"flagpm_photo_details\"> <div class=\"flagpm_description_wrap empty-item-description\"> <div class=\"details_title\">Beschreibung<\/div> <div class=\"flagpm_description_text_wrap\"> <div class=\"flagpm_slide_description\"><\/div> <\/div> <\/div> <\/div> <div class=\"flagpm_focus_footer\"> <div class=\"flagpm_focus_keyboard\"> <div class=\"flagpm_focus_keyboard_title\">Keyboard Shortcuts <a class=\"flagpm_focus_keyboard_dismiss\">Dismiss<\/a><\/div> <ul> <li style=\"list-style:none;\"><a data-key=\"p\" class=\"flagpm_key\">S<\/a><span class=\"flagpm_label\">Slideshow<\/span><\/li> <li style=\"list-style:none;\"><a data-key=\"m\" class=\"flagpm_key\">M<\/a><span class=\"flagpm_label\">Maximize<\/span><\/li> <li style=\"list-style:none;\"><a data-key=\"left\" class=\"flagpm_key\">&nbsp;<\/a><span class=\"flagpm_label\">Previous<\/span><\/li> <li style=\"list-style:none;\"><a data-key=\"right\" class=\"flagpm_key\">&nbsp;<\/a><span class=\"flagpm_label\">Next<\/span><\/li> <li style=\"list-style:none;\"><a data-key=\"escape\" class=\"flagpm_key flagpm_esc\">esc<\/a><span class=\"flagpm_label\">Close<\/span><\/li> <\/ul> <\/div> <\/div> <\/div> <script type=\"text\/javascript\"> jQuery(function($) { var settings = {\"base_gallery_width\":\"800\",\"base_gallery_height\":\"500\",\"gallery_min_height\":\"230\",\"scale_mode\":\"fit\",\"initial_slide\":0,\"slideshow_autoplay\":\"0\",\"slideshow_delay\":\"7000\",\"gallery_focus\":\"0\",\"gallery_maximized\":\"0\",\"gallery_focus_maximized\":\"0\",\"keyboard_help\":\"1\",\"show_download_button\":\"0\",\"show_link_button\":\"1\",\"show_description\":\"1\",\"show_share_button\":\"1\",\"show_like_button\":\"0\",\"link_color\":\"#0099e5\",\"link_color_hover\":\"#02adea\",\"download_button_text\":\"Download\",\"link_button_text\":\"Open Link\",\"description_title\":\"Beschreibung\",\"key\":\"\",\"name\":\"\",\"gallID\":\"sc1_8\"}; var content = {\"data\":[{\"id\":\"408\",\"image\":\"https:\\\/\\\/dp-freunde.de\\\/comm\\\/wp-content\\\/flagallery\\\/rainerwerning\\\/webview\\\/vommarcoszumarcos_buchcover_rainerwerning_sep2025.png\",\"thumb\":\"https:\\\/\\\/dp-freunde.de\\\/comm\\\/wp-content\\\/flagallery\\\/rainerwerning\\\/thumbs\\\/thumbs_vommarcoszumarcos_buchcover_rainerwerning_sep2025.png\",\"file\":\"vommarcoszumarcos_buchcover_rainerwerning_sep2025.png\",\"meta\":{\"aperture\":false,\"credit\":false,\"camera\":false,\"caption\":false,\"created_timestamp\":false,\"copyright\":false,\"focal_length\":false,\"iso\":false,\"shutter_speed\":false,\"flash\":false,\"title\":false,\"keywords\":false,\"width\":1231,\"height\":822,\"saved\":true,\"thumbnail\":{\"width\":400,\"height\":267},\"webview\":{\"0\":1231,\"1\":822,\"2\":3,\"3\":\"width=\\\"1231\\\" height=\\\"822\\\"\",\"bits\":8,\"mime\":\"image\\\/png\"},\"views\":\"269\",\"likes\":\"0\"},\"title\":\"Von Marcos zu Marcos\",\"description\":\"\",\"link\":\"https:\\\/\\\/mediashop.at\\\/buecher\\\/von-marcos-zu-marcos\\\/\",\"link_target\":\"_blank\",\"ratio\":1.497566909975669},{\"id\":\"403\",\"image\":\"https:\\\/\\\/dp-freunde.de\\\/comm\\\/wp-content\\\/flagallery\\\/rainerwerning\\\/webview\\\/handbuchphilippinen_ebook.PNG\",\"thumb\":\"https:\\\/\\\/dp-freunde.de\\\/comm\\\/wp-content\\\/flagallery\\\/rainerwerning\\\/thumbs\\\/thumbs_handbuchphilippinen_ebook.PNG\",\"file\":\"handbuchphilippinen_ebook.PNG\",\"meta\":{\"aperture\":false,\"credit\":false,\"camera\":false,\"caption\":false,\"created_timestamp\":false,\"copyright\":false,\"focal_length\":false,\"iso\":false,\"shutter_speed\":false,\"flash\":false,\"title\":false,\"keywords\":false,\"width\":847,\"height\":598,\"saved\":true,\"thumbnail\":{\"width\":400,\"height\":282},\"webview\":{\"0\":847,\"1\":598,\"2\":3,\"3\":\"width=\\\"847\\\" height=\\\"598\\\"\",\"bits\":8,\"mime\":\"image\\\/png\"},\"views\":\"2206\",\"likes\":\"0\"},\"title\":\"Handbuch Philippinen als eBook\",\"description\":\"\",\"link\":\"https:\\\/\\\/de-de.facebook.com\\\/regiospectra\\\/\",\"link_target\":\"_blank\",\"ratio\":1.4163879598662208},{\"id\":\"402\",\"image\":\"https:\\\/\\\/dp-freunde.de\\\/comm\\\/wp-content\\\/flagallery\\\/rainerwerning\\\/webview\\\/utrechtmanila-notes.PNG\",\"thumb\":\"https:\\\/\\\/dp-freunde.de\\\/comm\\\/wp-content\\\/flagallery\\\/rainerwerning\\\/thumbs\\\/thumbs_utrechtmanila-notes.PNG\",\"file\":\"utrechtmanila-notes.PNG\",\"meta\":{\"aperture\":false,\"credit\":false,\"camera\":false,\"caption\":false,\"created_timestamp\":false,\"copyright\":false,\"focal_length\":false,\"iso\":false,\"shutter_speed\":false,\"flash\":false,\"title\":false,\"keywords\":false,\"width\":239,\"height\":338,\"saved\":true,\"thumbnail\":{\"width\":282,\"height\":400},\"webview\":{\"0\":239,\"1\":338,\"2\":3,\"3\":\"width=\\\"239\\\" height=\\\"338\\\"\",\"bits\":8,\"mime\":\"image\\\/png\"},\"views\":\"37\",\"likes\":\"0\"},\"title\":\"Utrecht & Manila: Notes on the book launches of the latest publications by Jos\\u00e9 Maria Sison & Rainer Werning\",\"description\":\"<p>The International Office of the National Democratic Front of the Philippines (NDFP) successfully launched at its conference hall in Utrecht the book of Jos\\u00e9 Maria Sison and Dr. Rainer Werning, Reflections on Revolution and Prospects and its German version Ein Leben im Widerstand, on Saturday, December 21, 2019.<\\\/p><p>Solidarity activists in support of the Filipino people's struggle for national and social liberation were present during the Utrecht launch. This publication is a report on the two events in Utrecht, The Netherlands and in Manila, Philippines as well as reflections on the books by both authors and some of their colleagues.<\\\/p>\",\"link\":\"https:\\\/\\\/www.hugendubel.de\\\/de\\\/ebook_epub\\\/rainer_werning_jose_maria_sison-utrecht_manila_notes_on_the_book_launches_of_the_latest_publications_by_jose_maria_sison_rainer_werning-39811819-produkt-details.html?adCode=932Q30Z41B40I&gclid=EAIaIQobChMIkr2M1rvZ7AIVUeJ3Ch0Dewc4EAYYASABEgL1XfD_BwE\",\"link_target\":\"_blank\",\"ratio\":0.7071005917159763},{\"id\":\"397\",\"image\":\"https:\\\/\\\/dp-freunde.de\\\/comm\\\/wp-content\\\/flagallery\\\/rainerwerning\\\/webview\\\/einlebenimwiderstand.JPG\",\"thumb\":\"https:\\\/\\\/dp-freunde.de\\\/comm\\\/wp-content\\\/flagallery\\\/rainerwerning\\\/thumbs\\\/thumbs_einlebenimwiderstand.JPG\",\"file\":\"einlebenimwiderstand.JPG\",\"meta\":{\"aperture\":false,\"credit\":false,\"camera\":false,\"caption\":false,\"created_timestamp\":\"5. Oktober 2019 23:27\",\"copyright\":false,\"focal_length\":false,\"iso\":false,\"shutter_speed\":false,\"flash\":false,\"title\":false,\"keywords\":false,\"width\":891,\"height\":604,\"saved\":true,\"thumbnail\":{\"width\":400,\"height\":271},\"webview\":{\"0\":891,\"1\":604,\"2\":2,\"3\":\"width=\\\"891\\\" height=\\\"604\\\"\",\"bits\":8,\"channels\":3,\"mime\":\"image\\\/jpeg\"},\"views\":\"726\",\"likes\":\"0\"},\"title\":\"\",\"description\":\"<p>Ein Leben im Widerstand<br \\\/>Gespr\\u00e4che \\u00fcber Imperialismus, Sozialismus und Befreiung<\\\/p>\",\"link\":\"https:\\\/\\\/www.neuerweg.de\\\/bucher\\\/ein-leben-im-widerstand-gespraeche-ueber-imperialismus-sozialismus-und-befreiung\\\/ein-leben-im-widerstand-gespraeche-ueber-imperialismus-sozialismus-und-befreiung\",\"link_target\":\"_blank\",\"ratio\":1.4751655629139073},{\"id\":\"395\",\"image\":\"https:\\\/\\\/dp-freunde.de\\\/comm\\\/wp-content\\\/flagallery\\\/rainerwerning\\\/webview\\\/reflections.jpg\",\"thumb\":\"https:\\\/\\\/dp-freunde.de\\\/comm\\\/wp-content\\\/flagallery\\\/rainerwerning\\\/thumbs\\\/thumbs_reflections.jpg\",\"file\":\"reflections.jpg\",\"meta\":{\"aperture\":false,\"credit\":false,\"camera\":false,\"caption\":false,\"created_timestamp\":false,\"copyright\":false,\"focal_length\":false,\"iso\":false,\"shutter_speed\":false,\"flash\":false,\"title\":false,\"keywords\":false,\"width\":2048,\"height\":1591,\"saved\":true,\"thumbnail\":{\"width\":400,\"height\":311},\"webview\":{\"0\":2048,\"1\":1591,\"2\":2,\"3\":\"width=\\\"2048\\\" height=\\\"1591\\\"\",\"bits\":8,\"channels\":3,\"mime\":\"image\\\/jpeg\"},\"views\":\"65\",\"likes\":\"0\"},\"title\":\"Reflections on Revolution and Prospects\",\"description\":\"\",\"link\":\"https:\\\/\\\/josemariasison.org\\\/forthcoming-book-of-jose-maria-sison-as-interviewee-and-rainer-werning-as-interviewer-with-introduction-by-e-san-juan-jr\\\/\",\"link_target\":\"_blank\",\"ratio\":1.2872407291011942},{\"id\":\"393\",\"image\":\"https:\\\/\\\/dp-freunde.de\\\/comm\\\/wp-content\\\/flagallery\\\/rainerwerning\\\/webview\\\/handbuch-philippinen_15-feb-2019-207x300.jpg\",\"thumb\":\"https:\\\/\\\/dp-freunde.de\\\/comm\\\/wp-content\\\/flagallery\\\/rainerwerning\\\/thumbs\\\/thumbs_handbuch-philippinen_15-feb-2019-207x300.jpg\",\"file\":\"handbuch-philippinen_15-feb-2019-207x300.jpg\",\"meta\":{\"aperture\":false,\"credit\":false,\"camera\":false,\"caption\":false,\"created_timestamp\":false,\"copyright\":false,\"focal_length\":false,\"iso\":false,\"shutter_speed\":false,\"flash\":false,\"title\":false,\"keywords\":false,\"width\":207,\"height\":300,\"saved\":true,\"thumbnail\":{\"width\":276,\"height\":400},\"webview\":{\"0\":207,\"1\":300,\"2\":2,\"3\":\"width=\\\"207\\\" height=\\\"300\\\"\",\"bits\":8,\"channels\":3,\"mime\":\"image\\\/jpeg\"},\"views\":\"352\",\"likes\":\"0\"},\"title\":\"Handbuch Philippinen - Die neue 2019 Version\",\"description\":\"\",\"link\":\"\",\"link_target\":\"\",\"ratio\":0.69},{\"id\":\"390\",\"image\":\"https:\\\/\\\/dp-freunde.de\\\/comm\\\/wp-content\\\/flagallery\\\/rainerwerning\\\/webview\\\/brennpunkt-nordkorea_werning-und-picht.jpg\",\"thumb\":\"https:\\\/\\\/dp-freunde.de\\\/comm\\\/wp-content\\\/flagallery\\\/rainerwerning\\\/thumbs\\\/thumbs_brennpunkt-nordkorea_werning-und-picht.jpg\",\"file\":\"brennpunkt-nordkorea_werning-und-picht.jpg\",\"meta\":{\"aperture\":false,\"credit\":false,\"camera\":false,\"caption\":false,\"created_timestamp\":false,\"copyright\":false,\"focal_length\":false,\"iso\":false,\"shutter_speed\":false,\"flash\":false,\"title\":false,\"keywords\":false,\"width\":600,\"height\":1008,\"saved\":true,\"thumbnail\":{\"width\":238,\"height\":400},\"webview\":{\"0\":600,\"1\":1008,\"2\":2,\"3\":\"width=\\\"600\\\" height=\\\"1008\\\"\",\"bits\":8,\"channels\":3,\"mime\":\"image\\\/jpeg\"},\"views\":\"900\",\"likes\":\"0\"},\"title\":\"Brennpunkt Nordkorea\",\"description\":\"<p>Klappentext<br \\\/>Der seit Jahrzehnten schwelende Konflikt um die Koreanische Halbinsel heizt sich seit Monaten zu einer den Weltfrieden bedrohenden Auseinandersetzung auf. Der nordkoreanische Machthaber Kim Jong-un testet Atomwaffen und Raketen, und US-Pr\\u00e4sident Donald Trump droht daf\\u00fcr mit der totalen Vernichtung dieses Landes. Erschrocken mahnen Politiker aus aller Welt, vom deutschen Au\\u00dfenminister \\u00fcber den UNO-Generalsekret\\u00e4r bis zum russischen Pr\\u00e4sidenten, eine friedliche L\\u00f6sung des Konflikts an, denn ein atomarer Weltbrand droht! Doch was wissen wir eigentlich \\u00fcber den Konflikt, seine Vorgeschichte,<br \\\/>seine aktuelle Brisanz und die handelnden Akteure?<br \\\/>Die drei im vorliegenden Band versammelten Experten, die Koreanistikprofessorin Helga Picht, der Asienkenner Rainer Werning und der politische<br \\\/>Publizist und Philosoph Arnold Sch\\u00f6lzel, bringen Klarheit in die Problematik. Gegen die einseitigen Berichte in den westlichen Medien setzen sie eine umfassende Betrachtung aller Aspekte. Denn: Nur wer die Hintergr\\u00fcnde versteht, kann sich selbst ein reales Bild machen. Ein kluges Buch genau zur rechten Zeit und eine unverzichtbare Lekt\\u00fcre f\\u00fcr alle, die sich Aufkl\\u00e4rung statt Propaganda w\\u00fcnschen. <\\\/p>\",\"link\":\"\",\"link_target\":\"\",\"ratio\":0.5952380952380952},{\"id\":\"376\",\"image\":\"https:\\\/\\\/dp-freunde.de\\\/comm\\\/wp-content\\\/flagallery\\\/rainerwerning\\\/webview\\\/kron-kreuz-und-krieger.jpg\",\"thumb\":\"https:\\\/\\\/dp-freunde.de\\\/comm\\\/wp-content\\\/flagallery\\\/rainerwerning\\\/thumbs\\\/thumbs_kron-kreuz-und-krieger.jpg\",\"file\":\"kron-kreuz-und-krieger.jpg\",\"meta\":{\"aperture\":false,\"credit\":false,\"camera\":false,\"caption\":false,\"created_timestamp\":false,\"copyright\":false,\"focal_length\":false,\"iso\":false,\"shutter_speed\":false,\"flash\":false,\"title\":false,\"keywords\":false,\"width\":1008,\"height\":752,\"saved\":true,\"thumbnail\":{\"width\":115,\"height\":100},\"webview\":{\"0\":1008,\"1\":752,\"2\":2,\"3\":\"width=\\\"1008\\\" height=\\\"752\\\"\",\"bits\":8,\"channels\":3,\"mime\":\"image\\\/jpeg\"},\"views\":\"577\",\"likes\":\"0\"},\"title\":\"Krone, Kreuz und Krieger\",\"description\":\"\",\"link\":\"\",\"link_target\":\"\",\"ratio\":1.3404255319148937},{\"id\":\"396\",\"image\":\"https:\\\/\\\/dp-freunde.de\\\/comm\\\/wp-content\\\/flagallery\\\/rainerwerning\\\/webview\\\/japaneseversion-221x300.jpg\",\"thumb\":\"https:\\\/\\\/dp-freunde.de\\\/comm\\\/wp-content\\\/flagallery\\\/rainerwerning\\\/thumbs\\\/thumbs_japaneseversion-221x300.jpg\",\"file\":\"japaneseversion-221x300.jpg\",\"meta\":{\"aperture\":false,\"credit\":false,\"camera\":false,\"caption\":false,\"created_timestamp\":false,\"copyright\":false,\"focal_length\":false,\"iso\":false,\"shutter_speed\":false,\"flash\":false,\"title\":false,\"keywords\":false,\"width\":221,\"height\":300,\"saved\":true,\"thumbnail\":{\"width\":294,\"height\":400},\"webview\":{\"0\":221,\"1\":300,\"2\":2,\"3\":\"width=\\\"221\\\" height=\\\"300\\\"\",\"bits\":8,\"channels\":3,\"mime\":\"image\\\/jpeg\"},\"views\":\"18\",\"likes\":\"0\"},\"title\":\"The Philippine Revolution: The Leader\\u2019s View (Japanese)\",\"description\":\"\",\"link\":\"https:\\\/\\\/josemariasison.org\\\/the-philippine-revolution-the-leaders-view-japanese\\\/\",\"link_target\":\"_blank\",\"ratio\":0.7366666666666667},{\"id\":\"383\",\"image\":\"https:\\\/\\\/dp-freunde.de\\\/comm\\\/wp-content\\\/flagallery\\\/rainerwerning\\\/webview\\\/handbook-philippines_final-cover-red-page-001.jpg\",\"thumb\":\"https:\\\/\\\/dp-freunde.de\\\/comm\\\/wp-content\\\/flagallery\\\/rainerwerning\\\/thumbs\\\/thumbs_handbook-philippines_final-cover-red-page-001.jpg\",\"file\":\"handbook-philippines_final-cover-red-page-001.jpg\",\"meta\":{\"aperture\":false,\"credit\":false,\"camera\":false,\"caption\":false,\"created_timestamp\":false,\"copyright\":false,\"focal_length\":false,\"iso\":false,\"shutter_speed\":false,\"flash\":false,\"title\":false,\"keywords\":false,\"width\":3909,\"height\":2480,\"saved\":true,\"thumbnail\":{\"width\":115,\"height\":100},\"webview\":{\"0\":2000,\"1\":1269,\"2\":2,\"3\":\"width=\\\"2000\\\" height=\\\"1269\\\"\",\"bits\":8,\"channels\":3,\"mime\":\"image\\\/jpeg\"},\"views\":\"2168\",\"likes\":\"0\"},\"title\":\"Handbook Philippines\",\"description\":\"\",\"link\":\"\",\"link_target\":\"\",\"ratio\":1.5760441292356187},{\"id\":\"384\",\"image\":\"https:\\\/\\\/dp-freunde.de\\\/comm\\\/wp-content\\\/flagallery\\\/rainerwerning\\\/webview\\\/philippinen_paradies-in-aufruhr.jpg\",\"thumb\":\"https:\\\/\\\/dp-freunde.de\\\/comm\\\/wp-content\\\/flagallery\\\/rainerwerning\\\/thumbs\\\/thumbs_philippinen_paradies-in-aufruhr.jpg\",\"file\":\"philippinen_paradies-in-aufruhr.jpg\",\"meta\":{\"aperture\":false,\"credit\":false,\"camera\":false,\"caption\":false,\"created_timestamp\":false,\"copyright\":false,\"focal_length\":false,\"iso\":false,\"shutter_speed\":false,\"flash\":false,\"title\":false,\"keywords\":false,\"width\":345,\"height\":500,\"saved\":true,\"thumbnail\":{\"width\":115,\"height\":100},\"webview\":{\"0\":345,\"1\":500,\"2\":2,\"3\":\"width=\\\"345\\\" height=\\\"500\\\"\",\"bits\":8,\"channels\":3,\"mime\":\"image\\\/jpeg\"},\"views\":\"337\",\"likes\":\"0\"},\"title\":\"Philippinen - Paradies in Aufruhr\",\"description\":\"<p>ISBN 10: 3885203693 \\\/ ISBN 13: 9783885203698<\\\/p>\",\"link\":\"\",\"link_target\":\"\",\"ratio\":0.69},{\"id\":\"404\",\"image\":\"https:\\\/\\\/dp-freunde.de\\\/comm\\\/wp-content\\\/flagallery\\\/rainerwerning\\\/webview\\\/oestlichdeshorizonts_buch.PNG\",\"thumb\":\"https:\\\/\\\/dp-freunde.de\\\/comm\\\/wp-content\\\/flagallery\\\/rainerwerning\\\/thumbs\\\/thumbs_oestlichdeshorizonts_buch.PNG\",\"file\":\"oestlichdeshorizonts_buch.PNG\",\"meta\":{\"aperture\":false,\"credit\":false,\"camera\":false,\"caption\":false,\"created_timestamp\":false,\"copyright\":false,\"focal_length\":false,\"iso\":false,\"shutter_speed\":false,\"flash\":false,\"title\":false,\"keywords\":false,\"width\":444,\"height\":577,\"saved\":true,\"thumbnail\":{\"width\":307,\"height\":400},\"webview\":{\"0\":444,\"1\":577,\"2\":3,\"3\":\"width=\\\"444\\\" height=\\\"577\\\"\",\"bits\":8,\"mime\":\"image\\\/png\"},\"views\":\"11\",\"likes\":\"0\"},\"title\":\"\\u00d6stlich des Horizonts\",\"description\":\"<p>Deutsche Philippinenforschung im 19. Jahrhundert.<br \\\/>by Stefan Rohde-Enslin, Rainer Werning, Manuel Sarkisyanz and others<\\\/p>\",\"link\":\"https:\\\/\\\/gop.com.ph\\\/philippine-clients\\\/modern-books\\\/ostlich-des-horizonts-east-of-the-horizon-deutsche-philippinenforschung-im-19-jahrhundert-band-7german-19th-century-research-on-the-philippines\\\/\",\"link_target\":\"_blank\",\"ratio\":0.7694974003466204},{\"id\":\"394\",\"image\":\"https:\\\/\\\/dp-freunde.de\\\/comm\\\/wp-content\\\/flagallery\\\/rainerwerning\\\/webview\\\/rainer-werning-der-mindanao-konflikt.jpg\",\"thumb\":\"https:\\\/\\\/dp-freunde.de\\\/comm\\\/wp-content\\\/flagallery\\\/rainerwerning\\\/thumbs\\\/thumbs_rainer-werning-der-mindanao-konflikt.jpg\",\"file\":\"rainer-werning-der-mindanao-konflikt.jpg\",\"meta\":{\"aperture\":false,\"credit\":false,\"camera\":false,\"caption\":false,\"created_timestamp\":false,\"copyright\":false,\"focal_length\":false,\"iso\":false,\"shutter_speed\":false,\"flash\":false,\"title\":false,\"keywords\":false,\"width\":640,\"height\":480,\"saved\":true,\"thumbnail\":{\"width\":400,\"height\":300},\"webview\":{\"0\":640,\"1\":480,\"2\":2,\"3\":\"width=\\\"640\\\" height=\\\"480\\\"\",\"bits\":8,\"channels\":3,\"mime\":\"image\\\/jpeg\"},\"views\":\"24\",\"likes\":\"0\"},\"title\":\"Der Mindanao Konflikt\",\"description\":\"\",\"link\":\"\",\"link_target\":\"\",\"ratio\":1.3333333333333333},{\"id\":\"375\",\"image\":\"https:\\\/\\\/dp-freunde.de\\\/comm\\\/wp-content\\\/flagallery\\\/rainerwerning\\\/webview\\\/handbuchphilippinen_rainerwerning.jpg\",\"thumb\":\"https:\\\/\\\/dp-freunde.de\\\/comm\\\/wp-content\\\/flagallery\\\/rainerwerning\\\/thumbs\\\/thumbs_handbuchphilippinen_rainerwerning.jpg\",\"file\":\"handbuchphilippinen_rainerwerning.jpg\",\"meta\":{\"aperture\":false,\"credit\":false,\"camera\":false,\"caption\":false,\"created_timestamp\":false,\"copyright\":false,\"focal_length\":false,\"iso\":false,\"shutter_speed\":false,\"flash\":false,\"title\":false,\"keywords\":false,\"width\":1085,\"height\":759,\"saved\":true,\"thumbnail\":{\"width\":115,\"height\":100},\"webview\":{\"0\":1085,\"1\":759,\"2\":2,\"3\":\"width=\\\"1085\\\" height=\\\"759\\\"\",\"bits\":8,\"channels\":3,\"mime\":\"image\\\/jpeg\"},\"views\":\"273\",\"likes\":\"0\"},\"title\":\"Handbuch Philippinen\",\"description\":\"\",\"link\":\"\",\"link_target\":\"\",\"ratio\":1.4295125164690383},{\"id\":\"387\",\"image\":\"https:\\\/\\\/dp-freunde.de\\\/comm\\\/wp-content\\\/flagallery\\\/rainerwerning\\\/webview\\\/the-philippine-revolution-the-leaders-view-joma-sision-with-rainer-werning.jpg\",\"thumb\":\"https:\\\/\\\/dp-freunde.de\\\/comm\\\/wp-content\\\/flagallery\\\/rainerwerning\\\/thumbs\\\/thumbs_the-philippine-revolution-the-leaders-view-joma-sision-with-rainer-werning.jpg\",\"file\":\"the-philippine-revolution-the-leaders-view-joma-sision-with-rainer-werning.jpg\",\"meta\":{\"aperture\":false,\"credit\":false,\"camera\":false,\"caption\":false,\"created_timestamp\":false,\"copyright\":false,\"focal_length\":false,\"iso\":false,\"shutter_speed\":false,\"flash\":false,\"title\":false,\"keywords\":false,\"width\":300,\"height\":453,\"saved\":true,\"thumbnail\":{\"width\":264,\"height\":400},\"webview\":{\"0\":300,\"1\":453,\"2\":2,\"3\":\"width=\\\"300\\\" height=\\\"453\\\"\",\"bits\":8,\"channels\":3,\"mime\":\"image\\\/jpeg\"},\"views\":\"27\",\"likes\":\"0\"},\"title\":\"The Philippine Revolution: The Leader's View\",\"description\":\"<p>Jose Maria Sison with Rainer Werning, 1989<\\\/p>\",\"link\":\"https:\\\/\\\/libraryuncle.cf\\\/newdocs\\\/get-the-philippine-revolution-the-leaders-view-rtf-by-jose-maria-sison-rainer-werning.html\",\"link_target\":\"_blank\",\"ratio\":0.6622516556291391},{\"id\":\"401\",\"image\":\"https:\\\/\\\/dp-freunde.de\\\/comm\\\/wp-content\\\/flagallery\\\/rainerwerning\\\/webview\\\/rainer-werningnach-camp-david-neue-kriegswolken-ueber-nahost.jpg\",\"thumb\":\"https:\\\/\\\/dp-freunde.de\\\/comm\\\/wp-content\\\/flagallery\\\/rainerwerning\\\/thumbs\\\/thumbs_rainer-werningnach-camp-david-neue-kriegswolken-ueber-nahost.jpg\",\"file\":\"rainer-werningnach-camp-david-neue-kriegswolken-ueber-nahost.jpg\",\"meta\":{\"aperture\":false,\"credit\":false,\"camera\":false,\"caption\":false,\"created_timestamp\":false,\"copyright\":false,\"focal_length\":false,\"iso\":false,\"shutter_speed\":false,\"flash\":false,\"title\":false,\"keywords\":false,\"width\":480,\"height\":640,\"saved\":true,\"thumbnail\":{\"width\":300,\"height\":400},\"webview\":{\"0\":480,\"1\":640,\"2\":2,\"3\":\"width=\\\"480\\\" height=\\\"640\\\"\",\"bits\":8,\"channels\":3,\"mime\":\"image\\\/jpeg\"},\"views\":\"13\",\"likes\":\"0\"},\"title\":\"Nach Camp David: Neue Kriegswolken \\u00fcber Nahost\",\"description\":\"\",\"link\":\"https:\\\/\\\/www.booklooker.de\\\/B%C3%BCcher\\\/Rainer-Werning+Nach-Camp-David-Neue-Kriegswolken-%C3%BCber-Nahost\\\/id\\\/A02iLDsR01ZZ8?zid=8sbpshkpl7fudhdju748tud55u\",\"link_target\":\"_blank\",\"ratio\":0.75},{\"id\":\"398\",\"image\":\"https:\\\/\\\/dp-freunde.de\\\/comm\\\/wp-content\\\/flagallery\\\/rainerwerning\\\/webview\\\/tim-kuschnerus-rainer-werningdie-philippinen-unter-aquino-facetten-eines-machtwechsels.jpg\",\"thumb\":\"https:\\\/\\\/dp-freunde.de\\\/comm\\\/wp-content\\\/flagallery\\\/rainerwerning\\\/thumbs\\\/thumbs_tim-kuschnerus-rainer-werningdie-philippinen-unter-aquino-facetten-eines-machtwechsels.jpg\",\"file\":\"tim-kuschnerus-rainer-werningdie-philippinen-unter-aquino-facetten-eines-machtwechsels.jpg\",\"meta\":{\"aperture\":false,\"credit\":false,\"camera\":false,\"caption\":false,\"created_timestamp\":false,\"copyright\":false,\"focal_length\":false,\"iso\":false,\"shutter_speed\":false,\"flash\":false,\"title\":false,\"keywords\":false,\"width\":152,\"height\":250,\"saved\":true,\"thumbnail\":{\"width\":243,\"height\":400},\"webview\":{\"0\":152,\"1\":250,\"2\":2,\"3\":\"width=\\\"152\\\" height=\\\"250\\\"\",\"bits\":8,\"channels\":3,\"mime\":\"image\\\/jpeg\"},\"views\":\"10\",\"likes\":\"0\"},\"title\":\"Die Philippinen unter Aquino - Facetten eines Machtwechsels\",\"description\":\"\",\"link\":\"\",\"link_target\":\"\",\"ratio\":0.608},{\"id\":\"399\",\"image\":\"https:\\\/\\\/dp-freunde.de\\\/comm\\\/wp-content\\\/flagallery\\\/rainerwerning\\\/webview\\\/rainer-werningberstender-bambus-befreiungskampf-und-gesundheitswesen-auf-den-philippinen.jpg\",\"thumb\":\"https:\\\/\\\/dp-freunde.de\\\/comm\\\/wp-content\\\/flagallery\\\/rainerwerning\\\/thumbs\\\/thumbs_rainer-werningberstender-bambus-befreiungskampf-und-gesundheitswesen-auf-den-philippinen.jpg\",\"file\":\"rainer-werningberstender-bambus-befreiungskampf-und-gesundheitswesen-auf-den-philippinen.jpg\",\"meta\":{\"aperture\":false,\"credit\":false,\"camera\":false,\"caption\":false,\"created_timestamp\":false,\"copyright\":false,\"focal_length\":false,\"iso\":false,\"shutter_speed\":false,\"flash\":false,\"title\":false,\"keywords\":false,\"width\":1125,\"height\":1500,\"saved\":true,\"thumbnail\":{\"width\":300,\"height\":400},\"webview\":{\"0\":1125,\"1\":1500,\"2\":2,\"3\":\"width=\\\"1125\\\" height=\\\"1500\\\"\",\"bits\":8,\"channels\":3,\"mime\":\"image\\\/jpeg\"},\"views\":\"11\",\"likes\":\"0\"},\"title\":\"Berstender Bambus. Befreiungskampf und Gesundheitswesen auf den Philippinen\",\"description\":\"\",\"link\":\"https:\\\/\\\/www.booklooker.de\\\/B%C3%BCcher\\\/Rainer-Werning+Berstender-Bambus-Befreiungskampf-und-Gesundheitswesen-auf-den-Philippinen\\\/id\\\/A02bi5PQ01ZZ0\",\"link_target\":\"_blank\",\"ratio\":0.75},{\"id\":\"400\",\"image\":\"https:\\\/\\\/dp-freunde.de\\\/comm\\\/wp-content\\\/flagallery\\\/rainerwerning\\\/webview\\\/esther-dischereit-michael-denissuedkorea-kein-land-fuer-friedliche-spiele.jpg\",\"thumb\":\"https:\\\/\\\/dp-freunde.de\\\/comm\\\/wp-content\\\/flagallery\\\/rainerwerning\\\/thumbs\\\/thumbs_esther-dischereit-michael-denissuedkorea-kein-land-fuer-friedliche-spiele.jpg\",\"file\":\"esther-dischereit-michael-denissuedkorea-kein-land-fuer-friedliche-spiele.jpg\",\"meta\":{\"aperture\":false,\"credit\":false,\"camera\":false,\"caption\":false,\"created_timestamp\":false,\"copyright\":false,\"focal_length\":false,\"iso\":false,\"shutter_speed\":false,\"flash\":false,\"title\":false,\"keywords\":false,\"width\":974,\"height\":1500,\"saved\":true,\"thumbnail\":{\"width\":259,\"height\":400},\"webview\":{\"0\":974,\"1\":1500,\"2\":2,\"3\":\"width=\\\"974\\\" height=\\\"1500\\\"\",\"bits\":8,\"channels\":3,\"mime\":\"image\\\/jpeg\"},\"views\":\"12\",\"likes\":\"0\"},\"title\":\"S\\u00fcdkorea: Kein Land f\\u00fcr friedliche Spiele\",\"description\":\"\",\"link\":\"https:\\\/\\\/www.booklooker.de\\\/B%C3%BCcher\\\/Esther-Dischereit-Michael-Denis+S%C3%BCdkorea-Kein-Land-f%C3%BCr-friedliche-Spiele\\\/id\\\/A02kfgjC01ZZJ\",\"link_target\":\"_blank\",\"ratio\":0.6493333333333333},{\"id\":\"367\",\"image\":\"https:\\\/\\\/dp-freunde.de\\\/comm\\\/wp-content\\\/flagallery\\\/rainerwerning\\\/webview\\\/handbuchphilippinen-209x300.jpg\",\"thumb\":\"https:\\\/\\\/dp-freunde.de\\\/comm\\\/wp-content\\\/flagallery\\\/rainerwerning\\\/thumbs\\\/thumbs_handbuchphilippinen-209x300.jpg\",\"file\":\"handbuchphilippinen-209x300.jpg\",\"meta\":{\"aperture\":false,\"credit\":false,\"camera\":false,\"caption\":false,\"created_timestamp\":false,\"copyright\":false,\"focal_length\":false,\"iso\":false,\"shutter_speed\":false,\"flash\":false,\"title\":false,\"keywords\":false,\"width\":209,\"height\":300,\"saved\":true,\"thumbnail\":{\"width\":115,\"height\":100},\"webview\":{\"0\":209,\"1\":300,\"2\":2,\"3\":\"width=\\\"209\\\" height=\\\"300\\\"\",\"bits\":8,\"channels\":3,\"mime\":\"image\\\/jpeg\"},\"views\":\"168\",\"likes\":\"0\"},\"title\":\"\",\"description\":\"\",\"link\":\"\",\"link_target\":\"\",\"ratio\":0.6966666666666667},{\"id\":\"379\",\"image\":\"https:\\\/\\\/dp-freunde.de\\\/comm\\\/wp-content\\\/flagallery\\\/rainerwerning\\\/webview\\\/promedia_song_werning_korea.jpg\",\"thumb\":\"https:\\\/\\\/dp-freunde.de\\\/comm\\\/wp-content\\\/flagallery\\\/rainerwerning\\\/thumbs\\\/thumbs_promedia_song_werning_korea.jpg\",\"file\":\"promedia_song_werning_korea.jpg\",\"meta\":{\"aperture\":false,\"credit\":false,\"camera\":false,\"caption\":false,\"created_timestamp\":false,\"copyright\":false,\"focal_length\":false,\"iso\":false,\"shutter_speed\":false,\"flash\":false,\"title\":false,\"keywords\":false,\"width\":200,\"height\":283,\"saved\":true,\"thumbnail\":{\"width\":115,\"height\":100},\"webview\":{\"0\":200,\"1\":283,\"2\":2,\"3\":\"width=\\\"200\\\" height=\\\"283\\\"\",\"bits\":8,\"channels\":3,\"mime\":\"image\\\/jpeg\"},\"views\":\"149\",\"likes\":\"0\"},\"title\":\"Korea\",\"description\":\"\",\"link\":\"\",\"link_target\":\"\",\"ratio\":0.7067137809187279},{\"id\":\"373\",\"image\":\"https:\\\/\\\/dp-freunde.de\\\/comm\\\/wp-content\\\/flagallery\\\/rainerwerning\\\/webview\\\/paradies-in-aufruhr_cover.jpg\",\"thumb\":\"https:\\\/\\\/dp-freunde.de\\\/comm\\\/wp-content\\\/flagallery\\\/rainerwerning\\\/thumbs\\\/thumbs_paradies-in-aufruhr_cover.jpg\",\"file\":\"paradies-in-aufruhr_cover.jpg\",\"meta\":{\"aperture\":false,\"credit\":false,\"camera\":false,\"caption\":false,\"created_timestamp\":false,\"copyright\":false,\"focal_length\":false,\"iso\":false,\"shutter_speed\":false,\"flash\":false,\"title\":false,\"keywords\":false,\"width\":2004,\"height\":2828,\"saved\":true,\"thumbnail\":{\"width\":115,\"height\":100},\"webview\":{\"0\":1417,\"1\":2000,\"2\":2,\"3\":\"width=\\\"1417\\\" height=\\\"2000\\\"\",\"bits\":8,\"channels\":3,\"mime\":\"image\\\/jpeg\"},\"views\":\"137\",\"likes\":\"0\"},\"title\":\"Paradies in Aufruhr\",\"description\":\"\",\"link\":\"\",\"link_target\":\"\",\"ratio\":0.7085},{\"id\":\"366\",\"image\":\"https:\\\/\\\/dp-freunde.de\\\/comm\\\/wp-content\\\/flagallery\\\/rainerwerning\\\/webview\\\/diephilippinischerevolution-205x300.jpg\",\"thumb\":\"https:\\\/\\\/dp-freunde.de\\\/comm\\\/wp-content\\\/flagallery\\\/rainerwerning\\\/thumbs\\\/thumbs_diephilippinischerevolution-205x300.jpg\",\"file\":\"diephilippinischerevolution-205x300.jpg\",\"meta\":{\"aperture\":false,\"credit\":false,\"camera\":false,\"caption\":false,\"created_timestamp\":false,\"copyright\":false,\"focal_length\":false,\"iso\":false,\"shutter_speed\":false,\"flash\":false,\"title\":false,\"keywords\":false,\"width\":205,\"height\":300,\"saved\":true,\"thumbnail\":{\"width\":115,\"height\":100},\"webview\":{\"0\":205,\"1\":300,\"2\":2,\"3\":\"width=\\\"205\\\" height=\\\"300\\\"\",\"bits\":8,\"channels\":3,\"mime\":\"image\\\/jpeg\"},\"views\":\"128\",\"likes\":\"0\"},\"title\":\"Die philippinsche Revolution\",\"description\":\"\",\"link\":\"\",\"link_target\":\"\",\"ratio\":0.6833333333333333},{\"id\":\"405\",\"image\":\"https:\\\/\\\/dp-freunde.de\\\/comm\\\/wp-content\\\/flagallery\\\/rainerwerning\\\/webview\\\/elmar-u-roland-bunzenthal-altvatersoll-und-haben-strategien-und-alternativen-zur-loesung-der.jpg\",\"thumb\":\"https:\\\/\\\/dp-freunde.de\\\/comm\\\/wp-content\\\/flagallery\\\/rainerwerning\\\/thumbs\\\/thumbs_elmar-u-roland-bunzenthal-altvatersoll-und-haben-strategien-und-alternativen-zur-loesung-der.jpg\",\"file\":\"elmar-u-roland-bunzenthal-altvatersoll-und-haben-strategien-und-alternativen-zur-loesung-der.jpg\",\"meta\":{\"aperture\":false,\"credit\":false,\"camera\":false,\"caption\":false,\"created_timestamp\":false,\"copyright\":false,\"focal_length\":false,\"iso\":false,\"shutter_speed\":false,\"flash\":false,\"title\":false,\"keywords\":false,\"width\":1125,\"height\":1500,\"saved\":true,\"thumbnail\":{\"width\":300,\"height\":400},\"webview\":{\"0\":1125,\"1\":1500,\"2\":2,\"3\":\"width=\\\"1125\\\" height=\\\"1500\\\"\",\"bits\":8,\"channels\":3,\"mime\":\"image\\\/jpeg\"},\"views\":\"5\",\"likes\":\"0\"},\"title\":\"\",\"description\":\"<p>Elmar-u-Roland-Bunzenthal-Altvater-Werning: Soll und Haben: Strategienund Alternativen zur L\\u00f6sung der Schuldenkrise<\\\/p>\",\"link\":\"\",\"link_target\":\"\",\"ratio\":0.75},{\"id\":\"392\",\"image\":\"https:\\\/\\\/dp-freunde.de\\\/comm\\\/wp-content\\\/flagallery\\\/rainerwerning\\\/webview\\\/rw_zur-geschichte-des-phil-befreiungskampfes.jpg\",\"thumb\":\"https:\\\/\\\/dp-freunde.de\\\/comm\\\/wp-content\\\/flagallery\\\/rainerwerning\\\/thumbs\\\/thumbs_rw_zur-geschichte-des-phil-befreiungskampfes.jpg\",\"file\":\"rw_zur-geschichte-des-phil-befreiungskampfes.jpg\",\"meta\":{\"aperture\":false,\"credit\":false,\"camera\":false,\"caption\":false,\"created_timestamp\":false,\"copyright\":false,\"focal_length\":false,\"iso\":false,\"shutter_speed\":false,\"flash\":false,\"title\":false,\"keywords\":false,\"width\":480,\"height\":640,\"saved\":true,\"thumbnail\":{\"width\":300,\"height\":400},\"webview\":{\"0\":480,\"1\":640,\"2\":2,\"3\":\"width=\\\"480\\\" height=\\\"640\\\"\",\"bits\":8,\"channels\":3,\"mime\":\"image\\\/jpeg\"},\"views\":\"23\",\"likes\":\"0\"},\"title\":\"\",\"description\":\"\",\"link\":\"\",\"link_target\":\"\",\"ratio\":0.75},{\"id\":\"391\",\"image\":\"https:\\\/\\\/dp-freunde.de\\\/comm\\\/wp-content\\\/flagallery\\\/rainerwerning\\\/webview\\\/kampuchea-lesebuch.jpg\",\"thumb\":\"https:\\\/\\\/dp-freunde.de\\\/comm\\\/wp-content\\\/flagallery\\\/rainerwerning\\\/thumbs\\\/thumbs_kampuchea-lesebuch.jpg\",\"file\":\"kampuchea-lesebuch.jpg\",\"meta\":{\"aperture\":false,\"credit\":false,\"camera\":false,\"caption\":false,\"created_timestamp\":false,\"copyright\":false,\"focal_length\":false,\"iso\":false,\"shutter_speed\":false,\"flash\":false,\"title\":false,\"keywords\":false,\"width\":480,\"height\":640,\"saved\":true,\"thumbnail\":{\"width\":300,\"height\":400},\"webview\":{\"0\":480,\"1\":640,\"2\":2,\"3\":\"width=\\\"480\\\" height=\\\"640\\\"\",\"bits\":8,\"channels\":3,\"mime\":\"image\\\/jpeg\"},\"views\":\"20\",\"likes\":\"0\"},\"title\":\"\",\"description\":\"\",\"link\":\"\",\"link_target\":\"\",\"ratio\":0.75},{\"id\":\"374\",\"image\":\"https:\\\/\\\/dp-freunde.de\\\/comm\\\/wp-content\\\/flagallery\\\/rainerwerning\\\/webview\\\/phonix_cover.jpg\",\"thumb\":\"https:\\\/\\\/dp-freunde.de\\\/comm\\\/wp-content\\\/flagallery\\\/rainerwerning\\\/thumbs\\\/thumbs_phonix_cover.jpg\",\"file\":\"phonix_cover.jpg\",\"meta\":{\"aperture\":false,\"credit\":false,\"camera\":false,\"caption\":false,\"created_timestamp\":false,\"copyright\":false,\"focal_length\":false,\"iso\":false,\"shutter_speed\":false,\"flash\":false,\"title\":false,\"keywords\":false,\"width\":1712,\"height\":2436,\"saved\":true,\"thumbnail\":{\"width\":115,\"height\":100},\"webview\":{\"0\":1406,\"1\":2000,\"2\":2,\"3\":\"width=\\\"1406\\\" height=\\\"2000\\\"\",\"bits\":8,\"channels\":3,\"mime\":\"image\\\/jpeg\"},\"views\":\"145\",\"likes\":\"0\"},\"title\":\"\",\"description\":\"\",\"link\":\"\",\"link_target\":\"\",\"ratio\":0.703},{\"id\":\"385\",\"image\":\"https:\\\/\\\/dp-freunde.de\\\/comm\\\/wp-content\\\/flagallery\\\/rainerwerning\\\/webview\\\/rainer-werning-suedkorea-politik-und-geschichte-im-land-der-morgenstille.jpg\",\"thumb\":\"https:\\\/\\\/dp-freunde.de\\\/comm\\\/wp-content\\\/flagallery\\\/rainerwerning\\\/thumbs\\\/thumbs_rainer-werning-suedkorea-politik-und-geschichte-im-land-der-morgenstille.jpg\",\"file\":\"rainer-werning-suedkorea-politik-und-geschichte-im-land-der-morgenstille.jpg\",\"meta\":{\"aperture\":\"F 3.1\",\"credit\":false,\"camera\":\"DMC-FS16\",\"caption\":false,\"created_timestamp\":\"4. M\\u00e4rz 2013 16:38\",\"copyright\":false,\"focal_length\":\"5mm\",\"iso\":800,\"shutter_speed\":\"1\\\/10sec\",\"flash\":\"Not fired\",\"title\":false,\"keywords\":false,\"width\":480,\"height\":640,\"saved\":true,\"thumbnail\":{\"width\":115,\"height\":100},\"webview\":{\"0\":480,\"1\":640,\"2\":2,\"3\":\"width=\\\"480\\\" height=\\\"640\\\"\",\"bits\":8,\"channels\":3,\"mime\":\"image\\\/jpeg\"},\"views\":\"177\",\"likes\":\"0\"},\"title\":\"Rainer Werning - S\\u00fcdkorea - Politik und Geschichte im Land der Morgenstille\",\"description\":\"\",\"link\":\"\",\"link_target\":\"\",\"ratio\":0.75},{\"id\":\"388\",\"image\":\"https:\\\/\\\/dp-freunde.de\\\/comm\\\/wp-content\\\/flagallery\\\/rainerwerning\\\/webview\\\/md20709586188.jpg\",\"thumb\":\"https:\\\/\\\/dp-freunde.de\\\/comm\\\/wp-content\\\/flagallery\\\/rainerwerning\\\/thumbs\\\/thumbs_md20709586188.jpg\",\"file\":\"md20709586188.jpg\",\"meta\":{\"aperture\":false,\"credit\":false,\"camera\":false,\"caption\":false,\"created_timestamp\":false,\"copyright\":false,\"focal_length\":false,\"iso\":false,\"shutter_speed\":false,\"flash\":false,\"title\":false,\"keywords\":false,\"width\":300,\"height\":225,\"saved\":true,\"thumbnail\":{\"width\":400,\"height\":300},\"webview\":{\"0\":300,\"1\":225,\"2\":2,\"3\":\"width=\\\"300\\\" height=\\\"225\\\"\",\"bits\":8,\"channels\":3,\"mime\":\"image\\\/jpeg\"},\"views\":\"15\",\"likes\":\"0\"},\"title\":\"Rainer Werning - Berstender Bambus. Befreiungskampf und Gesundheitswesen auf den Philippinen\",\"description\":\"\",\"link\":\"\",\"link_target\":\"\",\"ratio\":1.3333333333333333},{\"id\":\"386\",\"image\":\"https:\\\/\\\/dp-freunde.de\\\/comm\\\/wp-content\\\/flagallery\\\/rainerwerning\\\/webview\\\/rainer-werning-nordkorea-annaeherungen-an-einen-aussenseiter.jpg\",\"thumb\":\"https:\\\/\\\/dp-freunde.de\\\/comm\\\/wp-content\\\/flagallery\\\/rainerwerning\\\/thumbs\\\/thumbs_rainer-werning-nordkorea-annaeherungen-an-einen-aussenseiter.jpg\",\"file\":\"rainer-werning-nordkorea-annaeherungen-an-einen-aussenseiter.jpg\",\"meta\":{\"aperture\":false,\"credit\":false,\"camera\":false,\"caption\":false,\"created_timestamp\":false,\"copyright\":false,\"focal_length\":false,\"iso\":false,\"shutter_speed\":false,\"flash\":false,\"title\":false,\"keywords\":false,\"width\":256,\"height\":565,\"saved\":true,\"thumbnail\":{\"width\":115,\"height\":100},\"webview\":{\"0\":256,\"1\":565,\"2\":2,\"3\":\"width=\\\"256\\\" height=\\\"565\\\"\",\"bits\":8,\"channels\":3,\"mime\":\"image\\\/jpeg\"},\"views\":\"215\",\"likes\":\"0\"},\"title\":\"Rainer Werning - Nordkorea - Ann\\u00e4herungen an einen Au\\u00dfenseiter\",\"description\":\"\",\"link\":\"\",\"link_target\":\"\",\"ratio\":0.45309734513274336},{\"id\":\"370\",\"image\":\"https:\\\/\\\/dp-freunde.de\\\/comm\\\/wp-content\\\/flagallery\\\/rainerwerning\\\/webview\\\/voicesfrommoroland.jpg\",\"thumb\":\"https:\\\/\\\/dp-freunde.de\\\/comm\\\/wp-content\\\/flagallery\\\/rainerwerning\\\/thumbs\\\/thumbs_voicesfrommoroland.jpg\",\"file\":\"voicesfrommoroland.jpg\",\"meta\":{\"aperture\":false,\"credit\":false,\"camera\":false,\"caption\":false,\"created_timestamp\":false,\"copyright\":false,\"focal_length\":false,\"iso\":false,\"shutter_speed\":false,\"flash\":false,\"title\":false,\"keywords\":false,\"width\":480,\"height\":743,\"saved\":true,\"thumbnail\":{\"width\":115,\"height\":100},\"webview\":{\"0\":480,\"1\":743,\"2\":2,\"3\":\"width=\\\"480\\\" height=\\\"743\\\"\",\"bits\":8,\"channels\":3,\"mime\":\"image\\\/jpeg\"},\"views\":\"110\",\"likes\":\"0\"},\"title\":\"Voices from Moro Land\",\"description\":\"\",\"link\":\"\",\"link_target\":\"\",\"ratio\":0.6460296096904441},{\"id\":\"369\",\"image\":\"https:\\\/\\\/dp-freunde.de\\\/comm\\\/wp-content\\\/flagallery\\\/rainerwerning\\\/webview\\\/prospectsforpeace-300x210.jpg\",\"thumb\":\"https:\\\/\\\/dp-freunde.de\\\/comm\\\/wp-content\\\/flagallery\\\/rainerwerning\\\/thumbs\\\/thumbs_prospectsforpeace-300x210.jpg\",\"file\":\"prospectsforpeace-300x210.jpg\",\"meta\":{\"aperture\":false,\"credit\":false,\"camera\":false,\"caption\":false,\"created_timestamp\":false,\"copyright\":false,\"focal_length\":false,\"iso\":false,\"shutter_speed\":false,\"flash\":false,\"title\":false,\"keywords\":false,\"width\":300,\"height\":210,\"saved\":true,\"thumbnail\":{\"width\":115,\"height\":100},\"webview\":{\"0\":300,\"1\":210,\"2\":2,\"3\":\"width=\\\"300\\\" height=\\\"210\\\"\",\"bits\":8,\"channels\":3,\"mime\":\"image\\\/jpeg\"},\"views\":\"98\",\"likes\":\"0\"},\"title\":\"Prospects for Peace?\",\"description\":\"\",\"link\":\"\",\"link_target\":\"\",\"ratio\":1.4285714285714286},{\"id\":\"377\",\"image\":\"https:\\\/\\\/dp-freunde.de\\\/comm\\\/wp-content\\\/flagallery\\\/rainerwerning\\\/webview\\\/cover_rw-demokratie.jpg\",\"thumb\":\"https:\\\/\\\/dp-freunde.de\\\/comm\\\/wp-content\\\/flagallery\\\/rainerwerning\\\/thumbs\\\/thumbs_cover_rw-demokratie.jpg\",\"file\":\"cover_rw-demokratie.jpg\",\"meta\":{\"aperture\":false,\"credit\":false,\"camera\":false,\"caption\":false,\"created_timestamp\":false,\"copyright\":false,\"focal_length\":false,\"iso\":false,\"shutter_speed\":false,\"flash\":false,\"title\":false,\"keywords\":false,\"width\":320,\"height\":240,\"saved\":true,\"thumbnail\":{\"width\":115,\"height\":100},\"webview\":{\"0\":320,\"1\":240,\"2\":2,\"3\":\"width=\\\"320\\\" height=\\\"240\\\"\",\"bits\":8,\"channels\":3,\"mime\":\"image\\\/jpeg\"},\"views\":\"100\",\"likes\":\"0\"},\"title\":\"Demokratie aus der Wundert\\u00fcte\",\"description\":\"\",\"link\":\"\",\"link_target\":\"\",\"ratio\":1.3333333333333333},{\"id\":\"389\",\"image\":\"https:\\\/\\\/dp-freunde.de\\\/comm\\\/wp-content\\\/flagallery\\\/rainerwerning\\\/webview\\\/md12097889339.jpg\",\"thumb\":\"https:\\\/\\\/dp-freunde.de\\\/comm\\\/wp-content\\\/flagallery\\\/rainerwerning\\\/thumbs\\\/thumbs_md12097889339.jpg\",\"file\":\"md12097889339.jpg\",\"meta\":{\"aperture\":false,\"credit\":false,\"camera\":false,\"caption\":false,\"created_timestamp\":false,\"copyright\":false,\"focal_length\":false,\"iso\":false,\"shutter_speed\":false,\"flash\":false,\"title\":false,\"keywords\":false,\"width\":300,\"height\":411,\"saved\":true,\"thumbnail\":{\"width\":291,\"height\":400},\"webview\":{\"0\":300,\"1\":411,\"2\":2,\"3\":\"width=\\\"300\\\" height=\\\"411\\\"\",\"bits\":8,\"channels\":3,\"mime\":\"image\\\/jpeg\"},\"views\":\"22\",\"likes\":\"0\"},\"title\":\"Rainer Werning - Kampuchea nach 1975 - Wiederaufbau im Zeichen einer Illusion? Ein Essay\",\"description\":\"\",\"link\":\"\",\"link_target\":\"\",\"ratio\":0.7299270072992701},{\"id\":\"372\",\"image\":\"https:\\\/\\\/dp-freunde.de\\\/comm\\\/wp-content\\\/flagallery\\\/rainerwerning\\\/webview\\\/lesezeichen_cover.jpg\",\"thumb\":\"https:\\\/\\\/dp-freunde.de\\\/comm\\\/wp-content\\\/flagallery\\\/rainerwerning\\\/thumbs\\\/thumbs_lesezeichen_cover.jpg\",\"file\":\"lesezeichen_cover.jpg\",\"meta\":{\"aperture\":false,\"credit\":false,\"camera\":false,\"caption\":false,\"created_timestamp\":false,\"copyright\":false,\"focal_length\":false,\"iso\":false,\"shutter_speed\":false,\"flash\":false,\"title\":false,\"keywords\":false,\"width\":1991,\"height\":2891,\"saved\":true,\"thumbnail\":{\"width\":115,\"height\":100},\"webview\":{\"0\":1377,\"1\":2000,\"2\":2,\"3\":\"width=\\\"1377\\\" height=\\\"2000\\\"\",\"bits\":8,\"channels\":3,\"mime\":\"image\\\/jpeg\"},\"views\":\"98\",\"likes\":\"0\"},\"title\":\"\",\"description\":\"\",\"link\":\"\",\"link_target\":\"\",\"ratio\":0.6885},{\"id\":\"380\",\"image\":\"https:\\\/\\\/dp-freunde.de\\\/comm\\\/wp-content\\\/flagallery\\\/rainerwerning\\\/webview\\\/wohin-steuert-nordkorea.jpg\",\"thumb\":\"https:\\\/\\\/dp-freunde.de\\\/comm\\\/wp-content\\\/flagallery\\\/rainerwerning\\\/thumbs\\\/thumbs_wohin-steuert-nordkorea.jpg\",\"file\":\"wohin-steuert-nordkorea.jpg\",\"meta\":{\"aperture\":false,\"credit\":false,\"camera\":false,\"caption\":false,\"created_timestamp\":false,\"copyright\":false,\"focal_length\":false,\"iso\":false,\"shutter_speed\":false,\"flash\":false,\"title\":false,\"keywords\":false,\"width\":300,\"height\":432,\"saved\":true,\"thumbnail\":{\"width\":115,\"height\":100},\"webview\":{\"0\":300,\"1\":432,\"2\":2,\"3\":\"width=\\\"300\\\" height=\\\"432\\\"\",\"bits\":8,\"channels\":3,\"mime\":\"image\\\/jpeg\"},\"views\":\"98\",\"likes\":\"0\"},\"title\":\"Wohin steuert Nordkorea\",\"description\":\"\",\"link\":\"\",\"link_target\":\"\",\"ratio\":0.6944444444444444},{\"id\":\"368\",\"image\":\"https:\\\/\\\/dp-freunde.de\\\/comm\\\/wp-content\\\/flagallery\\\/rainerwerning\\\/webview\\\/joma-rw_tagalog-edition_cover1-218x300.jpg\",\"thumb\":\"https:\\\/\\\/dp-freunde.de\\\/comm\\\/wp-content\\\/flagallery\\\/rainerwerning\\\/thumbs\\\/thumbs_joma-rw_tagalog-edition_cover1-218x300.jpg\",\"file\":\"joma-rw_tagalog-edition_cover1-218x300.jpg\",\"meta\":{\"aperture\":false,\"credit\":false,\"camera\":false,\"caption\":false,\"created_timestamp\":false,\"copyright\":false,\"focal_length\":false,\"iso\":false,\"shutter_speed\":false,\"flash\":false,\"title\":false,\"keywords\":false,\"width\":218,\"height\":300,\"saved\":true,\"thumbnail\":{\"width\":115,\"height\":100},\"webview\":{\"0\":218,\"1\":300,\"2\":2,\"3\":\"width=\\\"218\\\" height=\\\"300\\\"\",\"bits\":8,\"channels\":3,\"mime\":\"image\\\/jpeg\"},\"views\":\"88\",\"likes\":\"0\"},\"title\":\"\",\"description\":\"\",\"link\":\"\",\"link_target\":\"\",\"ratio\":0.7266666666666667},{\"id\":\"371\",\"image\":\"https:\\\/\\\/dp-freunde.de\\\/comm\\\/wp-content\\\/flagallery\\\/rainerwerning\\\/webview\\\/dasprojektbefreiung-189x300.jpg\",\"thumb\":\"https:\\\/\\\/dp-freunde.de\\\/comm\\\/wp-content\\\/flagallery\\\/rainerwerning\\\/thumbs\\\/thumbs_dasprojektbefreiung-189x300.jpg\",\"file\":\"dasprojektbefreiung-189x300.jpg\",\"meta\":{\"aperture\":false,\"credit\":false,\"camera\":false,\"caption\":false,\"created_timestamp\":false,\"copyright\":false,\"focal_length\":false,\"iso\":false,\"shutter_speed\":false,\"flash\":false,\"title\":false,\"keywords\":false,\"width\":189,\"height\":300,\"saved\":true,\"thumbnail\":{\"width\":115,\"height\":100},\"webview\":{\"0\":189,\"1\":300,\"2\":2,\"3\":\"width=\\\"189\\\" height=\\\"300\\\"\",\"bits\":8,\"channels\":3,\"mime\":\"image\\\/jpeg\"},\"views\":\"83\",\"likes\":\"0\"},\"title\":\"\",\"description\":\"\",\"link\":\"\",\"link_target\":\"\",\"ratio\":0.63},{\"id\":\"381\",\"image\":\"https:\\\/\\\/dp-freunde.de\\\/comm\\\/wp-content\\\/flagallery\\\/rainerwerning\\\/webview\\\/cover_reale-utopien.jpg\",\"thumb\":\"https:\\\/\\\/dp-freunde.de\\\/comm\\\/wp-content\\\/flagallery\\\/rainerwerning\\\/thumbs\\\/thumbs_cover_reale-utopien.jpg\",\"file\":\"cover_reale-utopien.jpg\",\"meta\":{\"aperture\":false,\"credit\":false,\"camera\":false,\"caption\":false,\"created_timestamp\":false,\"copyright\":false,\"focal_length\":false,\"iso\":false,\"shutter_speed\":false,\"flash\":false,\"title\":false,\"keywords\":false,\"width\":277,\"height\":420,\"saved\":true,\"thumbnail\":{\"width\":115,\"height\":100},\"webview\":{\"0\":277,\"1\":420,\"2\":2,\"3\":\"width=\\\"277\\\" height=\\\"420\\\"\",\"bits\":8,\"channels\":3,\"mime\":\"image\\\/jpeg\"},\"views\":\"87\",\"likes\":\"0\"},\"title\":\"\",\"description\":\"\",\"link\":\"\",\"link_target\":\"\",\"ratio\":0.6595238095238095},{\"id\":\"378\",\"image\":\"https:\\\/\\\/dp-freunde.de\\\/comm\\\/wp-content\\\/flagallery\\\/rainerwerning\\\/webview\\\/korea-auf-dem-weg-zur-einheit.jpg\",\"thumb\":\"https:\\\/\\\/dp-freunde.de\\\/comm\\\/wp-content\\\/flagallery\\\/rainerwerning\\\/thumbs\\\/thumbs_korea-auf-dem-weg-zur-einheit.jpg\",\"file\":\"korea-auf-dem-weg-zur-einheit.jpg\",\"meta\":{\"aperture\":false,\"credit\":false,\"camera\":false,\"caption\":false,\"created_timestamp\":false,\"copyright\":false,\"focal_length\":false,\"iso\":false,\"shutter_speed\":false,\"flash\":false,\"title\":false,\"keywords\":false,\"width\":294,\"height\":445,\"saved\":true,\"thumbnail\":{\"width\":115,\"height\":100},\"webview\":{\"0\":294,\"1\":445,\"2\":2,\"3\":\"width=\\\"294\\\" height=\\\"445\\\"\",\"bits\":8,\"channels\":3,\"mime\":\"image\\\/jpeg\"},\"views\":\"102\",\"likes\":\"0\"},\"title\":\"Korea - Entfremdung und Ann\\u00e4herung\",\"description\":\"\",\"link\":\"\",\"link_target\":\"\",\"ratio\":0.6606741573033708}]}; var container = $('#FlaGallery_sc1_8'); container.photomania(settings, content); window.FlaGallery_sc1_8 = container.data('photomania'); }); <\/script><\/div><noscript id=\"noscript_FlaGallery_sc1_8\"><a href=\"https:\/\/mediashop.at\/buecher\/von-marcos-zu-marcos\/\"><img class=\"skip-lazy no-lazyload noLazy\" data-lazy-src=\"\" src =\"https:\/\/dp-freunde.de\/comm\/wp-content\/flagallery\/rainerwerning\/vommarcoszumarcos_buchcover_rainerwerning_sep2025.png\" alt=\"Von Marcos zu Marcos\" \/><\/a><a href=\"https:\/\/de-de.facebook.com\/regiospectra\/\"><img class=\"skip-lazy no-lazyload noLazy\" data-lazy-src=\"\" src =\"https:\/\/dp-freunde.de\/comm\/wp-content\/flagallery\/rainerwerning\/handbuchphilippinen_ebook.PNG\" alt=\"Handbuch Philippinen als eBook\" \/><\/a><a href=\"https:\/\/www.hugendubel.de\/de\/ebook_epub\/rainer_werning_jose_maria_sison-utrecht_manila_notes_on_the_book_launches_of_the_latest_publications_by_jose_maria_sison_rainer_werning-39811819-produkt-details.html?adCode=932Q30Z41B40I&#038;gclid=EAIaIQobChMIkr2M1rvZ7AIVUeJ3Ch0Dewc4EAYYASABEgL1XfD_BwE\"><img class=\"skip-lazy no-lazyload noLazy\" data-lazy-src=\"\" src =\"https:\/\/dp-freunde.de\/comm\/wp-content\/flagallery\/rainerwerning\/utrechtmanila-notes.PNG\" alt=\"Utrecht &amp; Manila: Notes on the book launches of the latest publications by Jos\u00e9 Maria Sison &amp; Rainer Werning\" \/><\/a><a href=\"https:\/\/www.neuerweg.de\/bucher\/ein-leben-im-widerstand-gespraeche-ueber-imperialismus-sozialismus-und-befreiung\/ein-leben-im-widerstand-gespraeche-ueber-imperialismus-sozialismus-und-befreiung\"><img class=\"skip-lazy no-lazyload noLazy\" data-lazy-src=\"\" src =\"https:\/\/dp-freunde.de\/comm\/wp-content\/flagallery\/rainerwerning\/einlebenimwiderstand.JPG\" alt=\"\" \/><\/a><a href=\"https:\/\/josemariasison.org\/forthcoming-book-of-jose-maria-sison-as-interviewee-and-rainer-werning-as-interviewer-with-introduction-by-e-san-juan-jr\/\"><img class=\"skip-lazy no-lazyload noLazy\" data-lazy-src=\"\" src =\"https:\/\/dp-freunde.de\/comm\/wp-content\/flagallery\/rainerwerning\/reflections.jpg\" alt=\"Reflections on Revolution and Prospects\" \/><\/a><img class=\"skip-lazy no-lazyload noLazy\" data-lazy-src=\"\" src =\"https:\/\/dp-freunde.de\/comm\/wp-content\/flagallery\/rainerwerning\/handbuch-philippinen_15-feb-2019-207x300.jpg\" alt=\"Handbuch Philippinen - Die neue 2019 Version\" \/><img class=\"skip-lazy no-lazyload noLazy\" data-lazy-src=\"\" src =\"https:\/\/dp-freunde.de\/comm\/wp-content\/flagallery\/rainerwerning\/brennpunkt-nordkorea_werning-und-picht.jpg\" alt=\"Brennpunkt Nordkorea\" \/><img class=\"skip-lazy no-lazyload noLazy\" data-lazy-src=\"\" src =\"https:\/\/dp-freunde.de\/comm\/wp-content\/flagallery\/rainerwerning\/kron-kreuz-und-krieger.jpg\" alt=\"Krone, Kreuz und Krieger\" \/><a href=\"https:\/\/josemariasison.org\/the-philippine-revolution-the-leaders-view-japanese\/\"><img class=\"skip-lazy no-lazyload noLazy\" data-lazy-src=\"\" src =\"https:\/\/dp-freunde.de\/comm\/wp-content\/flagallery\/rainerwerning\/japaneseversion-221x300.jpg\" alt=\"The Philippine Revolution: The Leader\u2019s View (Japanese)\" \/><\/a><img class=\"skip-lazy no-lazyload noLazy\" data-lazy-src=\"\" src =\"https:\/\/dp-freunde.de\/comm\/wp-content\/flagallery\/rainerwerning\/handbook-philippines_final-cover-red-page-001.jpg\" alt=\"Handbook Philippines\" \/><img class=\"skip-lazy no-lazyload noLazy\" data-lazy-src=\"\" src =\"https:\/\/dp-freunde.de\/comm\/wp-content\/flagallery\/rainerwerning\/philippinen_paradies-in-aufruhr.jpg\" alt=\"Philippinen - Paradies in Aufruhr\" \/><a href=\"https:\/\/gop.com.ph\/philippine-clients\/modern-books\/ostlich-des-horizonts-east-of-the-horizon-deutsche-philippinenforschung-im-19-jahrhundert-band-7german-19th-century-research-on-the-philippines\/\"><img class=\"skip-lazy no-lazyload noLazy\" data-lazy-src=\"\" src =\"https:\/\/dp-freunde.de\/comm\/wp-content\/flagallery\/rainerwerning\/oestlichdeshorizonts_buch.PNG\" alt=\"\u00d6stlich des Horizonts\" \/><\/a><img class=\"skip-lazy no-lazyload noLazy\" data-lazy-src=\"\" src =\"https:\/\/dp-freunde.de\/comm\/wp-content\/flagallery\/rainerwerning\/rainer-werning-der-mindanao-konflikt.jpg\" alt=\"Der Mindanao Konflikt\" \/><img class=\"skip-lazy no-lazyload noLazy\" data-lazy-src=\"\" src =\"https:\/\/dp-freunde.de\/comm\/wp-content\/flagallery\/rainerwerning\/handbuchphilippinen_rainerwerning.jpg\" alt=\"Handbuch Philippinen\" \/><a href=\"https:\/\/libraryuncle.cf\/newdocs\/get-the-philippine-revolution-the-leaders-view-rtf-by-jose-maria-sison-rainer-werning.html\"><img class=\"skip-lazy no-lazyload noLazy\" data-lazy-src=\"\" src =\"https:\/\/dp-freunde.de\/comm\/wp-content\/flagallery\/rainerwerning\/the-philippine-revolution-the-leaders-view-joma-sision-with-rainer-werning.jpg\" alt=\"The Philippine Revolution: The Leader&#039;s View\" \/><\/a><a href=\"https:\/\/www.booklooker.de\/B%C3%BCcher\/Rainer-Werning+Nach-Camp-David-Neue-Kriegswolken-%C3%BCber-Nahost\/id\/A02iLDsR01ZZ8?zid=8sbpshkpl7fudhdju748tud55u\"><img class=\"skip-lazy no-lazyload noLazy\" data-lazy-src=\"\" src =\"https:\/\/dp-freunde.de\/comm\/wp-content\/flagallery\/rainerwerning\/rainer-werningnach-camp-david-neue-kriegswolken-ueber-nahost.jpg\" alt=\"Nach Camp David: Neue Kriegswolken \u00fcber Nahost\" \/><\/a><img class=\"skip-lazy no-lazyload noLazy\" data-lazy-src=\"\" src =\"https:\/\/dp-freunde.de\/comm\/wp-content\/flagallery\/rainerwerning\/tim-kuschnerus-rainer-werningdie-philippinen-unter-aquino-facetten-eines-machtwechsels.jpg\" alt=\"Die Philippinen unter Aquino - Facetten eines Machtwechsels\" \/><a href=\"https:\/\/www.booklooker.de\/B%C3%BCcher\/Rainer-Werning+Berstender-Bambus-Befreiungskampf-und-Gesundheitswesen-auf-den-Philippinen\/id\/A02bi5PQ01ZZ0\"><img class=\"skip-lazy no-lazyload noLazy\" data-lazy-src=\"\" src =\"https:\/\/dp-freunde.de\/comm\/wp-content\/flagallery\/rainerwerning\/rainer-werningberstender-bambus-befreiungskampf-und-gesundheitswesen-auf-den-philippinen.jpg\" alt=\"Berstender Bambus. Befreiungskampf und Gesundheitswesen auf den Philippinen\" \/><\/a><a href=\"https:\/\/www.booklooker.de\/B%C3%BCcher\/Esther-Dischereit-Michael-Denis+S%C3%BCdkorea-Kein-Land-f%C3%BCr-friedliche-Spiele\/id\/A02kfgjC01ZZJ\"><img class=\"skip-lazy no-lazyload noLazy\" data-lazy-src=\"\" src =\"https:\/\/dp-freunde.de\/comm\/wp-content\/flagallery\/rainerwerning\/esther-dischereit-michael-denissuedkorea-kein-land-fuer-friedliche-spiele.jpg\" alt=\"S\u00fcdkorea: Kein Land f\u00fcr friedliche Spiele\" \/><\/a><img class=\"skip-lazy no-lazyload noLazy\" data-lazy-src=\"\" src =\"https:\/\/dp-freunde.de\/comm\/wp-content\/flagallery\/rainerwerning\/handbuchphilippinen-209x300.jpg\" alt=\"\" \/><img class=\"skip-lazy no-lazyload noLazy\" data-lazy-src=\"\" src =\"https:\/\/dp-freunde.de\/comm\/wp-content\/flagallery\/rainerwerning\/promedia_song_werning_korea.jpg\" alt=\"Korea\" \/><img class=\"skip-lazy no-lazyload noLazy\" data-lazy-src=\"\" src =\"https:\/\/dp-freunde.de\/comm\/wp-content\/flagallery\/rainerwerning\/paradies-in-aufruhr_cover.jpg\" alt=\"Paradies in Aufruhr\" \/><img class=\"skip-lazy no-lazyload noLazy\" data-lazy-src=\"\" src =\"https:\/\/dp-freunde.de\/comm\/wp-content\/flagallery\/rainerwerning\/diephilippinischerevolution-205x300.jpg\" alt=\"Die philippinsche Revolution\" \/><img class=\"skip-lazy no-lazyload noLazy\" data-lazy-src=\"\" src =\"https:\/\/dp-freunde.de\/comm\/wp-content\/flagallery\/rainerwerning\/elmar-u-roland-bunzenthal-altvatersoll-und-haben-strategien-und-alternativen-zur-loesung-der.jpg\" alt=\"\" \/><img class=\"skip-lazy no-lazyload noLazy\" data-lazy-src=\"\" src =\"https:\/\/dp-freunde.de\/comm\/wp-content\/flagallery\/rainerwerning\/rw_zur-geschichte-des-phil-befreiungskampfes.jpg\" alt=\"\" \/><img class=\"skip-lazy no-lazyload noLazy\" data-lazy-src=\"\" src =\"https:\/\/dp-freunde.de\/comm\/wp-content\/flagallery\/rainerwerning\/kampuchea-lesebuch.jpg\" alt=\"\" \/><img class=\"skip-lazy no-lazyload noLazy\" data-lazy-src=\"\" src =\"https:\/\/dp-freunde.de\/comm\/wp-content\/flagallery\/rainerwerning\/phonix_cover.jpg\" alt=\"\" \/><img class=\"skip-lazy no-lazyload noLazy\" data-lazy-src=\"\" src =\"https:\/\/dp-freunde.de\/comm\/wp-content\/flagallery\/rainerwerning\/rainer-werning-suedkorea-politik-und-geschichte-im-land-der-morgenstille.jpg\" alt=\"Rainer Werning - S\u00fcdkorea - Politik und Geschichte im Land der Morgenstille\" \/><img class=\"skip-lazy no-lazyload noLazy\" data-lazy-src=\"\" src =\"https:\/\/dp-freunde.de\/comm\/wp-content\/flagallery\/rainerwerning\/md20709586188.jpg\" alt=\"Rainer Werning - Berstender Bambus. Befreiungskampf und Gesundheitswesen auf den Philippinen\" \/><img class=\"skip-lazy no-lazyload noLazy\" data-lazy-src=\"\" src =\"https:\/\/dp-freunde.de\/comm\/wp-content\/flagallery\/rainerwerning\/rainer-werning-nordkorea-annaeherungen-an-einen-aussenseiter.jpg\" alt=\"Rainer Werning - Nordkorea - Ann\u00e4herungen an einen Au\u00dfenseiter\" \/><img class=\"skip-lazy no-lazyload noLazy\" data-lazy-src=\"\" src =\"https:\/\/dp-freunde.de\/comm\/wp-content\/flagallery\/rainerwerning\/voicesfrommoroland.jpg\" alt=\"Voices from Moro Land\" \/><img class=\"skip-lazy no-lazyload noLazy\" data-lazy-src=\"\" src =\"https:\/\/dp-freunde.de\/comm\/wp-content\/flagallery\/rainerwerning\/prospectsforpeace-300x210.jpg\" alt=\"Prospects for Peace?\" \/><img class=\"skip-lazy no-lazyload noLazy\" data-lazy-src=\"\" src =\"https:\/\/dp-freunde.de\/comm\/wp-content\/flagallery\/rainerwerning\/cover_rw-demokratie.jpg\" alt=\"Demokratie aus der Wundert\u00fcte\" \/><img class=\"skip-lazy no-lazyload noLazy\" data-lazy-src=\"\" src =\"https:\/\/dp-freunde.de\/comm\/wp-content\/flagallery\/rainerwerning\/md12097889339.jpg\" alt=\"Rainer Werning - Kampuchea nach 1975 - Wiederaufbau im Zeichen einer Illusion? Ein Essay\" \/><img class=\"skip-lazy no-lazyload noLazy\" data-lazy-src=\"\" src =\"https:\/\/dp-freunde.de\/comm\/wp-content\/flagallery\/rainerwerning\/lesezeichen_cover.jpg\" alt=\"\" \/><img class=\"skip-lazy no-lazyload noLazy\" data-lazy-src=\"\" src =\"https:\/\/dp-freunde.de\/comm\/wp-content\/flagallery\/rainerwerning\/wohin-steuert-nordkorea.jpg\" alt=\"Wohin steuert Nordkorea\" \/><img class=\"skip-lazy no-lazyload noLazy\" data-lazy-src=\"\" src =\"https:\/\/dp-freunde.de\/comm\/wp-content\/flagallery\/rainerwerning\/joma-rw_tagalog-edition_cover1-218x300.jpg\" alt=\"\" \/><img class=\"skip-lazy no-lazyload noLazy\" data-lazy-src=\"\" src =\"https:\/\/dp-freunde.de\/comm\/wp-content\/flagallery\/rainerwerning\/dasprojektbefreiung-189x300.jpg\" alt=\"\" \/><img class=\"skip-lazy no-lazyload noLazy\" data-lazy-src=\"\" src =\"https:\/\/dp-freunde.de\/comm\/wp-content\/flagallery\/rainerwerning\/cover_reale-utopien.jpg\" alt=\"\" \/><img class=\"skip-lazy no-lazyload noLazy\" data-lazy-src=\"\" src =\"https:\/\/dp-freunde.de\/comm\/wp-content\/flagallery\/rainerwerning\/korea-auf-dem-weg-zur-einheit.jpg\" alt=\"Korea - Entfremdung und Ann\u00e4herung\" \/><\/noscript>\n<p>Hier eine weitere Info Seite bei Torial: <a href=\"https:\/\/www.torial.com\/rainer.dr-werning\">https:\/\/www.torial.com\/rainer.dr-werning<\/a><\/p>\n<p>Nachfolgend findet ihr in den orangenen <strong>Kategorien-Links<\/strong> Beitr\u00e4ge von Herrn Dr. Rainer Werning, der sich seit Ende der 1960er Jahre als Politikwissenschaftler &amp; Publizist intensiv mit den Regionen S\u00fcdost- und Ostasien besch\u00e4ftigt und u.a. mehrere B\u00fccher und zahlreiche Zeitschriften- und Zeitungsaufs\u00e4tze \u00fcber die Philippinen\u00a0 und Korea verfasste.<\/p>\n<table style=\"border-collapse: collapse; width: 100%;\">\n<tbody>\n<tr>\n<td style=\"width: 33.3333%;\"><strong><a href=\"https:\/\/dp-freunde.de\/comm\/category\/autor-rainer-werning\/philippinen\/\">Philippinen<\/a><\/strong><\/td>\n<td style=\"width: 33.3333%;\"><strong><a href=\"https:\/\/dp-freunde.de\/comm\/category\/autor-rainer-werning\/indonesien\/\">Indonesien<\/a><\/strong><\/td>\n<td style=\"width: 33.3333%;\"><strong><a href=\"https:\/\/dp-freunde.de\/comm\/category\/autor-rainer-werning\/korea\/\">Korea<\/a><\/strong><\/td>\n<\/tr>\n<tr>\n<td style=\"width: 33.3333%;\"><strong><a href=\"https:\/\/dp-freunde.de\/comm\/category\/autor-rainer-werning\/sonstige\/\">Sonstige L\u00e4nder\u00a0<\/a><\/strong><strong><a href=\"https:\/\/dp-freunde.de\/comm\/category\/autor-rainer-werning\/sonstige\/\">(Asien)<\/a><\/strong><\/td>\n<td style=\"width: 33.3333%;\"><strong><a href=\"https:\/\/dp-freunde.de\/comm\/category\/autor-rainer-werning\/publikationen\/\">Publikationen<\/a><\/strong><\/td>\n<td style=\"width: 33.3333%;\"><strong><a href=\"https:\/\/dp-freunde.de\/comm\/category\/autor-rainer-werning\/\">Alle<\/a><\/strong><\/td>\n<\/tr>\n<\/tbody>\n<\/table>\n<p>Hier sind noch weitere Artikel:<\/p>\n<h2 style=\"text-align: left;\">Thema Philippinen:<\/h2>\n<p style=\"text-align: left;\"><span style=\"color: #000080;\"><a href=\"https:\/\/dp-freunde.de\/comm\/wp-content\/uploads\/2009\/10\/RW_H-Clinton-in-Manila-im-Nov-2009.pdf\">Beredtes Schweigen &#8211; Clinton in Manila im Nov 2009<\/a><\/span><\/p>\n<p style=\"text-align: left;\"><span style=\"color: #000080;\"><a href=\"https:\/\/dp-freunde.de\/comm\/wp-content\/uploads\/2009\/11\/RW-ND_suche-nach-jonas-b1.pdf\">Die Suche nach Jonas B.<\/a><\/span><\/p>\n<p style=\"text-align: left;\"><span style=\"color: #000080;\"><a href=\"https:\/\/dp-freunde.de\/comm\/wp-content\/uploads\/2009\/10\/RW_PHIL-1968.pdf\">&#8222;Dem Volke dienen?&#8220; Aber wie? Die 68er<\/a><\/span><\/p>\n<p style=\"text-align: left;\"><span style=\"color: #000080;\"><a href=\"https:\/\/dp-freunde.de\/comm\/wp-content\/uploads\/2009\/10\/PHILIPPINEN-Symposium_Dr.-R.-Werning.pdf\">Anmerkungen zur Kontinuit\u00e4t struktureller Gewalt in den Philippinen<\/a><\/span><\/p>\n<p style=\"text-align: left;\"><span style=\"color: #000080;\"><a href=\"https:\/\/dp-freunde.de\/comm\/wp-content\/uploads\/2009\/10\/Werning_Vasallentreue_SOAM-01-07.pdf\">Ungebrochene Vasallentreue<\/a><\/span><\/p>\n<p style=\"text-align: left;\"><span style=\"color: #000080;\"><a href=\"https:\/\/dp-freunde.de\/comm\/wp-content\/uploads\/2009\/10\/SuedwindMagazin11-07_Interview-Edre-Olalia.pdf\">Suedwind Magazin &#8211; Die lange Abschussliste<\/a><\/span><\/p>\n<p style=\"text-align: left;\"><span style=\"color: #000080;\"><a href=\"https:\/\/dp-freunde.de\/comm\/wp-content\/uploads\/2009\/10\/RW_Senator-J-Madrigal-Interview-on-Current-Situation-in-the-Philippines.pdf\">Macapagal-Arroyo State Terrorism and US Domination of the Philippines<\/a><\/span><\/p>\n<p style=\"text-align: left;\"><span style=\"color: #000080;\"><a href=\"https:\/\/dp-freunde.de\/comm\/wp-content\/uploads\/2009\/10\/RW_E-OLALIA.pdf\">Human Security Act: \u2018Draconian, fascist\u2019<\/a><br \/>\n<\/span><\/p>\n<p style=\"text-align: left;\"><a href=\"https:\/\/dp-freunde.de\/comm\/wp-content\/uploads\/2009\/12\/R-Werning-JW_Ampatuan-Massaker_2009-12-02.pdf\">Politisches Gangstertum &#8211; Ampatuan-Massaker \/\/ Junge Welt 02.12.2009<\/a><\/p>\n<p style=\"text-align: left;\"><a href=\"https:\/\/dp-freunde.de\/comm\/wp-content\/uploads\/2009\/12\/RW-JW_Schamlose.pdf\">Schamlose F\u00fchrung &#8211; Pr\u00e4sidentin der Philippinen verh\u00e4ngt das Kriegsrecht und macht Verb\u00fcndete als Rebellen aus.<\/a><\/p>\n<p style=\"text-align: left;\"><a href=\"https:\/\/dp-freunde.de\/comm\/wp-content\/uploads\/2009\/10\/RW-JW_Ampatuan-Clan_2009-12-081.pdf\">Ampatuan-Clan soll entwaffnet werden &#8211; 08.12.2009<\/a><\/p>\n<p style=\"text-align: left;\"><a href=\"https:\/\/dp-freunde.de\/comm\/wp-content\/uploads\/2009\/10\/RW-JW_Arroyo-am-Pranger_09-12-09.pdf\">Arroyo am Pranger &#8211; 09.12.09<\/a><\/p>\n<p style=\"text-align: left;\"><a href=\"https:\/\/dp-freunde.de\/comm\/wp-content\/uploads\/2009\/10\/RW_Bishop-Elmer-Bolocon.pdf\">Church Voice is as Strong as Ever \u2013 Bishop Bolocon<\/a><\/p>\n<p style=\"text-align: left;\"><a href=\"https:\/\/dp-freunde.de\/comm\/wp-content\/uploads\/2009\/12\/RW-JW_Modernes-Freibeutertum_2009-12-22.pdf\">Modernes Freibeutertum &#8211; Artikel aus der Jungen Welt vom 22.12.09<\/a><\/p>\n<p style=\"text-align: left;\"><a href=\"https:\/\/dp-freunde.de\/comm\/wp-content\/uploads\/2009\/10\/RW_Interview-mit-ES-Juan.pdf\">SUBALTERN MOLE BURROWING IN THE \u2018BELLY OF THE BEAST\u2018<\/a><\/p>\n<p style=\"text-align: left;\"><a href=\"https:\/\/dp-freunde.de\/comm\/wp-content\/uploads\/2009\/10\/Handbuch-Philippinen_WOZ-REZ.pdf\">Rezension der Wochenzeitung &#8211; Handbuch Philippinen<\/a><\/p>\n<p style=\"text-align: left;\"><a href=\"https:\/\/dp-freunde.de\/comm\/wp-content\/uploads\/2009\/10\/R-Werning_Unter-Generalverdacht.pdf\">Unter Generalverdacht: Mediziner als Sicherheitsrisiko<\/a><\/p>\n<p style=\"text-align: left;\"><a href=\"https:\/\/dp-freunde.de\/comm\/wp-content\/uploads\/2009\/10\/RW-B-Tuazon_Human-Rights-under-Marcos-Arroyo.pdf\">Marcos and Arroyo: Hounded by Rights Abuses<\/a><\/p>\n<p style=\"text-align: left;\"><a href=\"https:\/\/dp-freunde.de\/comm\/wp-content\/uploads\/2009\/10\/RW-Jan-Fermon_Bulatlat_Sept-07.pdf\">Joma Sison, a Victim of U.S. and Dutch Interests \u2013 Lawyer Jan Fermon<\/a><\/p>\n<p style=\"text-align: left;\"><a href=\"https:\/\/dp-freunde.de\/comm\/wp-content\/uploads\/2009\/10\/RW-Joma_Bulatlat_Sept2007.pdf\">Joma Sison, Deprived of Right to Due Process, Social Benefits<\/a><\/p>\n<p style=\"text-align: left;\"><a href=\"https:\/\/dp-freunde.de\/comm\/wp-content\/uploads\/2009\/10\/RW-SWR2-Wissen_PHILIPPINEN_21-S.pdf\">\u201eWenn der Taifun den Kokon zerst\u00f6rt &#8230;&#8220; \u2013 Wohin steuern die Philippinen?<\/a><\/p>\n<p style=\"text-align: left;\"><a href=\"https:\/\/dp-freunde.de\/comm\/wp-content\/uploads\/2009\/10\/AbuSay-Sendung_SWR_03May02.pdf\">Antikoloniale Revolte oder organisierter Terror? \u2013 Die Abu Sayyaf auf den Philippinen<\/a><\/p>\n<p style=\"text-align: left;\"><a href=\"https:\/\/dp-freunde.de\/comm\/wp-content\/uploads\/2009\/10\/RW_SWR-2_America-First-1.pdf\">SWR \/ Unbegrenzte M\u00f6glichkeiten &#8211; Die USA werden Weltmacht 1<\/a><\/p>\n<p style=\"text-align: left;\"><a href=\"https:\/\/dp-freunde.de\/comm\/wp-content\/uploads\/2009\/10\/RW_SWR-2_America-First-2.pdf\">SWR \/ America first! Washingtons Weltordnung 2<\/a><\/p>\n<p><a href=\"http:\/\/www.ardmediathek.de\/ard\/servlet\/content\/3517136?documentId=220798\">SWR2 Wissen 21.09.2007: Wenn der Taifun den Kokon zerst\u00f6rt<\/a><\/p>\n<p><a href=\"http:\/\/www.woz.ch\/artikel\/archiv\/19276.html\">http:\/\/www.woz.ch\/artikel\/archiv\/19276.html<\/a><\/p>\n<p><a href=\"https:\/\/dp-freunde.de\/comm\/wp-content\/uploads\/2009\/05\/RW-in-JW_05-Mai-2010.doc\">\u00c4rger mit der Hightech \u2013 Philippinen w\u00e4hlen neuen Pr\u00e4sidenten<\/a><\/p>\n<p><a href=\"https:\/\/dp-freunde.de\/comm\/wp-content\/uploads\/2009\/05\/RW-in-JW_10-Mai-2010.doc\">Die Philippinen entscheiden \u00fcber ihren neuen Pr\u00e4sidenten. Ein Politikwechsel steht nicht zur Wahl<\/a><\/p>\n<p><a href=\"https:\/\/dp-freunde.de\/comm\/wp-content\/uploads\/2010\/05\/RW-in-FREITAG.pdf\">Glanzlose Gloria &#8211; Die Woche<\/a><\/p>\n<p><a href=\"https:\/\/dp-freunde.de\/comm\/wp-content\/uploads\/2010\/05\/PHIL_65-Jahre-nach-Kriegsende_I-von-IV.doc\">65 Jahre nach Kriegsende &#8211; I von IV<\/a><\/p>\n<p><a href=\"https:\/\/dp-freunde.de\/comm\/wp-content\/uploads\/2010\/05\/PHIL_65-Jahre-nach-Kriegsende_II-von-IV.doc\">65 Jahre nach Kriegsende &#8211; II von IV<\/a><\/p>\n<p><a href=\"https:\/\/dp-freunde.de\/comm\/wp-content\/uploads\/2010\/05\/PHIL_65-Jahre-nach-Kriegsende_III-von-IV1.doc\">65 Jahre nach Kriegsende &#8211; III von IV<\/a><\/p>\n<p><a href=\"https:\/\/dp-freunde.de\/comm\/wp-content\/uploads\/2010\/05\/PHIL_65-Jahre-nach-Kriegsende_IV-von-IV.doc\">PHIL_65 Jahre nach Kriegsende_IV von IV<\/a><\/p>\n<p><a href=\"https:\/\/dp-freunde.de\/comm\/2010\/06\/ruckkehr-des-clans-benigno-aquino\/\">Rueckkehr des Clans<\/a><\/p>\n<p><a href=\"http:\/\/liportal.inwent.org\/philippinen.html\">INWENT-\u00a0 Philippinen Seite<\/a><\/p>\n<p><a href=\"https:\/\/dp-freunde.de\/comm\/wp-content\/uploads\/2010\/05\/RW_RP-PeoplePower.pdf\">People Power \u2013 People\u2019s Power \/ 24.11.2005<\/a><\/p>\n<p><a href=\"https:\/\/dp-freunde.de\/comm\/wp-content\/uploads\/2010\/05\/RW_Inhaltsverzeichnis-Handbuch-PHILIPPINEN.pdf\">Inhaltsverzeichnis Handbuch PHILIPPINEN<\/a><\/p>\n<p><a href=\"https:\/\/dp-freunde.de\/comm\/wp-content\/uploads\/2010\/05\/rw-soa_03-4-008.pdf\">Alles unter Berufung auf den Herrn \/ 2003<\/a><\/p>\n<p><a href=\"https:\/\/dp-freunde.de\/comm\/wp-content\/uploads\/2010\/05\/rw-soa_05-4-008.pdf\">Im Schatten des Terrors \/ 2005<\/a><\/p>\n<p><a href=\"https:\/\/dp-freunde.de\/comm\/wp-content\/uploads\/2010\/05\/rw-soa_2003-1-080.pdf\">Alter Terror und neue Bomben \/ 2003<\/a><\/p>\n<p><a href=\"https:\/\/dp-freunde.de\/comm\/wp-content\/uploads\/2010\/05\/rw-soa_2006-1-077.pdf\">Lange Schatten der Diktatur \/ 2006<\/a><\/p>\n<p><a href=\"https:\/\/dp-freunde.de\/comm\/wp-content\/uploads\/2010\/05\/rw-soa_2006-1-085.pdf\">Buchbesprechung Das Handbuch Philippinen \/ 2006<\/a><\/p>\n<p><a href=\"https:\/\/dp-freunde.de\/comm\/wp-content\/uploads\/2010\/05\/rw-soa_2007-3-071.pdf\">\u00bbAnti-Terror-Krieg\u00ab in den S\u00fcdphilippinen \/ 2007<\/a><\/p>\n<p><a href=\"https:\/\/dp-freunde.de\/comm\/wp-content\/uploads\/2010\/05\/rw-soa_2008-3-066.pdf\">\u00bbDem Volke dienen!\u00ab Aber wie? \/ 2008<\/a><\/p>\n<p><a href=\"http:\/\/www.freitag.de\/politik\/0105-people-power-peoples-power\">\u00dcber die politische Semantik zweier Machtwechsel &#8211; Februar 1986 und Januar 2001<\/a><\/p>\n<p><a href=\"http:\/\/www.freitag.de\/politik\/0046-letzter-vorhang-estrada\">Letzter Vorhang f\u00fcr Estrada<\/a><\/p>\n<p><a href=\"http:\/\/www.freitag.de\/politik\/0141-kommentar-01\">Die Philippinen und der Schatten Osama bin Ladens<\/a><\/p>\n<p><a href=\"http:\/\/www.freitag.de\/politik\/0127-philippinen\">Gangstertum auf Gegenseitigkeit<\/a><\/p>\n<p><a href=\"https:\/\/dp-freunde.de\/comm\/2010\/10\/heise-luft\/\">Hei\u00dfe Luft &#8211; Seine ersten 100 Amtstage nutzte der philippinische Pr\u00e4sident Benigno S. Aquino III zur gef\u00e4lligen Selbstdarstellung<\/a><\/p>\n<p><a href=\"http:\/\/www.freitag.de\/politik\/0019-vater-schwertes\">Vater des Schwertes<\/a><\/p>\n<p><a href=\"http:\/\/www.freitag.de\/politik\/0030-geisel-business\">Geisel business-Vom politischen Nutzen einer hausgemachten Krise<\/a><\/p>\n<p><a href=\"http:\/\/www.freitag.de\/politik\/0039-estradas-revanche-jolo\">Estradas Revanche auf Jolo<\/a><\/p>\n<p><a href=\"http:\/\/www.freitag.de\/politik\/0120-kommentar\">Ein H\u00e4ftling als Wahljoker<\/a><\/p>\n<p><a href=\"https:\/\/dp-freunde.de\/comm\/wp-content\/uploads\/2010\/05\/RoFa41-10_Populismus-statt-Politikwechsel.pdf\">RoFa41-10_Populismus statt Politikwechsel<\/a><\/p>\n<p><a href=\"http:\/\/www.freitag.de\/politik\/0810-philippinen\">Die Besteigung des Smokey Mountain &#8211; 07.03.2008<\/a><\/p>\n<p><a href=\"http:\/\/www.freitag.de\/politik\/0918-philippinen-todesschwadronen-kriminelle\">Der Sheriff von Davao &#8211; 03.05.2009<\/a><\/p>\n<p><a href=\"http:\/\/www.freitag.de\/0942-suedphilippinen-rebellen-verhandlungen\">Friedenskurs im Zickzack &#8211; 18.10.2009<\/a><\/p>\n<p><a href=\"http:\/\/www.freitag.de\/politik\/0947-philippinen-usa-clinton-anti-terror\">Selbstkritik statt Kritik &#8211; 18.11.2009<\/a><\/p>\n<p><a href=\"http:\/\/www.freitag.de\/politik\/1026-im-schatten-der-mutter\">Im Schatten der Mutter &#8211; 06.07.2010<\/a><\/p>\n<p><a href=\"https:\/\/dp-freunde.de\/comm\/wp-content\/uploads\/2010\/05\/RW-in-FREITAG_Jolo-in-2007.pdf\">Ein Strafbefehl der Pr\u00e4sidentin &#8211; 07.09.2007<\/a><\/p>\n<p><a href=\"https:\/\/dp-freunde.de\/comm\/2011\/01\/artikel-junge-welt-der-untergrund-grust\/\">Der Untergrund gr\u00fc\u00dft &#8211; 05.01.2011<\/a><\/p>\n<p><a href=\"https:\/\/dp-freunde.de\/comm\/2011\/02\/zuruck-auf-%C2%BBlos%C2%AB\/\">Zur\u00fcck auf &#8222;Los&#8220; &#8211; 16.02.11<\/a><\/p>\n<p><a href=\"https:\/\/dp-freunde.de\/comm\/2011\/02\/rochaden-der-macht\/\">Rochaden der Macht &#8211; 25.02.2011<\/a><\/p>\n<p><a href=\"https:\/\/dp-freunde.de\/comm\/2011\/03\/sturz-ins-sicherheitsnetz\/\">Sturz ins Sicherheitsnetz &#8211; 03.11.2011<\/a><\/p>\n<p><a href=\"https:\/\/dp-freunde.de\/comm\/2011\/04\/friedenssuche-im-stakkato\/\" target=\"_blank\" rel=\"noopener noreferrer\">Friedenssuche im Stakkato &#8211; 16.04.2011<\/a><\/p>\n<p><a href=\"https:\/\/dp-freunde.de\/comm\/2011\/04\/die-insel-jolo-ist-der-mit-abstand-unsicherste-teil-der-philippinen\/\" target=\"_blank\" rel=\"noopener noreferrer\">Im Land von Klein C\u00e4sar &#8211; 16.04.2011<\/a><\/p>\n<p><a href=\"https:\/\/dp-freunde.de\/comm\/2011\/05\/tuckische-friedenssuche\/\">T\u00fcckische Friedenssuche &#8211; 02.05.2011<\/a><\/p>\n<p><a href=\"http:\/\/www.arnold-bergstraesser.de\/cms2\/images\/stories\/6_Werning_nAK.pdf\">Programmierter Dauerkonflikt &#8211; 2010<\/a><\/p>\n<p><a href=\"http:\/\/www.wissenschaft-und-frieden.de\/seite.php?artikelID=1541\" target=\"_blank\" rel=\"noopener noreferrer\">Erdr\u00fcckende Erblast &#8211; 2009<\/a><\/p>\n<p><a href=\"http:\/\/www.wissenschaft-und-frieden.de\/seite.php?artikelID=0190\" target=\"_blank\" rel=\"noopener noreferrer\">Morden im Namen der Freiheit &#8211; 2006<br \/>\n<\/a><\/p>\n<p><a href=\"http:\/\/www.wissenschaft-und-frieden.de\/seite.php?artikelID=0190\" target=\"_blank\" rel=\"noopener noreferrer\">Im Schatten der Terrorbek\u00e4mpfung &#8211; 2002<\/a><\/p>\n<p><a href=\"http:\/\/www.wissenschaft-und-frieden.de\/seite.php?artikelID=1351\" target=\"_blank\" rel=\"noopener noreferrer\">Dikatatorend\u00e4mmerung und andere Sicherheitsrisiken &#8211; 1999<\/a><\/p>\n<p><a href=\"http:\/\/www.wissenschaft-und-frieden.de\/seite.php?artikelID=0060\" target=\"_blank\" rel=\"noopener noreferrer\">Mediengestammel anl\u00e4\u00dflich eines Geiseldramas &#8211; 2003<\/a><\/p>\n<p><a href=\"http:\/\/www.wissenschaft-und-frieden.de\/seite.php?artikelID=0093\" target=\"_blank\" rel=\"noopener noreferrer\">Verlierer und Gewinner im Geiselpoker- 2001<\/a><\/p>\n<p><a href=\"https:\/\/dp-freunde.de\/comm\/2011\/10\/rainer-werning-glosse-gaddafis-vielleicht-letztes-telefonat\/\">Gaddafis vielleicht letztes Telefonat &#8211; Okt 2010<\/a><\/p>\n<p><a href=\"https:\/\/dp-freunde.de\/comm\/2011\/10\/rainer-werning-guerillero-der-ersten-stunde\/\">Guerillo der letzten Stunde &#8211; 19.10.2011<\/a><\/p>\n<p><a href=\"http:\/\/www.asienhaus.de\/public\/archiv\/2006-1-077.pdf\" target=\"_blank\" rel=\"noopener noreferrer\">Lange Schatten der Diktatur &#8211; Jan 2006<\/a><\/p>\n<p><a href=\"https:\/\/dp-freunde.de\/comm\/2011\/10\/rezension-von-wolfgang-bethge-rainer-werning-krone-kreuz-und-krieger\/\">Rezension von Wolfgang Bethge zu Krone, Kreuz und Krieger <\/a><\/p>\n<p><a href=\"https:\/\/dp-freunde.de\/comm\/2011\/10\/bose-botschaften\/\" target=\"_blank\" rel=\"noopener noreferrer\">Boese Botschaften<\/a><\/p>\n<p><a href=\"https:\/\/dp-freunde.de\/comm\/2011\/10\/mord-im-morgengrauen\/\" target=\"_blank\" rel=\"noopener noreferrer\">Mord im Morgengrauen<\/a><\/p>\n<p><a href=\"https:\/\/dp-freunde.de\/comm\/2011\/04\/conflict-in-moro-land-prospects-for-peace\/\" target=\"_blank\" rel=\"noopener noreferrer\">Conflict in Moro Land. Prospects for Peace? &#8211; Apr 2011<\/a><\/p>\n<p><a href=\"https:\/\/dp-freunde.de\/comm\/2011\/12\/woz-rainer-werning-es-sind-harte-zeiten-fur-friedensflusterer\/\">Es sind harte Zeiten f\u00fcr Friedensfl\u00fcsterer &#8211; 08.12.2011<\/a><\/p>\n<p><a href=\"http:\/\/www.jungewelt.de\/2011\/12-24\/004.php\" target=\"_blank\" rel=\"noopener noreferrer\">Harte Zeiten f\u00fcr Friedenssouffleure &#8211; 24.12.2011<\/a><\/p>\n<p><a href=\"https:\/\/dp-freunde.de\/comm\/2011\/12\/neues-deutschland-spuren-des-europaischen-imperialismus\/\">\u00a0Spuren des europ\u00e4ischen Imperialismus &#8211; 27.12.2011<\/a><\/p>\n<p><a href=\"https:\/\/dp-freunde.de\/comm\/2012\/01\/rezension-vom-asienhaus-zu-krone-kreuz-und-krieger\/\">Rezension Krone, Kreuz und Krieger vom Asienhaus &#8211; Dez 2011<\/a>.<\/p>\n<p><a href=\"http:\/\/www.ag-friedensforschung.de\/regionen\/Philippinen\/nestle2.html\">Blutkaffee und Wasserlilien &#8211; April 2008<\/a><\/p>\n<p><a href=\"https:\/\/dp-freunde.de\/comm\/wp-content\/uploads\/2010\/05\/BP-267_RW-plus-KKK-REZ.pdf\">BP 267_Artikelsammlung &#8211; Dez 2011<\/a><\/p>\n<p><a href=\"https:\/\/dp-freunde.de\/comm\/wp-content\/uploads\/2010\/05\/RW_OSJB-2010_PHIL.pdf\">Krisenkataster S\u00fcdphilippinen &#8211; 2010<\/a><\/p>\n<p><a href=\"http:\/\/www.woz.ch\/artikel\/inhalt\/2012\/nr06\/Sachbuch\/21724.html\">Rezension &#8211; Die guten und die schlechten Verm\u00e4chtnisse Europas auf den Philippinen &#8211; 09.02.2012<\/a><\/p>\n<p><a href=\"https:\/\/dp-freunde.de\/comm\/2012\/04\/indigenous-filipinos-battle-for-their-land\/\"> Indigenous Filipinos battle for their land<\/a><\/p>\n<p><a href=\"http:\/\/www.dw.de\/der-kampf-ums-eigene-land\/a-15917892-1\">Deutsche Welle: Der Kampf ums eigene Land &#8211; April 2012<\/a><\/p>\n<p><a href=\"https:\/\/dp-freunde.de\/comm\/2012\/06\/junge-welt-buchkritik-erziehen-und-zivilisieren\/\">Junge Welt Buchkritik &#8211; Erziehen und zivilisieren 04.06.2012<\/a><\/p>\n<p><a href=\"https:\/\/dp-freunde.de\/comm\/2012\/07\/weltsichten-rezension-nicht-nur-fur-philippinen-kenner\/\">Weltsichten-Rezension: Nicht nur f\u00fcr Philippinen-Kenner<\/a><\/p>\n<p><a href=\"http:\/\/www.jungewelt.de\/2012\/07-07\/014.php\">Das Tor zum Osten &#8211; 07.07.2012<\/a><\/p>\n<p><a href=\"https:\/\/dp-freunde.de\/comm\/wp-content\/uploads\/2010\/05\/Rezension_Werning-Philippinen_G-K\u00f6llner.doc\">Mutig, n\u00fctzlich, interessant &#8211; Rezension_Gisela K\u00f6llner<\/a><\/p>\n<p><a href=\"https:\/\/dp-freunde.de\/comm\/2012\/09\/zwischen-volksarmee-und-zivilgesellschaft\/\">Zwischen Volksarmee und Zivilgesellschaft &#8211; Sep 2012<\/a><\/p>\n<p><a href=\"https:\/\/dp-freunde.de\/comm\/2012\/09\/artikel-junge-welt-bleiernes-erbe\/\">Bleiernes Erbe &#8211; 21.09.2012<\/a><\/p>\n<p><a href=\"https:\/\/dp-freunde.de\/comm\/wp-content\/uploads\/2010\/05\/RW-in-JW_2012-OKT-11.pdf\">Verfr\u00fchte Freunde &#8211; Okt 2012<\/a><\/p>\n<p><a href=\"http:\/\/www.drs.ch\/www\/de\/drs\/sendungen\/echo-der-zeit\/2646.bt10243990.html\">Friedenssignale auf den Philippinen &#8211; Echo der Zeit<\/a><\/p>\n<p><a href=\"https:\/\/dp-freunde.de\/comm\/2012\/10\/mord-im-morgengrauen-2\/\">Mord im Morgengrauen &#8211; 24.10.2012<\/a><\/p>\n<p><a href=\"http:\/\/www.jungewelt.de\/2012\/11-03\/005.php\">Buchrezension &#8222;Handbuch Philippinen&#8220; von R\u00fcdiger G\u00f6bel in der TAZ &#8211; 03.11.2012<\/a><\/p>\n<p><a href=\"https:\/\/dp-freunde.de\/comm\/wp-content\/uploads\/2010\/05\/Asien-Kurier.Nov_.2012-Kurzausgabe_39.pdf\">Asien Kurier &#8211; Philippinen von unten &#8211; Buchbesprechung &#8211; Nov 2012<\/a><\/p>\n<p><a href=\"https:\/\/dp-freunde.de\/comm\/wp-content\/uploads\/2010\/05\/NR-RW-in-JW_20-11-12.doc\">Artikel in der Jungen Welt: Ziemlich gute Feinde &#8211; 20.11.2012<\/a><\/p>\n<p><a href=\"https:\/\/dp-freunde.de\/comm\/2012\/11\/kriminelle-kumpanei\/\">Artikel in der Jungen Welt: Kriminelle Kumpanei &#8211; 25.11.2012<\/a><\/p>\n<p><a href=\"https:\/\/dp-freunde.de\/comm\/wp-content\/uploads\/2010\/05\/HBP-REZ-in-WOZ-vom-10-01-2013-S.-25.pdf\">Buchkritik WOZ &#8222;Korruption, Willk\u00fcr und ein Boxer aus einfachen Verh\u00e4ltnissen&#8220; &#8211; 10.01.2013<\/a><\/p>\n<p><a href=\"http:\/\/www.akweb.de\/ak_s\/ak580\/07.htm\">Analyse + Kritik &#8211; Buchrezension &#8211; 15.02.2013<\/a><\/p>\n<p><a href=\"https:\/\/dp-freunde.de\/comm\/wp-content\/uploads\/2010\/05\/IPON-Observer-2-2012_RW.pdf\">IPON-Observer Nurturing Monsters &#8211; 2012<\/a><\/p>\n<p><a href=\"https:\/\/dp-freunde.de\/comm\/wp-content\/uploads\/2013\/04\/RW_JW-2013-03-18_SchwerPunkt.pdf\"> Junge Welt \u2013 Rainer Werning: Fanal des Widerstands &#8211; 18.03.2013<\/a><\/p>\n<p><a href=\"https:\/\/dp-freunde.de\/comm\/wp-content\/uploads\/2013\/03\/RW-in-JW-am-25-03-13.pdf\">Junge Welt \u2013 Rainer Werning \u2013 Getr\u00fcbte Freundschaft &#8211; 25.03.2013<\/a><\/p>\n<p><a href=\"http:\/\/www.welt-sichten.org\/tipps-und-termine\/9623\/alles-ueber-die-philippinen\">Weltsichten &#8211; Buchkritik Philippinen Handbuch &#8211; 20.02.2013<\/a><\/p>\n<p><a href=\"http:\/\/www.jungewelt.de\/2013\/04-05\/038.php\">Junge Welt &#8211; Mord an Bergbaugegnern &#8211; 05.04.2013<\/a><\/p>\n<p><a href=\"http:\/\/www.neuerweg.de\/bucher\/krone-kreuz-und-krieger-europaeische-vermaechtnisse-in-den-philippinen\/krone-kreuz-und-krieger-europaeische-vermaechtnisse-in-den-philippinen\">Verlag Neuer Weg &#8211; Krone, Kreuz und Krieger<\/a><\/p>\n<p><a href=\"https:\/\/dp-freunde.de\/comm\/wp-content\/uploads\/2010\/05\/RW-in-WOZ_09-05-13_S-9-10.pdf\">WOZ &#8211; Linker Widerstand: Ratlos &#8211; 09.05.2013<\/a><\/p>\n<p><a href=\"https:\/\/dp-freunde.de\/comm\/wp-content\/uploads\/2010\/05\/RW-in-jW_PHIL-Wahlen-am-13-Mai-2013.doc\">Junge Welt &#8211; Wahlen mit beschr\u00e4nkter Wirkung &#8211; 13.05.2013<\/a><\/p>\n<p><a href=\"http:\/\/www.jungewelt.de\/2013\/06-04\/049.php\">Junge Welt &#8211; Rochaden auf den Philippinen &#8211; 04.06.2013<\/a><\/p>\n<p><a href=\"https:\/\/dp-freunde.de\/comm\/wp-content\/uploads\/2010\/05\/RW-in-RF-vom-13-06-2013.pdf\">Macht-Rochaden im Mai &#8211; 13.06.2013<\/a><\/p>\n<p><a href=\"https:\/\/dp-freunde.de\/comm\/wp-content\/uploads\/2010\/05\/ASIEN-119_S-103-105_REZ-S-Christ.pdf\">Conflict in Moro Land. Prospects for Peace? &#8211; April 2011<\/a><\/p>\n<p><a href=\"https:\/\/dp-freunde.de\/comm\/wp-content\/uploads\/2010\/05\/Rezension-Werning-KKK_S-Christ.doc\">International Quarterly for Asian Studies &#8211; Buchrezension &#8211; Nov 2012<\/a><\/p>\n<p><a href=\"https:\/\/dp-freunde.de\/comm\/wp-content\/uploads\/2010\/05\/ASIEN-127_S-117-118_REZ-G-Szell.pdf\">Deutsche Gesellschaft f\u00fcr Asienkunde &#8211; Buchrezension &#8211; Apr 2013<\/a><\/p>\n<p><a href=\"http:\/\/www.fairunterwegs.org\/themen\/thema\/article\/handbuch-philippinen-korruption-willkuer-und-ein-boxer-aus-einfachen-verhaeltnissen.html\">&#8222;Handbuch Philippinen&#8220; Korruption, Willk\u00fcr und ein Boxer aus einfachen Verh\u00e4ltnissen &#8211; fairunterwegs &#8211; Feb 2013<\/a><\/p>\n<p><a href=\"http:\/\/www.aktion-selbstbesteuerung.de\/Rundbrf\/2013\/2013_1\/39_Handbuch.pdf\">Buchrezension &#8211; Aktion Selbstbesteuerung &#8211; Jan 2013<\/a><\/p>\n<p><a href=\"https:\/\/dp-freunde.de\/comm\/wp-content\/uploads\/2010\/05\/RW-jW_2013-08-21_Thema.pdf\">Junge Welt &#8211; Keine Macht dem Volk &#8211; 21.08.2013<\/a><\/p>\n<p><a href=\"https:\/\/dp-freunde.de\/comm\/wp-content\/uploads\/2010\/05\/RW-in-jW_Goldberg-in-Manila.doc\">Junge Welt &#8211; Ein Mann f\u00fcrs Grobe &#8211; 15.08.2013<\/a><\/p>\n<p><a href=\"https:\/\/dp-freunde.de\/comm\/wp-content\/uploads\/2010\/05\/RW-in-JW_Ein-Staat-sieht-weg.doc\">Junge Welt &#8211; Ein Staat sieht weg &#8211; 23.11.2013<\/a><\/p>\n<p><a href=\"https:\/\/dp-freunde.de\/comm\/2013\/12\/junge-weltrainer-werninghilfe-im-stechschritt\/\">Junge Welt &#8211; Hilfe im Stechschritt &#8211; 16.12.2013<\/a><\/p>\n<p><a href=\"https:\/\/dp-freunde.de\/comm\/wp-content\/uploads\/2014\/02\/RW-in-jw_2014-02-04-Schwerpunkt.pdf\">Junge Welt &#8211; Manilas Friedensduett &#8211; 04.02.2014<\/a><\/p>\n<p><a href=\"https:\/\/dp-freunde.de\/comm\/wp-content\/uploads\/2014\/02\/RW-jw_2014-02-18-Thema.pdf\">Junge Welt &#8211; Mehr Milit\u00e4r statt Hilfe &#8211; 18.02.2014<\/a><\/p>\n<p><a href=\"https:\/\/dp-freunde.de\/comm\/wp-content\/uploads\/2014\/02\/RW-in-JW_28-01-2014.doc\">Hoffnungsschimmer in Manila &#8211; Junge Welt &#8211; 28.01.2014<\/a><\/p>\n<p><a href=\"https:\/\/dp-freunde.de\/comm\/wp-content\/uploads\/2014\/02\/TT_Flyer_Soa_Web.pdf\">Thementag S\u00fcdost-Asien 16.03.2014<\/a><\/p>\n<p><a href=\"http:\/\/www.ag-friedensforschung.de\/regionen\/Philippinen1\/Welcome.html\">Kasseler Friedensforschungs-Website Philippinen<\/a><\/p>\n<p><a href=\"https:\/\/dp-freunde.de\/comm\/2014\/03\/junge-welt-rainer-werning-frieden-in-manila\/\">Junge Welt: Frieden in Manila &#8211; 27.03.2014<\/a><\/p>\n<p><a href=\"https:\/\/dp-freunde.de\/comm\/2014\/03\/junge-welt-rainer-werning-kommentar-klingt-gut-friedensabkommen-in-den-philippinen\/\">Junge Welt: (Kommentar) Kling gut- Friedensabkommen in den Philippinen\u00a0&#8211; 27.03.2014<\/a><\/p>\n<p><a href=\"https:\/\/dp-freunde.de\/comm\/2014\/03\/junge-welt-rainer-werning-rueckschlag-fuer-die-radikale-linke-fuehrungskader-der-kp-verhaftet\/\">Junge Welt:\u00a0R\u00fcckschlag f\u00fcr die radikale Linke \u2013 F\u00fchrungskader der KP verhaftet\u00a0&#8211; 25.03.2014<\/a><\/p>\n<p><a href=\"http:\/\/www.ag-friedensforschung.de\/regionen\/Philippinen1\/linke.html\">AG Friedensforschung: R\u00fcckschlag f\u00fcr die radikale Linke 25.03.2014<\/a><\/p>\n<p><a href=\"http:\/\/www.jungewelt.de\/2014\/03-31\/031.php?sstr=rainer%7Cwerning%7C%7Cnpa\">Junge Welt:\u00a0Geburtstagsfeiern im Untergrund &#8211; 31.03.2014<\/a><\/p>\n<p><a href=\"http:\/\/www.ag-friedensforschung.de\/regionen\/Philippinen1\/volksarmee.html\">AG Friedensforschung:\u00a0Geburtstagsfeiern im Untergrund &#8211; 31.03.2014<\/a><\/p>\n<p><a href=\"https:\/\/dp-freunde.de\/comm\/wp-content\/uploads\/2014\/03\/RW_Seite-27-aus-RF_13_2014.pdf\">Rote Fahne 13\/2014: Katastrophenkataster 100 Tage nach Haiyan\u00a0&#8211; 27.03.2014<\/a><\/p>\n<p><a href=\"https:\/\/dp-freunde.de\/comm\/wp-content\/uploads\/2010\/05\/RW-in-jW-2014-04-29-THEMA.pdf\">Junge Welt: Kleiner brauner Bruder &#8211; 29.04.2014<\/a><\/p>\n<p class=\"post-title\" style=\"color: #000000;\"><a href=\"https:\/\/dp-freunde.de\/comm\/wp-content\/uploads\/2014\/05\/RW-in-JW_02.05.2014-Marschmusik-in-Manila.doc\">Junge Welt: Marschmusik in Manila &#8211; 02.05.2014<\/a><\/p>\n<p class=\"post-title\" style=\"color: #000000;\"><a href=\"https:\/\/dp-freunde.de\/comm\/2014\/07\/junge-welt-rainer-werning-magere-bilanz\/\">Junge Welt: Magere Bilanz &#8211; 01.07.2014<\/a><\/p>\n<p class=\"post-title\" style=\"color: #000000;\"><a href=\"https:\/\/dp-freunde.de\/comm\/wp-content\/uploads\/2010\/05\/RW-in-WOZ_19-2014_Thema.pdf\">WOZ &#8211; Im Schatten von John Joseph Pershing &#8211; 08.05.2014<\/a>\u00a0(<a href=\"https:\/\/dp-freunde.de\/comm\/wp-content\/uploads\/2010\/05\/RW-ad-ZAMBO-Thema-8-Mai-2014_Korrigendum-in-WOZ.doc\">Mai 2014_Korrigendum in WOZ<\/a>)<\/p>\n<p class=\"post-title\" style=\"color: #000000;\"><a href=\"https:\/\/dp-freunde.de\/comm\/wp-content\/uploads\/2010\/05\/RW-in-JW_2014-07-24_Thema.pdf\">Junge Welt &#8211; Stammheim in Manila &#8211; 2014-07-24<\/a><\/p>\n<p class=\"post-title\"><a href=\"https:\/\/dp-freunde.de\/comm\/2014\/08\/junge-welt-rainer-werning-mehr-frust-als-frieden\/\">junge Welt \u2013 Rainer Werning \u2013 Mehr Frust als Frieden\u00a0&#8211; \u00a029.07.2014<\/a><\/p>\n<p class=\"post-title\" style=\"color: #000000;\"><a href=\"https:\/\/dp-freunde.de\/comm\/2014\/08\/junge-welt-rainer-welt-selbstverliebter-pathos\/\">junge Welt \u2013 Rainer Werning \u2013 Selbstverliebter Pathos\u00a0&#8211; 30.07.2014<\/a><\/p>\n<p class=\"post-title\"><a href=\"https:\/\/dp-freunde.de\/comm\/2014\/08\/rainer-werning-taz-is-auf-den-philippinen\/\">Rainer Werning \u2013 TAZ \u2013 IS auf den Philippinen?\u00a0&#8211; 29.08.2014<\/a><\/p>\n<p class=\"post-title\" style=\"color: #000000;\"><a href=\"https:\/\/dp-freunde.de\/comm\/wp-content\/uploads\/2014\/08\/Auf-Stippvisite-im-Camp-Neues-Bewusstsein-Rainer-Werning-Aug-2014.pdf\">Auf Stippvisite im \u201cCamp Neues Bewusstsein\u201d \u2013 Rainer Werning\u00a0&#8211; Aug 2014<\/a><\/p>\n<p class=\"post-title\"><a href=\"https:\/\/dp-freunde.de\/comm\/2014\/08\/rainer-werning-taz-schwere-zeiten-fuer-aquino\/\">Rainer Werning \u2013 TAZ \u2013 Schwere Zeiten f\u00fcr Aquino<\/a><\/p>\n<p class=\"post-title\"><a href=\"http:\/\/www.asienhaus.de\/philippinenbuero\/publikationen\/handbuch-philippinen\/\">Asienhaus Shop &#8211; Handbuch Philippinen 2013<\/a><\/p>\n<p class=\"post-title\"><a href=\"https:\/\/dp-freunde.de\/comm\/wp-content\/uploads\/2010\/05\/RW-in-jW__Krieg-gegen-Linke_20140917.pdf\">https:\/\/dp-freunde.de\/comm\/wp-content\/uploads\/2010\/05\/RW-in-jW_Aquino-in-Europa-und-vs-CPP_Krieg-gegen-Linke_20140917.pdf<\/a><\/p>\n<p class=\"post-title\"><a href=\"http:\/\/www.jungewelt.de\/2014\/09-22\/024.php\">Junge Welt &#8211; Rainer Werning: Blender in Berlin &#8211; 22.09.2014<\/a><\/p>\n<p class=\"post-title\"><a href=\"http:\/\/www.ag-friedensforschung.de\/regionen\/Philippinen1\/naumann-stiftung.html\">AG Friedensforschung &#8211; Offener Brief an Friedrich Naumann Stiftung &#8211; Aquino Freiheitsmedaille &#8211; Sep 2014<\/a><\/p>\n<p><a href=\"http:\/\/www.ag-friedensforschung.de\/regionen\/Philippinen1\/blender.html\">AG Friedensforschung &#8211; Blender in Berlin inklusive Ausz\u00fcge aus der Pressekonferenz &#8211; 22.09.2014<\/a><\/p>\n<p><a href=\"https:\/\/dp-freunde.de\/comm\/wp-content\/uploads\/2014\/10\/Junge-Welt-Kein-Frieden-auf-Jolo-2014-10-04.pdf\">Junge Welt &#8211; Kein Frieden auf Jolo &#8211; 04.10.2014<\/a><\/p>\n<p><a href=\"https:\/\/dp-freunde.de\/comm\/wp-content\/uploads\/2014\/10\/RW-ad-Abu-Sayyaf_JW-2014-10-08_S-3.pdf\">Junge Welt \u2013 Rainer Werning \u2013 Totgesagte leben l\u00e4nger \u2013 2014.10.07<\/a><\/p>\n<p><a href=\"https:\/\/dp-freunde.de\/comm\/wp-content\/uploads\/2010\/05\/RW-junge-Welt_Martialisches-Aufgebot-2014-10-16.pdf\">Junge Welt &#8211; Rainer Werning -Martialisches Aufgebot &#8211; 2014.10.15<\/a><\/p>\n<p><a href=\"http:\/\/www.wissenschaft-und-frieden.de\/seite.php?artikelID=0060\">Wissenschaft &amp; Frieden &#8211; Mediengestammel anl\u00e4\u00dflich eines Geiseldramas &#8211; 20<\/a><a href=\"http:\/\/www.wissenschaft-und-frieden.de\/seite.php?artikelID=0060\">00\/03<\/a><\/p>\n<p><a href=\"http:\/\/asianstudies.arnold-bergstraesser.de\/sites\/default\/files\/field\/af-download\/werning-vol-41-3-4.pdf\">Internationales Asienforum:\u00a0Programmierter Dauerkonflikt?\u00a0Die Suche nach einem tragf\u00e4higen Frieden<\/a><br \/>\n<a href=\"http:\/\/asianstudies.arnold-bergstraesser.de\/sites\/default\/files\/field\/af-download\/werning-vol-41-3-4.pdf\">in den S\u00fcdphilippinen &#8211; 2010<\/a><\/p>\n<p><a href=\"http:\/\/www.asienhaus.de\/uploads\/tx_news\/asienhaus-hintergrundinformation13-2014.pdf\">Stiftung Asienhaus &#8211; Desaster Kapitalismus &#8211; 30.10.2014<\/a><\/p>\n<p><a href=\"https:\/\/www.jungewelt.de\/ausland\/b\u00f6ses-blut-auf-jolo\">Junge Welt &#8211; B\u00f6ses Blut auf Jolo &#8211; 03.11.2014<\/a><\/p>\n<p><a href=\"https:\/\/www.jungewelt.de\/ausland\/armee-erkl\u00e4rungsnot\">Junge Welt &#8211; Armee in Erkl\u00e4rungsnot &#8211; 2014.11.09<\/a><\/p>\n<p><a href=\"https:\/\/www.jungewelt.de\/sites\/default\/files\/2014-11-07-03.pdf\">Junge Welt &#8211; Katastrophenkapitalismus &#8211; 2014.11.07<\/a><\/p>\n<p><a href=\"http:\/\/www.woz.ch\/1436\/philippinen\/kaempfer-nach-syrien\">\u00a0Die Wochenzeitung &#8211; K\u00e4mpfer nach Syrien &#8211; 04.09.2014<\/a><\/p>\n<p><a href=\"https:\/\/dp-freunde.de\/comm\/wp-content\/uploads\/2014\/12\/WOZ4814SE11.pdf\">WOZ &#8211; Rainer Werning &#8211; Gro\u00dfvater Pido &#8211; 27.11.2014<\/a><\/p>\n<p><a href=\"https:\/\/dp-freunde.de\/comm\/wp-content\/uploads\/2010\/05\/RW-in-jW_SchwerPunkt-2014-11-22.pdf\">Junge Welt -Verrottetes Rechtssystem &#8211; 22.11.2014<\/a><\/p>\n<p><a href=\"https:\/\/dp-freunde.de\/comm\/wp-content\/uploads\/2015\/01\/RW-jW_Im-Windschatten-der-Soutane.doc\">Rainer Werning &#8211; Junge Welt &#8211; Windschatten der Soutane &#8211; 2015-01-19<\/a><\/p>\n<p><a href=\"https:\/\/dp-freunde.de\/comm\/wp-content\/uploads\/2010\/05\/RW-in-Brennpunkt-Drett-Welt-287_Luxemburg.pdf\">Rainer Werning &#8211; Drett Welt &#8211; Luxemburg &#8211; Windschatten der Soutane &#8211; Februar 2015<\/a><\/p>\n<p><a href=\"https:\/\/dp-freunde.de\/comm\/2015\/02\/schwerer-rueckschlag-im-friedensprozessschwerer-rueckschlag-im-friedensprozess\/\">Rainer Werning &#8211; Junge Welt &#8211; Schwerer R\u00fcckschlag im Friedensprozess &#8211; 28.01.2015<\/a><\/p>\n<p><a href=\"https:\/\/dp-freunde.de\/comm\/2015\/02\/rainer-werning-junge-welt-kommandoaktion-gescheitert\/\">Rainer Werning &#8211; Junge Welt &#8211; Kommandoaktion gescheitert &#8211; 30.01.2015<\/a><\/p>\n<p><a href=\"https:\/\/dp-freunde.de\/comm\/2015\/02\/junge-welt-rainer-werning-tod-unter-drohnen\/\">Junge Welt \u2013 Rainer Werning \u2013 Tod unter Drohnen\u00a0&#8211; 10.02.2015<\/a><\/p>\n<p><a href=\"https:\/\/dp-freunde.de\/comm\/2015\/02\/junge-welt-rainer-werning-aquinos-alptraum\/\">Junge Welt- Rainer Werning \u2013 Aquinos Alptraum\u00a0&#8211; 08.02.2015<\/a><br \/>\n<a href=\"http:\/\/www.fisch-und-vogel.de\/2015\/02\/philippinen-im-ueberblick\/\">Fisch und Vogel \u2013 Rainer Werning \u2013 Philippinen im \u00dcberblick &#8211; 12.02.2015<\/a><\/p>\n<p><a href=\"https:\/\/dp-freunde.de\/comm\/2015\/02\/rainer-werning-junge-welt-alte-neue-feindbilder\/\">Junge Welt \u2013 Alte neue Feindbilder &#8211; 19.02.2015<\/a><\/p>\n<p><a href=\"https:\/\/dp-freunde.de\/comm\/2015\/02\/rainer-werning-stiftung-asienhaus-philippinen-vereitelter-frieden\/\">Stiftung Asienhaus \u2013 Philippinen: Vereitelter Frieden? &#8211; 18.02.2015<\/a><\/p>\n<p><a href=\"https:\/\/dp-freunde.de\/comm\/2015\/03\/junge-welt-rainer-werning-hochzeit-fuer-friedenskrieger\/\">Junge Welt \u2013 Rainer Werning \u2013 Hochzeit f\u00fcr Friedenskrieger &#8211; 27.12.2015<\/a><\/p>\n<p><a href=\"https:\/\/dp-freunde.de\/comm\/wp-content\/uploads\/2015\/03\/06.03.2015-Frieden-gef\u00e4hrdet-Rainer-Werning-junge-Welt.pdf\">06.03.2015 &#8211; Frieden gef\u00e4hrdet &#8211; Rainer Werning &#8211; junge Welt<\/a><\/p>\n<p><a href=\"https:\/\/dp-freunde.de\/comm\/2015\/03\/junge-welt-rainer-werning-ziemlich-viele-feinde\/\">Junge Welt \u2013 Rainer Werning \u2013 Ziemlich viele Feinde &#8211; 14.03.2015<\/a><\/p>\n<p><a href=\"https:\/\/dp-freunde.de\/comm\/2015\/03\/junge-welt-rainer-werning-kein-bisschen-leise-12-03-2015\/\">Junge Welt &#8211; Rainer Werning &#8211; Kein bisschen leise -12.03.2015<\/a><\/p>\n<p><a href=\"https:\/\/dp-freunde.de\/comm\/2015\/03\/junge-welt-rainer-werning-gerissene-befehlskette\/\">Junge Welt &#8211; Rainer Werning &#8211; Gerissene Befehlskette\u00a0&#8211; 18.03.2015<\/a><\/p>\n<p><a href=\"https:\/\/dp-freunde.de\/comm\/2015\/03\/30-oekumenische-philippinen-konferenz-dokumentation-okt-2014\/\">30. \u00d6kumenische Philippinen Konferenz: Dokumentation Okt 2014\/Seite 41<\/a><\/p>\n<p><a href=\"https:\/\/dp-freunde.de\/comm\/2015\/03\/woz-rainer-werning-wer-will-da-frieden\/\">WOZ \u2013 Rainer Werning \u2013 Wer will da Frieden?\u00a0&#8211; 26.02.2015<\/a><\/p>\n<p><a href=\"https:\/\/dp-freunde.de\/comm\/2015\/03\/junge-welt-rainer-werning-us-komplize-unter-druck\/\">Junge Welt \u2013 Rainer Werning \u2013 US-Komplize unter Druck\u00a0&#8211; 28.03.2015<\/a><\/p>\n<p><a href=\"https:\/\/dp-freunde.de\/comm\/wp-content\/uploads\/2010\/05\/Junge-Welt_Rainer-Werning_Verquere-Fronten_Kambodscha_2015-04-17.pdf\">Junge Welt_Rainer Werning_Verquere Fronten_Kambodscha_2015-04-17<\/a><\/p>\n<p><a href=\"http:\/\/www.woz.ch\/1512\/philippinen\/ein-desastroeser-plan\">Die Wochenzeitung &#8211; Ein desastr\u00f6ser Plan &#8211; 19.03.2015<\/a><br \/>\n<a href=\"https:\/\/dp-freunde.de\/comm\/2015\/06\/junge-welt-rainer-werning-verhaftung-statt-verhandlung\/\">Junge Welt \u2013 Verhaftung statt Verhandlung\u00a0&#8211; 08.06.2015<\/a><br \/>\n<a href=\"https:\/\/dp-freunde.de\/comm\/2015\/06\/junge-welt-rainer-werning-mit-entsicherter-pistole\/\">Junge Welt \u2013 Mit entsicherter Pistole\u00a0&#8211; 05.06.2015<\/a><br \/>\n<a href=\"https:\/\/dp-freunde.de\/comm\/2015\/06\/junge-welt-rainer-werning-aus-den-fugen-geraten\/\">Junge Welt \u2013 Rainer Werning \u2013 Aus den Fugen geraten &#8211; 12.06.2015<\/a><br \/>\n<a href=\"https:\/\/dp-freunde.de\/comm\/2015\/06\/junge-welt-rainer-werning-die-regierung-handelte-straeflich-nachlaessig\/\">Junge Welt \u2013 Rainer Werning: Die Regierung handelte str\u00e4flich nachl\u00e4ssig 13.06.2015<\/a><br \/>\n<a href=\"https:\/\/dp-freunde.de\/comm\/2015\/06\/junge-welt-rainer-werning-der-gute-wille-der-rebellen\/\">Junge Welt &#8211; Rainer Werning &#8211; Der gute Wille der Rebellen &#8211; 18.06.2015<\/a><\/p>\n<p><a href=\"https:\/\/dp-freunde.de\/comm\/wp-content\/uploads\/2015\/06\/Drett-Welt-Juni-2015-Rainer-Werning-Kriminell-verantwortungslos.pdf\">Drett Welt &#8211; Juni 2015 &#8211; Rainer Werning &#8211; Kriminell verantwortungslos<\/a><\/p>\n<p><a href=\"https:\/\/dp-freunde.de\/comm\/2015\/07\/junge-welt-rainer-werning-befreiung-nach-caesarenart\/\">Junge Welt \u2013 Rainer Werning \u2013 Befreiung nach C\u00e4sarenart &#8211; 04.07.2015<\/a><\/p>\n<p><a href=\"https:\/\/dp-freunde.de\/comm\/wp-content\/uploads\/2015\/07\/WOZ-Rainer-Werning-Francisco-Sionil-Jose-20150709.pdf\">WOZ &#8211; Rainer Werning &#8211; Ein Buddha mit Baskenm\u00fctze &#8211; Francisco Sionil Jos\u00e9 &#8211; 09.07.2015<\/a><\/p>\n<p><a href=\"https:\/\/dp-freunde.de\/comm\/2015\/07\/junge-welt-rainer-werning-zurueck-durch-die-seitentuer\/\">Junge Welt &#8211; Zur\u00fcck durch die Seitent\u00fcr &#8211; 24.07.2015<\/a><\/p>\n<p><a href=\"https:\/\/dp-freunde.de\/comm\/2015\/07\/junge-welt-rainer-werning-inselstreit-und-spionagefluege\/\">Junge Welt &#8211; Inselstreit und Spionagefl\u00fcge &#8211; 21.07.2015<\/a><\/p>\n<p><a href=\"https:\/\/dp-freunde.de\/comm\/2015\/07\/junge-welt-rainer-werning-eigenlob-hinkt\/\">Junge Welt &#8211; Rainer Werning &#8211; Eigenlob hinkt &#8211; 30.07.2015<\/a><\/p>\n<p><a href=\"https:\/\/dp-freunde.de\/comm\/wp-content\/uploads\/2010\/05\/Junge-Welt-Rainer-Werning-Haben-die-Friedensverhand\u00f6lungen-auf-den-Philippinen-eine-Chance-14061997.pdf\">Junge Welt &#8211; Rainer Werning &#8211; Haben die Friedensverhand\u00f6lungen auf den Philippinen eine Chance &#8211; 14061997<\/a><\/p>\n<p><a href=\"https:\/\/dp-freunde.de\/comm\/wp-content\/uploads\/2010\/05\/Junge-Welt-Rainer-Werning-Das-gro\u00dfe-Zickzack-um-die-Philippinen-04071997.pdf\">Junge Welt- Rainer Werning &#8211; Das gro\u00dfe Zickzack um die Philippinen &#8211; 04071997<\/a><\/p>\n<p><a href=\"https:\/\/dp-freunde.de\/comm\/2015\/08\/junge-welt-rainer-werning-wortkrieg-vor-wahlkampf\/\">Junge Welt \u2013 Rainer Werning \u2013 Wortkrieg vor Wahlkampf &#8211; 17.08.2015<\/a><\/p>\n<p><a href=\"https:\/\/dp-freunde.de\/comm\/wp-content\/uploads\/2010\/05\/Junge-Welt-Rainer-Werning-Philippinen-Die-inszenierte-Unabh\u00e4ngigkeit-12.06.1998.pdf\">Junge Welt &#8211; Rainer Werning &#8211; Philippinen &#8211; Die inszenierte Unabh\u00e4ngigkeit &#8211; 12.06.1998<\/a><\/p>\n<p><a href=\"https:\/\/dp-freunde.de\/comm\/wp-content\/uploads\/2010\/05\/Junge-Welt-Rainer-Werning-Philippinen-Sison-Keine-Kapitulation-wie-in-Zentralamerika-20.04.1998.pdf\">Junge Welt &#8211; Rainer Werning &#8211; Philippinen &#8211; Sison &#8211; Keine Kapitulation wie in Zentralamerika &#8211; 20.04.1998<\/a><\/p>\n<p><a href=\"https:\/\/dp-freunde.de\/comm\/2015\/09\/junge-welt-rainer-werning-erbe-des-vaters\/\">Junge Welt &#8211; Rainer Werning &#8211; Erbe des Vaters &#8211; 05.09.2015<\/a><\/p>\n<p><a href=\"https:\/\/dp-freunde.de\/comm\/2015\/09\/junge-welt-rainer-werning-general-amnesie\/\">Junge Welt &#8211; Rainer Werning &#8211; General-Amnesie &#8211; 07.09.2015<\/a><\/p>\n<p><a href=\"https:\/\/dp-freunde.de\/comm\/wp-content\/uploads\/2010\/05\/RW-in-BrennPunkt-290_Konfrontationskurs.pdf\">Rainer Werning &#8211; BrennPunkt &#8211; Schriller Konfrontationskurs &#8211; Okt 2015<\/a><\/p>\n<p><a href=\"https:\/\/dp-freunde.de\/comm\/2015\/10\/junge-welt-rainer-werning-im-visier-des-militaers\/\">Junge Welt &#8211; Rainer Werning &#8211; Im Visier des Milit\u00e4rs &#8211; 29.10.2015<\/a><\/p>\n<p><a href=\"https:\/\/dp-freunde.de\/comm\/2015\/11\/junge-welt-rainer-werning-%ef%bb%bfgeneralabschottung-vom-volke\/\">Junge Welt -. Rainer Werning &#8211; Generalabschottung vom Volke &#8211; 16112015<\/a><\/p>\n<p><a href=\"https:\/\/dp-freunde.de\/comm\/2015\/11\/junge-welt-rainer-werning-dem-volke-abgewandt\/\">Junge Welt &#8211; Rainer Werning &#8211; Dem Volke abgewandt &#8211; 18.11.2015<\/a><\/p>\n<p><a href=\"https:\/\/dp-freunde.de\/comm\/2015\/11\/junge-welt-rainer-werning-historischer-vorlaeufer\/\">Junge Welt &#8211; Rainer Werning &#8211; Historischer Vorl\u00e4ufer &#8211; 18.11.2015<\/a><\/p>\n<p><a href=\"https:\/\/dp-freunde.de\/comm\/2015\/12\/junge-welt-rainer-werning-messias-mit-mg\/\">Junge Welt &#8211; Rainer Werning &#8211; Messias mit MG &#8211; 21.12.2015<\/a><\/p>\n<p><a href=\"https:\/\/dp-freunde.de\/comm\/2015\/12\/rainer-werning-suedostasien-magazin-asienhaus-intervenieren-kontrollieren-pazifizieren\/\">Rainer Werning \u2013 S\u00fcdostasien Magazin \u2013 Asienhaus \u2013 Intervenieren Kontrollieren pazifizieren<\/a><\/p>\n<p><a href=\"https:\/\/dp-freunde.de\/comm\/2016\/01\/junge-welt-rainer-werning-praesident-unter-druck\/\">Junge Welt &#8211; Rainer Werning &#8211; Pr\u00e4sident unter Druck &#8211; 25.01.2016<\/a><\/p>\n<p><a href=\"https:\/\/dp-freunde.de\/comm\/2016\/02\/junge-welt-rainer-werning-aquino-kommt-nicht-voran\/\">Junge Welt &#8211; Rainer Werning &#8211; Aquino kommt nicht voran &#8211; 02.02.2016<\/a><\/p>\n<p><a href=\"https:\/\/dp-freunde.de\/comm\/2016\/02\/junge-welt-rainer-werning-30-jahre-nach-dem-marcos-sturz-telegener-machtwechsel-in-manila\/\">Junge Welt &#8211; Rainer Werning &#8211; Telegener Machtwechsel &#8211; 19.02.2016<\/a><\/p>\n<p><a href=\"https:\/\/dp-freunde.de\/comm\/2016\/04\/junge-welt-rainer-werning-gefecht-im-wahlkampf\/\">Junge Welt &#8212; Rainer Werning &#8211; Gefecht im Wahlkampf &#8211; 12.04.2016<\/a><\/p>\n<h2 style=\"text-align: left;\"><img loading=\"lazy\" decoding=\"async\" class=\"alignnone size-large wp-image-1848\" title=\"Red-Eyed Tree Frog\" src=\"https:\/\/dp-freunde.de\/comm\/wp-content\/uploads\/2009\/08\/MP910221089-801x1024.jpg\" alt=\"\" width=\"251\" height=\"322\" \/>.<\/h2>\n<h2 style=\"text-align: left;\">Thema Korea:<\/h2>\n<p><a href=\"http:\/\/www.amazon.de\/Deutschland-Korea-Begegnung-Kommunikation-Unterwerfung\/dp\/B006ZB8RUS\/ref=sr_1_30?s=books&amp;ie=UTF8&amp;qid=1460539653&amp;sr=1-30\">Buchtitel von 1993: Deutschland und Korea. Begegnung in der Teilung. Kommunikation ohne Unterwerfung.<\/a><\/p>\n<p><a href=\"https:\/\/www.jungewelt.de\/2016\/02-23\/027.php\">Junge Welt &#8211; Ende einer Traumfrabrik &#8211; 23.02.2016<\/a><\/p>\n<p><a href=\"https:\/\/dp-freunde.de\/comm\/wp-content\/uploads\/2010\/05\/Rainer-Werning-Junge-Welt-2015-08-17-Auf-Besatzung-folgt-Besatzung.pdf\">Rainer Werning &#8211; Junge Welt &#8211; 2015-08-17-Auf Besatzung folgt Besatzung<\/a>\u00a0<a href=\"https:\/\/dp-freunde.de\/comm\/wp-content\/uploads\/2010\/05\/17.08.2015-Auf-Besatzung-folgt-Besatzung-jW.doc\">.doc Datei<\/a><\/p>\n<p><a href=\"https:\/\/dp-freunde.de\/comm\/wp-content\/uploads\/2010\/05\/09.09.2009-Im-kalten-Krieg-II-junge-Welt.doc\">09.09.2009 &#8211; Im kalten Krieg II (junge Welt)<\/a><\/p>\n<p><a href=\"https:\/\/dp-freunde.de\/comm\/wp-content\/uploads\/2010\/05\/08.09.2009-Im-kalten-Krieg-I-junge-Welt.doc\">08.09.2009 &#8211; Im kalten Krieg I (junge Welt)<\/a><\/p>\n<p><a href=\"https:\/\/dp-freunde.de\/comm\/wp-content\/uploads\/2010\/05\/RW-in-jW_2015-08-06-Thema.pdf\">Junge Welt &#8211; Rainer Werning &#8211; Vergessen durch Erinnern<\/a><\/p>\n<p><a href=\"https:\/\/dp-freunde.de\/comm\/wp-content\/uploads\/2010\/05\/Junge-Welt-Rainer-Werning-Vergessen-durch-Erinnern-06.08.2015-text.pdf\">Junge Welt &#8211; Rainer Werning &#8211; Vergessen durch Erinnern &#8211; 06.08.2015 (text)<\/a><\/p>\n<p><a href=\"https:\/\/dp-freunde.de\/comm\/wp-content\/uploads\/2010\/05\/Programm-Asiatisch-Paz.-Raum-Bad-Urach-03.-05.07.15.pdf\">Programm Asiatisch-Paz. Raum, Bad Urach, 03.-05.07.15<\/a><\/p>\n<p><a href=\"https:\/\/dp-freunde.de\/comm\/wp-content\/uploads\/2010\/05\/15.06.2015-Getrennt-feiern-junge-Welt-Rainer-Werning.pdf\">15.06.2015 &#8211; Getrennt feiern (junge Welt) &#8211; Rainer Werning<\/a> \/ <a href=\"https:\/\/www.jungewelt.de\/2015\/06-15\/017.php\">Link zu Getrennt Feiern\/Junge Welt<\/a><\/p>\n<p><a href=\"https:\/\/dp-freunde.de\/comm\/wp-content\/uploads\/2010\/05\/EAT-Flyer-Korea-Tagung.pdf\">EAT-Flyer-Korea-Tagung<\/a> April 2015<\/p>\n<p style=\"text-align: left;\"><a href=\"https:\/\/dp-freunde.de\/comm\/wp-content\/uploads\/2009\/05\/OS-JB-2007_Werning.pdf\">Fragiler Frieden auf der koreanischen Halbinsel<\/a><\/p>\n<p style=\"text-align: left;\"><a href=\"https:\/\/dp-freunde.de\/comm\/wp-content\/uploads\/2009\/10\/3sat_werning.zip\">Kulturzeit 3SAT Korea (RealPlayer-Datei im ZIP-Container)<\/a><\/p>\n<p style=\"text-align: left;\"><a href=\"https:\/\/dp-freunde.de\/comm\/wp-content\/uploads\/2010\/05\/KOREA-RW-JW_25-Mai-2010.doc\">Auf Konfrontation &#8211; Der Cheonan-Vorfall<\/a><\/p>\n<p style=\"text-align: left;\"><a href=\"https:\/\/dp-freunde.de\/comm\/wp-content\/uploads\/2010\/05\/KOREA_RW-in-JW_27-Mai-2010.doc\">Korea &#8211; Blutmai<\/a><\/p>\n<p style=\"text-align: left;\"><a href=\"https:\/\/dp-freunde.de\/comm\/wp-content\/uploads\/2010\/05\/RW-jw_KOREA-2010-06-03_Thema.pdf\">Auf Provokationskurs &#8211; Junge Welt &#8211; Juni 2010<\/a><\/p>\n<p style=\"text-align: left;\"><a href=\"https:\/\/dp-freunde.de\/comm\/wp-content\/uploads\/2010\/06\/RW-JW_-THEMA-am-25-Juni-2010.pdf\">Der Kalte Krieg wird hei\u00df<\/a><\/p>\n<p style=\"text-align: left;\"><a href=\"http:\/\/www.freitag.de\/politik\/1033-unsere-nation-unser-land\">Cyber-Bellizismus: Unsere Nation, unser Land &#8211; 18.08.2010<\/a><\/p>\n<p style=\"text-align: left;\"><a href=\"https:\/\/dp-freunde.de\/comm\/wp-content\/uploads\/2010\/05\/RW-JW_65-Jahre-nach-WW-2_2010-08-18.pdf\">Ged\u00e4mpftes Gedenken &#8211; 18.08.2010<\/a><\/p>\n<p style=\"text-align: left;\"><a href=\"http:\/\/www.freitag.de\/politik\/1035-hirohito-darf-bleiben\">Hirohito darf bleiben &#8211; 07.09.2010<\/a><\/p>\n<p style=\"text-align: left;\"><a href=\"http:\/\/www.freitag.de\/politik\/1022-zeitgeschichte\">Code Cherokee &#8211; Mit Bajonetten erstochen &#8211; 06.06.2010<\/a><\/p>\n<p style=\"text-align: left;\"><a href=\" http:\/\/www.freitag.de\/politik\/0938-bosworth-will-durchatmen\">Bosworth will durchatmen &#8211; 17.09.2009<\/a><\/p>\n<p style=\"text-align: left;\"><a href=\" http:\/\/www.freitag.de\/politik\/0928-korea-breitengrad-sonderzone\">Das Ende einer Traumfabrik &#8211; 09.07.2009<\/a><\/p>\n<p style=\"text-align: left;\"><a href=\" http:\/\/www.freitag.de\/wochenthema\/0923-nordkorea-usa-krise\">Der kurze Fr\u00fchling der Sonnenschein-Politik &#8211; 03.06.2009<\/a><\/p>\n<p><a href=\"http:\/\/www.freitag.de\/politik\/0922-nordkorea-china-zusammenbruch\">Pj\u00f6ngjangs letzter Bruder &#8211; 27.05.2009<\/a><\/p>\n<p><a href=\"http:\/\/www.freitag.de\/politik\/0018-kontaminiertes-gelaende\">Kontaminiertes Gel\u00e4nde<\/a><\/p>\n<p><a href=\"http:\/\/www.freitag.de\/politik\/0025-friedensgefluester-kriegszustand\">Friedensgefl\u00fcster im Kriegszustand<\/a><\/p>\n<p><a href=\"http:\/\/www.freitag.de\/politik\/0050-kim-jong-il-medaillenchance\">Kim Jong Il ohne Medaillenchance<\/a><\/p>\n<p><a href=\"http:\/\/www.freitag.de\/politik\/0252-kommentar-01\">Sonnenscheinpolitik abgesagt<\/a><\/p>\n<p><a href=\"http:\/\/www.freitag.de\/politik\/0310-nordkorea-folgt-bizarren-ueberlebensphilosophie\">Asiens ideeller Gesamtterrorist<\/a><\/p>\n<p><a href=\"http:\/\/www.freitag.de\/politik\/0121-koreanische-halbinsel\">Washingtons Kaltfront<\/a><\/p>\n<p><a href=\"http:\/\/www.freitag.de\/politik\/0223-eroeffnungsspiel-fussball-wm-soul\">Die B\u00e4lle flach halten<\/a><\/p>\n<p><a href=\"http:\/\/www.freitag.de\/politik\/0330-korea-krieg-50-jahren\">Mit Kernwaffen gedroht<\/a><\/p>\n<p><a href=\"http:\/\/www.freitag.de\/0330-hauch-kaltem-krieg\">Endstation in Dorasan<\/a><\/p>\n<p><a href=\"http:\/\/www.freitag.de\/0304-nordkoreausa\">Operation &#8222;Notwehr&#8220;<\/a><\/p>\n<p><a href=\"http:\/\/www.freitag.de\/politik\/0335-zweite-weltkrieg-japanische-sondereinheit-731\">Milzbrand in Harbin<\/a><\/p>\n<p><a href=\"http:\/\/www.freitag.de\/0333-verdraengte-schuld\">Wie Hunde und Schweine<\/a><\/p>\n<p><a href=\"http:\/\/www.freitag.de\/0403-leben-hwang-kum-ju\">&#8222;Trost spenden&#8220; im Dienste des Tenno<\/a><\/p>\n<p><a href=\"http:\/\/www.freitag.de\/0410-kafka-seoul\">In der Nacht sind alle Blumen schwarz<\/a><\/p>\n<p><a href=\"http:\/\/www.freitag.de\/politik\/0337-kommentar\">Peking-Oper &#8211; 05.09.2003<\/a><\/p>\n<p><a href=\"http:\/\/www.freitag.de\/politik\/1022-sch-sse-vor-den-bug\">Sch\u00fcsse vor den Bug &#8211; 06.06.2010<\/a><\/p>\n<p><a href=\"http:\/\/www.freitag.de\/politik\/0917-nordkorea-usa-un-rakete\">Rabiate Retourkutsche &#8211; 23.04.2009<\/a><\/p>\n<p><a href=\"http:\/\/www.freitag.de\/0739-korea\">Kein Drang zur Innigkeit &#8211; 28.09.2007<\/a><\/p>\n<p><a href=\"http:\/\/www.freitag.de\/0411-kommentar\">In Vorkasse gehen will keiner &#8211; 05.03.2004<\/a><\/p>\n<p><a href=\"http:\/\/www.freitag.de\/politik\/0413-kommentar\">(Pyrrhus-)Sieg der Hardliner? &#8211; 19.03,2004<\/a><\/p>\n<p><a href=\"https:\/\/dp-freunde.de\/comm\/wp-content\/uploads\/2010\/05\/RW_Eine-Sprache-die-auch-Bush-versteht.doc\">Eine Sprache, die auch Bush versteht &#8211; 02.05.2003<\/a><\/p>\n<p><a href=\"https:\/\/dp-freunde.de\/comm\/wp-content\/uploads\/2010\/05\/RW_Stechschritt-statt-Sonnenschein.doc\">Stechschritt statt Sonnenschein &#8211; 01.04.2009<\/a><\/p>\n<p><a href=\"https:\/\/dp-freunde.de\/comm\/2011\/05\/im-osten-nichts-neues\/\">Im Osten nichts Neues &#8211; 02.05.2011<\/a><\/p>\n<p><a href=\"http:\/\/www.wissenschaft-und-frieden.de\/seite.php?artikelID=0370\" target=\"_blank\" rel=\"noopener noreferrer\">Hoch gepokert &#8211; 2005<\/a><\/p>\n<p><a href=\"http:\/\/www.wissenschaft-und-frieden.de\/seite.php?artikelID=0092\" target=\"_blank\" rel=\"noopener noreferrer\">Friedensgefl\u00fcster in Korea &#8211; 2001<\/a><\/p>\n<p><a href=\"http:\/\/www.wissenschaft-und-frieden.de\/seite.php?artikelID=0507\" target=\"_blank\" rel=\"noopener noreferrer\">Wirtschaftskooperation auf Koreanisch &#8211; 2007<\/a><\/p>\n<p><a href=\"http:\/\/www.jungewelt.de\/2011\/08-23\/035.php\" target=\"_blank\" rel=\"noopener noreferrer\">Jejus Makel &#8211; 23.08.2011<\/a><\/p>\n<p><a href=\"https:\/\/dp-freunde.de\/comm\/wp-content\/uploads\/2010\/05\/RW-ad-KOREA_WOZ-35-11-SE-11.pdf\">Ein Bulldozer auf der &#8222;Friedensinsel&#8220; &#8211; 01.09.2011<\/a><\/p>\n<p><a href=\"https:\/\/dp-freunde.de\/comm\/2011\/10\/unterhandler-pjongjangs-und-washingtons-versuchen-erneut-den-streit-uber-nordkoreas-atomprogramm-zu-entscharfen\/\" target=\"_blank\" rel=\"noopener noreferrer\">Unterh\u00e4ndler Pj\u00f6ngjangs und Washingtons versuchen erneut, den Streit \u00fcber Nordkoreas Atomprogramm zu entsch\u00e4rfen<\/a><\/p>\n<p><a href=\"https:\/\/dp-freunde.de\/comm\/wp-content\/uploads\/2010\/05\/PROMEDIA-Verlag_Korea-Buch_Song-Werning.doc\">Von der Kolonie zum geteilten Land 1910-2011 \/ Buch Promedia Verlag<\/a><\/p>\n<p><a href=\"http:\/\/www.mediashop.at\/typolight\/index.php\/buecher\/items\/song-du-yulwerning-rainer-korea\" target=\"_blank\" rel=\"noopener noreferrer\">Promedia Buch: Korea &#8211; Von der Kolonie zum geteilten <\/a><a href=\"http:\/\/www.jungewelt.de\/2011\/12-20\/043.php\" target=\"_blank\" rel=\"noopener noreferrer\">Land<\/a><\/p>\n<p><a href=\"http:\/\/www.jungewelt.de\/2011\/12-20\/043.php\" target=\"_blank\" rel=\"noopener noreferrer\">Machtwechsel nach Ma\u00df? &#8211; 20.12.2011<\/a><\/p>\n<p><a href=\"https:\/\/dp-freunde.de\/comm\/wp-content\/uploads\/2010\/05\/RW-jw_23-Dez-2011.doc\">Blicke in Glaskugeln &#8211; 23.12.<\/a><a href=\"http:\/\/www.konkret-verlage.de\/kvv\/txt.php?text=a4\">2011<\/a><\/p>\n<p><a href=\"http:\/\/www.konkret-verlage.de\/kvv\/txt.php?text=a4\">Feind auf Augenh\u00f6he &#8211; Jan 2012<\/a><\/p>\n<p><a href=\"https:\/\/dp-freunde.de\/comm\/wp-content\/uploads\/2010\/05\/jw-2012-03-09_Yul-+-RW.pdf\">Kontinuierliche Konfrontationen &#8211; 09.03.2012<\/a><\/p>\n<p><a href=\"http:\/\/www.falter.at\/web\/shop\/detail.php?product_id=37057&amp;SESSID=ddafb6ebd0719811dcc6284108404eb5\">Korea &#8211; Von der Kolonie zum geteilten Land &#8211; Mai 2012<\/a><\/p>\n<p><a href=\"https:\/\/dp-freunde.de\/comm\/wp-content\/uploads\/2010\/05\/jw-THEMA_2012-06-26.pdf\">Junge Welt: Aufbruch in Seoul &#8211; 26.06.2012<\/a><\/p>\n<p><a href=\"http:\/\/www.welt-sichten.org\/artikel\/art-07-012\/sonnenscheinpolitik-in-der-sackgasse.html\">Sonnenscheinpolitik in der Sackgasse &#8211; 07-2012<\/a><\/p>\n<p><a href=\"http:\/\/www.pw-portal.de\/index.php?option=com_lqm&amp;query=6&amp;Itemid=2&amp;task=showresults&amp;ID_Buch_Link=41991\">PW-Portal: Korea &#8211; Von der Kolonie zum geteilten Land<\/a><\/p>\n<p><a href=\"http:\/\/www.dradio.de\/dkultur\/sendungen\/lesart\/1817060\/\">Die gemeinsame Geschichte eines geteilten Volkes &#8211; Du-Yul Song\u00a0 07-2012<\/a><\/p>\n<p><a href=\" http:\/\/koreaverband.ahkorea.com\/_board8\/bbs\/search.php?sfl=wr_subject%7C%7Cwr_content&amp;sop=and&amp;head_gr_id=and&amp;stx=rainer+werning\">Diverse Artikel Koreaverband<\/a><\/p>\n<p><a href=\"https:\/\/dp-freunde.de\/comm\/wp-content\/uploads\/2010\/05\/KOREA-REZ-in-WOZ-36-12-SE-25.pdf\">Die Eiszeit nach dem Sonnenschein &#8211; Sep 2012<\/a><\/p>\n<p><a href=\"http:\/\/m.podcast.at\/episoden\/die-gemeinsame-geschichte-eines-geteilten-volkes-du-yul-song-rainer-werning-korea-19000943.html\">Die gemeinsame Geschichte eines geteilten Volkes &#8211; Juli 2012<\/a><\/p>\n<p><a href=\"http:\/\/www.lcto.lu\/en\/ev\/1344176\/buchprasentation-mit-rainer-werning\/\">Buchlesung in Luxemburg &#8211; Korea: von der Kolonie zum geteilten Land &#8211; 12.11.2012<\/a><\/p>\n<p><a href=\"https:\/\/dp-freunde.de\/comm\/wp-content\/uploads\/2010\/05\/ASIEN_125_Rez_SONG-WERNING.pdf\">Buchbesprechung&#8220; Von der Kolonie zum geteilten Land&#8220; &#8211; Okt 2012<\/a><\/p>\n<p><a href=\"http:\/\/astm.lu\/zwei-buchprasentationen-mit-rainer-werning\/\">Buchlesung &#8220; Von der Kolonie zum geteilten Land&#8220; &#8211; Okt 2012<\/a><\/p>\n<p><a href=\"https:\/\/dp-freunde.de\/comm\/wp-content\/uploads\/2010\/05\/jw-2012-12-17_SchwerPunkt.pdf\">Ziemlich vertraute Feinde &#8211; 17.12.2012<\/a><\/p>\n<p><a href=\"http:\/\/www.jungewelt.de\/2012\/12-31\/001.php\">Buchrezension &#8211; Auf dem Schachbrett &#8211; Junge Welt &#8211; 31.12.2012<\/a><\/p>\n<p><a href=\"http:\/\/www.akweb.de\/ak_s\/ak578\/04.htm\">Buchrezension &#8211; Ein anderes Korea &#8211; Analyse und Kritik &#8211; 21.12.2012 (3. Abschnitt)<\/a><\/p>\n<p><a href=\"https:\/\/dp-freunde.de\/comm\/wp-content\/uploads\/2010\/05\/RW-jw_KOREA-2013-02-25-S-3.pdf\">Vers\u00f6hnliche T\u00f6ne &#8211; Junge Welt &#8211; 25.02.2013<\/a><\/p>\n<p><a href=\"https:\/\/dp-freunde.de\/comm\/wp-content\/uploads\/2010\/05\/RW-in-WOZ_8-13-S-9-101.pdf\">Die Halbinsel der Widerspr\u00fcche &#8211; WOZ &#8211; 21.02.2013<\/a><\/p>\n<p><a href=\"https:\/\/dp-freunde.de\/comm\/wp-content\/uploads\/2010\/05\/RezensionWerning.pdf\">RezensionWerningTiefsch\u00fcrfend &#8211; Buchrezension &#8211; Feb 2013<\/a><\/p>\n<p><a href=\"https:\/\/dp-freunde.de\/comm\/wp-content\/uploads\/2010\/05\/RW-in-JW_2013-04-12_Korea.pdf\">Junge Welt &#8211; Fatale Fehleinsch\u00e4tzung &#8211; 12.04.2013<\/a><\/p>\n<p><a href=\"https:\/\/dp-freunde.de\/comm\/wp-content\/uploads\/2010\/05\/RW-in-WOZ_11-4-13-_-S-9-10.pdf\">WOZ &#8211; Kriegstrommeln f\u00fcr den Frieden r\u00fchren &#8211; 11.04.2013<\/a><\/p>\n<p><a href=\"https:\/\/dp-freunde.de\/comm\/wp-content\/uploads\/2010\/05\/RW-jw_2013-04-05_Schwerpunkt.pdf\">Junge Welt &#8211; Aufmarsch gegen China &#8211; 05.04.2013<\/a><\/p>\n<p><a href=\"https:\/\/dp-freunde.de\/comm\/wp-content\/uploads\/2010\/05\/RW_inASIEN-Korea.pdf\">inAsien &#8211; Feindbildproduktion auf Hochtouren &#8211; April 2013<\/a><\/p>\n<p><a href=\"http:\/\/www.dradio.de\/aod\/html\/?station=1&amp;day=14&amp;month=04&amp;year=2013&amp;page=6&amp;\">Korea &#8211; Interview mit Rainer Werning am 14.04.2013<\/a><\/p>\n<p><a href=\"http:\/\/www.dradio.de\/dlf\/sendungen\/kommentar\/264612\/\">Pr\u00e4sident Roh Moo-Hyun wieder im Amt &#8211; Deutschlandfunk &#8211; 14.05.2004<\/a><\/p>\n<p><a href=\"https:\/\/dp-freunde.de\/comm\/wp-content\/uploads\/2010\/05\/RW-in-JW_Kommentar-am-15-04-13.doc\">Junge Welt &#8211; Kriegszeremonie? &#8211; 15.04.2013<\/a><\/p>\n<p><a href=\"https:\/\/dp-freunde.de\/comm\/wp-content\/uploads\/2010\/05\/RF_16_Seite_25.pdf\">Gaeseong \u2013RF &#8211; \u201eKronjuwel innerkoreanischer Kooperation\u201c &#8211; April 2013<\/a><\/p>\n<p><a href=\"https:\/\/dp-freunde.de\/comm\/wp-content\/uploads\/2010\/05\/RF-18-2013_s-S-27.pdf\">Intelligence &#8211; RF &#8211; 30.04.2013<\/a><\/p>\n<p><a href=\"https:\/\/dp-freunde.de\/comm\/wp-content\/uploads\/2010\/05\/B\u00fccherseite-AB-04-13.pdf\">Asia Bridge &#8211; Buch Review &#8211; April 2013<\/a><\/p>\n<p><a href=\"https:\/\/dp-freunde.de\/comm\/wp-content\/uploads\/2010\/05\/Medienseite.pdf\">In Asien &#8211; Buch Review Von der Kolonie zum geteilten Land &#8211; April 2013<\/a><\/p>\n<p><a href=\"http:\/\/www.neues-deutschland.de\/artikel\/819001.wie-es-den-fischen-gefaellt.html\">Wie es den Fischen gef\u00e4llt &#8211; Neues Deutschland &#8211; 18.04.2013<\/a><\/p>\n<p><a href=\"http:\/\/pw-portal.de\/rezension\/22130-wohin-steuert-nordkorea#%27\">\u00a0Wohin steuert Nordkorea &#8211; Portal f\u00fcr Politikwissenschaft &#8211; 2006<\/a><\/p>\n<p><a href=\"http:\/\/www.eurasischesmagazin.de\/artikel\/Wohin-steuert-Nordkorea-Soziale-Verhaeltnisse-Entwicklungstendenzen-Perspektiven-von-Rainer-Werning-Hg\/20041016\">\u00a0\u00a0Wohin steuert Nordkorea &#8211; Eurasisches Magazin &#8211; 2004<\/a><\/p>\n<p><a href=\"https:\/\/dp-freunde.de\/comm\/wp-content\/uploads\/2010\/05\/RW-in-JW_2013-07-26-Thema.pdf\">Junge Welt- Umk\u00e4mpfter Breitengrad &#8211; 26.07.2013<\/a><\/p>\n<p><a href=\"https:\/\/dp-freunde.de\/comm\/wp-content\/uploads\/2010\/05\/RW-in-JW_29-Juli-2013.doc\">taz &#8211; Erinnerung mit L\u00fccken &#8211; 29.07.2013<\/a><\/p>\n<p><a href=\"https:\/\/dp-freunde.de\/comm\/wp-content\/uploads\/2010\/05\/RW-in-RF-31-2013.pdf\">RF &#8211; Erinnerungsl\u00fccken und Reiskocher &#8211; KW 31\/2013<\/a><\/p>\n<p><a href=\"https:\/\/dp-freunde.de\/comm\/wp-content\/uploads\/2010\/05\/RW-_-inASIEN-5-2013.pdf\">InAsien &#8211; Paradoxien \u201eKorean Style\u201c &#8211; Mai 2013<\/a><\/p>\n<p><a href=\"https:\/\/dp-freunde.de\/comm\/wp-content\/uploads\/2010\/05\/RW-in-JW_Selektives-Erinnern_9-8-13.doc\">Junge Welt &#8211; Selektives Erinnern &#8211; 09.08.2013<\/a><\/p>\n<p><a href=\"https:\/\/dp-freunde.de\/comm\/wp-content\/uploads\/2010\/05\/RW-in-JW_14-AUG-2013.doc\">Junge Welt &#8211; Der Verantwortung stellen &#8211; 14.08.2013<\/a><\/p>\n<p><a href=\"https:\/\/dp-freunde.de\/comm\/wp-content\/uploads\/2010\/05\/RW-jw_2013-08-15-SchwerPunkt.pdf\">Junge Welt &#8211; Im Dienste des Tenno &#8211; 15.08.2013<\/a><\/p>\n<p><a href=\"https:\/\/dp-freunde.de\/comm\/wp-content\/uploads\/2010\/05\/Rezension-von-Prof-Picht-in-KoFo-ad-DYS-RW.doc\">Rezension von Prof Picht<\/a><a href=\"https:\/\/dp-freunde.de\/comm\/wp-content\/uploads\/2010\/05\/Rezension-von-Prof-Picht-in-KoFo-ad-DYS-RW.doc\">i- Von der Kolonie zum geteilten Land<\/a><\/p>\n<p><a href=\"https:\/\/dp-freunde.de\/comm\/wp-content\/uploads\/2010\/05\/RW-in-jW_T\u00f6dlicher-Tabubruch.doc\">Junge Welt: T\u00f6dlicher Tabubruch &#8211; 16.12.2013<\/a><\/p>\n<p><a href=\"http:\/\/www.offene-akademie.org\/?p=212\">Tagungsband 8. Offene Akademie 2013 &#8211; Der Koreakrieg \u2013 Verlauf, Verm\u00e4chtnisse und Folgen f\u00fcr Deutschland<\/a><\/p>\n<p><a href=\"https:\/\/dp-freunde.de\/comm\/wp-content\/uploads\/2010\/05\/RW-jw_Treffen-in-Kumgangsan_Feb-2014.doc\"> Junge Welt: Die Alten machen den Anfang &#8211; 21.02.2014<\/a><\/p>\n<p><a href=\"http:\/\/www.ag-friedensforschung.de\/regionen\/Korea1\/Welcome.html\">Kasseler Friedensforschungs Website &#8211; Korea<\/a><\/p>\n<p><a href=\"https:\/\/dp-freunde.de\/comm\/wp-content\/uploads\/2010\/05\/RW-in-jW_05-04-14.doc\">Junge Welt: Sachwalterin der Vergangenheit &#8211; 05.04.2014<\/a><\/p>\n<p><a href=\"http:\/\/www.jungewelt.de\/2014\/04-28\/026.php\">Junge Welt:\u00a0Schwierige Mission &#8211; 28.04.2014<\/a><\/p>\n<p><a href=\"http:\/\/www.freitag.de\/autoren\/der-freitag\/in-der-nacht-sind-alle-blumen-schwarz\">Der Freitag &#8211; In der Nacht sind alle Blumen schwarz &#8211; 27.02.2004<\/a><\/p>\n<p><a href=\"http:\/\/www.mediashop.at\/typolight\/index.php\/buecher\/items\/song-du-yulwerning-rainer-korea\">Promedia Verlag &#8211; Von der Kolonie zum geteilten Land 2014<\/a><\/p>\n<p><a href=\"https:\/\/dp-freunde.de\/comm\/wp-content\/uploads\/2010\/05\/RW-in-jW__Krieg-gegen-Linke_20140917.pdf\">Junge Welt: Krieg gegen Linke<\/a><\/p>\n<p><a href=\"https:\/\/dp-freunde.de\/comm\/wp-content\/uploads\/2014\/10\/RW-in-junge-Welt_Zickzackkurs-auf-koreanisch_2014-10-13.pdf\">Rainer Werning &#8211; Junge Welt &#8211; Zickzackkurs auf Koreanisch &#8211; 2014-10-13<\/a>\u00a0<a href=\"https:\/\/www.jungewelt.de\/print\/1045\">https:\/\/www.jungewelt.de\/print\/1045<\/a><\/p>\n<p><a href=\"http:\/\/www.woz.ch\/1429\/indonesien\/der-eine-gewinnt-der-andere-siegt\">WOZ \u00a0&#8211; Der eine gewinnt, der andere siegt &#8211; 2014-07-17<\/a><\/p>\n<p><a href=\"https:\/\/dp-freunde.de\/comm\/wp-content\/uploads\/2010\/05\/23.12.2014-Filmriss-junge-Welt_RainerWerning.pdf\"> Junge Welt &#8211; Filmriss &#8211; Nordkorea: US-Schurke mit Tradition &#8211; 23.12.2014<\/a><\/p>\n<p>Filmriss &#8211; Nordkorea: US-Schurke mit Tradition: <a href=\"https:\/\/www.jungewelt.de\/2014\/12-23\/039.php\">https:\/\/www.jungewelt.de\/2014\/12-23 039.php<\/a><\/p>\n<p><a href=\"https:\/\/www.jungewelt.de\/2015\/05-26\/055.php\">Junge Welt &#8211; Grenz\u00fcberschreitende Frauenpower &#8211; 26.05.2015<\/a><a href=\"https:\/\/dp-freunde.de\/comm\/wp-content\/uploads\/2010\/05\/JungeWelt-Werning-Grenz\u00fcberschreitendeFrauenpower_20150526.pdf\">\/.doc<\/a><\/p>\n<p><a href=\"https:\/\/dp-freunde.de\/comm\/wp-content\/uploads\/2010\/05\/Junge-Welt-Rainer-Werning-Speiender-Feueraffe-08022016.doc.pdf\" rel=\"\">Junge Welt &#8211; Rainer Werning &#8211; Speiender Feueraffe &#8211; 08022016.doc<\/a><\/p>\n<h2><strong>Indonesien:<\/strong><\/h2>\n<p><a href=\"https:\/\/dp-freunde.de\/comm\/wp-content\/uploads\/2010\/05\/HINTERGRUND-2-16_Indonesien-Werning.pdf\">Hintergrund &#8211; Neue Ordnung im Kalten Krieg &#8211; 2016\/03<\/a><\/p>\n<p><a href=\"https:\/\/dp-freunde.de\/comm\/wp-content\/uploads\/2010\/05\/ASIEN-Magazin_Keller_Rezension-Die-Gegenwart-eines-Massenmordes-Rainer-Werning_2016-Jan.pdf\">ASIEN Magazin_Keller_Rezension Die Gegenwart eines Massenmordes &#8211; Rainer Werning_2016 Jan<\/a><\/p>\n<p><a href=\"https:\/\/dp-freunde.de\/comm\/wp-content\/uploads\/2010\/05\/HINTERGRUND-2-16_Indonesien-Werning.pdf\" rel=\"\">Hintergrund &#8211; Neue Ordnung im Kalten Krieg &#8211; Indonesien &#8211; 2016\/03<\/a><\/p>\n<p><a href=\"https:\/\/dp-freunde.de\/comm\/wp-content\/uploads\/2010\/05\/RW_SOA_2015-04_INDON.pdf\" rel=\"\">S\u00fcdostasien Magazin Asienhaus &#8211; Indonesien &#8211; Unr\u00fchmliche Connections &#8211; 2015\/04<\/a><\/p>\n<p><a href=\"https:\/\/dp-freunde.de\/comm\/wp-content\/uploads\/2010\/05\/RW_SOA_2015-04_INDONESIEN.pdf\" rel=\"\">S\u00fcdostasien Magazin Asienhaus &#8211; Indonesien &#8211; Akademische Kriegsmandarine &#8211; 2015\/04<\/a><\/p>\n<p><a href=\"https:\/\/dp-freunde.de\/comm\/wp-content\/uploads\/2015\/12\/Junge-Welt-Rainer-Werning-Osttimor-Gutartiger-Terror-15122001.pdf\" rel=\"\">Junge Welt &#8211; Rainer Werning &#8211; Osttimor &#8211; Gutartiger Terror &#8211; 15122001<\/a><\/p>\n<p><a href=\"https:\/\/dp-freunde.de\/comm\/wp-content\/uploads\/2010\/05\/Junge-Welt-Rainer-Werning-Indonesien-Politik-des-Massenmordes-2015-12-07.pdf\" rel=\"\">Junge Welt &#8211; Rainer Werning &#8211; Indonesien &#8211; Politik des Massenmordes &#8211; 2015-12-07<\/a>\u00a0\/\/\u00a0<a href=\"https:\/\/dp-freunde.de\/comm\/wp-content\/uploads\/2010\/05\/Junge-Welt-Rainer-Werning-Indonesien-Politik-des-Massenmordes-2015-12-07_ohneBilder.pdf\" rel=\"\">Junge Welt &#8211; Rainer Werning &#8211; Indonesien &#8211; Politik des Massenmordes &#8211; 2015-12-07_ohneBilder<\/a><\/p>\n<p><a href=\"https:\/\/dp-freunde.de\/comm\/wp-content\/uploads\/2010\/05\/RF_Dr.-Rainer-Werning-Kontrollierte-Konterrevolution.pdf\">Rainer Werning &#8211; Rote Fahne &#8211; Kontrollierte Konterrevolution &#8211; 03\/2015<\/a><\/p>\n<p><a href=\"https:\/\/dp-freunde.de\/comm\/wp-content\/uploads\/2010\/05\/Rainer-Werning-Junge-Welt-Indonesien-Wie-Suharto-auf-den-Obersalzberg-kam-20151010.docx\">Rainer Werning &#8211; Junge Welt &#8211; Indonesien &#8211; Wie Suharto auf den Obersalzberg kam &#8211; 20151010<\/a><\/p>\n<p><a href=\"https:\/\/www.jungewelt.de\/2015\/10-05\/004.php\">Junge Welt &#8211; Arithmetik des Grauens &#8211; 05.10.2015<\/a><\/p>\n<p><a href=\"https:\/\/dp-freunde.de\/comm\/wp-content\/uploads\/2010\/05\/05.10.2015-Arithmetik-des-Grauens-jW.doc\">Junge Welt &#8211; Arithmetik des Grauens &#8211; 05.10.2015 .doc<\/a><\/p>\n<p><a href=\"https:\/\/dp-freunde.de\/comm\/wp-content\/uploads\/2010\/05\/Rainer-Werning-Junge-Welt-Putsch-nach-P\u00fctschchen-20151001.pdf.pdf\">Rainer Werning &#8211; Junge Welt &#8211; Putsch nach P\u00fctschchen &#8211; 01.10.2015.pdf<\/a>\u00a0<a href=\"https:\/\/dp-freunde.de\/comm\/wp-content\/uploads\/2010\/05\/01.10.2015-Putsch-nach-\u00bbP\u00fctschchen\u00ab-junge-Welt.doc\">Putsch nach \u00bbP\u00fctschchen\u00ab (junge Welt) in.doc<\/a><\/p>\n<p><a href=\"https:\/\/dp-freunde.de\/comm\/wp-content\/uploads\/2010\/05\/23.09.2014-Verblassender-Charme-Tageszeitung-junge-Welt.doc\">Indonesien &#8211; Junge Welt &#8211; Verblassender Charme &#8211; 23.09.2014<\/a><\/p>\n<p><a href=\"https:\/\/dp-freunde.de\/comm\/wp-content\/uploads\/2010\/05\/TAZ_VolleBreitseite_RainerWerning_20140728.pdf\">Indonesien &#8211; TAZ-Volle Breitseite &#8211; RainerWerning_- 28.07.2014<\/a><\/p>\n<p><a href=\"http:\/\/www.jungewelt.de\/2014\/07-14\/024.php\">Junge Welt -Indonesien &#8211; Kein Gewinner, aber Sieger &#8211; 14.07.2014<\/a><\/p>\n<p><a href=\"http:\/\/www.ag-friedensforschung.de\/regionen\/Osttimor\/werning.html\">Rainer Werning &#8211; AG Friedensforschung &#8211; Zankapfel Osttimor &#8211; 16.05.2007<\/a><\/p>\n<p><a href=\"http:\/\/www.ag-friedensforschung.de\/regionen\/Osttimor\/staat.html\">Rainer Werning &#8211; AG Friedensforschung &#8211; Osttimor wird unabh\u00e4ngig &#8211; 14.05.2002<\/a><\/p>\n<p><a href=\"https:\/\/www.freitag.de\/autoren\/der-freitag\/general-wiranto-mag-keine-reue\">Rainer Werning &#8211; Der Freitag &#8211; Osttimor: General Wiranto mag keine Reue &#8211; 01.09.2000<\/a><\/p>\n<p><a href=\"https:\/\/www.akweb.de\/ak_s\/ak462\/36.htm\">Rainer Werning &#8211; Analyse&amp;Kritik &#8211; Osttimor: Abschied vom Katastrophenkataster &#8211; 17.05.2002<\/a><\/p>\n<p><a href=\"http:\/\/www.watchindonesia.org\/jungeWelt14.12.05.htm\">Rainer Werning &#8211; Junge Welt &#8211; Bauernopfer im Kalten Krieg &#8211; 14.12.2005<\/a><\/p>\n<p><a href=\"http:\/\/www.wissenschaft-und-frieden.de\/seite.php?artikelID=0293\">Rainer Werning &#8211; Wissenschaft und Frieden &#8211; Osttimor: Trial and Error &#8211; 2004\/01<\/a><\/p>\n<p><a href=\"http:\/\/www.wissenschaft-und-frieden.de\/seite.php?artikelID=0012\">Rainer Werning &#8211; Wissenschaft und Frieden &#8211; Katastrophenkataster Osttimor &#8211; 2000\/01<\/a><\/p>\n<p><a href=\"http:\/\/www.wissenschaft-und-frieden.de\/seite.php?artikelID=0457\">Rainer Werning &#8211; Wissenschaft und Frieden &#8211; Osttimor: ein failed state? &#8211; 2006\/03<\/a><\/p>\n<p><a href=\"https:\/\/dp-freunde.de\/comm\/wp-content\/uploads\/2010\/05\/05.06.1999-Machtfaktor-Streitkr\u00e4fte-RW-jW.doc\">Junge Welt &#8211; Rainer Werning &#8211; Machtfaktor Streitkr\u00e4fte &#8211; 05.06.1999<\/a><\/p>\n<p><a href=\"https:\/\/dp-freunde.de\/comm\/wp-content\/uploads\/2010\/05\/16.09.1999-Renaissance-des-\u00bbKissinger-Realismus\u00ab-RW-jW.doc\">16.09.1999 Renaissance des \u00bbKissinger-Realismus\u00ab (RW-jW)<\/a><\/p>\n<p><a href=\"https:\/\/dp-freunde.de\/comm\/wp-content\/uploads\/2010\/05\/12.12.1998-Altes-Regime-in-neuer-Verpackung-RW-Thema.doc\">12.12.1998 Altes Regime in neuer Verpackung (RW-Thema)<\/a><\/p>\n<p><a href=\"https:\/\/dp-freunde.de\/comm\/wp-content\/uploads\/2010\/05\/27.02.1998-Ende-einer-Dienstfahrt-jW.doc\">27.02.1998 Ende einer Dienstfahrt (jW)<\/a><\/p>\n<p><a href=\"https:\/\/dp-freunde.de\/comm\/wp-content\/uploads\/2010\/05\/26.02.1998-Wankendes-Denkmal-jW.doc\">26.02.1998 Wankendes Denkmal (jW)<\/a><\/p>\n<p><a href=\"https:\/\/dp-freunde.de\/comm\/wp-content\/uploads\/2010\/05\/25.02.1998-Geschmeidiges-\u00bbWunderkind\u00ab-Suharto-jW.doc\">25.02.1998 Geschmeidiges \u00bbWunderkind\u00ab Suharto (jW)<\/a><\/p>\n<p><a href=\"https:\/\/dp-freunde.de\/comm\/wp-content\/uploads\/2010\/05\/24.02.1998-1965-Massaker-im-Namen-der-Freiheit-jW.doc\">24.02.1998 1965 &#8211; Massaker im Namen der Freiheit (jW)<\/a><\/p>\n<h2><strong>Sonstiges:<\/strong><\/h2>\n<p><iframe loading=\"lazy\" title=\"Interview - Dr. Rainer Werning - History of North &amp; South Korea\" width=\"605\" height=\"454\" src=\"https:\/\/www.youtube.com\/embed\/_1loTKOLk_M?feature=oembed\" frameborder=\"0\" allow=\"accelerometer; autoplay; clipboard-write; encrypted-media; gyroscope; picture-in-picture; web-share\" referrerpolicy=\"strict-origin-when-cross-origin\" allowfullscreen><\/iframe><\/p>\n<p><a href=\"https:\/\/dp-freunde.de\/comm\/wp-content\/uploads\/2010\/05\/Rainer-Werning-K\u00f6lner-Stadtanzeiger-Neue-Brutst\u00e4tten-des-Terrorismus-17.09.2015.jpg\"><img loading=\"lazy\" decoding=\"async\" class=\"alignleft size-thumbnail wp-image-4100\" src=\"https:\/\/dp-freunde.de\/comm\/wp-content\/uploads\/2010\/05\/Rainer-Werning-K\u00f6lner-Stadtanzeiger-Neue-Brutst\u00e4tten-des-Terrorismus-17.09.2015-150x150.jpg\" alt=\"Rainer Werning - K\u00f6lner Stadtanzeiger - Neue Brutst\u00e4tten des Terrorismus - 17.09.2015\" width=\"150\" height=\"150\" \/><\/a><\/p>\n<p><a href=\"http:\/\/www.hausaufderalb.de\/2164.html?&amp;tx_ttnews[tt_news]=872&amp;cHash=76b0fe2cae3b707d4dbce069fe2f1759\">Haus auf der Alb &#8211; Veranstaltung &#8211; Die Dritte Welt im zweiten Weltkrieg<\/a><\/p>\n<p><a href=\"https:\/\/dp-freunde.de\/comm\/wp-content\/uploads\/2010\/05\/RW_SOA_2015-04_KAMBODSCHA.pdf\" rel=\"\">S\u00fcdostasien Magazin Asienhaus &#8211; Kambodscha &#8211; Kambodschanische Zwillinge &#8211; 2015\/04<\/a><\/p>\n<p><a href=\"http:\/\/www.jungewelt.de\/2015\/11-28\/094.php\">Rainer Werning &#8211; Junge Welt &#8211; Apropos Terror &#8211; 28.11.2015<\/a><\/p>\n<p><a href=\"http:\/\/alte.kpoe.at\/bund\/international\/NOWAR\/warwerning.htm\">Volksstimme &#8211; Rainer Werning &#8211; Im Osten viel Neues &#8211; 18102001<\/a><\/p>\n<p><a href=\"https:\/\/www.woz.ch\/-43b4\">Die Wochenzeitung &#8211; Rainer Werning &#8211; APEC Konferenz: Ostasien und die Angst der USA &#8211; Zelebrierter Einklang &#8211; 25102001<\/a><\/p>\n<p><a href=\"https:\/\/dp-freunde.de\/comm\/wp-content\/uploads\/2010\/05\/Junge-Welt-\u2013-Rainer-Werning-.-Myanmar-\u2013-\u00dcberall-nur-Freude-\u2013-14112015.pdf\">Junge Welt \u2013 Rainer Werning .- Myanmar \u2013 \u00dcberall nur Freude \u2013 14112015<\/a><\/p>\n<p><a href=\"https:\/\/dp-freunde.de\/comm\/wp-content\/uploads\/2010\/05\/Junge-Welt-Rainer-Werning-Myanmar-Disziplinierte-Demokratie-07112015.pdf\">Junge Welt &#8211; Rainer Werning &#8211; Myanmar &#8211; Disziplinierte Demokratie &#8211; 07112015<\/a><\/p>\n<p><a href=\"https:\/\/dp-freunde.de\/comm\/wp-content\/uploads\/2010\/05\/Wochenzeitung-Rainer-Werning-Myanmar-Methamorphose-der-Macht-05112015.pdf\">Wochenzeitung &#8211; Rainer Werning &#8211; Myanmar &#8211; Methamorphose der Macht &#8211; 05112015<\/a><\/p>\n<p><a href=\"https:\/\/dp-freunde.de\/comm\/wp-content\/uploads\/2010\/05\/Junge-Welt-Rainer-Werning-Myanmar-Chauvinismus-in-Safranroben-02112015.pdf\">Junge Welt &#8211; Rainer Werning &#8211; Myanmar &#8211; Chauvinismus in Safranroben &#8211; 02112015<\/a><\/p>\n<p><a href=\"https:\/\/dp-freunde.de\/comm\/wp-content\/uploads\/2010\/05\/Myanmar-Auf-Harmonie-bedacht-Junge-Welt-Rainer-Werning-24.10.2015.doc\">Myanmar &#8211; Auf Harmonie bedacht &#8211; Junge Welt &#8211; Rainer Werning &#8211; 24.10.2015<\/a><\/p>\n<p><a href=\"https:\/\/dp-freunde.de\/comm\/wp-content\/uploads\/2010\/05\/05.09.2015-Verloren-im-Dschungel-jW.doc\">Junge Welt &#8211; Rainer Werning &#8211; Japan &#8211; Verloren im Dschungel &#8211; 20150905<\/a><\/p>\n<p><a href=\"https:\/\/dp-freunde.de\/comm\/wp-content\/uploads\/2010\/05\/Junge-Welt-Rainer-Werning-Japan-Restauration-auf-Raten-20150902.pdf\">Junge Welt &#8211; Rainer Werning &#8211; Japan &#8211; Restauration auf Raten &#8211; 20150902<\/a><\/p>\n<p><a href=\"https:\/\/dp-freunde.de\/comm\/wp-content\/uploads\/2010\/05\/02.09.2015-Restauration-auf-Raten-junge-Welt.doc\">Junge Welt &#8211; Rainer Werning &#8211; Japan &#8211; Restauration auf Raten &#8211; 20150902 .doc<\/a><\/p>\n<p><a href=\"https:\/\/dp-freunde.de\/comm\/wp-content\/uploads\/2010\/05\/Junge-Welt-Rainer-Werning-Japan-Imperiales-Design-20150901.pdf\">Junge Welt &#8211; Rainer Werning &#8211; Japan &#8211; Imperiales Design &#8211; 20150901<\/a><\/p>\n<p><a href=\"https:\/\/dp-freunde.de\/comm\/wp-content\/uploads\/2010\/05\/01.09.2015-Imperiales-Design-junge-Welt.doc\">Junge Welt &#8211; Rainer Werning &#8211; Japan &#8211; Imperiales Design &#8211; 20150901 .doc<\/a><\/p>\n<p><a href=\"https:\/\/www.jungewelt.de\/2015\/08-29\/020.php\">Junge Welt &#8211; Die langlebige L\u00fcge &#8211; Japan &#8211; 29.08.2015<\/a><\/p>\n<p><a href=\"https:\/\/dp-freunde.de\/comm\/wp-content\/uploads\/2010\/05\/29.08.2015-Die-langlebige-L\u00fcge-jW.doc\">Junge Welt &#8211; Die langlebige L\u00fcge &#8211; Japan &#8211; 29.08.2015 &#8211; doc.<\/a><\/p>\n<p><a href=\"https:\/\/dp-freunde.de\/comm\/wp-content\/uploads\/2010\/05\/Junge-Welt-Zur\u00fcck-auf-los-Japan-12072011-.pdf\">Junge Welt &#8211; Zur\u00fcck auf los &#8211; Japan &#8211; 12072011<\/a><\/p>\n<p><a href=\"https:\/\/dp-freunde.de\/comm\/wp-content\/uploads\/2010\/05\/Brennpunkt-Drett-Welt-Juni-2015-289-Kambodianische-Zwillinge.pdf\">Brennpunkt Drett Welt &#8211; Juni 2015 289-Kambodianische Zwillinge<\/a><\/p>\n<p><a href=\"http:\/\/www.agsa.de\/finish\/20-plakate\/102-eroeffnung-der-ausstellung-die-dritte-welt-im-2-weltkrieg\">Ausstellung &#8211; Die Dritte Welt im Zweiten Weltkrieg &#8211; Mai 2015<\/a><\/p>\n<p class=\"article-title\"><a href=\"https:\/\/dp-freunde.de\/comm\/wp-content\/uploads\/2010\/05\/Junge-Welt_Rainer-Werning_Verquere-Fronten_Kambodscha_2015-04-17.pdf\">Ju<\/a><a href=\"https:\/\/dp-freunde.de\/comm\/wp-content\/uploads\/2010\/05\/Junge-Welt_Rainer-Werning_Verquere-Fronten_Kambodscha_2015-04-17.pdf\">nge Welt_Rainer Werning_Verquere Fronten_Kambodscha_2015-04-17<\/a><\/p>\n<p class=\"article-title\"><a href=\"https:\/\/dp-freunde.de\/comm\/wp-content\/uploads\/2010\/05\/RW-in-jW_Myanmar-2015-04-02-THEMA.pdf\">Junge Welt &#8211; Myanmar: Beherrschte Herrscher &#8211; 02.04.2015 (pdf)<\/a><\/p>\n<p class=\"article-title\"><a href=\"https:\/\/dp-freunde.de\/comm\/wp-content\/uploads\/2010\/05\/02.04.2015-Beherrschte-Herrscher-jW-1.doc\">Junge Welt &#8211; Myanmar: Beherrschte Herrscher &#8211; 02.04.2015 (doc)<\/a><\/p>\n<p class=\"article-title\"><a href=\"http:\/\/www.archiv3.org\/volltext_168300.htm\">Archiv3: Zweiter Weltkrieg\u00a0 &#8211; Kollektive Amnesie Zur Vergangenheitspolitik in Asien 60 Jahre nach Ende des Zweiten Weltkriegs \/ Teil 1 2005<\/a><\/p>\n<p class=\"article-title\"><a href=\"http:\/\/www.archiv3.org\/volltext_168370.htm\">Archiv3: Zweiter Weltkrieg\u00a0 &#8211; Kollektive Amnesie Zur Vergangenheitspolitik in Asien 60 Jahre nach Ende des Zweiten Weltkriegs \/ Teil 2 2005<\/a><\/p>\n<p class=\"article-title\"><a href=\"http:\/\/www.woz.ch\/1413\/myanmar\/in-sieben-stufen-zur-disziplinierten-demokratie\">Myanmar &#8211; Die Wochenzeitung &#8211; In sieben Stufen zur \u00abdisziplinierten Demokratie\u00bb<\/a><\/p>\n<p><a href=\"http:\/\/www.woz.ch\/1442\/indonesien\/nur-gangster-treiben-die-dinge-voran\">Indonesien &#8211; Die Wochenzeitung &#8211; Nur Gangster treiben die Dinge voran<\/a><\/p>\n<p><a href=\"http:\/\/www.offene-akademie.org\/?p=222\">Rainer Werning im wissenschaftlichen Beirat der offenen Akademie\u00a0<\/a><\/p>\n<p><a href=\"https:\/\/dp-freunde.de\/comm\/wp-content\/uploads\/2010\/05\/RW-in-jW_2014-07-09_-S-3.pdf\">Junge Welt &#8211; Strammer Stehaufmann &#8211; 09.07.2014<\/a><a href=\"http:\/\/ildb.nadir.org\/q\/*\/autorin\/Werning,+Rainer.html\">Dataspace Artikel<\/a><\/p>\n<p><a href=\"http:\/\/www.rf-news.de\/search?SearchableText=rainer+werning\">Rote Fahne News\u00a0Artikel<\/a><\/p>\n<p><a href=\"http:\/\/www.wissenschaft-und-frieden.de\/index.php?mid=1&amp;pid=11&amp;avar=0508#n0508\">Wissenschaft &amp; Frieden Artikel<\/a><\/p>\n<p><a href=\"https:\/\/dp-freunde.de\/comm\/wp-content\/uploads\/2010\/05\/RW-in-WOZ_In-sieben-Stufen-zur-\u00abdisziplinierten-Demokratie\u00bb.doc\">Myanmar &#8211; Wochenzeitung &#8211; In sieben Stufen zur \u00abdisziplinierten Demokratie\u00bb &#8211; 27.03.2014<\/a><\/p>\n<p><a href=\"http:\/\/www.freitag.de\/@@search?SearchableText=rainer+werning&amp;SubmitSearch=Suche\">Der Freitag &#8211; Artikel Sammlung Rainer Werning<\/a><\/p>\n<p><a href=\"http:\/\/www.neues-deutschland.de\/suche\/?and=rainer+werning&amp;search=1&amp;modus=0&amp;display=1&amp;sort=1\">Neues Deutschland &#8211; Artikel Sammlung Rainer Werning<\/a><\/p>\n<p><a href=\"http:\/\/www.freitag.de\/autoren\/der-freitag\/kind-aller-volker\">Indonesien &#8211; \u00a0Der Freitag &#8211; Kind aller V\u00f6lker &#8211; 16.05.2003<\/a><\/p>\n<p><a href=\"http:\/\/www.freitag.de\/autoren\/der-freitag\/nacht-der-langen-messer\">Indonesien &#8211; Der Freitag &#8211; Nacht der langen Messer &#8211; 07.10.2005<\/a><\/p>\n<p><a href=\"http:\/\/www.freitag.de\/autoren\/der-freitag\/henry-kissinger-drangte-zum-quick-fix\">Indonesien &#8211; Der Freitag &#8211; Henry Kissinger dr\u00e4ngte zum Quick Fix &#8211; 16.12.2005<\/a><\/p>\n<p><a href=\"http:\/\/www.freitag.de\/autoren\/der-freitag\/erst-amnesie-dann-amnestie\">Indonesien\/Ost-Timor &#8211; \u00a0Der Freitag &#8211; Erst Amnesie, dann Amnestie &#8211; 25.05.2007<\/a><\/p>\n<p><a href=\"http:\/\/www.freitag.de\/autoren\/der-freitag\/ohne-mut-entsteht-nichts\">Indonesien &#8211; Der Freitag &#8211; Ohne Mut entsteht nichts &#8211; 28.03.2008<\/a><\/p>\n<p><a href=\"https:\/\/dp-freunde.de\/comm\/wp-content\/uploads\/2010\/05\/jw-RW_2013-11-13.pdf\">Myanmar: Metamorphosen der Macht \/ 2013-11-13<\/a><\/p>\n<p><a href=\"https:\/\/dp-freunde.de\/comm\/wp-content\/uploads\/2010\/05\/jw-RW_2013-11-12.pdf\">Myanmar: Machtfaktor Milit\u00e4r \/ 2013-11-12<\/a><\/p>\n<p><a href=\"https:\/\/dp-freunde.de\/comm\/2011\/07\/game-over-am-hindukusch\/\">Game over am Hindukusch &#8211; 2011<\/a><\/p>\n<p><a href=\"https:\/\/dp-freunde.de\/comm\/wp-content\/uploads\/2010\/05\/RW-in-RoFa-35-11_S-23.pdf\">Lehrreicher Lesestoff in der Abendd\u00e4mmderung &#8211; Buchkritik Rote Fahne 35\/11<\/a><\/p>\n<p><a href=\"https:\/\/dp-freunde.de\/comm\/wp-content\/uploads\/2010\/05\/RW-ad-Suharto-in-jw_2013-05-21-Thema.pdf\">Junge Welt &#8211; Gepanzerte Freundschaften &#8211; Indonesien &#8211; 21.05.2013<\/a><\/p>\n<p>.<\/p>\n","protected":false},"excerpt":{"rendered":"<p>Philippinen Indonesien Korea Sonstige L\u00e4nder\u00a0(Asien) Publikationen Alle Hier eine weitere Info Seite bei Torial: https:\/\/www.torial.com\/rainer.dr-werning Nachfolgend findet ihr in den orangenen Kategorien-Links Beitr\u00e4ge von Herrn Dr. Rainer Werning, der sich seit Ende der 1960er Jahre als Politikwissenschaftler &amp; Publizist intensiv &hellip;<\/p>\n<p class=\"read-more\"> <a class=\"more-link\" href=\"https:\/\/dp-freunde.de\/comm\/autor-rainer-werning\/\"> <span class=\"screen-reader-text\">Autor Rainer Werning<\/span> Weiterlesen &raquo;<\/a><\/p>\n","protected":false},"author":6,"featured_media":0,"parent":0,"menu_order":3,"comment_status":"closed","ping_status":"closed","template":"","meta":{"footnotes":""},"class_list":["post-438","page","type-page","status-publish","hentry"],"yoast_head":"<!-- This site is optimized with the Yoast SEO plugin v27.5 - https:\/\/yoast.com\/product\/yoast-seo-wordpress\/ -->\n<title>Autor Rainer Werning - Deutsch-Philippinische Freunde e.V.<\/title>\n<meta name=\"robots\" content=\"index, follow, max-snippet:-1, max-image-preview:large, max-video-preview:-1\" \/>\n<link rel=\"canonical\" href=\"https:\/\/dp-freunde.de\/comm\/autor-rainer-werning\/\" \/>\n<meta property=\"og:locale\" content=\"de_DE\" \/>\n<meta property=\"og:type\" content=\"article\" \/>\n<meta property=\"og:title\" content=\"Autor Rainer Werning - Deutsch-Philippinische Freunde e.V.\" \/>\n<meta property=\"og:description\" content=\"Philippinen Indonesien Korea Sonstige L\u00e4nder\u00a0(Asien) Publikationen Alle Hier eine weitere Info Seite bei Torial: https:\/\/www.torial.com\/rainer.dr-werning Nachfolgend findet ihr in den orangenen Kategorien-Links Beitr\u00e4ge von Herrn Dr. Rainer Werning, der sich seit Ende der 1960er Jahre als Politikwissenschaftler &amp; Publizist intensiv &hellip; Autor Rainer Werning Weiterlesen &raquo;\" \/>\n<meta property=\"og:url\" content=\"https:\/\/dp-freunde.de\/comm\/autor-rainer-werning\/\" \/>\n<meta property=\"og:site_name\" content=\"Deutsch-Philippinische Freunde e.V.\" \/>\n<meta property=\"article:modified_time\" content=\"2022-09-28T06:13:02+00:00\" \/>\n<meta property=\"og:image\" content=\"https:\/\/dp-freunde.de\/comm\/wp-content\/uploads\/2022\/09\/Dr.-Rainer-Werning.png\" \/>\n<meta name=\"twitter:card\" content=\"summary_large_image\" \/>\n<meta name=\"twitter:label1\" content=\"Gesch\u00e4tzte Lesezeit\" \/>\n\t<meta name=\"twitter:data1\" content=\"17\u00a0Minuten\" \/>\n<script type=\"application\/ld+json\" class=\"yoast-schema-graph\">{\"@context\":\"https:\\\/\\\/schema.org\",\"@graph\":[{\"@type\":\"WebPage\",\"@id\":\"https:\\\/\\\/dp-freunde.de\\\/comm\\\/autor-rainer-werning\\\/\",\"url\":\"https:\\\/\\\/dp-freunde.de\\\/comm\\\/autor-rainer-werning\\\/\",\"name\":\"Autor Rainer Werning - Deutsch-Philippinische Freunde e.V.\",\"isPartOf\":{\"@id\":\"https:\\\/\\\/dp-freunde.de\\\/comm\\\/#website\"},\"primaryImageOfPage\":{\"@id\":\"https:\\\/\\\/dp-freunde.de\\\/comm\\\/autor-rainer-werning\\\/#primaryimage\"},\"image\":{\"@id\":\"https:\\\/\\\/dp-freunde.de\\\/comm\\\/autor-rainer-werning\\\/#primaryimage\"},\"thumbnailUrl\":\"https:\\\/\\\/dp-freunde.de\\\/comm\\\/wp-content\\\/uploads\\\/2022\\\/09\\\/Dr.-Rainer-Werning.png\",\"datePublished\":\"2010-05-09T20:20:45+00:00\",\"dateModified\":\"2022-09-28T06:13:02+00:00\",\"breadcrumb\":{\"@id\":\"https:\\\/\\\/dp-freunde.de\\\/comm\\\/autor-rainer-werning\\\/#breadcrumb\"},\"inLanguage\":\"de\",\"potentialAction\":[{\"@type\":\"ReadAction\",\"target\":[\"https:\\\/\\\/dp-freunde.de\\\/comm\\\/autor-rainer-werning\\\/\"]}]},{\"@type\":\"ImageObject\",\"inLanguage\":\"de\",\"@id\":\"https:\\\/\\\/dp-freunde.de\\\/comm\\\/autor-rainer-werning\\\/#primaryimage\",\"url\":\"https:\\\/\\\/dp-freunde.de\\\/comm\\\/wp-content\\\/uploads\\\/2022\\\/09\\\/Dr.-Rainer-Werning.png\",\"contentUrl\":\"https:\\\/\\\/dp-freunde.de\\\/comm\\\/wp-content\\\/uploads\\\/2022\\\/09\\\/Dr.-Rainer-Werning.png\",\"width\":195,\"height\":256},{\"@type\":\"BreadcrumbList\",\"@id\":\"https:\\\/\\\/dp-freunde.de\\\/comm\\\/autor-rainer-werning\\\/#breadcrumb\",\"itemListElement\":[{\"@type\":\"ListItem\",\"position\":1,\"name\":\"Startseite\",\"item\":\"https:\\\/\\\/dp-freunde.de\\\/comm\\\/\"},{\"@type\":\"ListItem\",\"position\":2,\"name\":\"Autor Rainer Werning\"}]},{\"@type\":\"WebSite\",\"@id\":\"https:\\\/\\\/dp-freunde.de\\\/comm\\\/#website\",\"url\":\"https:\\\/\\\/dp-freunde.de\\\/comm\\\/\",\"name\":\"Deutsch-Philippinische Freunde e.V.\",\"description\":\"Solidarische Hilfe bei gegenseitigem Respekt auf Augenh\u00f6he\",\"potentialAction\":[{\"@type\":\"SearchAction\",\"target\":{\"@type\":\"EntryPoint\",\"urlTemplate\":\"https:\\\/\\\/dp-freunde.de\\\/comm\\\/?s={search_term_string}\"},\"query-input\":{\"@type\":\"PropertyValueSpecification\",\"valueRequired\":true,\"valueName\":\"search_term_string\"}}],\"inLanguage\":\"de\"}]}<\/script>\n<!-- \/ Yoast SEO plugin. -->","yoast_head_json":{"title":"Autor Rainer Werning - Deutsch-Philippinische Freunde e.V.","robots":{"index":"index","follow":"follow","max-snippet":"max-snippet:-1","max-image-preview":"max-image-preview:large","max-video-preview":"max-video-preview:-1"},"canonical":"https:\/\/dp-freunde.de\/comm\/autor-rainer-werning\/","og_locale":"de_DE","og_type":"article","og_title":"Autor Rainer Werning - Deutsch-Philippinische Freunde e.V.","og_description":"Philippinen Indonesien Korea Sonstige L\u00e4nder\u00a0(Asien) Publikationen Alle Hier eine weitere Info Seite bei Torial: https:\/\/www.torial.com\/rainer.dr-werning Nachfolgend findet ihr in den orangenen Kategorien-Links Beitr\u00e4ge von Herrn Dr. Rainer Werning, der sich seit Ende der 1960er Jahre als Politikwissenschaftler &amp; Publizist intensiv &hellip; Autor Rainer Werning Weiterlesen &raquo;","og_url":"https:\/\/dp-freunde.de\/comm\/autor-rainer-werning\/","og_site_name":"Deutsch-Philippinische Freunde e.V.","article_modified_time":"2022-09-28T06:13:02+00:00","og_image":[{"url":"https:\/\/dp-freunde.de\/comm\/wp-content\/uploads\/2022\/09\/Dr.-Rainer-Werning.png","type":"","width":"","height":""}],"twitter_card":"summary_large_image","twitter_misc":{"Gesch\u00e4tzte Lesezeit":"17\u00a0Minuten"},"schema":{"@context":"https:\/\/schema.org","@graph":[{"@type":"WebPage","@id":"https:\/\/dp-freunde.de\/comm\/autor-rainer-werning\/","url":"https:\/\/dp-freunde.de\/comm\/autor-rainer-werning\/","name":"Autor Rainer Werning - Deutsch-Philippinische Freunde e.V.","isPartOf":{"@id":"https:\/\/dp-freunde.de\/comm\/#website"},"primaryImageOfPage":{"@id":"https:\/\/dp-freunde.de\/comm\/autor-rainer-werning\/#primaryimage"},"image":{"@id":"https:\/\/dp-freunde.de\/comm\/autor-rainer-werning\/#primaryimage"},"thumbnailUrl":"https:\/\/dp-freunde.de\/comm\/wp-content\/uploads\/2022\/09\/Dr.-Rainer-Werning.png","datePublished":"2010-05-09T20:20:45+00:00","dateModified":"2022-09-28T06:13:02+00:00","breadcrumb":{"@id":"https:\/\/dp-freunde.de\/comm\/autor-rainer-werning\/#breadcrumb"},"inLanguage":"de","potentialAction":[{"@type":"ReadAction","target":["https:\/\/dp-freunde.de\/comm\/autor-rainer-werning\/"]}]},{"@type":"ImageObject","inLanguage":"de","@id":"https:\/\/dp-freunde.de\/comm\/autor-rainer-werning\/#primaryimage","url":"https:\/\/dp-freunde.de\/comm\/wp-content\/uploads\/2022\/09\/Dr.-Rainer-Werning.png","contentUrl":"https:\/\/dp-freunde.de\/comm\/wp-content\/uploads\/2022\/09\/Dr.-Rainer-Werning.png","width":195,"height":256},{"@type":"BreadcrumbList","@id":"https:\/\/dp-freunde.de\/comm\/autor-rainer-werning\/#breadcrumb","itemListElement":[{"@type":"ListItem","position":1,"name":"Startseite","item":"https:\/\/dp-freunde.de\/comm\/"},{"@type":"ListItem","position":2,"name":"Autor Rainer Werning"}]},{"@type":"WebSite","@id":"https:\/\/dp-freunde.de\/comm\/#website","url":"https:\/\/dp-freunde.de\/comm\/","name":"Deutsch-Philippinische Freunde e.V.","description":"Solidarische Hilfe bei gegenseitigem Respekt auf Augenh\u00f6he","potentialAction":[{"@type":"SearchAction","target":{"@type":"EntryPoint","urlTemplate":"https:\/\/dp-freunde.de\/comm\/?s={search_term_string}"},"query-input":{"@type":"PropertyValueSpecification","valueRequired":true,"valueName":"search_term_string"}}],"inLanguage":"de"}]}},"_links":{"self":[{"href":"https:\/\/dp-freunde.de\/comm\/wp-json\/wp\/v2\/pages\/438","targetHints":{"allow":["GET"]}}],"collection":[{"href":"https:\/\/dp-freunde.de\/comm\/wp-json\/wp\/v2\/pages"}],"about":[{"href":"https:\/\/dp-freunde.de\/comm\/wp-json\/wp\/v2\/types\/page"}],"author":[{"embeddable":true,"href":"https:\/\/dp-freunde.de\/comm\/wp-json\/wp\/v2\/users\/6"}],"replies":[{"embeddable":true,"href":"https:\/\/dp-freunde.de\/comm\/wp-json\/wp\/v2\/comments?post=438"}],"version-history":[{"count":0,"href":"https:\/\/dp-freunde.de\/comm\/wp-json\/wp\/v2\/pages\/438\/revisions"}],"wp:attachment":[{"href":"https:\/\/dp-freunde.de\/comm\/wp-json\/wp\/v2\/media?parent=438"}],"curies":[{"name":"wp","href":"https:\/\/api.w.org\/{rel}","templated":true}]}}